{"id":1053,"date":"2022-04-21T23:14:44","date_gmt":"2022-04-21T21:14:44","guid":{"rendered":"https:\/\/patrimoine.lamayenne.fr\/jublains\/?post_type=evenements&#038;p=1053"},"modified":"2025-09-09T17:16:02","modified_gmt":"2025-09-09T15:16:02","slug":"journee-du-patrimoine","status":"publish","type":"evenements","link":"https:\/\/patrimoine.lamayenne.fr\/jublains\/evenements\/journee-du-patrimoine\/","title":{"rendered":"Journ\u00e9es Europ\u00e9ennes du patrimoine"},"content":{"rendered":"\n<p><strong>Samedi 20 septembre<\/strong><\/p>\n\n\n\n<p><strong>11h-12h&nbsp;: <em>Dessiner le pass\u00e9, penser l\u2019avenir<\/em>&nbsp; <\/strong>(atelier)<strong> :&nbsp;<\/strong>Apr\u00e8s une initiation aux m\u00e9thodes de dessins arch\u00e9ologiques, les participants donneront libre cours \u00e0 leur imagination en prolongeant l\u2019histoire des vestiges de la forteresse.<\/p>\n\n\n\n<p><strong>13h30-15h : <em>Comment vit la ville?<\/em><\/strong> (visite)   : L&rsquo;\u00e9volution de l&rsquo;urbanisme de l&rsquo;\u00e9poque gauloise \u00e0 nos jours. Comment les villes sont organis\u00e9es, quels sont les b\u00e2timents qu&rsquo;on y retrouve et leur emplacement. Et enfin, quelle relation ont les habitants avec leur ville ?<\/p>\n\n\n\n<p><strong>14h-18h : <em>Construction en cours<\/em> <\/strong>(atelier en continu, dur\u00e9e libre)<strong> :<\/strong> Apr\u00e8s une pr\u00e9sentation de la forteresse et du mus\u00e9e, les participants sont invit\u00e9s \u00e0 reconstruire les deux b\u00e2timents avec des briques en carton.<\/p>\n\n\n\n<p><strong>15h-16h30 : <em>Vivre la lumi\u00e8re chez les Gallo-Romains<\/em><\/strong> (visite)<strong> : <\/strong>\u00c0 travers la visite des diff\u00e9rents sites arch\u00e9ologiques de Jublains, nous d\u00e9couvrirons comment la lumi\u00e8re, naturelle et artificielle, rythmait la vie quotidienne des Gallo-Romains.<\/p>\n\n\n\n<p><strong>16h30-17h30 : <em>Tatin chez les Diablintes<\/em> <\/strong> (visite): \u00c0 l&rsquo;occasion de l&rsquo;exposition temporaire pr\u00e9sentant des cr\u00e9ations de Robert Tatin (1902-1983) confront\u00e9es aux artefacts antiques, ce temps de visite dans le mus\u00e9e sera l&rsquo;occasion de s&rsquo;interroger sur le rapport que l&rsquo;artiste entretenait \u00e0 l&rsquo;histoire et \u00e0 ses origines.<\/p>\n\n\n\n<p><strong>Dimanche 21 septembre<\/strong><\/p>\n\n\n\n<p><strong>11h-18h<\/strong> :<strong> <em>Fresque participative<\/em><\/strong> : Au c\u0153ur du mus\u00e9e, en compagnie de l&rsquo;illustrateur mayennais Marc Pouteau, viens dessiner ton personnage gallo-romain et les monuments du site de <em>Noviodunum\u00a0<\/em><strong>\u009f <\/strong>pour r\u00e9aliser une fresque participative in\u00e9dite.   <\/p>\n\n\n\n<p><strong>11h-12h30 : <em>Bains et jeux, des citoyens heureux<\/em> <\/strong>: Visite des thermes et du th\u00e9\u00e2tre qui permettent de d\u00e9couvrir comment les citoyens romains passaient leur temps libre. La d\u00e9tente et les jeux, les pi\u00e8ces de th\u00e9\u00e2tre, les spectacles de gladiateurs, etc.<\/p>\n\n\n\n<p><strong>13h30-15h : <em>Comment vit la ville<\/em><\/strong> : L&rsquo;\u00e9volution de l&rsquo;urbanisme de l&rsquo;\u00e9poque gauloise \u00e0 nos jours. Comment les villes sont organis\u00e9es, quels sont les b\u00e2timents qu&rsquo;on y retrouve et leur emplacement. Et enfin, quelle relation ont les habitants avec leur ville ?<\/p>\n\n\n\n<p>15h-16h : <strong>CONCERT AUX BAINS : <strong>Duo&nbsp;Levi Harvey et Johann Lef\u00e8vre<\/strong>&nbsp;(Jazz)<\/strong> : Ne manquez pas le concert exceptionnel de Levi Harvey et Johann Lef\u00e8vre. C\u2019est la rencontre d\u2019un pianiste prodige de 23 ans, grand gagnant du concours international de jazz de Lausanne qui d\u00e9sormais arpente les plus s\u00e9lect clubs de jazz parisiens et&nbsp; d\u2019un trompettiste bien connu des m\u00e9lomanes mayennais par son implication de longue date dans l\u2019apprentissage de la musique. Trompettiste lui-m\u00eame form\u00e9 par les l\u00e9gendes du jazz. Levi et Johann vous emm\u00e8neront dans un voyage musical hors normes qui rend hommage aux classiques du jazz des ann\u00e9es 1950. Un moment de virtuosit\u00e9, d\u2019\u00e9motion et de partage \u00e0 ne pas manquer !                                                                                                                                                                                                                                                                                                                         Thermes antiques situ\u00e9s dans l&rsquo;\u00e9glise de Jublains. entr\u00e9e libre.<\/p>\n\n\n\n<p><strong>16h30-17h30 : <em>Tatin chez les Diablintes<\/em> <\/strong>: \u00c0 l&rsquo;occasion de l&rsquo;exposition temporaire pr\u00e9sentant des cr\u00e9ations de Robert Tatin (1902-1983) confront\u00e9es aux artefacts antiques, ce temps de visite dans le mus\u00e9e sera l&rsquo;occasion de s&rsquo;interroger sur le rapport que l&rsquo;artiste entretenait \u00e0 l&rsquo;histoire et \u00e0 ses origines.<\/p>\n\n\n\n<p><em><u>Et pendant tout le week-end&nbsp;:<\/u><\/em><\/p>\n\n\n\n<ul class=\"wp-block-list\">\n<li><strong>Visite libre du mus\u00e9e et des <a href=\"https:\/\/patrimoine.lamayenne.fr\/jublains\/les-expositions\/\">expositions temporaires<\/a><\/strong><\/li>\n<\/ul>\n\n\n\n<p><em>9h-18h<\/em><\/p>\n\n\n\n<p><em>13, Rue de la Lib\u00e9ration<\/em><\/p>\n\n\n\n<p>Ouvert en 1995, le mus\u00e9e arch\u00e9ologique d\u00e9partemental fait la synth\u00e8se de nos connaissances sur la Mayenne entre l\u2019\u00e2ge du Bronze et le Haut Moyen \u00c2ge. Il pr\u00e9sente ainsi des collections issues de l\u2019ensemble du d\u00e9partement tout en accordant une place importante \u00e0 la ville de <em>Noviodunum<\/em>, l\u2019antique Jublains.&nbsp;<\/p>\n\n\n\n<ul class=\"wp-block-list\">\n<li><strong>Visite libre des thermes antiques<\/strong><\/li>\n<\/ul>\n\n\n\n<p><em>9h-18h<\/em><\/p>\n\n\n\n<p><em>Localisation&nbsp;: \u00e9glise du bourg<\/em><\/p>\n\n\n\n<p><em>Montage son et lumi\u00e8re de 10 minutes<\/em> et<strong><a href=\"https:\/\/www.jublains.fr\/culture\/expositions\/exposition-thermes\/\"> exposition des photographies de Guillaume Caill\u00e8re<\/a><\/strong><\/p>\n\n\n\n<p><em>Acc\u00e8s de plain-pied<\/em><\/p>\n\n\n\n<p>Parmi les b\u00e2timents publics indispensables au mode de vie romain figurent les thermes. Tout \u00e0 la fois lieu d\u2019hygi\u00e8ne, de sport, et lieu essentiel de la vie politique et sociale, ils sont fr\u00e9quent\u00e9s alternativement par les hommes et par les femmes, de toutes cat\u00e9gories sociales.<\/p>\n\n\n\n<p>Les thermes de Jublains occupent tout un large espace au sud de la ville. Des boutiques, caract\u00e9ris\u00e9es par des petites pi\u00e8ces carr\u00e9es encadrent les b\u00e2timents de bains et un vaste espace vide correspond sans doute \u00e0 la palestre, est une cour \u00e0 ciel ouvert r\u00e9serv\u00e9e aux entra\u00eenements sportifs.<\/p>\n\n\n\n<p>Les thermes de Jublains, construits vers la fin du 1<sup>er<\/sup> si\u00e8cle apr\u00e8s J.-C., ont connu des transformations jusqu\u2019au 3<sup>e<\/sup> si\u00e8cle. Au cours du 5<sup>e<\/sup> si\u00e8cle, alors que de nouvelles pratiques religieuses se font jour, le b\u00e2timent de bain, de plan allong\u00e9, est transform\u00e9 en \u00e9glise. C\u2019est cette transformation qui a permis l\u2019exceptionnelle conservation des ma\u00e7onneries antiques.<\/p>\n\n\n\n<figure class=\"wp-block-image size-full is-resized\"><img decoding=\"async\" width=\"711\" height=\"511\" data-src=\"https:\/\/patrimoine.lamayenne.fr\/jublains\/wp-content\/uploads\/2022\/04\/jublains-archeologique.jpg\" alt=\"\" class=\"wp-image-930 lazyload\" style=\"--smush-placeholder-width: 711px; --smush-placeholder-aspect-ratio: 711\/511;width:335px;height:auto\" data-srcset=\"https:\/\/patrimoine.lamayenne.fr\/jublains\/wp-content\/uploads\/2022\/04\/jublains-archeologique.jpg 711w, https:\/\/patrimoine.lamayenne.fr\/jublains\/wp-content\/uploads\/2022\/04\/jublains-archeologique-300x216.jpg 300w\" data-sizes=\"(max-width: 711px) 100vw, 711px\" src=\"data:image\/svg+xml;base64,PHN2ZyB3aWR0aD0iMSIgaGVpZ2h0PSIxIiB4bWxucz0iaHR0cDovL3d3dy53My5vcmcvMjAwMC9zdmciPjwvc3ZnPg==\" \/><\/figure>\n\n\n\n<ul class=\"wp-block-list\">\n<li><strong>Visite libre du th\u00e9\u00e2tre antique<\/strong><\/li>\n<\/ul>\n\n\n\n<p><em>Acc\u00e8s libre<\/em><\/p>\n\n\n\n<p><em>Place PMR en passant par l\u2019Impasse de Jouvence<\/em><\/p>\n\n\n\n<p>\u00c0 l\u2019\u00e9poque antique, th\u00e9\u00e2tre et amphith\u00e9\u00e2tre sont les \u00e9difices les plus li\u00e9s au spectacle et au loisir. Les villes jouissant du statut de capitale de cit\u00e9 disposaient le plus souvent d\u2019un amphith\u00e9\u00e2tre car les spectacles (combats de gladiateurs ou d\u2019animaux) y \u00e9taient plus co\u00fbteux. \u00c0 Jublains, les notables de la cit\u00e9 ont cependant choisi de construire un th\u00e9\u00e2tre, adoss\u00e9 \u00e0 une pente naturelle au sud de la ville. Une inscription conserv\u00e9e au mus\u00e9e mentionne le nom du notable qui a offert l\u2019\u00e9difice \u00e0 ses concitoyens \u00ab&nbsp;sur ses propres deniers&nbsp;\u00bb. Il s\u2019agit d\u2019un certain Org\u00e9torix, dont le patronyme \u00e0 consonance gauloise montre l\u2019acculturation progressive des \u00e9lites au mode de vie romain.<\/p>\n\n\n\n<p>Deux \u00e9tats successifs de l\u2019\u00e9difice sont visibles aujourd\u2019hui, rattach\u00e9s \u00e0 des \u00e9tapes de d\u00e9veloppement de la ville.<\/p>\n\n\n\n<p>Aujourd\u2019hui, le th\u00e9\u00e2tre de Jublains continue d\u2019accueillir des repr\u00e9sentations et sert notamment d\u2019\u00e9crin au festival <em>Les Nuits de la Mayenne<\/em>.<\/p>\n\n\n\n<figure class=\"wp-block-image size-full is-resized\"><img decoding=\"async\" width=\"421\" height=\"421\" data-src=\"https:\/\/patrimoine.lamayenne.fr\/jublains\/wp-content\/uploads\/2024\/07\/Le-temple-de-jublains-en-realite-augmentee-edited.png\" alt=\"Le temple de Jublains en r\u00e9alit\u00e9 virtuelle\" class=\"wp-image-3139 lazyload\" style=\"--smush-placeholder-width: 421px; --smush-placeholder-aspect-ratio: 421\/421;width:246px;height:auto\" data-srcset=\"https:\/\/patrimoine.lamayenne.fr\/jublains\/wp-content\/uploads\/2024\/07\/Le-temple-de-jublains-en-realite-augmentee-edited.png 421w, https:\/\/patrimoine.lamayenne.fr\/jublains\/wp-content\/uploads\/2024\/07\/Le-temple-de-jublains-en-realite-augmentee-edited-300x300.png 300w, https:\/\/patrimoine.lamayenne.fr\/jublains\/wp-content\/uploads\/2024\/07\/Le-temple-de-jublains-en-realite-augmentee-edited-150x150.png 150w\" data-sizes=\"(max-width: 421px) 100vw, 421px\" src=\"data:image\/svg+xml;base64,PHN2ZyB3aWR0aD0iMSIgaGVpZ2h0PSIxIiB4bWxucz0iaHR0cDovL3d3dy53My5vcmcvMjAwMC9zdmciPjwvc3ZnPg==\" \/><\/figure>\n\n\n\n<ul class=\"wp-block-list\">\n<li><strong>Visite libre du temple antique<\/strong><\/li>\n<\/ul>\n\n\n\n<p><em>Acc\u00e8s libre<\/em><\/p>\n\n\n\n<p><em>Route de Mayenne<\/em><\/p>\n\n\n\n<p><em>Parking \u00e0 proximit\u00e9, place PMR<\/em><\/p>\n\n\n\n<p>Le temple (sanctuaire) est le lieu sacr\u00e9 o\u00f9 les habitants de <em>Noviodunum <\/em>se rendaient pour prier et honorer leur divinit\u00e9. Situ\u00e9 au nord et \u00e0 l\u2019ext\u00e9rieur de la ville antique, il succ\u00e8de au sanctuaire gaulois \u00e9difi\u00e9 en bois au m\u00eame endroit. Les pi\u00e8ces de monnaie d\u00e9couvertes lors des fouilles permettent de dater sa reconstruction en pierres vers 66-68 apr\u00e8s J.-C.<\/p>\n\n\n\n<p>En savoir plus&nbsp;: <a href=\"https:\/\/journeesdupatrimoine.culture.gouv.fr\/\">https:\/\/journeesdupatrimoine.culture.gouv.fr\/<\/a><\/p>\n","protected":false},"featured_media":3736,"template":"","meta":{"_acf_changed":false,"footnotes":""},"evt_type":[12,10,11,9,6,7],"class_list":["post-1053","evenements","type-evenements","status-publish","has-post-thumbnail","hentry","evt_type-animations","evt_type-concerts","evt_type-expositions","evt_type-grands-evenements","evt_type-spectacles","evt_type-visites"],"acf":{"titre":"JOURN\u00c9ES EUROP\u00c9ENNES DU PATRIMOINE","sous_titre":"\u00c9v\u00e9nement europ\u00e9en","mention":"","date_debut":"20250920","date_fin":"20250921","heure_debut":9,"minutes_debut":"","heure_fin":18,"minutes_fin":"","tarifs":"Gratuit, \u00e9v\u00e9nement national","public":"all","lieu":"Mus\u00e9e de Jublains","handicap":"handicap"},"yoast_head":"<!-- This site is optimized with the Yoast SEO plugin v25.8 - https:\/\/yoast.com\/wordpress\/plugins\/seo\/ -->\n<title>Journ\u00e9es Europ\u00e9ennes du patrimoine - Jublains<\/title>\n<meta name=\"description\" content=\"profitez des journ\u00e9es europ\u00e9ennes du patrimoine pour d\u00e9couvrir ou red\u00e9couvrir le site arch\u00e9ologique et le mus\u00e9e de Jublains\" \/>\n<meta name=\"robots\" content=\"index, follow, max-snippet:-1, max-image-preview:large, max-video-preview:-1\" \/>\n<link rel=\"canonical\" href=\"https:\/\/patrimoine.lamayenne.fr\/jublains\/evenements\/journee-du-patrimoine\/\" \/>\n<meta name=\"twitter:card\" content=\"summary_large_image\" \/>\n<meta name=\"twitter:title\" content=\"Journ\u00e9es Europ\u00e9ennes du patrimoine - Jublains\" \/>\n<meta name=\"twitter:description\" content=\"profitez des journ\u00e9es europ\u00e9ennes du patrimoine pour d\u00e9couvrir ou red\u00e9couvrir le site arch\u00e9ologique et le mus\u00e9e de Jublains\" \/>\n<meta name=\"twitter:image\" content=\"https:\/\/patrimoine.lamayenne.fr\/jublains\/wp-content\/uploads\/2022\/04\/JEP-AFFICHE-jpg-780x560-1.jpg\" \/>\n<meta name=\"twitter:site\" content=\"@lamayenne\" \/>\n<meta name=\"twitter:label1\" content=\"Dur\u00e9e de lecture estim\u00e9e\" \/>\n\t<meta name=\"twitter:data1\" content=\"6 minutes\" \/>\n<script type=\"application\/ld+json\" class=\"yoast-schema-graph\">{\"@context\":\"https:\/\/schema.org\",\"@graph\":[{\"@type\":\"WebPage\",\"@id\":\"https:\/\/patrimoine.lamayenne.fr\/jublains\/evenements\/journee-du-patrimoine\/\",\"url\":\"https:\/\/patrimoine.lamayenne.fr\/jublains\/evenements\/journee-du-patrimoine\/\",\"name\":\"Journ\u00e9es Europ\u00e9ennes du patrimoine - Jublains\",\"isPartOf\":{\"@id\":\"https:\/\/patrimoine.lamayenne.fr\/jublains\/#website\"},\"primaryImageOfPage\":{\"@id\":\"https:\/\/patrimoine.lamayenne.fr\/jublains\/evenements\/journee-du-patrimoine\/#primaryimage\"},\"image\":{\"@id\":\"https:\/\/patrimoine.lamayenne.fr\/jublains\/evenements\/journee-du-patrimoine\/#primaryimage\"},\"thumbnailUrl\":\"https:\/\/patrimoine.lamayenne.fr\/jublains\/wp-content\/uploads\/2022\/04\/JEP-AFFICHE-jpg-780x560-1.jpg\",\"datePublished\":\"2022-04-21T21:14:44+00:00\",\"dateModified\":\"2025-09-09T15:16:02+00:00\",\"description\":\"profitez des journ\u00e9es europ\u00e9ennes du patrimoine pour d\u00e9couvrir ou red\u00e9couvrir le site arch\u00e9ologique et le mus\u00e9e de Jublains\",\"breadcrumb\":{\"@id\":\"https:\/\/patrimoine.lamayenne.fr\/jublains\/evenements\/journee-du-patrimoine\/#breadcrumb\"},\"inLanguage\":\"fr-FR\",\"potentialAction\":[{\"@type\":\"ReadAction\",\"target\":[\"https:\/\/patrimoine.lamayenne.fr\/jublains\/evenements\/journee-du-patrimoine\/\"]}]},{\"@type\":\"ImageObject\",\"inLanguage\":\"fr-FR\",\"@id\":\"https:\/\/patrimoine.lamayenne.fr\/jublains\/evenements\/journee-du-patrimoine\/#primaryimage\",\"url\":\"https:\/\/patrimoine.lamayenne.fr\/jublains\/wp-content\/uploads\/2022\/04\/JEP-AFFICHE-jpg-780x560-1.jpg\",\"contentUrl\":\"https:\/\/patrimoine.lamayenne.fr\/jublains\/wp-content\/uploads\/2022\/04\/JEP-AFFICHE-jpg-780x560-1.jpg\",\"width\":780,\"height\":560},{\"@type\":\"BreadcrumbList\",\"@id\":\"https:\/\/patrimoine.lamayenne.fr\/jublains\/evenements\/journee-du-patrimoine\/#breadcrumb\",\"itemListElement\":[{\"@type\":\"ListItem\",\"position\":1,\"name\":\"Accueil\",\"item\":\"https:\/\/patrimoine.lamayenne.fr\/jublains\/\"},{\"@type\":\"ListItem\",\"position\":2,\"name\":\"Journ\u00e9es Europ\u00e9ennes du patrimoine\"}]},{\"@type\":\"WebSite\",\"@id\":\"https:\/\/patrimoine.lamayenne.fr\/jublains\/#website\",\"url\":\"https:\/\/patrimoine.lamayenne.fr\/jublains\/\",\"name\":\"Jublains\",\"description\":\"\",\"publisher\":{\"@id\":\"https:\/\/patrimoine.lamayenne.fr\/jublains\/#organization\"},\"potentialAction\":[{\"@type\":\"SearchAction\",\"target\":{\"@type\":\"EntryPoint\",\"urlTemplate\":\"https:\/\/patrimoine.lamayenne.fr\/jublains\/?s={search_term_string}\"},\"query-input\":{\"@type\":\"PropertyValueSpecification\",\"valueRequired\":true,\"valueName\":\"search_term_string\"}}],\"inLanguage\":\"fr-FR\"},{\"@type\":\"Organization\",\"@id\":\"https:\/\/patrimoine.lamayenne.fr\/jublains\/#organization\",\"name\":\"Jublains\",\"url\":\"https:\/\/patrimoine.lamayenne.fr\/jublains\/\",\"logo\":{\"@type\":\"ImageObject\",\"inLanguage\":\"fr-FR\",\"@id\":\"https:\/\/patrimoine.lamayenne.fr\/jublains\/#\/schema\/logo\/image\/\",\"url\":\"https:\/\/patrimoine.lamayenne.fr\/jublains\/wp-content\/uploads\/2022\/04\/logos_jublains_quadri.svg\",\"contentUrl\":\"https:\/\/patrimoine.lamayenne.fr\/jublains\/wp-content\/uploads\/2022\/04\/logos_jublains_quadri.svg\",\"width\":1,\"height\":1,\"caption\":\"Jublains\"},\"image\":{\"@id\":\"https:\/\/patrimoine.lamayenne.fr\/jublains\/#\/schema\/logo\/image\/\"},\"sameAs\":[\"https:\/\/www.facebook.com\/departement.lamayenne\",\"https:\/\/x.com\/lamayenne\",\"https:\/\/www.instagram.com\/la.mayenne\/\",\"https:\/\/www.youtube.com\/user\/LaMayenneTV\"]}]}<\/script>\n<!-- \/ Yoast SEO plugin. -->","yoast_head_json":{"title":"Journ\u00e9es Europ\u00e9ennes du patrimoine - Jublains","description":"profitez des journ\u00e9es europ\u00e9ennes du patrimoine pour d\u00e9couvrir ou red\u00e9couvrir le site arch\u00e9ologique et le mus\u00e9e de Jublains","robots":{"index":"index","follow":"follow","max-snippet":"max-snippet:-1","max-image-preview":"max-image-preview:large","max-video-preview":"max-video-preview:-1"},"canonical":"https:\/\/patrimoine.lamayenne.fr\/jublains\/evenements\/journee-du-patrimoine\/","twitter_card":"summary_large_image","twitter_title":"Journ\u00e9es Europ\u00e9ennes du patrimoine - Jublains","twitter_description":"profitez des journ\u00e9es europ\u00e9ennes du patrimoine pour d\u00e9couvrir ou red\u00e9couvrir le site arch\u00e9ologique et le mus\u00e9e de Jublains","twitter_image":"https:\/\/patrimoine.lamayenne.fr\/jublains\/wp-content\/uploads\/2022\/04\/JEP-AFFICHE-jpg-780x560-1.jpg","twitter_site":"@lamayenne","twitter_misc":{"Dur\u00e9e de lecture estim\u00e9e":"6 minutes"},"schema":{"@context":"https:\/\/schema.org","@graph":[{"@type":"WebPage","@id":"https:\/\/patrimoine.lamayenne.fr\/jublains\/evenements\/journee-du-patrimoine\/","url":"https:\/\/patrimoine.lamayenne.fr\/jublains\/evenements\/journee-du-patrimoine\/","name":"Journ\u00e9es Europ\u00e9ennes du patrimoine - Jublains","isPartOf":{"@id":"https:\/\/patrimoine.lamayenne.fr\/jublains\/#website"},"primaryImageOfPage":{"@id":"https:\/\/patrimoine.lamayenne.fr\/jublains\/evenements\/journee-du-patrimoine\/#primaryimage"},"image":{"@id":"https:\/\/patrimoine.lamayenne.fr\/jublains\/evenements\/journee-du-patrimoine\/#primaryimage"},"thumbnailUrl":"https:\/\/patrimoine.lamayenne.fr\/jublains\/wp-content\/uploads\/2022\/04\/JEP-AFFICHE-jpg-780x560-1.jpg","datePublished":"2022-04-21T21:14:44+00:00","dateModified":"2025-09-09T15:16:02+00:00","description":"profitez des journ\u00e9es europ\u00e9ennes du patrimoine pour d\u00e9couvrir ou red\u00e9couvrir le site arch\u00e9ologique et le mus\u00e9e de Jublains","breadcrumb":{"@id":"https:\/\/patrimoine.lamayenne.fr\/jublains\/evenements\/journee-du-patrimoine\/#breadcrumb"},"inLanguage":"fr-FR","potentialAction":[{"@type":"ReadAction","target":["https:\/\/patrimoine.lamayenne.fr\/jublains\/evenements\/journee-du-patrimoine\/"]}]},{"@type":"ImageObject","inLanguage":"fr-FR","@id":"https:\/\/patrimoine.lamayenne.fr\/jublains\/evenements\/journee-du-patrimoine\/#primaryimage","url":"https:\/\/patrimoine.lamayenne.fr\/jublains\/wp-content\/uploads\/2022\/04\/JEP-AFFICHE-jpg-780x560-1.jpg","contentUrl":"https:\/\/patrimoine.lamayenne.fr\/jublains\/wp-content\/uploads\/2022\/04\/JEP-AFFICHE-jpg-780x560-1.jpg","width":780,"height":560},{"@type":"BreadcrumbList","@id":"https:\/\/patrimoine.lamayenne.fr\/jublains\/evenements\/journee-du-patrimoine\/#breadcrumb","itemListElement":[{"@type":"ListItem","position":1,"name":"Accueil","item":"https:\/\/patrimoine.lamayenne.fr\/jublains\/"},{"@type":"ListItem","position":2,"name":"Journ\u00e9es Europ\u00e9ennes du patrimoine"}]},{"@type":"WebSite","@id":"https:\/\/patrimoine.lamayenne.fr\/jublains\/#website","url":"https:\/\/patrimoine.lamayenne.fr\/jublains\/","name":"Jublains","description":"","publisher":{"@id":"https:\/\/patrimoine.lamayenne.fr\/jublains\/#organization"},"potentialAction":[{"@type":"SearchAction","target":{"@type":"EntryPoint","urlTemplate":"https:\/\/patrimoine.lamayenne.fr\/jublains\/?s={search_term_string}"},"query-input":{"@type":"PropertyValueSpecification","valueRequired":true,"valueName":"search_term_string"}}],"inLanguage":"fr-FR"},{"@type":"Organization","@id":"https:\/\/patrimoine.lamayenne.fr\/jublains\/#organization","name":"Jublains","url":"https:\/\/patrimoine.lamayenne.fr\/jublains\/","logo":{"@type":"ImageObject","inLanguage":"fr-FR","@id":"https:\/\/patrimoine.lamayenne.fr\/jublains\/#\/schema\/logo\/image\/","url":"https:\/\/patrimoine.lamayenne.fr\/jublains\/wp-content\/uploads\/2022\/04\/logos_jublains_quadri.svg","contentUrl":"https:\/\/patrimoine.lamayenne.fr\/jublains\/wp-content\/uploads\/2022\/04\/logos_jublains_quadri.svg","width":1,"height":1,"caption":"Jublains"},"image":{"@id":"https:\/\/patrimoine.lamayenne.fr\/jublains\/#\/schema\/logo\/image\/"},"sameAs":["https:\/\/www.facebook.com\/departement.lamayenne","https:\/\/x.com\/lamayenne","https:\/\/www.instagram.com\/la.mayenne\/","https:\/\/www.youtube.com\/user\/LaMayenneTV"]}]}},"_links":{"self":[{"href":"https:\/\/patrimoine.lamayenne.fr\/jublains\/wp-json\/wp\/v2\/evenements\/1053","targetHints":{"allow":["GET"]}}],"collection":[{"href":"https:\/\/patrimoine.lamayenne.fr\/jublains\/wp-json\/wp\/v2\/evenements"}],"about":[{"href":"https:\/\/patrimoine.lamayenne.fr\/jublains\/wp-json\/wp\/v2\/types\/evenements"}],"version-history":[{"count":20,"href":"https:\/\/patrimoine.lamayenne.fr\/jublains\/wp-json\/wp\/v2\/evenements\/1053\/revisions"}],"predecessor-version":[{"id":3865,"href":"https:\/\/patrimoine.lamayenne.fr\/jublains\/wp-json\/wp\/v2\/evenements\/1053\/revisions\/3865"}],"wp:featuredmedia":[{"embeddable":true,"href":"https:\/\/patrimoine.lamayenne.fr\/jublains\/wp-json\/wp\/v2\/media\/3736"}],"wp:attachment":[{"href":"https:\/\/patrimoine.lamayenne.fr\/jublains\/wp-json\/wp\/v2\/media?parent=1053"}],"wp:term":[{"taxonomy":"evt_type","embeddable":true,"href":"https:\/\/patrimoine.lamayenne.fr\/jublains\/wp-json\/wp\/v2\/evt_type?post=1053"}],"curies":[{"name":"wp","href":"https:\/\/api.w.org\/{rel}","templated":true}]}}