{"id":2941,"date":"2024-03-18T12:12:20","date_gmt":"2024-03-18T11:12:20","guid":{"rendered":"https:\/\/patrimoine.lamayenne.fr\/jublains\/?post_type=evenements&#038;p=2941"},"modified":"2025-07-01T12:19:42","modified_gmt":"2025-07-01T10:19:42","slug":"curiosites","status":"publish","type":"evenements","link":"https:\/\/patrimoine.lamayenne.fr\/jublains\/evenements\/curiosites\/","title":{"rendered":"CURIOSIT\u00c9S\u00a0!"},"content":{"rendered":"\n<p><em>En partenariat avec le festival Les Nuits de la Mayenne, la municipalit\u00e9 de Jublains et le Forum M\u00e9tiers d\u2019Art (Mayenne Communaut\u00e9)<\/em><em><\/em><\/p>\n\n\n\n<p>Jublains met ses lunettes de soleil tellement \u00e7a brille de mille feux pendant le Week-end Curiosit\u00e9s, temps fort de l\u2019\u00e9t\u00e9&nbsp;! Les quatre coins du village sont investis et deviennent le th\u00e9\u00e2tre de spectacles, de visites, d\u2019expositions, d\u2019ateliers pour le jeune public, d\u2019un campement historique et d\u2019un march\u00e9 d\u2019artisanat d\u2019art&nbsp;!<\/p>\n\n\n\n<p><strong><u>Dans la forteresse antique&nbsp;:<\/u><\/strong><\/p>\n\n\n\n<ul class=\"wp-block-list\">\n<li>9h-18h&nbsp;: visite libre du monument<\/li>\n<\/ul>\n\n\n\n<p><strong>Ateliers jeune public<\/strong><\/p>\n\n\n\n<ul class=\"wp-block-list\">\n<li>10h30-12h, 14h-16h30<\/li>\n<\/ul>\n\n\n\n<p>&#8211;<strong><em>Fabrication d\u2019une fibule<\/em><\/strong><\/p>\n\n\n\n<p>&#8211;<strong><em>Mini Olympiades<\/em><\/strong><\/p>\n\n\n\n<p>&#8211;<strong><em>Atelier terre<\/em><\/strong><\/p>\n\n\n\n<ul class=\"wp-block-list\">\n<li>Sans inscription<\/li>\n\n\n\n<li>Dur\u00e9e libre<\/li>\n<\/ul>\n\n\n\n<p><strong><u>Place des Diablintes, centre-bourg&nbsp;:<\/u><\/strong><strong><u><\/u><\/strong><\/p>\n\n\n\n<p><strong>March\u00e9 des Curiosit\u00e9s<\/strong><\/p>\n\n\n\n<ul class=\"wp-block-list\">\n<li>Samedi et dimanche de 10h \u00e0 18h30<\/li>\n\n\n\n<li>Acc\u00e8s libre<\/li>\n<\/ul>\n\n\n\n<p>Le March\u00e9 des Curiosit\u00e9s regroupe des artisans d&rsquo;art originaires principalement des Pays de la Loire et de Bretagne. Ils sont environ une trentaine \u00e0 pr\u00e9senter leur travail, leur cr\u00e9ation unique et originale. L&rsquo;artisan d&rsquo;art transforme la mati\u00e8re, pense l&rsquo;objet, le dessine, le fa\u00e7onne, le peaufine&#8230; il est unique ou en petite s\u00e9rie, avec une recherche artistique, un savoir-faire, la maitrise du geste. Les artisans pr\u00e9sents vous parlent de leur m\u00e9tier et de la mati\u00e8re avec passion. Profitez-en pour passer \u00e0 la&nbsp;boutique pour d\u00e9couvrir d&rsquo;autres artisans d&rsquo;art et l&rsquo;exposition de l\u2019\u00e9t\u00e9 cette ann\u00e9e sur la th\u00e9matique du m\u00e9tal.<\/p>\n\n\n\n<p>Le March\u00e9 des Curiosit\u00e9s se compl\u00e8te par un <strong>march\u00e9 de potiers.<\/strong><\/p>\n\n\n\n<p>Forum M\u00e9tiers d&rsquo;Art (Boutique et exposition) 9 bis rue du temple, Jublains<\/p>\n\n\n\n<p>Renseignements au 02 43 04 97 92<\/p>\n\n\n\n<p><a href=\"http:\/\/www.forumdesmetiersdart.com\">www.forumdesmetiersdart.com<\/a><\/p>\n\n\n\n<p><strong>Foodtrucks\u00a0: <\/strong><em>Maison Bl\u00e9 Noir, La Roul&rsquo;Hotte et  Tortillon Brioch\u00e9<\/em><\/p>\n\n\n\n<p><strong><u>Sur le parcours arch\u00e9ologique :<\/u><\/strong><\/p>\n\n\n\n<p><strong>March\u00e9 de potiers<\/strong><\/p>\n\n\n\n<ul class=\"wp-block-list\">\n<li>Samedi et dimanche 10h-18h30<\/li>\n<\/ul>\n\n\n\n<p>Troisi\u00e8me \u00e9dition du march\u00e9 de potiers \u00e0 Jublains. Des artisans potiers et c\u00e9ramistes de la Mayenne et alentours viennent exposer leurs cr\u00e9ations sur un lieu o\u00f9, il y a 2000 ans, se trouvaient des potiers gallo-romains.<\/p>\n\n\n\n<p><strong>Viaromana, campements militaire et civil<\/strong><\/p>\n\n\n\n<ul class=\"wp-block-list\">\n<li><strong>Samedi et dimanche <\/strong>10h-17h30<\/li>\n\n\n\n<li>Vie des camp militaire et civil, install\u00e9s dans la forteresse, en continu.<\/li>\n\n\n\n<li><strong>D\u00e9fil\u00e9<\/strong> vers la forteresse&nbsp;: 10h30<\/li>\n\n\n\n<li>Man\u0153uvres militaires&nbsp;: &nbsp;11h et 16h30<\/li>\n\n\n\n<li>Activit\u00e9 enfants, \u00e0 14h et 15h30. R\u00e9servation sur stand directement sur place<\/li>\n\n\n\n<li><strong>D\u00e9fil\u00e9<\/strong> vers le th\u00e9\u00e2tre&nbsp;: 17h30<\/li>\n<\/ul>\n\n\n\n<p>Venez observer la vie quotidienne d\u2019un camp militaire, l\u2019entra\u00eenement et les man\u0153uvres des soldats auxiliaires de la cohorte I AQUIT VET EQ. Le public est mis \u00e0 contribution pour recruter un soldat du 1<sup>er<\/sup> si\u00e8cle apr\u00e8s J.-C. Vous pouvez aussi suivre une c\u00e9r\u00e9monie religieuse, observer la frappe de monnaie ou la fabrication de boucliers. Dans le <em>vicus<\/em>, le campement civil, le p\u00f4le cuisine s\u2019affaire pour nourrir les soldats&nbsp;!<\/p>\n\n\n\n<p><a><strong>Location de rosalies (voitures \u00e0 p\u00e9dales) &nbsp;&nbsp;<\/strong><\/a><\/p>\n\n\n\n<p>Parcourez et d\u00e9couvrez l\u2019ensemble du parcours arch\u00e9ologique de Jublains d\u2019une mani\u00e8re in\u00e9dite&nbsp;! Pour l\u2019\u00e9dition 2025 du week-end Curiosit\u00e9s, trois rosalies (voitures \u00e0 p\u00e9dales) pour adultes et enfants &nbsp;&nbsp;sont mises \u00e0 disposition du public pour arpenter les all\u00e9es sabl\u00e9es du site autour du temple et en toute s\u00e9curit\u00e9.<\/p>\n\n\n\n<p><em>Samedi 26 ao\u00fbt de 14h \u00e0 18h<\/em><\/p>\n\n\n\n<p><em>Dimanche 27 ao\u00fbt de <\/em><em>10h \u00e0 18h<\/em><\/p>\n\n\n\n<p><em>Dur\u00e9e de location limit\u00e9e<\/em><\/p>\n\n\n\n<p><em>Gratuit dans la limite des v\u00e9hicules disponibles<\/em><\/p>\n\n\n\n<p><strong><u>Dans le th\u00e9\u00e2tre antique :<\/u><\/strong><\/p>\n\n\n\n<p><strong>Festival <em>Les Nuits de la Mayenne<\/em> \u00e0 Jublains<\/strong><em><\/em><\/p>\n\n\n\n<p>Du 16 juillet au 6 ao\u00fbt, le festival Les Nuits de la Mayenne invite \u00e0 une itin\u00e9rance culturelle \u00e0 travers des communes de tout le d\u00e9partement valorisant le patrimoine par le spectacle vivant.<\/p>\n\n\n\n<p>La 52<sup>e<\/sup> \u00e9dition du festival fera \u00e9tape \u00e0 Jublains pour un week-end familial et festif comme il se doit&nbsp;!<\/p>\n\n\n\n<p>Samedi et dimanche&nbsp;:<\/p>\n\n\n\n<ul class=\"wp-block-list\">\n<li>18h : <strong><em>Les petits plats dans les grands<\/em><\/strong>, Compagnie les Balbuti\u00e9s<\/li>\n\n\n\n<li>Dur\u00e9e 45 minutes<\/li>\n\n\n\n<li>8\u20ac<\/li>\n\n\n\n<li>Billetterie possible sur place (impasse de Jouvence, all\u00e9e menant au th\u00e9\u00e2tre)<\/li>\n\n\n\n<li>Familles, \u00e0 partir de 4 ans<\/li>\n\n\n\n<li>Lieu de repli&nbsp;: salle polyvalente de Jublains, rue de la Lib\u00e9ration<\/li>\n<\/ul>\n\n\n\n<p><em>Dans un d\u00e9cor farfelu de restaurant, trois serveurs attrapent les id\u00e9es des enfants (ou des plus grands) pour en faire des histoires : des plats concoct\u00e9s \u00e0 partir des ingr\u00e9dients du public ! Tout est possible : dinosaure, trompette, montagne, cosmonaute, nuages, \u00e9clats de rire, grosse col\u00e8re\u2026 Les serveurs espi\u00e8gles prennent toutes les commandes pour r\u00e9aliser un menu unique et d\u00e9tonnant, qui ne manquera pas de piment ! Ils cuisinent les mots, montent les id\u00e9es en neige, et s\u2019amusent beaucoup avec la client\u00e8le.<\/em><\/p>\n\n\n\n<p><em>Un musicien-bruiteur en chef accompagne le mouvement en improvisation live, avec ses dr\u00f4les d\u2019ustensiles de cuisine sonores. Bon app\u00e9tit !<\/em><\/p>\n\n\n\n<p>Renseignements et billetterie&nbsp;:<\/p>\n\n\n\n<p>Les Nuits de la Mayenne<\/p>\n\n\n\n<p>02 43 67 60 90<\/p>\n\n\n\n<p><a href=\"mailto:contact@nuitsdelamayenne.com\">contact@nuitsdelamayenne.com<\/a><\/p>\n\n\n\n<p><a href=\"http:\/\/www.nuitsdelamayenne.com\">www.nuitsdelamayenne.com<\/a><\/p>\n\n\n\n<p><strong><u>Dans les thermes antiques :<\/u><\/strong><\/p>\n\n\n\n<ul class=\"wp-block-list\">\n<li>Samedi et dimanche 9h-18h<\/li>\n\n\n\n<li>Entr\u00e9e libre<\/li>\n\n\n\n<li>Lieu&nbsp;: Hall des thermes (\u00e9glise) et ch\u0153ur&nbsp;<\/li>\n\n\n\n<li>Renseignements sur l\u2019exposition&nbsp;: mairie de Jublains 02 43 04 30 33<\/li>\n<\/ul>\n\n\n\n<p><strong>Exposition \u00ab&nbsp;<em>Sous les cieux romains<\/em>&nbsp;\u00bb, grands formats de Guillaume Caill\u00e8re<\/strong><\/p>\n\n\n\n<p>Entre photo prise en drone ou l\u2019appareil classique, Guillaume Caill\u00e8re vient nous partager&nbsp;sa passion au travers de prises de vues de la commune. Depuis 3 ans, il red\u00e9couvre les sites de la r\u00e9gion sous diff\u00e9rents aspects (arc-en-ciel, sous la neige, coucher de soleil, ciel \u00e9toil\u00e9\u2026)<br>\u00ab&nbsp;<em>Les couleurs du matin et du soir donnent de bons rendus pour le panorama des Co\u00ebvrons, c\u2019est un&nbsp;r\u00e9el plaisir. La r\u00e9gion est riche en patrimoine et milieu naturel, ce qui me laisse le loisir de prendre de nouveaux clich\u00e9s.<\/em> \u00bb<\/p>\n\n\n\n<ul class=\"wp-block-list\">\n<li>Exposition visible jusqu\u2019au 21 septembre 2025<\/li>\n<\/ul>\n\n\n\n<p><strong>Son et lumi\u00e8re des thermes antiques<\/strong>, dur\u00e9e 10 minutes, d\u00e9clenchement manuel<\/p>\n\n\n\n<div class=\"wp-block-group\"><div class=\"wp-block-group__inner-container is-layout-constrained wp-block-group-is-layout-constrained\"><\/div><\/div>\n\n\n\n<p><\/p>\n","protected":false},"featured_media":3641,"template":"","meta":{"_acf_changed":false,"footnotes":""},"evt_type":[12,10,11,9,6],"class_list":["post-2941","evenements","type-evenements","status-publish","has-post-thumbnail","hentry","evt_type-animations","evt_type-concerts","evt_type-expositions","evt_type-grands-evenements","evt_type-spectacles"],"acf":{"titre":"CURIOSIT\u00c9S","sous_titre":"Un week-end de d\u00e9couvertes artistiques","mention":"","date_debut":"20250726","date_fin":"20250727","heure_debut":9,"minutes_debut":0,"heure_fin":19,"minutes_fin":0,"tarifs":"Gratuit, \u00e9v\u00e9nement\r\nFamilles","public":"all","lieu":"Mus\u00e9e arch\u00e9ologique, forteresse, village et th\u00e9\u00e2tre antique","handicap":"handicap"},"yoast_head":"<!-- This site is optimized with the Yoast SEO plugin v25.8 - https:\/\/yoast.com\/wordpress\/plugins\/seo\/ -->\n<title>CURIOSIT\u00c9S\u00a0! - Jublains<\/title>\n<meta name=\"description\" content=\"un week-end familial pour d\u00e9couvrir Jublains sous de multiples facettes: march\u00e9, spectacles et animations en compagnie de romains!\" \/>\n<meta name=\"robots\" content=\"index, follow, max-snippet:-1, max-image-preview:large, max-video-preview:-1\" \/>\n<link rel=\"canonical\" href=\"https:\/\/patrimoine.lamayenne.fr\/jublains\/evenements\/curiosites\/\" \/>\n<meta name=\"twitter:card\" content=\"summary_large_image\" \/>\n<meta name=\"twitter:title\" content=\"CURIOSIT\u00c9S\u00a0! - Jublains\" \/>\n<meta name=\"twitter:description\" content=\"un week-end familial pour d\u00e9couvrir Jublains sous de multiples facettes: march\u00e9, spectacles et animations en compagnie de romains!\" \/>\n<meta name=\"twitter:image\" content=\"https:\/\/patrimoine.lamayenne.fr\/jublains\/wp-content\/uploads\/2024\/03\/curiosites2025_30x40_web-scaled.jpg\" \/>\n<meta name=\"twitter:site\" content=\"@lamayenne\" \/>\n<meta name=\"twitter:label1\" content=\"Dur\u00e9e de lecture estim\u00e9e\" \/>\n\t<meta name=\"twitter:data1\" content=\"5 minutes\" \/>\n<script type=\"application\/ld+json\" class=\"yoast-schema-graph\">{\"@context\":\"https:\/\/schema.org\",\"@graph\":[{\"@type\":\"WebPage\",\"@id\":\"https:\/\/patrimoine.lamayenne.fr\/jublains\/evenements\/curiosites\/\",\"url\":\"https:\/\/patrimoine.lamayenne.fr\/jublains\/evenements\/curiosites\/\",\"name\":\"CURIOSIT\u00c9S\u00a0! - Jublains\",\"isPartOf\":{\"@id\":\"https:\/\/patrimoine.lamayenne.fr\/jublains\/#website\"},\"primaryImageOfPage\":{\"@id\":\"https:\/\/patrimoine.lamayenne.fr\/jublains\/evenements\/curiosites\/#primaryimage\"},\"image\":{\"@id\":\"https:\/\/patrimoine.lamayenne.fr\/jublains\/evenements\/curiosites\/#primaryimage\"},\"thumbnailUrl\":\"https:\/\/patrimoine.lamayenne.fr\/jublains\/wp-content\/uploads\/2024\/03\/curiosites2025_30x40_web-scaled.jpg\",\"datePublished\":\"2024-03-18T11:12:20+00:00\",\"dateModified\":\"2025-07-01T10:19:42+00:00\",\"description\":\"un week-end familial pour d\u00e9couvrir Jublains sous de multiples facettes: march\u00e9, spectacles et animations en compagnie de romains!\",\"breadcrumb\":{\"@id\":\"https:\/\/patrimoine.lamayenne.fr\/jublains\/evenements\/curiosites\/#breadcrumb\"},\"inLanguage\":\"fr-FR\",\"potentialAction\":[{\"@type\":\"ReadAction\",\"target\":[\"https:\/\/patrimoine.lamayenne.fr\/jublains\/evenements\/curiosites\/\"]}]},{\"@type\":\"ImageObject\",\"inLanguage\":\"fr-FR\",\"@id\":\"https:\/\/patrimoine.lamayenne.fr\/jublains\/evenements\/curiosites\/#primaryimage\",\"url\":\"https:\/\/patrimoine.lamayenne.fr\/jublains\/wp-content\/uploads\/2024\/03\/curiosites2025_30x40_web-scaled.jpg\",\"contentUrl\":\"https:\/\/patrimoine.lamayenne.fr\/jublains\/wp-content\/uploads\/2024\/03\/curiosites2025_30x40_web-scaled.jpg\",\"width\":1230,\"height\":1640},{\"@type\":\"BreadcrumbList\",\"@id\":\"https:\/\/patrimoine.lamayenne.fr\/jublains\/evenements\/curiosites\/#breadcrumb\",\"itemListElement\":[{\"@type\":\"ListItem\",\"position\":1,\"name\":\"Accueil\",\"item\":\"https:\/\/patrimoine.lamayenne.fr\/jublains\/\"},{\"@type\":\"ListItem\",\"position\":2,\"name\":\"CURIOSIT\u00c9S\u00a0!\"}]},{\"@type\":\"WebSite\",\"@id\":\"https:\/\/patrimoine.lamayenne.fr\/jublains\/#website\",\"url\":\"https:\/\/patrimoine.lamayenne.fr\/jublains\/\",\"name\":\"Jublains\",\"description\":\"\",\"publisher\":{\"@id\":\"https:\/\/patrimoine.lamayenne.fr\/jublains\/#organization\"},\"potentialAction\":[{\"@type\":\"SearchAction\",\"target\":{\"@type\":\"EntryPoint\",\"urlTemplate\":\"https:\/\/patrimoine.lamayenne.fr\/jublains\/?s={search_term_string}\"},\"query-input\":{\"@type\":\"PropertyValueSpecification\",\"valueRequired\":true,\"valueName\":\"search_term_string\"}}],\"inLanguage\":\"fr-FR\"},{\"@type\":\"Organization\",\"@id\":\"https:\/\/patrimoine.lamayenne.fr\/jublains\/#organization\",\"name\":\"Jublains\",\"url\":\"https:\/\/patrimoine.lamayenne.fr\/jublains\/\",\"logo\":{\"@type\":\"ImageObject\",\"inLanguage\":\"fr-FR\",\"@id\":\"https:\/\/patrimoine.lamayenne.fr\/jublains\/#\/schema\/logo\/image\/\",\"url\":\"https:\/\/patrimoine.lamayenne.fr\/jublains\/wp-content\/uploads\/2022\/04\/logos_jublains_quadri.svg\",\"contentUrl\":\"https:\/\/patrimoine.lamayenne.fr\/jublains\/wp-content\/uploads\/2022\/04\/logos_jublains_quadri.svg\",\"width\":1,\"height\":1,\"caption\":\"Jublains\"},\"image\":{\"@id\":\"https:\/\/patrimoine.lamayenne.fr\/jublains\/#\/schema\/logo\/image\/\"},\"sameAs\":[\"https:\/\/www.facebook.com\/departement.lamayenne\",\"https:\/\/x.com\/lamayenne\",\"https:\/\/www.instagram.com\/la.mayenne\/\",\"https:\/\/www.youtube.com\/user\/LaMayenneTV\"]}]}<\/script>\n<!-- \/ Yoast SEO plugin. -->","yoast_head_json":{"title":"CURIOSIT\u00c9S\u00a0! - Jublains","description":"un week-end familial pour d\u00e9couvrir Jublains sous de multiples facettes: march\u00e9, spectacles et animations en compagnie de romains!","robots":{"index":"index","follow":"follow","max-snippet":"max-snippet:-1","max-image-preview":"max-image-preview:large","max-video-preview":"max-video-preview:-1"},"canonical":"https:\/\/patrimoine.lamayenne.fr\/jublains\/evenements\/curiosites\/","twitter_card":"summary_large_image","twitter_title":"CURIOSIT\u00c9S\u00a0! - Jublains","twitter_description":"un week-end familial pour d\u00e9couvrir Jublains sous de multiples facettes: march\u00e9, spectacles et animations en compagnie de romains!","twitter_image":"https:\/\/patrimoine.lamayenne.fr\/jublains\/wp-content\/uploads\/2024\/03\/curiosites2025_30x40_web-scaled.jpg","twitter_site":"@lamayenne","twitter_misc":{"Dur\u00e9e de lecture estim\u00e9e":"5 minutes"},"schema":{"@context":"https:\/\/schema.org","@graph":[{"@type":"WebPage","@id":"https:\/\/patrimoine.lamayenne.fr\/jublains\/evenements\/curiosites\/","url":"https:\/\/patrimoine.lamayenne.fr\/jublains\/evenements\/curiosites\/","name":"CURIOSIT\u00c9S\u00a0! - Jublains","isPartOf":{"@id":"https:\/\/patrimoine.lamayenne.fr\/jublains\/#website"},"primaryImageOfPage":{"@id":"https:\/\/patrimoine.lamayenne.fr\/jublains\/evenements\/curiosites\/#primaryimage"},"image":{"@id":"https:\/\/patrimoine.lamayenne.fr\/jublains\/evenements\/curiosites\/#primaryimage"},"thumbnailUrl":"https:\/\/patrimoine.lamayenne.fr\/jublains\/wp-content\/uploads\/2024\/03\/curiosites2025_30x40_web-scaled.jpg","datePublished":"2024-03-18T11:12:20+00:00","dateModified":"2025-07-01T10:19:42+00:00","description":"un week-end familial pour d\u00e9couvrir Jublains sous de multiples facettes: march\u00e9, spectacles et animations en compagnie de romains!","breadcrumb":{"@id":"https:\/\/patrimoine.lamayenne.fr\/jublains\/evenements\/curiosites\/#breadcrumb"},"inLanguage":"fr-FR","potentialAction":[{"@type":"ReadAction","target":["https:\/\/patrimoine.lamayenne.fr\/jublains\/evenements\/curiosites\/"]}]},{"@type":"ImageObject","inLanguage":"fr-FR","@id":"https:\/\/patrimoine.lamayenne.fr\/jublains\/evenements\/curiosites\/#primaryimage","url":"https:\/\/patrimoine.lamayenne.fr\/jublains\/wp-content\/uploads\/2024\/03\/curiosites2025_30x40_web-scaled.jpg","contentUrl":"https:\/\/patrimoine.lamayenne.fr\/jublains\/wp-content\/uploads\/2024\/03\/curiosites2025_30x40_web-scaled.jpg","width":1230,"height":1640},{"@type":"BreadcrumbList","@id":"https:\/\/patrimoine.lamayenne.fr\/jublains\/evenements\/curiosites\/#breadcrumb","itemListElement":[{"@type":"ListItem","position":1,"name":"Accueil","item":"https:\/\/patrimoine.lamayenne.fr\/jublains\/"},{"@type":"ListItem","position":2,"name":"CURIOSIT\u00c9S\u00a0!"}]},{"@type":"WebSite","@id":"https:\/\/patrimoine.lamayenne.fr\/jublains\/#website","url":"https:\/\/patrimoine.lamayenne.fr\/jublains\/","name":"Jublains","description":"","publisher":{"@id":"https:\/\/patrimoine.lamayenne.fr\/jublains\/#organization"},"potentialAction":[{"@type":"SearchAction","target":{"@type":"EntryPoint","urlTemplate":"https:\/\/patrimoine.lamayenne.fr\/jublains\/?s={search_term_string}"},"query-input":{"@type":"PropertyValueSpecification","valueRequired":true,"valueName":"search_term_string"}}],"inLanguage":"fr-FR"},{"@type":"Organization","@id":"https:\/\/patrimoine.lamayenne.fr\/jublains\/#organization","name":"Jublains","url":"https:\/\/patrimoine.lamayenne.fr\/jublains\/","logo":{"@type":"ImageObject","inLanguage":"fr-FR","@id":"https:\/\/patrimoine.lamayenne.fr\/jublains\/#\/schema\/logo\/image\/","url":"https:\/\/patrimoine.lamayenne.fr\/jublains\/wp-content\/uploads\/2022\/04\/logos_jublains_quadri.svg","contentUrl":"https:\/\/patrimoine.lamayenne.fr\/jublains\/wp-content\/uploads\/2022\/04\/logos_jublains_quadri.svg","width":1,"height":1,"caption":"Jublains"},"image":{"@id":"https:\/\/patrimoine.lamayenne.fr\/jublains\/#\/schema\/logo\/image\/"},"sameAs":["https:\/\/www.facebook.com\/departement.lamayenne","https:\/\/x.com\/lamayenne","https:\/\/www.instagram.com\/la.mayenne\/","https:\/\/www.youtube.com\/user\/LaMayenneTV"]}]}},"_links":{"self":[{"href":"https:\/\/patrimoine.lamayenne.fr\/jublains\/wp-json\/wp\/v2\/evenements\/2941","targetHints":{"allow":["GET"]}}],"collection":[{"href":"https:\/\/patrimoine.lamayenne.fr\/jublains\/wp-json\/wp\/v2\/evenements"}],"about":[{"href":"https:\/\/patrimoine.lamayenne.fr\/jublains\/wp-json\/wp\/v2\/types\/evenements"}],"version-history":[{"count":7,"href":"https:\/\/patrimoine.lamayenne.fr\/jublains\/wp-json\/wp\/v2\/evenements\/2941\/revisions"}],"predecessor-version":[{"id":3726,"href":"https:\/\/patrimoine.lamayenne.fr\/jublains\/wp-json\/wp\/v2\/evenements\/2941\/revisions\/3726"}],"wp:featuredmedia":[{"embeddable":true,"href":"https:\/\/patrimoine.lamayenne.fr\/jublains\/wp-json\/wp\/v2\/media\/3641"}],"wp:attachment":[{"href":"https:\/\/patrimoine.lamayenne.fr\/jublains\/wp-json\/wp\/v2\/media?parent=2941"}],"wp:term":[{"taxonomy":"evt_type","embeddable":true,"href":"https:\/\/patrimoine.lamayenne.fr\/jublains\/wp-json\/wp\/v2\/evt_type?post=2941"}],"curies":[{"name":"wp","href":"https:\/\/api.w.org\/{rel}","templated":true}]}}