{"id":3351,"date":"2024-12-19T15:46:42","date_gmt":"2024-12-19T14:46:42","guid":{"rendered":"https:\/\/patrimoine.lamayenne.fr\/jublains\/?post_type=evenements&#038;p=3351"},"modified":"2025-04-27T10:31:20","modified_gmt":"2025-04-27T08:31:20","slug":"une-ville-romaine-sous-le-village","status":"publish","type":"evenements","link":"https:\/\/patrimoine.lamayenne.fr\/jublains\/evenements\/une-ville-romaine-sous-le-village\/","title":{"rendered":"VISITE COMMENT\u00c9E UNE VILLE ANTIQUE SOUS LE VILLAGE"},"content":{"rendered":"\n<p>\u00a0Partez \u00e0 la d\u00e9couverte des vestiges de la ville antique de <em>Noviodunum<\/em> qui se cachent dans le village actuel de Jublains. Au fil des si\u00e8cles, le faci\u00e8s de ce lieu n\u2019a eu de cesse d\u2019\u00e9voluer\u00a0: cette visite permet de d\u00e9couvrir la mise en valeur des monuments, \u00e0 commencer par le th\u00e9\u00e2tre antique qui s\u2019ouvre sur les Co\u00ebvrons. Un arr\u00eat ensuite dans les thermes au c\u0153ur de la cit\u00e9 et aujourd\u2019hui dissimul\u00e9s par l\u2019\u00e9glise, puis la balade se poursuit dans la r\u00e9serve arch\u00e9ologique jusque dans le secteur du forum antique.<\/p>\n","protected":false},"featured_media":930,"template":"","meta":{"_acf_changed":false,"footnotes":""},"evt_type":[7],"class_list":["post-3351","evenements","type-evenements","status-publish","has-post-thumbnail","hentry","evt_type-visites"],"acf":{"titre":"UNE VILLE ROMAINE SOUS LE VILLAGE","sous_titre":"Les grands monuments","mention":"","date_debut":"20250608","date_fin":"20250608","heure_debut":14,"minutes_debut":30,"heure_fin":16,"minutes_fin":0,"tarifs":"2\u20ac ( ne comprend pas l'entr\u00e9e au mus\u00e9e)\r\nSur r\u00e9servation\r\nPr\u00e9voir la tenue adapt\u00e9e \u00e0 la m\u00e9t\u00e9o : visite en ext\u00e9rieur.\r\nAccessibilit\u00e9 : parcours offrant peu de stations assises","public":"all","lieu":"rendez-vous \u00e0 l'accueil du mus\u00e9e","handicap":"none"},"yoast_head":"<!-- This site is optimized with the Yoast SEO plugin v25.8 - https:\/\/yoast.com\/wordpress\/plugins\/seo\/ -->\n<title>VISITE COMMENT\u00c9E UNE VILLE ANTIQUE SOUS LE VILLAGE - Jublains<\/title>\n<meta name=\"description\" content=\"une d\u00e9couverte des monuments antiques du village de Jublains, le th\u00e9\u00e2tre, les thermes et le temple en passant par les terrains arch\u00e9ologiques.\" \/>\n<meta name=\"robots\" content=\"index, follow, max-snippet:-1, max-image-preview:large, max-video-preview:-1\" \/>\n<link rel=\"canonical\" href=\"https:\/\/patrimoine.lamayenne.fr\/jublains\/evenements\/une-ville-romaine-sous-le-village\/\" \/>\n<meta name=\"twitter:card\" content=\"summary_large_image\" \/>\n<meta name=\"twitter:title\" content=\"VISITE COMMENT\u00c9E UNE VILLE ANTIQUE SOUS LE VILLAGE - Jublains\" \/>\n<meta name=\"twitter:description\" content=\"une d\u00e9couverte des monuments antiques du village de Jublains, le th\u00e9\u00e2tre, les thermes et le temple en passant par les terrains arch\u00e9ologiques.\" \/>\n<meta name=\"twitter:image\" content=\"https:\/\/patrimoine.lamayenne.fr\/jublains\/wp-content\/uploads\/2022\/04\/jublains-archeologique.jpg\" \/>\n<meta name=\"twitter:site\" content=\"@lamayenne\" \/>\n<meta name=\"twitter:label1\" content=\"Dur\u00e9e de lecture estim\u00e9e\" \/>\n\t<meta name=\"twitter:data1\" content=\"1 minute\" \/>\n<script type=\"application\/ld+json\" class=\"yoast-schema-graph\">{\"@context\":\"https:\/\/schema.org\",\"@graph\":[{\"@type\":\"WebPage\",\"@id\":\"https:\/\/patrimoine.lamayenne.fr\/jublains\/evenements\/une-ville-romaine-sous-le-village\/\",\"url\":\"https:\/\/patrimoine.lamayenne.fr\/jublains\/evenements\/une-ville-romaine-sous-le-village\/\",\"name\":\"VISITE COMMENT\u00c9E UNE VILLE ANTIQUE SOUS LE VILLAGE - Jublains\",\"isPartOf\":{\"@id\":\"https:\/\/patrimoine.lamayenne.fr\/jublains\/#website\"},\"primaryImageOfPage\":{\"@id\":\"https:\/\/patrimoine.lamayenne.fr\/jublains\/evenements\/une-ville-romaine-sous-le-village\/#primaryimage\"},\"image\":{\"@id\":\"https:\/\/patrimoine.lamayenne.fr\/jublains\/evenements\/une-ville-romaine-sous-le-village\/#primaryimage\"},\"thumbnailUrl\":\"https:\/\/patrimoine.lamayenne.fr\/jublains\/wp-content\/uploads\/2022\/04\/jublains-archeologique.jpg\",\"datePublished\":\"2024-12-19T14:46:42+00:00\",\"dateModified\":\"2025-04-27T08:31:20+00:00\",\"description\":\"une d\u00e9couverte des monuments antiques du village de Jublains, le th\u00e9\u00e2tre, les thermes et le temple en passant par les terrains arch\u00e9ologiques.\",\"breadcrumb\":{\"@id\":\"https:\/\/patrimoine.lamayenne.fr\/jublains\/evenements\/une-ville-romaine-sous-le-village\/#breadcrumb\"},\"inLanguage\":\"fr-FR\",\"potentialAction\":[{\"@type\":\"ReadAction\",\"target\":[\"https:\/\/patrimoine.lamayenne.fr\/jublains\/evenements\/une-ville-romaine-sous-le-village\/\"]}]},{\"@type\":\"ImageObject\",\"inLanguage\":\"fr-FR\",\"@id\":\"https:\/\/patrimoine.lamayenne.fr\/jublains\/evenements\/une-ville-romaine-sous-le-village\/#primaryimage\",\"url\":\"https:\/\/patrimoine.lamayenne.fr\/jublains\/wp-content\/uploads\/2022\/04\/jublains-archeologique.jpg\",\"contentUrl\":\"https:\/\/patrimoine.lamayenne.fr\/jublains\/wp-content\/uploads\/2022\/04\/jublains-archeologique.jpg\",\"width\":711,\"height\":511},{\"@type\":\"BreadcrumbList\",\"@id\":\"https:\/\/patrimoine.lamayenne.fr\/jublains\/evenements\/une-ville-romaine-sous-le-village\/#breadcrumb\",\"itemListElement\":[{\"@type\":\"ListItem\",\"position\":1,\"name\":\"Accueil\",\"item\":\"https:\/\/patrimoine.lamayenne.fr\/jublains\/\"},{\"@type\":\"ListItem\",\"position\":2,\"name\":\"VISITE COMMENT\u00c9E UNE VILLE ANTIQUE SOUS LE VILLAGE\"}]},{\"@type\":\"WebSite\",\"@id\":\"https:\/\/patrimoine.lamayenne.fr\/jublains\/#website\",\"url\":\"https:\/\/patrimoine.lamayenne.fr\/jublains\/\",\"name\":\"Jublains\",\"description\":\"\",\"publisher\":{\"@id\":\"https:\/\/patrimoine.lamayenne.fr\/jublains\/#organization\"},\"potentialAction\":[{\"@type\":\"SearchAction\",\"target\":{\"@type\":\"EntryPoint\",\"urlTemplate\":\"https:\/\/patrimoine.lamayenne.fr\/jublains\/?s={search_term_string}\"},\"query-input\":{\"@type\":\"PropertyValueSpecification\",\"valueRequired\":true,\"valueName\":\"search_term_string\"}}],\"inLanguage\":\"fr-FR\"},{\"@type\":\"Organization\",\"@id\":\"https:\/\/patrimoine.lamayenne.fr\/jublains\/#organization\",\"name\":\"Jublains\",\"url\":\"https:\/\/patrimoine.lamayenne.fr\/jublains\/\",\"logo\":{\"@type\":\"ImageObject\",\"inLanguage\":\"fr-FR\",\"@id\":\"https:\/\/patrimoine.lamayenne.fr\/jublains\/#\/schema\/logo\/image\/\",\"url\":\"https:\/\/patrimoine.lamayenne.fr\/jublains\/wp-content\/uploads\/2022\/04\/logos_jublains_quadri.svg\",\"contentUrl\":\"https:\/\/patrimoine.lamayenne.fr\/jublains\/wp-content\/uploads\/2022\/04\/logos_jublains_quadri.svg\",\"width\":1,\"height\":1,\"caption\":\"Jublains\"},\"image\":{\"@id\":\"https:\/\/patrimoine.lamayenne.fr\/jublains\/#\/schema\/logo\/image\/\"},\"sameAs\":[\"https:\/\/www.facebook.com\/departement.lamayenne\",\"https:\/\/x.com\/lamayenne\",\"https:\/\/www.instagram.com\/la.mayenne\/\",\"https:\/\/www.youtube.com\/user\/LaMayenneTV\"]}]}<\/script>\n<!-- \/ Yoast SEO plugin. -->","yoast_head_json":{"title":"VISITE COMMENT\u00c9E UNE VILLE ANTIQUE SOUS LE VILLAGE - Jublains","description":"une d\u00e9couverte des monuments antiques du village de Jublains, le th\u00e9\u00e2tre, les thermes et le temple en passant par les terrains arch\u00e9ologiques.","robots":{"index":"index","follow":"follow","max-snippet":"max-snippet:-1","max-image-preview":"max-image-preview:large","max-video-preview":"max-video-preview:-1"},"canonical":"https:\/\/patrimoine.lamayenne.fr\/jublains\/evenements\/une-ville-romaine-sous-le-village\/","twitter_card":"summary_large_image","twitter_title":"VISITE COMMENT\u00c9E UNE VILLE ANTIQUE SOUS LE VILLAGE - Jublains","twitter_description":"une d\u00e9couverte des monuments antiques du village de Jublains, le th\u00e9\u00e2tre, les thermes et le temple en passant par les terrains arch\u00e9ologiques.","twitter_image":"https:\/\/patrimoine.lamayenne.fr\/jublains\/wp-content\/uploads\/2022\/04\/jublains-archeologique.jpg","twitter_site":"@lamayenne","twitter_misc":{"Dur\u00e9e de lecture estim\u00e9e":"1 minute"},"schema":{"@context":"https:\/\/schema.org","@graph":[{"@type":"WebPage","@id":"https:\/\/patrimoine.lamayenne.fr\/jublains\/evenements\/une-ville-romaine-sous-le-village\/","url":"https:\/\/patrimoine.lamayenne.fr\/jublains\/evenements\/une-ville-romaine-sous-le-village\/","name":"VISITE COMMENT\u00c9E UNE VILLE ANTIQUE SOUS LE VILLAGE - Jublains","isPartOf":{"@id":"https:\/\/patrimoine.lamayenne.fr\/jublains\/#website"},"primaryImageOfPage":{"@id":"https:\/\/patrimoine.lamayenne.fr\/jublains\/evenements\/une-ville-romaine-sous-le-village\/#primaryimage"},"image":{"@id":"https:\/\/patrimoine.lamayenne.fr\/jublains\/evenements\/une-ville-romaine-sous-le-village\/#primaryimage"},"thumbnailUrl":"https:\/\/patrimoine.lamayenne.fr\/jublains\/wp-content\/uploads\/2022\/04\/jublains-archeologique.jpg","datePublished":"2024-12-19T14:46:42+00:00","dateModified":"2025-04-27T08:31:20+00:00","description":"une d\u00e9couverte des monuments antiques du village de Jublains, le th\u00e9\u00e2tre, les thermes et le temple en passant par les terrains arch\u00e9ologiques.","breadcrumb":{"@id":"https:\/\/patrimoine.lamayenne.fr\/jublains\/evenements\/une-ville-romaine-sous-le-village\/#breadcrumb"},"inLanguage":"fr-FR","potentialAction":[{"@type":"ReadAction","target":["https:\/\/patrimoine.lamayenne.fr\/jublains\/evenements\/une-ville-romaine-sous-le-village\/"]}]},{"@type":"ImageObject","inLanguage":"fr-FR","@id":"https:\/\/patrimoine.lamayenne.fr\/jublains\/evenements\/une-ville-romaine-sous-le-village\/#primaryimage","url":"https:\/\/patrimoine.lamayenne.fr\/jublains\/wp-content\/uploads\/2022\/04\/jublains-archeologique.jpg","contentUrl":"https:\/\/patrimoine.lamayenne.fr\/jublains\/wp-content\/uploads\/2022\/04\/jublains-archeologique.jpg","width":711,"height":511},{"@type":"BreadcrumbList","@id":"https:\/\/patrimoine.lamayenne.fr\/jublains\/evenements\/une-ville-romaine-sous-le-village\/#breadcrumb","itemListElement":[{"@type":"ListItem","position":1,"name":"Accueil","item":"https:\/\/patrimoine.lamayenne.fr\/jublains\/"},{"@type":"ListItem","position":2,"name":"VISITE COMMENT\u00c9E UNE VILLE ANTIQUE SOUS LE VILLAGE"}]},{"@type":"WebSite","@id":"https:\/\/patrimoine.lamayenne.fr\/jublains\/#website","url":"https:\/\/patrimoine.lamayenne.fr\/jublains\/","name":"Jublains","description":"","publisher":{"@id":"https:\/\/patrimoine.lamayenne.fr\/jublains\/#organization"},"potentialAction":[{"@type":"SearchAction","target":{"@type":"EntryPoint","urlTemplate":"https:\/\/patrimoine.lamayenne.fr\/jublains\/?s={search_term_string}"},"query-input":{"@type":"PropertyValueSpecification","valueRequired":true,"valueName":"search_term_string"}}],"inLanguage":"fr-FR"},{"@type":"Organization","@id":"https:\/\/patrimoine.lamayenne.fr\/jublains\/#organization","name":"Jublains","url":"https:\/\/patrimoine.lamayenne.fr\/jublains\/","logo":{"@type":"ImageObject","inLanguage":"fr-FR","@id":"https:\/\/patrimoine.lamayenne.fr\/jublains\/#\/schema\/logo\/image\/","url":"https:\/\/patrimoine.lamayenne.fr\/jublains\/wp-content\/uploads\/2022\/04\/logos_jublains_quadri.svg","contentUrl":"https:\/\/patrimoine.lamayenne.fr\/jublains\/wp-content\/uploads\/2022\/04\/logos_jublains_quadri.svg","width":1,"height":1,"caption":"Jublains"},"image":{"@id":"https:\/\/patrimoine.lamayenne.fr\/jublains\/#\/schema\/logo\/image\/"},"sameAs":["https:\/\/www.facebook.com\/departement.lamayenne","https:\/\/x.com\/lamayenne","https:\/\/www.instagram.com\/la.mayenne\/","https:\/\/www.youtube.com\/user\/LaMayenneTV"]}]}},"_links":{"self":[{"href":"https:\/\/patrimoine.lamayenne.fr\/jublains\/wp-json\/wp\/v2\/evenements\/3351","targetHints":{"allow":["GET"]}}],"collection":[{"href":"https:\/\/patrimoine.lamayenne.fr\/jublains\/wp-json\/wp\/v2\/evenements"}],"about":[{"href":"https:\/\/patrimoine.lamayenne.fr\/jublains\/wp-json\/wp\/v2\/types\/evenements"}],"version-history":[{"count":4,"href":"https:\/\/patrimoine.lamayenne.fr\/jublains\/wp-json\/wp\/v2\/evenements\/3351\/revisions"}],"predecessor-version":[{"id":3582,"href":"https:\/\/patrimoine.lamayenne.fr\/jublains\/wp-json\/wp\/v2\/evenements\/3351\/revisions\/3582"}],"wp:featuredmedia":[{"embeddable":true,"href":"https:\/\/patrimoine.lamayenne.fr\/jublains\/wp-json\/wp\/v2\/media\/930"}],"wp:attachment":[{"href":"https:\/\/patrimoine.lamayenne.fr\/jublains\/wp-json\/wp\/v2\/media?parent=3351"}],"wp:term":[{"taxonomy":"evt_type","embeddable":true,"href":"https:\/\/patrimoine.lamayenne.fr\/jublains\/wp-json\/wp\/v2\/evt_type?post=3351"}],"curies":[{"name":"wp","href":"https:\/\/api.w.org\/{rel}","templated":true}]}}