{"id":3519,"date":"2025-03-08T11:41:20","date_gmt":"2025-03-08T10:41:20","guid":{"rendered":"https:\/\/patrimoine.lamayenne.fr\/jublains\/?post_type=evenements&#038;p=3519"},"modified":"2025-03-08T11:44:00","modified_gmt":"2025-03-08T10:44:00","slug":"ateliers-des-vacances-de-printemps","status":"publish","type":"evenements","link":"https:\/\/patrimoine.lamayenne.fr\/jublains\/evenements\/ateliers-des-vacances-de-printemps\/","title":{"rendered":"ATELIERS DES VACANCES DE PRINTEMPS"},"content":{"rendered":"\n<p><strong>\u009f<\/strong><strong> Green\u2019Tisse<\/strong><strong><\/strong><\/p>\n\n\n\n<p>Les enfants s\u2019initient au tissage gaulois gr\u00e2ce aux plantes sauvages de la forteresse, sur un petit m\u00e9tier \u00e0 tisser adapt\u00e9. C\u2019est l\u2019occasion pour eux de d\u00e9couvrir de mani\u00e8re amusante et d\u00e9cal\u00e9e le principe du m\u00e9tier&nbsp; \u00e0 tisser et son utilisation, tout en ramenant une \u0153uvre v\u00e9g\u00e9tale originale \u00e0 la maison.<\/p>\n\n\n\n<p><em>Mardis 8 et 15 avril \u00e0 10h30<\/em><\/p>\n\n\n\n<p><em>Vendredis 11 et 18 avril \u00e0 10h30<\/em><\/p>\n\n\n\n<p><em>Dur\u00e9e&nbsp;: 1h<\/em><\/p>\n\n\n\n<p><em>Pour les 4-6 ans<\/em><\/p>\n\n\n\n<p><\/p>\n\n\n\n<p><strong>\u009f<\/strong><strong> Tisser, quel m\u00e9tier&nbsp;!<\/strong><strong><\/strong><\/p>\n\n\n\n<p>La qualit\u00e9 des tissus gaulois a fait leur r\u00e9putation, en particulier pour les Romains admiratifs et demandeurs de ces produits. L\u2019atelier propose donc la d\u00e9couverte du m\u00e9tier \u00e0 tisser, outil indispensable \u00e0 la fabrication de ces \u00e9toffes, ainsi qu\u2019une initiation au tissage avec la r\u00e9alisation d\u2019un petit motif que les enfants emportent \u00e0 la maison.<\/p>\n\n\n\n<p><em>Mardis 8 et 15 avril \u00e0 14h<\/em><\/p>\n\n\n\n<p><em>Vendredis 11 et 18 avril \u00e0 14h<\/em><\/p>\n\n\n\n<p><em>Dur\u00e9e 2h<\/em><\/p>\n\n\n\n<p><em>Pour les 7<strong>&#8211;<\/strong>11 ans<\/em><\/p>\n\n\n\n<figure class=\"wp-block-image size-large\"><img decoding=\"async\" width=\"1024\" height=\"683\" data-src=\"https:\/\/patrimoine.lamayenne.fr\/jublains\/wp-content\/uploads\/2025\/03\/atelier-tissage-12-juillet-10-1024x683.jpg\" alt=\"\" class=\"wp-image-3522 lazyload\" data-srcset=\"https:\/\/patrimoine.lamayenne.fr\/jublains\/wp-content\/uploads\/2025\/03\/atelier-tissage-12-juillet-10-1024x683.jpg 1024w, https:\/\/patrimoine.lamayenne.fr\/jublains\/wp-content\/uploads\/2025\/03\/atelier-tissage-12-juillet-10-300x200.jpg 300w, https:\/\/patrimoine.lamayenne.fr\/jublains\/wp-content\/uploads\/2025\/03\/atelier-tissage-12-juillet-10-768x512.jpg 768w, https:\/\/patrimoine.lamayenne.fr\/jublains\/wp-content\/uploads\/2025\/03\/atelier-tissage-12-juillet-10.jpg 1500w\" data-sizes=\"(max-width: 1024px) 100vw, 1024px\" src=\"data:image\/svg+xml;base64,PHN2ZyB3aWR0aD0iMSIgaGVpZ2h0PSIxIiB4bWxucz0iaHR0cDovL3d3dy53My5vcmcvMjAwMC9zdmciPjwvc3ZnPg==\" style=\"--smush-placeholder-width: 1024px; --smush-placeholder-aspect-ratio: 1024\/683;\" \/><\/figure>\n","protected":false},"featured_media":3520,"template":"","meta":{"_acf_changed":false,"footnotes":""},"evt_type":[12],"class_list":["post-3519","evenements","type-evenements","status-publish","has-post-thumbnail","hentry","evt_type-animations"],"acf":{"titre":"LES ANIMATIONS DES VACANCES DE PRINTEMPS","sous_titre":"le tissage","mention":"","date_debut":"20250408","date_fin":"20250418","heure_debut":"","minutes_debut":"","heure_fin":"","minutes_fin":"","tarifs":"3\u20ac , gratuit pour un accompagnateur\r\nSur r\u00e9servation, places limit\u00e9es","public":"enfants","lieu":"mus\u00e9e arch\u00e9ologique d\u00e9partemental","handicap":"handicap"},"yoast_head":"<!-- This site is optimized with the Yoast SEO plugin v25.8 - https:\/\/yoast.com\/wordpress\/plugins\/seo\/ -->\n<title>ATELIERS DES VACANCES DE PRINTEMPS - Jublains<\/title>\n<meta name=\"description\" content=\"le tissage au c\u0153ur des activit\u00e9s jeune public pendant les vacances de P\u00e2ques au mus\u00e9e arch\u00e9ologique de Jublains\" \/>\n<meta name=\"robots\" content=\"index, follow, max-snippet:-1, max-image-preview:large, max-video-preview:-1\" \/>\n<link rel=\"canonical\" href=\"https:\/\/patrimoine.lamayenne.fr\/jublains\/evenements\/ateliers-des-vacances-de-printemps\/\" \/>\n<meta name=\"twitter:card\" content=\"summary_large_image\" \/>\n<meta name=\"twitter:title\" content=\"ATELIERS DES VACANCES DE PRINTEMPS - Jublains\" \/>\n<meta name=\"twitter:description\" content=\"le tissage au c\u0153ur des activit\u00e9s jeune public pendant les vacances de P\u00e2ques au mus\u00e9e arch\u00e9ologique de Jublains\" \/>\n<meta name=\"twitter:image\" content=\"https:\/\/patrimoine.lamayenne.fr\/jublains\/wp-content\/uploads\/2025\/03\/atelier-tissage-12-juillet-14.jpg\" \/>\n<meta name=\"twitter:site\" content=\"@lamayenne\" \/>\n<meta name=\"twitter:label1\" content=\"Dur\u00e9e de lecture estim\u00e9e\" \/>\n\t<meta name=\"twitter:data1\" content=\"2 minutes\" \/>\n<script type=\"application\/ld+json\" class=\"yoast-schema-graph\">{\"@context\":\"https:\/\/schema.org\",\"@graph\":[{\"@type\":\"WebPage\",\"@id\":\"https:\/\/patrimoine.lamayenne.fr\/jublains\/evenements\/ateliers-des-vacances-de-printemps\/\",\"url\":\"https:\/\/patrimoine.lamayenne.fr\/jublains\/evenements\/ateliers-des-vacances-de-printemps\/\",\"name\":\"ATELIERS DES VACANCES DE PRINTEMPS - Jublains\",\"isPartOf\":{\"@id\":\"https:\/\/patrimoine.lamayenne.fr\/jublains\/#website\"},\"primaryImageOfPage\":{\"@id\":\"https:\/\/patrimoine.lamayenne.fr\/jublains\/evenements\/ateliers-des-vacances-de-printemps\/#primaryimage\"},\"image\":{\"@id\":\"https:\/\/patrimoine.lamayenne.fr\/jublains\/evenements\/ateliers-des-vacances-de-printemps\/#primaryimage\"},\"thumbnailUrl\":\"https:\/\/patrimoine.lamayenne.fr\/jublains\/wp-content\/uploads\/2025\/03\/atelier-tissage-12-juillet-14.jpg\",\"datePublished\":\"2025-03-08T10:41:20+00:00\",\"dateModified\":\"2025-03-08T10:44:00+00:00\",\"description\":\"le tissage au c\u0153ur des activit\u00e9s jeune public pendant les vacances de P\u00e2ques au mus\u00e9e arch\u00e9ologique de Jublains\",\"breadcrumb\":{\"@id\":\"https:\/\/patrimoine.lamayenne.fr\/jublains\/evenements\/ateliers-des-vacances-de-printemps\/#breadcrumb\"},\"inLanguage\":\"fr-FR\",\"potentialAction\":[{\"@type\":\"ReadAction\",\"target\":[\"https:\/\/patrimoine.lamayenne.fr\/jublains\/evenements\/ateliers-des-vacances-de-printemps\/\"]}]},{\"@type\":\"ImageObject\",\"inLanguage\":\"fr-FR\",\"@id\":\"https:\/\/patrimoine.lamayenne.fr\/jublains\/evenements\/ateliers-des-vacances-de-printemps\/#primaryimage\",\"url\":\"https:\/\/patrimoine.lamayenne.fr\/jublains\/wp-content\/uploads\/2025\/03\/atelier-tissage-12-juillet-14.jpg\",\"contentUrl\":\"https:\/\/patrimoine.lamayenne.fr\/jublains\/wp-content\/uploads\/2025\/03\/atelier-tissage-12-juillet-14.jpg\",\"width\":1500,\"height\":1000},{\"@type\":\"BreadcrumbList\",\"@id\":\"https:\/\/patrimoine.lamayenne.fr\/jublains\/evenements\/ateliers-des-vacances-de-printemps\/#breadcrumb\",\"itemListElement\":[{\"@type\":\"ListItem\",\"position\":1,\"name\":\"Accueil\",\"item\":\"https:\/\/patrimoine.lamayenne.fr\/jublains\/\"},{\"@type\":\"ListItem\",\"position\":2,\"name\":\"ATELIERS DES VACANCES DE PRINTEMPS\"}]},{\"@type\":\"WebSite\",\"@id\":\"https:\/\/patrimoine.lamayenne.fr\/jublains\/#website\",\"url\":\"https:\/\/patrimoine.lamayenne.fr\/jublains\/\",\"name\":\"Jublains\",\"description\":\"\",\"publisher\":{\"@id\":\"https:\/\/patrimoine.lamayenne.fr\/jublains\/#organization\"},\"potentialAction\":[{\"@type\":\"SearchAction\",\"target\":{\"@type\":\"EntryPoint\",\"urlTemplate\":\"https:\/\/patrimoine.lamayenne.fr\/jublains\/?s={search_term_string}\"},\"query-input\":{\"@type\":\"PropertyValueSpecification\",\"valueRequired\":true,\"valueName\":\"search_term_string\"}}],\"inLanguage\":\"fr-FR\"},{\"@type\":\"Organization\",\"@id\":\"https:\/\/patrimoine.lamayenne.fr\/jublains\/#organization\",\"name\":\"Jublains\",\"url\":\"https:\/\/patrimoine.lamayenne.fr\/jublains\/\",\"logo\":{\"@type\":\"ImageObject\",\"inLanguage\":\"fr-FR\",\"@id\":\"https:\/\/patrimoine.lamayenne.fr\/jublains\/#\/schema\/logo\/image\/\",\"url\":\"https:\/\/patrimoine.lamayenne.fr\/jublains\/wp-content\/uploads\/2022\/04\/logos_jublains_quadri.svg\",\"contentUrl\":\"https:\/\/patrimoine.lamayenne.fr\/jublains\/wp-content\/uploads\/2022\/04\/logos_jublains_quadri.svg\",\"width\":1,\"height\":1,\"caption\":\"Jublains\"},\"image\":{\"@id\":\"https:\/\/patrimoine.lamayenne.fr\/jublains\/#\/schema\/logo\/image\/\"},\"sameAs\":[\"https:\/\/www.facebook.com\/departement.lamayenne\",\"https:\/\/x.com\/lamayenne\",\"https:\/\/www.instagram.com\/la.mayenne\/\",\"https:\/\/www.youtube.com\/user\/LaMayenneTV\"]}]}<\/script>\n<!-- \/ Yoast SEO plugin. -->","yoast_head_json":{"title":"ATELIERS DES VACANCES DE PRINTEMPS - Jublains","description":"le tissage au c\u0153ur des activit\u00e9s jeune public pendant les vacances de P\u00e2ques au mus\u00e9e arch\u00e9ologique de Jublains","robots":{"index":"index","follow":"follow","max-snippet":"max-snippet:-1","max-image-preview":"max-image-preview:large","max-video-preview":"max-video-preview:-1"},"canonical":"https:\/\/patrimoine.lamayenne.fr\/jublains\/evenements\/ateliers-des-vacances-de-printemps\/","twitter_card":"summary_large_image","twitter_title":"ATELIERS DES VACANCES DE PRINTEMPS - Jublains","twitter_description":"le tissage au c\u0153ur des activit\u00e9s jeune public pendant les vacances de P\u00e2ques au mus\u00e9e arch\u00e9ologique de Jublains","twitter_image":"https:\/\/patrimoine.lamayenne.fr\/jublains\/wp-content\/uploads\/2025\/03\/atelier-tissage-12-juillet-14.jpg","twitter_site":"@lamayenne","twitter_misc":{"Dur\u00e9e de lecture estim\u00e9e":"2 minutes"},"schema":{"@context":"https:\/\/schema.org","@graph":[{"@type":"WebPage","@id":"https:\/\/patrimoine.lamayenne.fr\/jublains\/evenements\/ateliers-des-vacances-de-printemps\/","url":"https:\/\/patrimoine.lamayenne.fr\/jublains\/evenements\/ateliers-des-vacances-de-printemps\/","name":"ATELIERS DES VACANCES DE PRINTEMPS - Jublains","isPartOf":{"@id":"https:\/\/patrimoine.lamayenne.fr\/jublains\/#website"},"primaryImageOfPage":{"@id":"https:\/\/patrimoine.lamayenne.fr\/jublains\/evenements\/ateliers-des-vacances-de-printemps\/#primaryimage"},"image":{"@id":"https:\/\/patrimoine.lamayenne.fr\/jublains\/evenements\/ateliers-des-vacances-de-printemps\/#primaryimage"},"thumbnailUrl":"https:\/\/patrimoine.lamayenne.fr\/jublains\/wp-content\/uploads\/2025\/03\/atelier-tissage-12-juillet-14.jpg","datePublished":"2025-03-08T10:41:20+00:00","dateModified":"2025-03-08T10:44:00+00:00","description":"le tissage au c\u0153ur des activit\u00e9s jeune public pendant les vacances de P\u00e2ques au mus\u00e9e arch\u00e9ologique de Jublains","breadcrumb":{"@id":"https:\/\/patrimoine.lamayenne.fr\/jublains\/evenements\/ateliers-des-vacances-de-printemps\/#breadcrumb"},"inLanguage":"fr-FR","potentialAction":[{"@type":"ReadAction","target":["https:\/\/patrimoine.lamayenne.fr\/jublains\/evenements\/ateliers-des-vacances-de-printemps\/"]}]},{"@type":"ImageObject","inLanguage":"fr-FR","@id":"https:\/\/patrimoine.lamayenne.fr\/jublains\/evenements\/ateliers-des-vacances-de-printemps\/#primaryimage","url":"https:\/\/patrimoine.lamayenne.fr\/jublains\/wp-content\/uploads\/2025\/03\/atelier-tissage-12-juillet-14.jpg","contentUrl":"https:\/\/patrimoine.lamayenne.fr\/jublains\/wp-content\/uploads\/2025\/03\/atelier-tissage-12-juillet-14.jpg","width":1500,"height":1000},{"@type":"BreadcrumbList","@id":"https:\/\/patrimoine.lamayenne.fr\/jublains\/evenements\/ateliers-des-vacances-de-printemps\/#breadcrumb","itemListElement":[{"@type":"ListItem","position":1,"name":"Accueil","item":"https:\/\/patrimoine.lamayenne.fr\/jublains\/"},{"@type":"ListItem","position":2,"name":"ATELIERS DES VACANCES DE PRINTEMPS"}]},{"@type":"WebSite","@id":"https:\/\/patrimoine.lamayenne.fr\/jublains\/#website","url":"https:\/\/patrimoine.lamayenne.fr\/jublains\/","name":"Jublains","description":"","publisher":{"@id":"https:\/\/patrimoine.lamayenne.fr\/jublains\/#organization"},"potentialAction":[{"@type":"SearchAction","target":{"@type":"EntryPoint","urlTemplate":"https:\/\/patrimoine.lamayenne.fr\/jublains\/?s={search_term_string}"},"query-input":{"@type":"PropertyValueSpecification","valueRequired":true,"valueName":"search_term_string"}}],"inLanguage":"fr-FR"},{"@type":"Organization","@id":"https:\/\/patrimoine.lamayenne.fr\/jublains\/#organization","name":"Jublains","url":"https:\/\/patrimoine.lamayenne.fr\/jublains\/","logo":{"@type":"ImageObject","inLanguage":"fr-FR","@id":"https:\/\/patrimoine.lamayenne.fr\/jublains\/#\/schema\/logo\/image\/","url":"https:\/\/patrimoine.lamayenne.fr\/jublains\/wp-content\/uploads\/2022\/04\/logos_jublains_quadri.svg","contentUrl":"https:\/\/patrimoine.lamayenne.fr\/jublains\/wp-content\/uploads\/2022\/04\/logos_jublains_quadri.svg","width":1,"height":1,"caption":"Jublains"},"image":{"@id":"https:\/\/patrimoine.lamayenne.fr\/jublains\/#\/schema\/logo\/image\/"},"sameAs":["https:\/\/www.facebook.com\/departement.lamayenne","https:\/\/x.com\/lamayenne","https:\/\/www.instagram.com\/la.mayenne\/","https:\/\/www.youtube.com\/user\/LaMayenneTV"]}]}},"_links":{"self":[{"href":"https:\/\/patrimoine.lamayenne.fr\/jublains\/wp-json\/wp\/v2\/evenements\/3519","targetHints":{"allow":["GET"]}}],"collection":[{"href":"https:\/\/patrimoine.lamayenne.fr\/jublains\/wp-json\/wp\/v2\/evenements"}],"about":[{"href":"https:\/\/patrimoine.lamayenne.fr\/jublains\/wp-json\/wp\/v2\/types\/evenements"}],"version-history":[{"count":2,"href":"https:\/\/patrimoine.lamayenne.fr\/jublains\/wp-json\/wp\/v2\/evenements\/3519\/revisions"}],"predecessor-version":[{"id":3523,"href":"https:\/\/patrimoine.lamayenne.fr\/jublains\/wp-json\/wp\/v2\/evenements\/3519\/revisions\/3523"}],"wp:featuredmedia":[{"embeddable":true,"href":"https:\/\/patrimoine.lamayenne.fr\/jublains\/wp-json\/wp\/v2\/media\/3520"}],"wp:attachment":[{"href":"https:\/\/patrimoine.lamayenne.fr\/jublains\/wp-json\/wp\/v2\/media?parent=3519"}],"wp:term":[{"taxonomy":"evt_type","embeddable":true,"href":"https:\/\/patrimoine.lamayenne.fr\/jublains\/wp-json\/wp\/v2\/evt_type?post=3519"}],"curies":[{"name":"wp","href":"https:\/\/api.w.org\/{rel}","templated":true}]}}