{"id":3866,"date":"2025-09-13T17:46:32","date_gmt":"2025-09-13T15:46:32","guid":{"rendered":"https:\/\/patrimoine.lamayenne.fr\/jublains\/?post_type=evenements&#038;p=3866"},"modified":"2026-03-06T14:23:16","modified_gmt":"2026-03-06T13:23:16","slug":"lart-detre-grands-parents","status":"publish","type":"evenements","link":"https:\/\/patrimoine.lamayenne.fr\/jublains\/evenements\/lart-detre-grands-parents\/","title":{"rendered":"L\u2019art d\u2019\u00eatre grands-parents\u00a0!"},"content":{"rendered":"\n<p> Si vous pensez que vos petits-enfants sont trop jeunes pour visiter un mus\u00e9e arch\u00e9ologique ou que \u00e7a ne va pas les int\u00e9resser, cette activit\u00e9 \u00ab\u00a0sp\u00e9cial grands-parents\u00a0\u00bb est faite pour vous\u00a0! La m\u00e9diatrice vous montrera qu\u2019il n\u2019y a pas d\u2019\u00e2ge pour visiter un mus\u00e9e. Elle vous donnera les cl\u00e9s de compr\u00e9hension du mus\u00e9e et vous pr\u00e9sentera les dispositifs de visite disponibles.\u00a0 Elle vous donnera des conseils et des astuces pour que vous puissiez guider vos petits-enfants de fa\u00e7on amusante. Elle vous proposera \u00e9galement des activit\u00e9s manuelles faciles \u00e0 faire au retour \u00e0 la maison pour poursuivre l\u2019exp\u00e9rience.<\/p>\n","protected":false},"featured_media":3867,"template":"","meta":{"_acf_changed":false,"footnotes":""},"evt_type":[7],"class_list":["post-3866","evenements","type-evenements","status-publish","has-post-thumbnail","hentry","evt_type-visites"],"acf":{"titre":"L\u2019art d\u2019\u00eatre grands-parents !","sous_titre":"Une visite sp\u00e9cifique","mention":"","date_debut":"20260411","date_fin":"20260411","heure_debut":10,"minutes_debut":0,"heure_fin":11,"minutes_fin":30,"tarifs":"6\u20ac\r\nSur r\u00e9servation\r\nAdultes","public":"all","lieu":"mus\u00e9e arch\u00e9ologique","handicap":"handicap"},"yoast_head":"<!-- This site is optimized with the Yoast SEO plugin v25.8 - https:\/\/yoast.com\/wordpress\/plugins\/seo\/ -->\n<title>L\u2019art d\u2019\u00eatre grands-parents\u00a0! - Jublains<\/title>\n<meta name=\"description\" content=\"Une visite sp\u00e9cifique \u00e0 l&#039;attention des grands-parents qui souhaitent emmener leurs petits-enfants au mus\u00e9e et qui veulent des cl\u00e9s!\" \/>\n<meta name=\"robots\" content=\"index, follow, max-snippet:-1, max-image-preview:large, max-video-preview:-1\" \/>\n<link rel=\"canonical\" href=\"https:\/\/patrimoine.lamayenne.fr\/jublains\/evenements\/lart-detre-grands-parents\/\" \/>\n<meta name=\"twitter:card\" content=\"summary_large_image\" \/>\n<meta name=\"twitter:title\" content=\"L\u2019art d\u2019\u00eatre grands-parents\u00a0! - Jublains\" \/>\n<meta name=\"twitter:description\" content=\"Une visite sp\u00e9cifique \u00e0 l&#039;attention des grands-parents qui souhaitent emmener leurs petits-enfants au mus\u00e9e et qui veulent des cl\u00e9s!\" \/>\n<meta name=\"twitter:image\" content=\"https:\/\/patrimoine.lamayenne.fr\/jublains\/wp-content\/uploads\/2025\/09\/interieur_musee_public-2.png\" \/>\n<meta name=\"twitter:site\" content=\"@lamayenne\" \/>\n<meta name=\"twitter:label1\" content=\"Dur\u00e9e de lecture estim\u00e9e\" \/>\n\t<meta name=\"twitter:data1\" content=\"1 minute\" \/>\n<script type=\"application\/ld+json\" class=\"yoast-schema-graph\">{\"@context\":\"https:\/\/schema.org\",\"@graph\":[{\"@type\":\"WebPage\",\"@id\":\"https:\/\/patrimoine.lamayenne.fr\/jublains\/evenements\/lart-detre-grands-parents\/\",\"url\":\"https:\/\/patrimoine.lamayenne.fr\/jublains\/evenements\/lart-detre-grands-parents\/\",\"name\":\"L\u2019art d\u2019\u00eatre grands-parents\u00a0! - Jublains\",\"isPartOf\":{\"@id\":\"https:\/\/patrimoine.lamayenne.fr\/jublains\/#website\"},\"primaryImageOfPage\":{\"@id\":\"https:\/\/patrimoine.lamayenne.fr\/jublains\/evenements\/lart-detre-grands-parents\/#primaryimage\"},\"image\":{\"@id\":\"https:\/\/patrimoine.lamayenne.fr\/jublains\/evenements\/lart-detre-grands-parents\/#primaryimage\"},\"thumbnailUrl\":\"https:\/\/patrimoine.lamayenne.fr\/jublains\/wp-content\/uploads\/2025\/09\/interieur_musee_public-2.png\",\"datePublished\":\"2025-09-13T15:46:32+00:00\",\"dateModified\":\"2026-03-06T13:23:16+00:00\",\"description\":\"Une visite sp\u00e9cifique \u00e0 l'attention des grands-parents qui souhaitent emmener leurs petits-enfants au mus\u00e9e et qui veulent des cl\u00e9s!\",\"breadcrumb\":{\"@id\":\"https:\/\/patrimoine.lamayenne.fr\/jublains\/evenements\/lart-detre-grands-parents\/#breadcrumb\"},\"inLanguage\":\"fr-FR\",\"potentialAction\":[{\"@type\":\"ReadAction\",\"target\":[\"https:\/\/patrimoine.lamayenne.fr\/jublains\/evenements\/lart-detre-grands-parents\/\"]}]},{\"@type\":\"ImageObject\",\"inLanguage\":\"fr-FR\",\"@id\":\"https:\/\/patrimoine.lamayenne.fr\/jublains\/evenements\/lart-detre-grands-parents\/#primaryimage\",\"url\":\"https:\/\/patrimoine.lamayenne.fr\/jublains\/wp-content\/uploads\/2025\/09\/interieur_musee_public-2.png\",\"contentUrl\":\"https:\/\/patrimoine.lamayenne.fr\/jublains\/wp-content\/uploads\/2025\/09\/interieur_musee_public-2.png\",\"width\":800,\"height\":1066},{\"@type\":\"BreadcrumbList\",\"@id\":\"https:\/\/patrimoine.lamayenne.fr\/jublains\/evenements\/lart-detre-grands-parents\/#breadcrumb\",\"itemListElement\":[{\"@type\":\"ListItem\",\"position\":1,\"name\":\"Accueil\",\"item\":\"https:\/\/patrimoine.lamayenne.fr\/jublains\/\"},{\"@type\":\"ListItem\",\"position\":2,\"name\":\"L\u2019art d\u2019\u00eatre grands-parents\u00a0!\"}]},{\"@type\":\"WebSite\",\"@id\":\"https:\/\/patrimoine.lamayenne.fr\/jublains\/#website\",\"url\":\"https:\/\/patrimoine.lamayenne.fr\/jublains\/\",\"name\":\"Jublains\",\"description\":\"\",\"publisher\":{\"@id\":\"https:\/\/patrimoine.lamayenne.fr\/jublains\/#organization\"},\"potentialAction\":[{\"@type\":\"SearchAction\",\"target\":{\"@type\":\"EntryPoint\",\"urlTemplate\":\"https:\/\/patrimoine.lamayenne.fr\/jublains\/?s={search_term_string}\"},\"query-input\":{\"@type\":\"PropertyValueSpecification\",\"valueRequired\":true,\"valueName\":\"search_term_string\"}}],\"inLanguage\":\"fr-FR\"},{\"@type\":\"Organization\",\"@id\":\"https:\/\/patrimoine.lamayenne.fr\/jublains\/#organization\",\"name\":\"Jublains\",\"url\":\"https:\/\/patrimoine.lamayenne.fr\/jublains\/\",\"logo\":{\"@type\":\"ImageObject\",\"inLanguage\":\"fr-FR\",\"@id\":\"https:\/\/patrimoine.lamayenne.fr\/jublains\/#\/schema\/logo\/image\/\",\"url\":\"https:\/\/patrimoine.lamayenne.fr\/jublains\/wp-content\/uploads\/2022\/04\/logos_jublains_quadri.svg\",\"contentUrl\":\"https:\/\/patrimoine.lamayenne.fr\/jublains\/wp-content\/uploads\/2022\/04\/logos_jublains_quadri.svg\",\"width\":1,\"height\":1,\"caption\":\"Jublains\"},\"image\":{\"@id\":\"https:\/\/patrimoine.lamayenne.fr\/jublains\/#\/schema\/logo\/image\/\"},\"sameAs\":[\"https:\/\/www.facebook.com\/departement.lamayenne\",\"https:\/\/x.com\/lamayenne\",\"https:\/\/www.instagram.com\/la.mayenne\/\",\"https:\/\/www.youtube.com\/user\/LaMayenneTV\"]}]}<\/script>\n<!-- \/ Yoast SEO plugin. -->","yoast_head_json":{"title":"L\u2019art d\u2019\u00eatre grands-parents\u00a0! - Jublains","description":"Une visite sp\u00e9cifique \u00e0 l'attention des grands-parents qui souhaitent emmener leurs petits-enfants au mus\u00e9e et qui veulent des cl\u00e9s!","robots":{"index":"index","follow":"follow","max-snippet":"max-snippet:-1","max-image-preview":"max-image-preview:large","max-video-preview":"max-video-preview:-1"},"canonical":"https:\/\/patrimoine.lamayenne.fr\/jublains\/evenements\/lart-detre-grands-parents\/","twitter_card":"summary_large_image","twitter_title":"L\u2019art d\u2019\u00eatre grands-parents\u00a0! - Jublains","twitter_description":"Une visite sp\u00e9cifique \u00e0 l'attention des grands-parents qui souhaitent emmener leurs petits-enfants au mus\u00e9e et qui veulent des cl\u00e9s!","twitter_image":"https:\/\/patrimoine.lamayenne.fr\/jublains\/wp-content\/uploads\/2025\/09\/interieur_musee_public-2.png","twitter_site":"@lamayenne","twitter_misc":{"Dur\u00e9e de lecture estim\u00e9e":"1 minute"},"schema":{"@context":"https:\/\/schema.org","@graph":[{"@type":"WebPage","@id":"https:\/\/patrimoine.lamayenne.fr\/jublains\/evenements\/lart-detre-grands-parents\/","url":"https:\/\/patrimoine.lamayenne.fr\/jublains\/evenements\/lart-detre-grands-parents\/","name":"L\u2019art d\u2019\u00eatre grands-parents\u00a0! - Jublains","isPartOf":{"@id":"https:\/\/patrimoine.lamayenne.fr\/jublains\/#website"},"primaryImageOfPage":{"@id":"https:\/\/patrimoine.lamayenne.fr\/jublains\/evenements\/lart-detre-grands-parents\/#primaryimage"},"image":{"@id":"https:\/\/patrimoine.lamayenne.fr\/jublains\/evenements\/lart-detre-grands-parents\/#primaryimage"},"thumbnailUrl":"https:\/\/patrimoine.lamayenne.fr\/jublains\/wp-content\/uploads\/2025\/09\/interieur_musee_public-2.png","datePublished":"2025-09-13T15:46:32+00:00","dateModified":"2026-03-06T13:23:16+00:00","description":"Une visite sp\u00e9cifique \u00e0 l'attention des grands-parents qui souhaitent emmener leurs petits-enfants au mus\u00e9e et qui veulent des cl\u00e9s!","breadcrumb":{"@id":"https:\/\/patrimoine.lamayenne.fr\/jublains\/evenements\/lart-detre-grands-parents\/#breadcrumb"},"inLanguage":"fr-FR","potentialAction":[{"@type":"ReadAction","target":["https:\/\/patrimoine.lamayenne.fr\/jublains\/evenements\/lart-detre-grands-parents\/"]}]},{"@type":"ImageObject","inLanguage":"fr-FR","@id":"https:\/\/patrimoine.lamayenne.fr\/jublains\/evenements\/lart-detre-grands-parents\/#primaryimage","url":"https:\/\/patrimoine.lamayenne.fr\/jublains\/wp-content\/uploads\/2025\/09\/interieur_musee_public-2.png","contentUrl":"https:\/\/patrimoine.lamayenne.fr\/jublains\/wp-content\/uploads\/2025\/09\/interieur_musee_public-2.png","width":800,"height":1066},{"@type":"BreadcrumbList","@id":"https:\/\/patrimoine.lamayenne.fr\/jublains\/evenements\/lart-detre-grands-parents\/#breadcrumb","itemListElement":[{"@type":"ListItem","position":1,"name":"Accueil","item":"https:\/\/patrimoine.lamayenne.fr\/jublains\/"},{"@type":"ListItem","position":2,"name":"L\u2019art d\u2019\u00eatre grands-parents\u00a0!"}]},{"@type":"WebSite","@id":"https:\/\/patrimoine.lamayenne.fr\/jublains\/#website","url":"https:\/\/patrimoine.lamayenne.fr\/jublains\/","name":"Jublains","description":"","publisher":{"@id":"https:\/\/patrimoine.lamayenne.fr\/jublains\/#organization"},"potentialAction":[{"@type":"SearchAction","target":{"@type":"EntryPoint","urlTemplate":"https:\/\/patrimoine.lamayenne.fr\/jublains\/?s={search_term_string}"},"query-input":{"@type":"PropertyValueSpecification","valueRequired":true,"valueName":"search_term_string"}}],"inLanguage":"fr-FR"},{"@type":"Organization","@id":"https:\/\/patrimoine.lamayenne.fr\/jublains\/#organization","name":"Jublains","url":"https:\/\/patrimoine.lamayenne.fr\/jublains\/","logo":{"@type":"ImageObject","inLanguage":"fr-FR","@id":"https:\/\/patrimoine.lamayenne.fr\/jublains\/#\/schema\/logo\/image\/","url":"https:\/\/patrimoine.lamayenne.fr\/jublains\/wp-content\/uploads\/2022\/04\/logos_jublains_quadri.svg","contentUrl":"https:\/\/patrimoine.lamayenne.fr\/jublains\/wp-content\/uploads\/2022\/04\/logos_jublains_quadri.svg","width":1,"height":1,"caption":"Jublains"},"image":{"@id":"https:\/\/patrimoine.lamayenne.fr\/jublains\/#\/schema\/logo\/image\/"},"sameAs":["https:\/\/www.facebook.com\/departement.lamayenne","https:\/\/x.com\/lamayenne","https:\/\/www.instagram.com\/la.mayenne\/","https:\/\/www.youtube.com\/user\/LaMayenneTV"]}]}},"_links":{"self":[{"href":"https:\/\/patrimoine.lamayenne.fr\/jublains\/wp-json\/wp\/v2\/evenements\/3866","targetHints":{"allow":["GET"]}}],"collection":[{"href":"https:\/\/patrimoine.lamayenne.fr\/jublains\/wp-json\/wp\/v2\/evenements"}],"about":[{"href":"https:\/\/patrimoine.lamayenne.fr\/jublains\/wp-json\/wp\/v2\/types\/evenements"}],"version-history":[{"count":4,"href":"https:\/\/patrimoine.lamayenne.fr\/jublains\/wp-json\/wp\/v2\/evenements\/3866\/revisions"}],"predecessor-version":[{"id":4069,"href":"https:\/\/patrimoine.lamayenne.fr\/jublains\/wp-json\/wp\/v2\/evenements\/3866\/revisions\/4069"}],"wp:featuredmedia":[{"embeddable":true,"href":"https:\/\/patrimoine.lamayenne.fr\/jublains\/wp-json\/wp\/v2\/media\/3867"}],"wp:attachment":[{"href":"https:\/\/patrimoine.lamayenne.fr\/jublains\/wp-json\/wp\/v2\/media?parent=3866"}],"wp:term":[{"taxonomy":"evt_type","embeddable":true,"href":"https:\/\/patrimoine.lamayenne.fr\/jublains\/wp-json\/wp\/v2\/evt_type?post=3866"}],"curies":[{"name":"wp","href":"https:\/\/api.w.org\/{rel}","templated":true}]}}