{"id":3969,"date":"2026-01-20T16:37:51","date_gmt":"2026-01-20T15:37:51","guid":{"rendered":"https:\/\/patrimoine.lamayenne.fr\/jublains\/?post_type=evenements&#038;p=3969"},"modified":"2026-02-06T11:17:46","modified_gmt":"2026-02-06T10:17:46","slug":"concert-au-musee-helene-gros","status":"publish","type":"evenements","link":"https:\/\/patrimoine.lamayenne.fr\/jublains\/evenements\/concert-au-musee-helene-gros\/","title":{"rendered":"Concert au mus\u00e9e : H\u00e9l\u00e8ne Gros"},"content":{"rendered":"\n<p>Avec son nouveau spectacle solo,&nbsp;la musicienne et chanteuse&nbsp;H\u00e9l\u00e8ne&nbsp;Gros&nbsp;s\u2019installe au c\u0153ur des collections du mus\u00e9e et fait r\u00e9sonner les mots&nbsp;avec les&nbsp;objets arch\u00e9ologiques.&nbsp;Accompagn\u00e9e de son&nbsp;fid\u00e8le&nbsp;accord\u00e9on&nbsp;\u2013 le&nbsp;Gros, elle&nbsp;pr\u00e9sente&nbsp;au public&nbsp;son propre r\u00e9pertoire de chansons.&nbsp;Elle&nbsp;conte en toute intimit\u00e9 son amour pour cet instrument, la libert\u00e9 et l&rsquo;\u00e9mancipation n\u00e9es de cette rencontre.&nbsp;<\/p>\n\n\n\n<p><em>Renseignements au 02 43 58 13 20&nbsp;&nbsp;<\/em><\/p>\n\n\n\n<p><strong>Ce rendez-vous s\u2019inscrit dans le cadre du lancement de la programmation culturelle 2026 des trois sites patrimoniaux du D\u00e9partement de la Mayenne<\/strong> :<\/p>\n\n\n\n<ul class=\"wp-block-list\">\n<li>Ch\u00e2teau de Sainte-Suzanne I SAMEDI 14 FEVRIER &#8211; 15H I <a href=\"https:\/\/patrimoine.lamayenne.fr\/sainte-suzanne\/evenements\/musique-au-chateau-cecile-branche\/\">Musique au ch\u00e2teau : C\u00e9cile Branche (musique m\u00e9di\u00e9vale) <\/a><\/li>\n<\/ul>\n\n\n\n<ul class=\"wp-block-list\">\n<li>Mus\u00e9e Robert Tatin I DIMANCHE 15 FEVRIER &#8211; 10H30 I <a href=\"https:\/\/patrimoine.lamayenne.fr\/robert-tatin\/evenements\/la-bulle-sonore\/\">La bulle sonore : Simon Roguet et P&rsquo;tit Fat (lecture-spectacle jeune public) <\/a><\/li>\n<\/ul>\n\n\n\n<ul class=\"wp-block-list\">\n<li>Mus\u00e9e de Jublains I DIMANCHE 15 FEVRIER &#8211; 15H I <a href=\"https:\/\/patrimoine.lamayenne.fr\/jublains\/evenements\/concert-au-musee-helene-gros\/\">Concert au mus\u00e9e : H\u00e9l\u00e8ne Gros (chanson accord\u00e9on) <\/a><\/li>\n<\/ul>\n\n\n\n<p><\/p>\n\n\n\n<p><\/p>\n","protected":false},"featured_media":3970,"template":"","meta":{"_acf_changed":false,"footnotes":""},"evt_type":[],"class_list":["post-3969","evenements","type-evenements","status-publish","has-post-thumbnail","hentry"],"acf":{"titre":"Concert au mus\u00e9e : H\u00e9l\u00e8ne Gros ","sous_titre":"Chanson accord\u00e9on ","mention":"","date_debut":"20260215","date_fin":"20260215","heure_debut":15,"minutes_debut":0,"heure_fin":16,"minutes_fin":0,"tarifs":"Tarif plein 6\u20ac, r\u00e9duit 3 \u20ac, gratuit -18 ans (le tarif comprend l\u2019entr\u00e9e du site)","public":"all","lieu":"Mus\u00e9e ","handicap":"none"},"yoast_head":"<!-- This site is optimized with the Yoast SEO plugin v25.8 - https:\/\/yoast.com\/wordpress\/plugins\/seo\/ -->\n<title>Concert au mus\u00e9e : H\u00e9l\u00e8ne Gros - Jublains<\/title>\n<meta name=\"robots\" content=\"index, follow, max-snippet:-1, max-image-preview:large, max-video-preview:-1\" \/>\n<link rel=\"canonical\" href=\"https:\/\/patrimoine.lamayenne.fr\/jublains\/evenements\/concert-au-musee-helene-gros\/\" \/>\n<meta name=\"twitter:card\" content=\"summary_large_image\" \/>\n<meta name=\"twitter:title\" content=\"Concert au mus\u00e9e : H\u00e9l\u00e8ne Gros - Jublains\" \/>\n<meta name=\"twitter:description\" content=\"Avec son nouveau spectacle solo,&nbsp;la musicienne et chanteuse&nbsp;H\u00e9l\u00e8ne&nbsp;Gros&nbsp;s\u2019installe au c\u0153ur des collections du mus\u00e9e et fait r\u00e9sonner les mots&nbsp;avec les&nbsp;objets arch\u00e9ologiques.&nbsp;Accompagn\u00e9e de son&nbsp;fid\u00e8le&nbsp;accord\u00e9on&nbsp;\u2013 le&nbsp;Gros, elle&nbsp;pr\u00e9sente&nbsp;au public&nbsp;son propre r\u00e9pertoire de chansons.&nbsp;Elle&nbsp;conte en toute intimit\u00e9 son amour pour cet instrument, la libert\u00e9 et l&rsquo;\u00e9mancipation n\u00e9es de cette rencontre.&nbsp; Renseignements au 02 43 58 13 20&nbsp;&nbsp; Ce rendez-vous [&hellip;]\" \/>\n<meta name=\"twitter:image\" content=\"https:\/\/patrimoine.lamayenne.fr\/jublains\/wp-content\/uploads\/2026\/01\/helene_gros.jpg\" \/>\n<meta name=\"twitter:site\" content=\"@lamayenne\" \/>\n<meta name=\"twitter:label1\" content=\"Dur\u00e9e de lecture estim\u00e9e\" \/>\n\t<meta name=\"twitter:data1\" content=\"1 minute\" \/>\n<script type=\"application\/ld+json\" class=\"yoast-schema-graph\">{\"@context\":\"https:\/\/schema.org\",\"@graph\":[{\"@type\":\"WebPage\",\"@id\":\"https:\/\/patrimoine.lamayenne.fr\/jublains\/evenements\/concert-au-musee-helene-gros\/\",\"url\":\"https:\/\/patrimoine.lamayenne.fr\/jublains\/evenements\/concert-au-musee-helene-gros\/\",\"name\":\"Concert au mus\u00e9e : H\u00e9l\u00e8ne Gros - Jublains\",\"isPartOf\":{\"@id\":\"https:\/\/patrimoine.lamayenne.fr\/jublains\/#website\"},\"primaryImageOfPage\":{\"@id\":\"https:\/\/patrimoine.lamayenne.fr\/jublains\/evenements\/concert-au-musee-helene-gros\/#primaryimage\"},\"image\":{\"@id\":\"https:\/\/patrimoine.lamayenne.fr\/jublains\/evenements\/concert-au-musee-helene-gros\/#primaryimage\"},\"thumbnailUrl\":\"https:\/\/patrimoine.lamayenne.fr\/jublains\/wp-content\/uploads\/2026\/01\/helene_gros.jpg\",\"datePublished\":\"2026-01-20T15:37:51+00:00\",\"dateModified\":\"2026-02-06T10:17:46+00:00\",\"breadcrumb\":{\"@id\":\"https:\/\/patrimoine.lamayenne.fr\/jublains\/evenements\/concert-au-musee-helene-gros\/#breadcrumb\"},\"inLanguage\":\"fr-FR\",\"potentialAction\":[{\"@type\":\"ReadAction\",\"target\":[\"https:\/\/patrimoine.lamayenne.fr\/jublains\/evenements\/concert-au-musee-helene-gros\/\"]}]},{\"@type\":\"ImageObject\",\"inLanguage\":\"fr-FR\",\"@id\":\"https:\/\/patrimoine.lamayenne.fr\/jublains\/evenements\/concert-au-musee-helene-gros\/#primaryimage\",\"url\":\"https:\/\/patrimoine.lamayenne.fr\/jublains\/wp-content\/uploads\/2026\/01\/helene_gros.jpg\",\"contentUrl\":\"https:\/\/patrimoine.lamayenne.fr\/jublains\/wp-content\/uploads\/2026\/01\/helene_gros.jpg\",\"width\":1200,\"height\":680},{\"@type\":\"BreadcrumbList\",\"@id\":\"https:\/\/patrimoine.lamayenne.fr\/jublains\/evenements\/concert-au-musee-helene-gros\/#breadcrumb\",\"itemListElement\":[{\"@type\":\"ListItem\",\"position\":1,\"name\":\"Accueil\",\"item\":\"https:\/\/patrimoine.lamayenne.fr\/jublains\/\"},{\"@type\":\"ListItem\",\"position\":2,\"name\":\"Concert au mus\u00e9e : H\u00e9l\u00e8ne Gros\"}]},{\"@type\":\"WebSite\",\"@id\":\"https:\/\/patrimoine.lamayenne.fr\/jublains\/#website\",\"url\":\"https:\/\/patrimoine.lamayenne.fr\/jublains\/\",\"name\":\"Jublains\",\"description\":\"\",\"publisher\":{\"@id\":\"https:\/\/patrimoine.lamayenne.fr\/jublains\/#organization\"},\"potentialAction\":[{\"@type\":\"SearchAction\",\"target\":{\"@type\":\"EntryPoint\",\"urlTemplate\":\"https:\/\/patrimoine.lamayenne.fr\/jublains\/?s={search_term_string}\"},\"query-input\":{\"@type\":\"PropertyValueSpecification\",\"valueRequired\":true,\"valueName\":\"search_term_string\"}}],\"inLanguage\":\"fr-FR\"},{\"@type\":\"Organization\",\"@id\":\"https:\/\/patrimoine.lamayenne.fr\/jublains\/#organization\",\"name\":\"Jublains\",\"url\":\"https:\/\/patrimoine.lamayenne.fr\/jublains\/\",\"logo\":{\"@type\":\"ImageObject\",\"inLanguage\":\"fr-FR\",\"@id\":\"https:\/\/patrimoine.lamayenne.fr\/jublains\/#\/schema\/logo\/image\/\",\"url\":\"https:\/\/patrimoine.lamayenne.fr\/jublains\/wp-content\/uploads\/2022\/04\/logos_jublains_quadri.svg\",\"contentUrl\":\"https:\/\/patrimoine.lamayenne.fr\/jublains\/wp-content\/uploads\/2022\/04\/logos_jublains_quadri.svg\",\"width\":1,\"height\":1,\"caption\":\"Jublains\"},\"image\":{\"@id\":\"https:\/\/patrimoine.lamayenne.fr\/jublains\/#\/schema\/logo\/image\/\"},\"sameAs\":[\"https:\/\/www.facebook.com\/departement.lamayenne\",\"https:\/\/x.com\/lamayenne\",\"https:\/\/www.instagram.com\/la.mayenne\/\",\"https:\/\/www.youtube.com\/user\/LaMayenneTV\"]}]}<\/script>\n<!-- \/ Yoast SEO plugin. -->","yoast_head_json":{"title":"Concert au mus\u00e9e : H\u00e9l\u00e8ne Gros - Jublains","robots":{"index":"index","follow":"follow","max-snippet":"max-snippet:-1","max-image-preview":"max-image-preview:large","max-video-preview":"max-video-preview:-1"},"canonical":"https:\/\/patrimoine.lamayenne.fr\/jublains\/evenements\/concert-au-musee-helene-gros\/","twitter_card":"summary_large_image","twitter_title":"Concert au mus\u00e9e : H\u00e9l\u00e8ne Gros - Jublains","twitter_description":"Avec son nouveau spectacle solo,&nbsp;la musicienne et chanteuse&nbsp;H\u00e9l\u00e8ne&nbsp;Gros&nbsp;s\u2019installe au c\u0153ur des collections du mus\u00e9e et fait r\u00e9sonner les mots&nbsp;avec les&nbsp;objets arch\u00e9ologiques.&nbsp;Accompagn\u00e9e de son&nbsp;fid\u00e8le&nbsp;accord\u00e9on&nbsp;\u2013 le&nbsp;Gros, elle&nbsp;pr\u00e9sente&nbsp;au public&nbsp;son propre r\u00e9pertoire de chansons.&nbsp;Elle&nbsp;conte en toute intimit\u00e9 son amour pour cet instrument, la libert\u00e9 et l&rsquo;\u00e9mancipation n\u00e9es de cette rencontre.&nbsp; Renseignements au 02 43 58 13 20&nbsp;&nbsp; Ce rendez-vous [&hellip;]","twitter_image":"https:\/\/patrimoine.lamayenne.fr\/jublains\/wp-content\/uploads\/2026\/01\/helene_gros.jpg","twitter_site":"@lamayenne","twitter_misc":{"Dur\u00e9e de lecture estim\u00e9e":"1 minute"},"schema":{"@context":"https:\/\/schema.org","@graph":[{"@type":"WebPage","@id":"https:\/\/patrimoine.lamayenne.fr\/jublains\/evenements\/concert-au-musee-helene-gros\/","url":"https:\/\/patrimoine.lamayenne.fr\/jublains\/evenements\/concert-au-musee-helene-gros\/","name":"Concert au mus\u00e9e : H\u00e9l\u00e8ne Gros - Jublains","isPartOf":{"@id":"https:\/\/patrimoine.lamayenne.fr\/jublains\/#website"},"primaryImageOfPage":{"@id":"https:\/\/patrimoine.lamayenne.fr\/jublains\/evenements\/concert-au-musee-helene-gros\/#primaryimage"},"image":{"@id":"https:\/\/patrimoine.lamayenne.fr\/jublains\/evenements\/concert-au-musee-helene-gros\/#primaryimage"},"thumbnailUrl":"https:\/\/patrimoine.lamayenne.fr\/jublains\/wp-content\/uploads\/2026\/01\/helene_gros.jpg","datePublished":"2026-01-20T15:37:51+00:00","dateModified":"2026-02-06T10:17:46+00:00","breadcrumb":{"@id":"https:\/\/patrimoine.lamayenne.fr\/jublains\/evenements\/concert-au-musee-helene-gros\/#breadcrumb"},"inLanguage":"fr-FR","potentialAction":[{"@type":"ReadAction","target":["https:\/\/patrimoine.lamayenne.fr\/jublains\/evenements\/concert-au-musee-helene-gros\/"]}]},{"@type":"ImageObject","inLanguage":"fr-FR","@id":"https:\/\/patrimoine.lamayenne.fr\/jublains\/evenements\/concert-au-musee-helene-gros\/#primaryimage","url":"https:\/\/patrimoine.lamayenne.fr\/jublains\/wp-content\/uploads\/2026\/01\/helene_gros.jpg","contentUrl":"https:\/\/patrimoine.lamayenne.fr\/jublains\/wp-content\/uploads\/2026\/01\/helene_gros.jpg","width":1200,"height":680},{"@type":"BreadcrumbList","@id":"https:\/\/patrimoine.lamayenne.fr\/jublains\/evenements\/concert-au-musee-helene-gros\/#breadcrumb","itemListElement":[{"@type":"ListItem","position":1,"name":"Accueil","item":"https:\/\/patrimoine.lamayenne.fr\/jublains\/"},{"@type":"ListItem","position":2,"name":"Concert au mus\u00e9e : H\u00e9l\u00e8ne Gros"}]},{"@type":"WebSite","@id":"https:\/\/patrimoine.lamayenne.fr\/jublains\/#website","url":"https:\/\/patrimoine.lamayenne.fr\/jublains\/","name":"Jublains","description":"","publisher":{"@id":"https:\/\/patrimoine.lamayenne.fr\/jublains\/#organization"},"potentialAction":[{"@type":"SearchAction","target":{"@type":"EntryPoint","urlTemplate":"https:\/\/patrimoine.lamayenne.fr\/jublains\/?s={search_term_string}"},"query-input":{"@type":"PropertyValueSpecification","valueRequired":true,"valueName":"search_term_string"}}],"inLanguage":"fr-FR"},{"@type":"Organization","@id":"https:\/\/patrimoine.lamayenne.fr\/jublains\/#organization","name":"Jublains","url":"https:\/\/patrimoine.lamayenne.fr\/jublains\/","logo":{"@type":"ImageObject","inLanguage":"fr-FR","@id":"https:\/\/patrimoine.lamayenne.fr\/jublains\/#\/schema\/logo\/image\/","url":"https:\/\/patrimoine.lamayenne.fr\/jublains\/wp-content\/uploads\/2022\/04\/logos_jublains_quadri.svg","contentUrl":"https:\/\/patrimoine.lamayenne.fr\/jublains\/wp-content\/uploads\/2022\/04\/logos_jublains_quadri.svg","width":1,"height":1,"caption":"Jublains"},"image":{"@id":"https:\/\/patrimoine.lamayenne.fr\/jublains\/#\/schema\/logo\/image\/"},"sameAs":["https:\/\/www.facebook.com\/departement.lamayenne","https:\/\/x.com\/lamayenne","https:\/\/www.instagram.com\/la.mayenne\/","https:\/\/www.youtube.com\/user\/LaMayenneTV"]}]}},"_links":{"self":[{"href":"https:\/\/patrimoine.lamayenne.fr\/jublains\/wp-json\/wp\/v2\/evenements\/3969","targetHints":{"allow":["GET"]}}],"collection":[{"href":"https:\/\/patrimoine.lamayenne.fr\/jublains\/wp-json\/wp\/v2\/evenements"}],"about":[{"href":"https:\/\/patrimoine.lamayenne.fr\/jublains\/wp-json\/wp\/v2\/types\/evenements"}],"version-history":[{"count":11,"href":"https:\/\/patrimoine.lamayenne.fr\/jublains\/wp-json\/wp\/v2\/evenements\/3969\/revisions"}],"predecessor-version":[{"id":4034,"href":"https:\/\/patrimoine.lamayenne.fr\/jublains\/wp-json\/wp\/v2\/evenements\/3969\/revisions\/4034"}],"wp:featuredmedia":[{"embeddable":true,"href":"https:\/\/patrimoine.lamayenne.fr\/jublains\/wp-json\/wp\/v2\/media\/3970"}],"wp:attachment":[{"href":"https:\/\/patrimoine.lamayenne.fr\/jublains\/wp-json\/wp\/v2\/media?parent=3969"}],"wp:term":[{"taxonomy":"evt_type","embeddable":true,"href":"https:\/\/patrimoine.lamayenne.fr\/jublains\/wp-json\/wp\/v2\/evt_type?post=3969"}],"curies":[{"name":"wp","href":"https:\/\/api.w.org\/{rel}","templated":true}]}}