{"id":4066,"date":"2026-03-06T14:28:46","date_gmt":"2026-03-06T13:28:46","guid":{"rendered":"https:\/\/patrimoine.lamayenne.fr\/jublains\/?post_type=evenements&#038;p=4066"},"modified":"2026-04-10T15:47:38","modified_gmt":"2026-04-10T13:47:38","slug":"atelier-de-creation-mosaique-avec-patricia-collinet-mosaiste","status":"publish","type":"evenements","link":"https:\/\/patrimoine.lamayenne.fr\/jublains\/evenements\/atelier-de-creation-mosaique-avec-patricia-collinet-mosaiste\/","title":{"rendered":"Atelier de cr\u00e9ation mosa\u00efque avec Patricia\u00a0Collinet, mosa\u00efste\u00a0"},"content":{"rendered":"\n<p>Venez exp\u00e9rimenter en famille les techniques artistiques sur chacun des trois sites patrimoniaux dans le cadre d\u2019un nouveau rendez-vous : le festival des Cr\u00e9ations en famille&nbsp;!&nbsp;\u00c0 double voix et \u00e0 quatre mains, en compagnie d\u2019un intervenant professionnel et d\u2019un m\u00e9diateur, participez \u00e0 une belle exp\u00e9rience collective m\u00ealant la cr\u00e9ation d&rsquo;une production plastique et d\u2019un regard aiguis\u00e9 sur le site.&nbsp;&nbsp;<\/p>\n\n\n\n<p><strong>Au mus\u00e9e&nbsp;arch\u00e9ologique de Jublains<\/strong>, composez en compagnie de l\u2019intervenante&nbsp;ext\u00e9rieure&nbsp;Patricia&nbsp;Collinet&nbsp;une double production individuelle et collective&nbsp;en mosa\u00efque. L\u2019atelier sera pr\u00e9c\u00e9d\u00e9&nbsp;dans les salles d\u2019exposition&nbsp;d\u2019une&nbsp;pr\u00e9sentation&nbsp;de la mosa\u00efque&nbsp;au dauphin&nbsp;nouvellement&nbsp;restaur\u00e9e.&nbsp;Un temps de convivialit\u00e9 cl\u00f4t l\u2019apr\u00e8s-midi.&nbsp;Le travail collectif&nbsp;sera poursuivi lors des Journ\u00e9es Europ\u00e9ennes de l\u2019Arch\u00e9ologie le samedi 13 et&nbsp;le dimanche 14 juin 2026.&nbsp;<\/p>\n\n\n\n<p><em>Places limit\u00e9es <\/em><\/p>\n\n\n\n<p><em>Renseignements et r\u00e9servations au 02 43 58 13 20<\/em> <\/p>\n\n\n\n<blockquote class=\"wp-block-quote is-layout-flow wp-block-quote-is-layout-flow\">\n<blockquote class=\"wp-block-quote is-layout-flow wp-block-quote-is-layout-flow\">\n<p>&gt;Retrouvez l&rsquo;ensemble de la programmation du <em>Festival des Cr\u00e9ations en famille<\/em> (mercredi 15 &gt; dimanche 19 avril 2026)<\/p>\n<\/blockquote>\n<\/blockquote>\n\n\n\n<ul class=\"wp-block-list\">\n<li><strong>3 ateliers de cr\u00e9ations artistiques<\/strong> : <br>Mercredi 15 avril de 14h \u00e0 17h : <a href=\"https:\/\/patrimoine.lamayenne.fr\/robert-tatin\/evenements\/atelier-de-creation-de-lampions-avec-nathalie-bouflet-platicienne\/\">Atelier de cr\u00e9ation de lampions avec Chrysalide, cr\u00e9atrice<\/a><br>Jeudi 16 avril de 14h \u00e0 17h : <a href=\"https:\/\/patrimoine.lamayenne.fr\/sainte-suzanne\/evenements\/atelier-de-creation-de-pop-up-avec-berenice-primot-plasticienne\/\">Atelier de cr\u00e9ation de pop-up avec B\u00e9r\u00e9nice\u00a0Primot, plasticienne<\/a><br>Vendredi 17avril de 14h \u00e0 17h : <a href=\"https:\/\/patrimoine.lamayenne.fr\/jublains\/evenements\/atelier-de-creation-mosaique-avec-patricia-collinet-mosaiste\/\">Atelier de cr\u00e9ation mosa\u00efque avec Patricia Collinet, mosa\u00efste<\/a><\/li>\n<\/ul>\n\n\n\n<ul class=\"wp-block-list\">\n<li><strong>1 spectacle jeune public autour de la cr\u00e9ation plastique<\/strong> <br>Dimanche 19 avril \u00e0 15h  : <a href=\"https:\/\/patrimoine.lamayenne.fr\/sainte-suzanne\/evenements\/spectacle-larbre-a-souvenir-theatre-de-papier-et-conte-musical\/\">spectacle : l&rsquo;arbre \u00e0 souvenirs (th\u00e9\u00e2tre de papier et conte musical) par la <em>Compagnie la Valise Indigo <\/em><\/a><\/li>\n<\/ul>\n","protected":false},"featured_media":4198,"template":"","meta":{"_acf_changed":false,"footnotes":""},"evt_type":[],"class_list":["post-4066","evenements","type-evenements","status-publish","has-post-thumbnail","hentry"],"acf":{"titre":"Atelier de cr\u00e9ation mosa\u00efque avec Patricia Collinet, mosa\u00efste ","sous_titre":"Festival des Cr\u00e9ations en Famille ","mention":"","date_debut":"20260417","date_fin":"20260417","heure_debut":14,"minutes_debut":0,"heure_fin":17,"minutes_fin":0,"tarifs":"3 \u20ac, r\u00e9duit 1,50\u20ac (pour les enfants et les adultes) ","public":"all","lieu":"Mus\u00e9e arch\u00e9ologique  ","handicap":"none"},"yoast_head":"<!-- This site is optimized with the Yoast SEO plugin v25.8 - https:\/\/yoast.com\/wordpress\/plugins\/seo\/ -->\n<title>Atelier de cr\u00e9ation mosa\u00efque avec Patricia\u00a0Collinet, mosa\u00efste\u00a0 - Jublains<\/title>\n<meta name=\"robots\" content=\"index, follow, max-snippet:-1, max-image-preview:large, max-video-preview:-1\" \/>\n<link rel=\"canonical\" href=\"https:\/\/patrimoine.lamayenne.fr\/jublains\/evenements\/atelier-de-creation-mosaique-avec-patricia-collinet-mosaiste\/\" \/>\n<meta name=\"twitter:card\" content=\"summary_large_image\" \/>\n<meta name=\"twitter:title\" content=\"Atelier de cr\u00e9ation mosa\u00efque avec Patricia\u00a0Collinet, mosa\u00efste\u00a0 - Jublains\" \/>\n<meta name=\"twitter:description\" content=\"Venez exp\u00e9rimenter en famille les techniques artistiques sur chacun des trois sites patrimoniaux dans le cadre d\u2019un nouveau rendez-vous : le festival des Cr\u00e9ations en famille&nbsp;!&nbsp;\u00c0 double voix et \u00e0 quatre mains, en compagnie d\u2019un intervenant professionnel et d\u2019un m\u00e9diateur, participez \u00e0 une belle exp\u00e9rience collective m\u00ealant la cr\u00e9ation d&rsquo;une production plastique et d\u2019un regard [&hellip;]\" \/>\n<meta name=\"twitter:image\" content=\"https:\/\/patrimoine.lamayenne.fr\/jublains\/wp-content\/uploads\/2026\/03\/atelier_mosaique-scaled.jpg\" \/>\n<meta name=\"twitter:site\" content=\"@lamayenne\" \/>\n<meta name=\"twitter:label1\" content=\"Dur\u00e9e de lecture estim\u00e9e\" \/>\n\t<meta name=\"twitter:data1\" content=\"2 minutes\" \/>\n<script type=\"application\/ld+json\" class=\"yoast-schema-graph\">{\"@context\":\"https:\/\/schema.org\",\"@graph\":[{\"@type\":\"WebPage\",\"@id\":\"https:\/\/patrimoine.lamayenne.fr\/jublains\/evenements\/atelier-de-creation-mosaique-avec-patricia-collinet-mosaiste\/\",\"url\":\"https:\/\/patrimoine.lamayenne.fr\/jublains\/evenements\/atelier-de-creation-mosaique-avec-patricia-collinet-mosaiste\/\",\"name\":\"Atelier de cr\u00e9ation mosa\u00efque avec Patricia\u00a0Collinet, mosa\u00efste\u00a0 - Jublains\",\"isPartOf\":{\"@id\":\"https:\/\/patrimoine.lamayenne.fr\/jublains\/#website\"},\"primaryImageOfPage\":{\"@id\":\"https:\/\/patrimoine.lamayenne.fr\/jublains\/evenements\/atelier-de-creation-mosaique-avec-patricia-collinet-mosaiste\/#primaryimage\"},\"image\":{\"@id\":\"https:\/\/patrimoine.lamayenne.fr\/jublains\/evenements\/atelier-de-creation-mosaique-avec-patricia-collinet-mosaiste\/#primaryimage\"},\"thumbnailUrl\":\"https:\/\/patrimoine.lamayenne.fr\/jublains\/wp-content\/uploads\/2026\/03\/atelier_mosaique-scaled.jpg\",\"datePublished\":\"2026-03-06T13:28:46+00:00\",\"dateModified\":\"2026-04-10T13:47:38+00:00\",\"breadcrumb\":{\"@id\":\"https:\/\/patrimoine.lamayenne.fr\/jublains\/evenements\/atelier-de-creation-mosaique-avec-patricia-collinet-mosaiste\/#breadcrumb\"},\"inLanguage\":\"fr-FR\",\"potentialAction\":[{\"@type\":\"ReadAction\",\"target\":[\"https:\/\/patrimoine.lamayenne.fr\/jublains\/evenements\/atelier-de-creation-mosaique-avec-patricia-collinet-mosaiste\/\"]}]},{\"@type\":\"ImageObject\",\"inLanguage\":\"fr-FR\",\"@id\":\"https:\/\/patrimoine.lamayenne.fr\/jublains\/evenements\/atelier-de-creation-mosaique-avec-patricia-collinet-mosaiste\/#primaryimage\",\"url\":\"https:\/\/patrimoine.lamayenne.fr\/jublains\/wp-content\/uploads\/2026\/03\/atelier_mosaique-scaled.jpg\",\"contentUrl\":\"https:\/\/patrimoine.lamayenne.fr\/jublains\/wp-content\/uploads\/2026\/03\/atelier_mosaique-scaled.jpg\",\"width\":1640,\"height\":1027},{\"@type\":\"BreadcrumbList\",\"@id\":\"https:\/\/patrimoine.lamayenne.fr\/jublains\/evenements\/atelier-de-creation-mosaique-avec-patricia-collinet-mosaiste\/#breadcrumb\",\"itemListElement\":[{\"@type\":\"ListItem\",\"position\":1,\"name\":\"Accueil\",\"item\":\"https:\/\/patrimoine.lamayenne.fr\/jublains\/\"},{\"@type\":\"ListItem\",\"position\":2,\"name\":\"Atelier de cr\u00e9ation mosa\u00efque avec Patricia\u00a0Collinet, mosa\u00efste\u00a0\"}]},{\"@type\":\"WebSite\",\"@id\":\"https:\/\/patrimoine.lamayenne.fr\/jublains\/#website\",\"url\":\"https:\/\/patrimoine.lamayenne.fr\/jublains\/\",\"name\":\"Jublains\",\"description\":\"\",\"publisher\":{\"@id\":\"https:\/\/patrimoine.lamayenne.fr\/jublains\/#organization\"},\"potentialAction\":[{\"@type\":\"SearchAction\",\"target\":{\"@type\":\"EntryPoint\",\"urlTemplate\":\"https:\/\/patrimoine.lamayenne.fr\/jublains\/?s={search_term_string}\"},\"query-input\":{\"@type\":\"PropertyValueSpecification\",\"valueRequired\":true,\"valueName\":\"search_term_string\"}}],\"inLanguage\":\"fr-FR\"},{\"@type\":\"Organization\",\"@id\":\"https:\/\/patrimoine.lamayenne.fr\/jublains\/#organization\",\"name\":\"Jublains\",\"url\":\"https:\/\/patrimoine.lamayenne.fr\/jublains\/\",\"logo\":{\"@type\":\"ImageObject\",\"inLanguage\":\"fr-FR\",\"@id\":\"https:\/\/patrimoine.lamayenne.fr\/jublains\/#\/schema\/logo\/image\/\",\"url\":\"https:\/\/patrimoine.lamayenne.fr\/jublains\/wp-content\/uploads\/2022\/04\/logos_jublains_quadri.svg\",\"contentUrl\":\"https:\/\/patrimoine.lamayenne.fr\/jublains\/wp-content\/uploads\/2022\/04\/logos_jublains_quadri.svg\",\"width\":1,\"height\":1,\"caption\":\"Jublains\"},\"image\":{\"@id\":\"https:\/\/patrimoine.lamayenne.fr\/jublains\/#\/schema\/logo\/image\/\"},\"sameAs\":[\"https:\/\/www.facebook.com\/departement.lamayenne\",\"https:\/\/x.com\/lamayenne\",\"https:\/\/www.instagram.com\/la.mayenne\/\",\"https:\/\/www.youtube.com\/user\/LaMayenneTV\"]}]}<\/script>\n<!-- \/ Yoast SEO plugin. -->","yoast_head_json":{"title":"Atelier de cr\u00e9ation mosa\u00efque avec Patricia\u00a0Collinet, mosa\u00efste\u00a0 - Jublains","robots":{"index":"index","follow":"follow","max-snippet":"max-snippet:-1","max-image-preview":"max-image-preview:large","max-video-preview":"max-video-preview:-1"},"canonical":"https:\/\/patrimoine.lamayenne.fr\/jublains\/evenements\/atelier-de-creation-mosaique-avec-patricia-collinet-mosaiste\/","twitter_card":"summary_large_image","twitter_title":"Atelier de cr\u00e9ation mosa\u00efque avec Patricia\u00a0Collinet, mosa\u00efste\u00a0 - Jublains","twitter_description":"Venez exp\u00e9rimenter en famille les techniques artistiques sur chacun des trois sites patrimoniaux dans le cadre d\u2019un nouveau rendez-vous : le festival des Cr\u00e9ations en famille&nbsp;!&nbsp;\u00c0 double voix et \u00e0 quatre mains, en compagnie d\u2019un intervenant professionnel et d\u2019un m\u00e9diateur, participez \u00e0 une belle exp\u00e9rience collective m\u00ealant la cr\u00e9ation d&rsquo;une production plastique et d\u2019un regard [&hellip;]","twitter_image":"https:\/\/patrimoine.lamayenne.fr\/jublains\/wp-content\/uploads\/2026\/03\/atelier_mosaique-scaled.jpg","twitter_site":"@lamayenne","twitter_misc":{"Dur\u00e9e de lecture estim\u00e9e":"2 minutes"},"schema":{"@context":"https:\/\/schema.org","@graph":[{"@type":"WebPage","@id":"https:\/\/patrimoine.lamayenne.fr\/jublains\/evenements\/atelier-de-creation-mosaique-avec-patricia-collinet-mosaiste\/","url":"https:\/\/patrimoine.lamayenne.fr\/jublains\/evenements\/atelier-de-creation-mosaique-avec-patricia-collinet-mosaiste\/","name":"Atelier de cr\u00e9ation mosa\u00efque avec Patricia\u00a0Collinet, mosa\u00efste\u00a0 - Jublains","isPartOf":{"@id":"https:\/\/patrimoine.lamayenne.fr\/jublains\/#website"},"primaryImageOfPage":{"@id":"https:\/\/patrimoine.lamayenne.fr\/jublains\/evenements\/atelier-de-creation-mosaique-avec-patricia-collinet-mosaiste\/#primaryimage"},"image":{"@id":"https:\/\/patrimoine.lamayenne.fr\/jublains\/evenements\/atelier-de-creation-mosaique-avec-patricia-collinet-mosaiste\/#primaryimage"},"thumbnailUrl":"https:\/\/patrimoine.lamayenne.fr\/jublains\/wp-content\/uploads\/2026\/03\/atelier_mosaique-scaled.jpg","datePublished":"2026-03-06T13:28:46+00:00","dateModified":"2026-04-10T13:47:38+00:00","breadcrumb":{"@id":"https:\/\/patrimoine.lamayenne.fr\/jublains\/evenements\/atelier-de-creation-mosaique-avec-patricia-collinet-mosaiste\/#breadcrumb"},"inLanguage":"fr-FR","potentialAction":[{"@type":"ReadAction","target":["https:\/\/patrimoine.lamayenne.fr\/jublains\/evenements\/atelier-de-creation-mosaique-avec-patricia-collinet-mosaiste\/"]}]},{"@type":"ImageObject","inLanguage":"fr-FR","@id":"https:\/\/patrimoine.lamayenne.fr\/jublains\/evenements\/atelier-de-creation-mosaique-avec-patricia-collinet-mosaiste\/#primaryimage","url":"https:\/\/patrimoine.lamayenne.fr\/jublains\/wp-content\/uploads\/2026\/03\/atelier_mosaique-scaled.jpg","contentUrl":"https:\/\/patrimoine.lamayenne.fr\/jublains\/wp-content\/uploads\/2026\/03\/atelier_mosaique-scaled.jpg","width":1640,"height":1027},{"@type":"BreadcrumbList","@id":"https:\/\/patrimoine.lamayenne.fr\/jublains\/evenements\/atelier-de-creation-mosaique-avec-patricia-collinet-mosaiste\/#breadcrumb","itemListElement":[{"@type":"ListItem","position":1,"name":"Accueil","item":"https:\/\/patrimoine.lamayenne.fr\/jublains\/"},{"@type":"ListItem","position":2,"name":"Atelier de cr\u00e9ation mosa\u00efque avec Patricia\u00a0Collinet, mosa\u00efste\u00a0"}]},{"@type":"WebSite","@id":"https:\/\/patrimoine.lamayenne.fr\/jublains\/#website","url":"https:\/\/patrimoine.lamayenne.fr\/jublains\/","name":"Jublains","description":"","publisher":{"@id":"https:\/\/patrimoine.lamayenne.fr\/jublains\/#organization"},"potentialAction":[{"@type":"SearchAction","target":{"@type":"EntryPoint","urlTemplate":"https:\/\/patrimoine.lamayenne.fr\/jublains\/?s={search_term_string}"},"query-input":{"@type":"PropertyValueSpecification","valueRequired":true,"valueName":"search_term_string"}}],"inLanguage":"fr-FR"},{"@type":"Organization","@id":"https:\/\/patrimoine.lamayenne.fr\/jublains\/#organization","name":"Jublains","url":"https:\/\/patrimoine.lamayenne.fr\/jublains\/","logo":{"@type":"ImageObject","inLanguage":"fr-FR","@id":"https:\/\/patrimoine.lamayenne.fr\/jublains\/#\/schema\/logo\/image\/","url":"https:\/\/patrimoine.lamayenne.fr\/jublains\/wp-content\/uploads\/2022\/04\/logos_jublains_quadri.svg","contentUrl":"https:\/\/patrimoine.lamayenne.fr\/jublains\/wp-content\/uploads\/2022\/04\/logos_jublains_quadri.svg","width":1,"height":1,"caption":"Jublains"},"image":{"@id":"https:\/\/patrimoine.lamayenne.fr\/jublains\/#\/schema\/logo\/image\/"},"sameAs":["https:\/\/www.facebook.com\/departement.lamayenne","https:\/\/x.com\/lamayenne","https:\/\/www.instagram.com\/la.mayenne\/","https:\/\/www.youtube.com\/user\/LaMayenneTV"]}]}},"_links":{"self":[{"href":"https:\/\/patrimoine.lamayenne.fr\/jublains\/wp-json\/wp\/v2\/evenements\/4066","targetHints":{"allow":["GET"]}}],"collection":[{"href":"https:\/\/patrimoine.lamayenne.fr\/jublains\/wp-json\/wp\/v2\/evenements"}],"about":[{"href":"https:\/\/patrimoine.lamayenne.fr\/jublains\/wp-json\/wp\/v2\/types\/evenements"}],"version-history":[{"count":4,"href":"https:\/\/patrimoine.lamayenne.fr\/jublains\/wp-json\/wp\/v2\/evenements\/4066\/revisions"}],"predecessor-version":[{"id":4269,"href":"https:\/\/patrimoine.lamayenne.fr\/jublains\/wp-json\/wp\/v2\/evenements\/4066\/revisions\/4269"}],"wp:featuredmedia":[{"embeddable":true,"href":"https:\/\/patrimoine.lamayenne.fr\/jublains\/wp-json\/wp\/v2\/media\/4198"}],"wp:attachment":[{"href":"https:\/\/patrimoine.lamayenne.fr\/jublains\/wp-json\/wp\/v2\/media?parent=4066"}],"wp:term":[{"taxonomy":"evt_type","embeddable":true,"href":"https:\/\/patrimoine.lamayenne.fr\/jublains\/wp-json\/wp\/v2\/evt_type?post=4066"}],"curies":[{"name":"wp","href":"https:\/\/api.w.org\/{rel}","templated":true}]}}