{"id":4180,"date":"2026-03-07T16:06:13","date_gmt":"2026-03-07T15:06:13","guid":{"rendered":"https:\/\/patrimoine.lamayenne.fr\/jublains\/?post_type=evenements&#038;p=4180"},"modified":"2026-03-07T16:21:27","modified_gmt":"2026-03-07T15:21:27","slug":"visite-et-atelier-pour-adultes-musivum-opus","status":"publish","type":"evenements","link":"https:\/\/patrimoine.lamayenne.fr\/jublains\/evenements\/visite-et-atelier-pour-adultes-musivum-opus\/","title":{"rendered":"Visite et atelier pour adultes \u201cmusivum opus\u201c"},"content":{"rendered":"\n<p>Cette ann\u00e9e le mus\u00e9e de Jublains vous propose une formule sp\u00e9ciale \u201cMus\u00e9e pour tous\u201d pour chaque p\u00e9riode de vacances. Les <strong>mardis<\/strong> sont r\u00e9serv\u00e9s aux enfants. Le matin pour les enfants de 3 \u00e0 6 ans, l\u2019apr\u00e8s-midi pour les enfants de 7 \u00e0 11 ans. Les <strong>mercredis<\/strong> sont r\u00e9serv\u00e9s aux familles. Les <strong>vendredis <\/strong>sont r\u00e9serv\u00e9s aux adultes.<\/p>\n\n\n\n<p>Le mus\u00e9e de Jublains f\u00eate les 250 ans de la d\u00e9couverte de la mosa\u00efque qui marquera l\u2019histoire du village et sera le fondement de la mise en valeur du site antique de Jublains. Monsieur Lair-Lamotte, cur\u00e9 de Jublains, embaucha des habitants du village pour d\u00e9fricher un taillis qui lui appartenait. Ils feront <strong>une d\u00e9couverte exceptionnelle<\/strong>. Une salle enfouie longue de 7,5 m et large de 5,3 m, pav\u00e9e d\u2019<strong>une mosa\u00efque datant du 3<sup>\u00e8me<\/sup> si\u00e8cle<\/strong>.<\/p>\n\n\n\n<p><strong>Le mot mosa\u00efque <\/strong>d\u00e9rive du latin <em>musivum opus<\/em> qui signifie \u00ab ouvrage inspir\u00e9 par les Muses \u00bb. Cela ne fait que confirmer les qualit\u00e9s artistiques n\u00e9cessaires \u00e0 la production de ce type d\u2019\u0153uvres. Pendant les ateliers des vacances de printemps, <strong>exprimer votre propre cr\u00e9ativit\u00e9<\/strong> en cr\u00e9ant votre mosa\u00efque. Profitez de ce moment pour en savoir plus sur les deux fragments de la mosa\u00efque d\u00e9couverte en 1776 et qui ont travers\u00e9 les si\u00e8cles.<\/p>\n","protected":false},"featured_media":4120,"template":"","meta":{"_acf_changed":false,"footnotes":""},"evt_type":[12],"class_list":["post-4180","evenements","type-evenements","status-publish","has-post-thumbnail","hentry","evt_type-animations"],"acf":{"titre":"Visite et atelier pour adultes \u201cmusivum opus\u201c","sous_titre":"Mus\u00e9e pour tous","mention":"Visite et atelier pour adultes ","date_debut":"20260424","date_fin":"20260424","heure_debut":14,"minutes_debut":30,"heure_fin":16,"minutes_fin":0,"tarifs":"Tarif plein 6 \u20ac, r\u00e9duit 4 \u20ac\r\n","public":"all","lieu":"Mus\u00e9e de Jublains","handicap":"none"},"yoast_head":"<!-- This site is optimized with the Yoast SEO plugin v25.8 - https:\/\/yoast.com\/wordpress\/plugins\/seo\/ -->\n<title>Visite et atelier pour adultes \u201cmusivum opus\u201c - Jublains<\/title>\n<meta name=\"description\" content=\"Le mus\u00e9e de Jublains f\u00eate les 250 ans de la d\u00e9couverte de la mosa\u00efque qui marquera l\u2019histoire du village et sera le fondement de la mise en valeur du site antique de Jublains.\" \/>\n<meta name=\"robots\" content=\"index, follow, max-snippet:-1, max-image-preview:large, max-video-preview:-1\" \/>\n<link rel=\"canonical\" href=\"https:\/\/patrimoine.lamayenne.fr\/jublains\/evenements\/visite-et-atelier-pour-adultes-musivum-opus\/\" \/>\n<meta name=\"twitter:card\" content=\"summary_large_image\" \/>\n<meta name=\"twitter:title\" content=\"Visite et atelier pour adultes \u201cmusivum opus\u201c - Jublains\" \/>\n<meta name=\"twitter:description\" content=\"Le mus\u00e9e de Jublains f\u00eate les 250 ans de la d\u00e9couverte de la mosa\u00efque qui marquera l\u2019histoire du village et sera le fondement de la mise en valeur du site antique de Jublains.\" \/>\n<meta name=\"twitter:image\" content=\"https:\/\/patrimoine.lamayenne.fr\/jublains\/wp-content\/uploads\/2026\/03\/mosaique-atelier-scaled.jpg\" \/>\n<meta name=\"twitter:site\" content=\"@lamayenne\" \/>\n<meta name=\"twitter:label1\" content=\"Dur\u00e9e de lecture estim\u00e9e\" \/>\n\t<meta name=\"twitter:data1\" content=\"2 minutes\" \/>\n<script type=\"application\/ld+json\" class=\"yoast-schema-graph\">{\"@context\":\"https:\/\/schema.org\",\"@graph\":[{\"@type\":\"WebPage\",\"@id\":\"https:\/\/patrimoine.lamayenne.fr\/jublains\/evenements\/visite-et-atelier-pour-adultes-musivum-opus\/\",\"url\":\"https:\/\/patrimoine.lamayenne.fr\/jublains\/evenements\/visite-et-atelier-pour-adultes-musivum-opus\/\",\"name\":\"Visite et atelier pour adultes \u201cmusivum opus\u201c - Jublains\",\"isPartOf\":{\"@id\":\"https:\/\/patrimoine.lamayenne.fr\/jublains\/#website\"},\"primaryImageOfPage\":{\"@id\":\"https:\/\/patrimoine.lamayenne.fr\/jublains\/evenements\/visite-et-atelier-pour-adultes-musivum-opus\/#primaryimage\"},\"image\":{\"@id\":\"https:\/\/patrimoine.lamayenne.fr\/jublains\/evenements\/visite-et-atelier-pour-adultes-musivum-opus\/#primaryimage\"},\"thumbnailUrl\":\"https:\/\/patrimoine.lamayenne.fr\/jublains\/wp-content\/uploads\/2026\/03\/mosaique-atelier-scaled.jpg\",\"datePublished\":\"2026-03-07T15:06:13+00:00\",\"dateModified\":\"2026-03-07T15:21:27+00:00\",\"description\":\"Le mus\u00e9e de Jublains f\u00eate les 250 ans de la d\u00e9couverte de la mosa\u00efque qui marquera l\u2019histoire du village et sera le fondement de la mise en valeur du site antique de Jublains.\",\"breadcrumb\":{\"@id\":\"https:\/\/patrimoine.lamayenne.fr\/jublains\/evenements\/visite-et-atelier-pour-adultes-musivum-opus\/#breadcrumb\"},\"inLanguage\":\"fr-FR\",\"potentialAction\":[{\"@type\":\"ReadAction\",\"target\":[\"https:\/\/patrimoine.lamayenne.fr\/jublains\/evenements\/visite-et-atelier-pour-adultes-musivum-opus\/\"]}]},{\"@type\":\"ImageObject\",\"inLanguage\":\"fr-FR\",\"@id\":\"https:\/\/patrimoine.lamayenne.fr\/jublains\/evenements\/visite-et-atelier-pour-adultes-musivum-opus\/#primaryimage\",\"url\":\"https:\/\/patrimoine.lamayenne.fr\/jublains\/wp-content\/uploads\/2026\/03\/mosaique-atelier-scaled.jpg\",\"contentUrl\":\"https:\/\/patrimoine.lamayenne.fr\/jublains\/wp-content\/uploads\/2026\/03\/mosaique-atelier-scaled.jpg\",\"width\":1640,\"height\":1093},{\"@type\":\"BreadcrumbList\",\"@id\":\"https:\/\/patrimoine.lamayenne.fr\/jublains\/evenements\/visite-et-atelier-pour-adultes-musivum-opus\/#breadcrumb\",\"itemListElement\":[{\"@type\":\"ListItem\",\"position\":1,\"name\":\"Accueil\",\"item\":\"https:\/\/patrimoine.lamayenne.fr\/jublains\/\"},{\"@type\":\"ListItem\",\"position\":2,\"name\":\"Visite et atelier pour adultes \u201cmusivum opus\u201c\"}]},{\"@type\":\"WebSite\",\"@id\":\"https:\/\/patrimoine.lamayenne.fr\/jublains\/#website\",\"url\":\"https:\/\/patrimoine.lamayenne.fr\/jublains\/\",\"name\":\"Jublains\",\"description\":\"\",\"publisher\":{\"@id\":\"https:\/\/patrimoine.lamayenne.fr\/jublains\/#organization\"},\"potentialAction\":[{\"@type\":\"SearchAction\",\"target\":{\"@type\":\"EntryPoint\",\"urlTemplate\":\"https:\/\/patrimoine.lamayenne.fr\/jublains\/?s={search_term_string}\"},\"query-input\":{\"@type\":\"PropertyValueSpecification\",\"valueRequired\":true,\"valueName\":\"search_term_string\"}}],\"inLanguage\":\"fr-FR\"},{\"@type\":\"Organization\",\"@id\":\"https:\/\/patrimoine.lamayenne.fr\/jublains\/#organization\",\"name\":\"Jublains\",\"url\":\"https:\/\/patrimoine.lamayenne.fr\/jublains\/\",\"logo\":{\"@type\":\"ImageObject\",\"inLanguage\":\"fr-FR\",\"@id\":\"https:\/\/patrimoine.lamayenne.fr\/jublains\/#\/schema\/logo\/image\/\",\"url\":\"https:\/\/patrimoine.lamayenne.fr\/jublains\/wp-content\/uploads\/2022\/04\/logos_jublains_quadri.svg\",\"contentUrl\":\"https:\/\/patrimoine.lamayenne.fr\/jublains\/wp-content\/uploads\/2022\/04\/logos_jublains_quadri.svg\",\"width\":1,\"height\":1,\"caption\":\"Jublains\"},\"image\":{\"@id\":\"https:\/\/patrimoine.lamayenne.fr\/jublains\/#\/schema\/logo\/image\/\"},\"sameAs\":[\"https:\/\/www.facebook.com\/departement.lamayenne\",\"https:\/\/x.com\/lamayenne\",\"https:\/\/www.instagram.com\/la.mayenne\/\",\"https:\/\/www.youtube.com\/user\/LaMayenneTV\"]}]}<\/script>\n<!-- \/ Yoast SEO plugin. -->","yoast_head_json":{"title":"Visite et atelier pour adultes \u201cmusivum opus\u201c - Jublains","description":"Le mus\u00e9e de Jublains f\u00eate les 250 ans de la d\u00e9couverte de la mosa\u00efque qui marquera l\u2019histoire du village et sera le fondement de la mise en valeur du site antique de Jublains.","robots":{"index":"index","follow":"follow","max-snippet":"max-snippet:-1","max-image-preview":"max-image-preview:large","max-video-preview":"max-video-preview:-1"},"canonical":"https:\/\/patrimoine.lamayenne.fr\/jublains\/evenements\/visite-et-atelier-pour-adultes-musivum-opus\/","twitter_card":"summary_large_image","twitter_title":"Visite et atelier pour adultes \u201cmusivum opus\u201c - Jublains","twitter_description":"Le mus\u00e9e de Jublains f\u00eate les 250 ans de la d\u00e9couverte de la mosa\u00efque qui marquera l\u2019histoire du village et sera le fondement de la mise en valeur du site antique de Jublains.","twitter_image":"https:\/\/patrimoine.lamayenne.fr\/jublains\/wp-content\/uploads\/2026\/03\/mosaique-atelier-scaled.jpg","twitter_site":"@lamayenne","twitter_misc":{"Dur\u00e9e de lecture estim\u00e9e":"2 minutes"},"schema":{"@context":"https:\/\/schema.org","@graph":[{"@type":"WebPage","@id":"https:\/\/patrimoine.lamayenne.fr\/jublains\/evenements\/visite-et-atelier-pour-adultes-musivum-opus\/","url":"https:\/\/patrimoine.lamayenne.fr\/jublains\/evenements\/visite-et-atelier-pour-adultes-musivum-opus\/","name":"Visite et atelier pour adultes \u201cmusivum opus\u201c - Jublains","isPartOf":{"@id":"https:\/\/patrimoine.lamayenne.fr\/jublains\/#website"},"primaryImageOfPage":{"@id":"https:\/\/patrimoine.lamayenne.fr\/jublains\/evenements\/visite-et-atelier-pour-adultes-musivum-opus\/#primaryimage"},"image":{"@id":"https:\/\/patrimoine.lamayenne.fr\/jublains\/evenements\/visite-et-atelier-pour-adultes-musivum-opus\/#primaryimage"},"thumbnailUrl":"https:\/\/patrimoine.lamayenne.fr\/jublains\/wp-content\/uploads\/2026\/03\/mosaique-atelier-scaled.jpg","datePublished":"2026-03-07T15:06:13+00:00","dateModified":"2026-03-07T15:21:27+00:00","description":"Le mus\u00e9e de Jublains f\u00eate les 250 ans de la d\u00e9couverte de la mosa\u00efque qui marquera l\u2019histoire du village et sera le fondement de la mise en valeur du site antique de Jublains.","breadcrumb":{"@id":"https:\/\/patrimoine.lamayenne.fr\/jublains\/evenements\/visite-et-atelier-pour-adultes-musivum-opus\/#breadcrumb"},"inLanguage":"fr-FR","potentialAction":[{"@type":"ReadAction","target":["https:\/\/patrimoine.lamayenne.fr\/jublains\/evenements\/visite-et-atelier-pour-adultes-musivum-opus\/"]}]},{"@type":"ImageObject","inLanguage":"fr-FR","@id":"https:\/\/patrimoine.lamayenne.fr\/jublains\/evenements\/visite-et-atelier-pour-adultes-musivum-opus\/#primaryimage","url":"https:\/\/patrimoine.lamayenne.fr\/jublains\/wp-content\/uploads\/2026\/03\/mosaique-atelier-scaled.jpg","contentUrl":"https:\/\/patrimoine.lamayenne.fr\/jublains\/wp-content\/uploads\/2026\/03\/mosaique-atelier-scaled.jpg","width":1640,"height":1093},{"@type":"BreadcrumbList","@id":"https:\/\/patrimoine.lamayenne.fr\/jublains\/evenements\/visite-et-atelier-pour-adultes-musivum-opus\/#breadcrumb","itemListElement":[{"@type":"ListItem","position":1,"name":"Accueil","item":"https:\/\/patrimoine.lamayenne.fr\/jublains\/"},{"@type":"ListItem","position":2,"name":"Visite et atelier pour adultes \u201cmusivum opus\u201c"}]},{"@type":"WebSite","@id":"https:\/\/patrimoine.lamayenne.fr\/jublains\/#website","url":"https:\/\/patrimoine.lamayenne.fr\/jublains\/","name":"Jublains","description":"","publisher":{"@id":"https:\/\/patrimoine.lamayenne.fr\/jublains\/#organization"},"potentialAction":[{"@type":"SearchAction","target":{"@type":"EntryPoint","urlTemplate":"https:\/\/patrimoine.lamayenne.fr\/jublains\/?s={search_term_string}"},"query-input":{"@type":"PropertyValueSpecification","valueRequired":true,"valueName":"search_term_string"}}],"inLanguage":"fr-FR"},{"@type":"Organization","@id":"https:\/\/patrimoine.lamayenne.fr\/jublains\/#organization","name":"Jublains","url":"https:\/\/patrimoine.lamayenne.fr\/jublains\/","logo":{"@type":"ImageObject","inLanguage":"fr-FR","@id":"https:\/\/patrimoine.lamayenne.fr\/jublains\/#\/schema\/logo\/image\/","url":"https:\/\/patrimoine.lamayenne.fr\/jublains\/wp-content\/uploads\/2022\/04\/logos_jublains_quadri.svg","contentUrl":"https:\/\/patrimoine.lamayenne.fr\/jublains\/wp-content\/uploads\/2022\/04\/logos_jublains_quadri.svg","width":1,"height":1,"caption":"Jublains"},"image":{"@id":"https:\/\/patrimoine.lamayenne.fr\/jublains\/#\/schema\/logo\/image\/"},"sameAs":["https:\/\/www.facebook.com\/departement.lamayenne","https:\/\/x.com\/lamayenne","https:\/\/www.instagram.com\/la.mayenne\/","https:\/\/www.youtube.com\/user\/LaMayenneTV"]}]}},"_links":{"self":[{"href":"https:\/\/patrimoine.lamayenne.fr\/jublains\/wp-json\/wp\/v2\/evenements\/4180","targetHints":{"allow":["GET"]}}],"collection":[{"href":"https:\/\/patrimoine.lamayenne.fr\/jublains\/wp-json\/wp\/v2\/evenements"}],"about":[{"href":"https:\/\/patrimoine.lamayenne.fr\/jublains\/wp-json\/wp\/v2\/types\/evenements"}],"version-history":[{"count":3,"href":"https:\/\/patrimoine.lamayenne.fr\/jublains\/wp-json\/wp\/v2\/evenements\/4180\/revisions"}],"predecessor-version":[{"id":4183,"href":"https:\/\/patrimoine.lamayenne.fr\/jublains\/wp-json\/wp\/v2\/evenements\/4180\/revisions\/4183"}],"wp:featuredmedia":[{"embeddable":true,"href":"https:\/\/patrimoine.lamayenne.fr\/jublains\/wp-json\/wp\/v2\/media\/4120"}],"wp:attachment":[{"href":"https:\/\/patrimoine.lamayenne.fr\/jublains\/wp-json\/wp\/v2\/media?parent=4180"}],"wp:term":[{"taxonomy":"evt_type","embeddable":true,"href":"https:\/\/patrimoine.lamayenne.fr\/jublains\/wp-json\/wp\/v2\/evt_type?post=4180"}],"curies":[{"name":"wp","href":"https:\/\/api.w.org\/{rel}","templated":true}]}}