{"id":2821,"date":"2025-08-29T10:06:01","date_gmt":"2025-08-29T08:06:01","guid":{"rendered":"https:\/\/patrimoine.lamayenne.fr\/robert-tatin\/?post_type=evenements&#038;p=2821"},"modified":"2025-09-15T16:50:15","modified_gmt":"2025-09-15T14:50:15","slug":"journees-europeennes-du-patrimoine","status":"publish","type":"evenements","link":"https:\/\/patrimoine.lamayenne.fr\/robert-tatin\/evenements\/journees-europeennes-du-patrimoine\/","title":{"rendered":"Journ\u00e9es europ\u00e9ennes du patrimoine"},"content":{"rendered":"\n<p>\u00c0 l\u2019occasion de la 42<sup>e<\/sup>&nbsp;\u00e9dition des Journ\u00e9es europ\u00e9ennes du patrimoine, l\u2019\u00e9quipe du mus\u00e9e propose tout au long des deux jours diverses animations. <\/p>\n\n\n\n<p><strong>Samedi 20 septembre<\/strong><\/p>\n\n\n\n<p><strong><em>\u009f <\/em>Coup d\u2019\u0153il sur des \u0153uvres<\/strong> : Peintures et c\u00e9ramiques \u00e0 foison, cort\u00e8ge de sculptures monumentales, motifs aux mille interpr\u00e9tations\u2026 Il n\u2019y a pas que les salles d\u2019expositions qui regorgent de tr\u00e9sors au mus\u00e9e Robert Tatin. Les Journ\u00e9es europ\u00e9ennes du Patrimoine sont l\u2019occasion de d\u00e9couvrir la nouvelle exposition du mus\u00e9e pr\u00e9sentant certaines pi\u00e8ces des r\u00e9serves  accompagn\u00e9 de l\u2019\u00e9quipe du mus\u00e9e.<\/p>\n\n\n\n<p><em>Toutes les heures<\/em><\/p>\n\n\n\n<p><strong><em>\u009f <\/em>Dessins d\u2019architecte<\/strong> : Les cahiers de croquis de Robert TATIN d\u00e9bordent de dessins pr\u00e9paratoires pour la construction du mus\u00e9e. A votre tour, inspirez-vous du travail de l\u2019artiste et imaginez votre propre mus\u00e9e.<\/p>\n\n\n\n<p><em>En continu de 10 h \u00e0 12 h et de 14 h \u00e0 18h<\/em><\/p>\n\n\n\n<p><strong><em>\u009f <\/em>Prenez de la hauteur<\/strong> : Apr\u00e8s le dessin, place \u00e0 la maquette. Ajoutez une dimension \u00e0 vos id\u00e9es en manipulant diff\u00e9rents modules et \u00e9rigez des architectures extraordinaires.<\/p>\n\n\n\n<p><em>En continu de 10 h \u00e0 12 h et de 14 h \u00e0 18h<\/em><\/p>\n\n\n\n<p><strong>Dimanche 21 septembre<\/strong><\/p>\n\n\n\n<p><strong>\u009f D\u00e9ambulation musicale par la Compagnie les Mouflons&nbsp;<\/strong> : Posez vos pieds sur les sons, vos souffles dans les rythmes et laissez-vous emporter en d\u00e9ambulant \u00e0 la d\u00e9couverte de l\u2019\u0153uvre de Robert Tatin.<\/p>\n\n\n\n<p><em>11h et 16h<\/em><\/p>\n\n\n\n<p><strong>\u009f Performance Graff<\/strong> : Le collectif Good Good Moods poursuit son dialogue avec l\u2019\u0153uvre de Robert TATIN sous la forme d\u2019une performance artistique graff \u00e0 la bombe.&nbsp;<\/p>\n\n\n\n<p><em>En continu de 14h \u00e0 18h<\/em> \u00a0<\/p>\n\n\n\n<p><strong><em>\u009f <\/em>Coup d\u2019\u0153il sur des \u0153uvres<\/strong> : Peintures et c\u00e9ramiques \u00e0 foison, cort\u00e8ge de sculptures monumentales, motifs aux mille interpr\u00e9tations\u2026 Il n\u2019y a pas que les salles d\u2019expositions qui regorgent de tr\u00e9sors au mus\u00e9e Robert Tatin. Les Journ\u00e9es europ\u00e9ennes du Patrimoine sont l\u2019occasion de d\u00e9couvrir la nouvelle exposition du mus\u00e9e pr\u00e9sentant certaines pi\u00e8ces des r\u00e9serves accompagn\u00e9 de l\u2019\u00e9quipe du mus\u00e9e.<\/p>\n\n\n\n<p><em>Toutes les heures<\/em><\/p>\n\n\n\n<p><strong><em>\u009f <\/em>Dessin d\u2019architecte<\/strong> : Les cahiers de croquis de Robert TATIN d\u00e9bordent de dessins pr\u00e9paratoires pour la construction du mus\u00e9e. A votre tour d\u2019imaginer votre propre mus\u00e9e&nbsp;!<\/p>\n\n\n\n<p><em>En continu de 10 h \u00e0 12 h et de 14 h \u00e0 18h<\/em><\/p>\n\n\n\n<p><strong>Prenez de la hauteur<\/strong> : Apr\u00e8s le dessin, place \u00e0 la maquette. Ajoutez une dimension \u00e0 vos id\u00e9es en manipulant diff\u00e9rents modules et \u00e9rigez des architectures extraordinaires.<\/p>\n\n\n\n<p><em>En continu de 10 h \u00e0 12 h et de 14 h \u00e0 18h<\/em><\/p>\n","protected":false},"featured_media":2822,"template":"","meta":{"_acf_changed":false,"footnotes":""},"evt_type":[12],"class_list":["post-2821","evenements","type-evenements","status-publish","has-post-thumbnail","hentry","evt_type-grands-evenements"],"acf":{"titre":"Journ\u00e9e europ\u00e9enne du patrimoine","sous_titre":"","mention":"","date_debut":"20250920","date_fin":"20250921","heure_debut":"","minutes_debut":"","heure_fin":"","minutes_fin":"","tarifs":"Gratuit","public":"all","lieu":"Mus\u00e9e Robert Tatin ","handicap":"handicap"},"yoast_head":"<!-- This site is optimized with the Yoast SEO plugin v25.8 - https:\/\/yoast.com\/wordpress\/plugins\/seo\/ -->\n<title>Journ\u00e9es europ\u00e9ennes du patrimoine - Robert Tatin<\/title>\n<meta name=\"robots\" content=\"index, follow, max-snippet:-1, max-image-preview:large, max-video-preview:-1\" \/>\n<link rel=\"canonical\" href=\"https:\/\/patrimoine.lamayenne.fr\/robert-tatin\/evenements\/journees-europeennes-du-patrimoine\/\" \/>\n<meta name=\"twitter:card\" content=\"summary_large_image\" \/>\n<meta name=\"twitter:title\" content=\"Journ\u00e9es europ\u00e9ennes du patrimoine - Robert Tatin\" \/>\n<meta name=\"twitter:description\" content=\"\u00c0 l\u2019occasion de la 42e&nbsp;\u00e9dition des Journ\u00e9es europ\u00e9ennes du patrimoine, l\u2019\u00e9quipe du mus\u00e9e propose tout au long des deux jours diverses animations. Samedi 20 septembre \u009f Coup d\u2019\u0153il sur des \u0153uvres : Peintures et c\u00e9ramiques \u00e0 foison, cort\u00e8ge de sculptures monumentales, motifs aux mille interpr\u00e9tations\u2026 Il n\u2019y a pas que les salles d\u2019expositions qui regorgent [&hellip;]\" \/>\n<meta name=\"twitter:image\" content=\"https:\/\/patrimoine.lamayenne.fr\/robert-tatin\/wp-content\/uploads\/2025\/08\/jep_2025-e1756454749562.webp\" \/>\n<meta name=\"twitter:site\" content=\"@lamayenne\" \/>\n<meta name=\"twitter:label1\" content=\"Dur\u00e9e de lecture estim\u00e9e\" \/>\n\t<meta name=\"twitter:data1\" content=\"3 minutes\" \/>\n<script type=\"application\/ld+json\" class=\"yoast-schema-graph\">{\"@context\":\"https:\/\/schema.org\",\"@graph\":[{\"@type\":\"WebPage\",\"@id\":\"https:\/\/patrimoine.lamayenne.fr\/robert-tatin\/evenements\/journees-europeennes-du-patrimoine\/\",\"url\":\"https:\/\/patrimoine.lamayenne.fr\/robert-tatin\/evenements\/journees-europeennes-du-patrimoine\/\",\"name\":\"Journ\u00e9es europ\u00e9ennes du patrimoine - Robert Tatin\",\"isPartOf\":{\"@id\":\"https:\/\/patrimoine.lamayenne.fr\/robert-tatin\/#website\"},\"primaryImageOfPage\":{\"@id\":\"https:\/\/patrimoine.lamayenne.fr\/robert-tatin\/evenements\/journees-europeennes-du-patrimoine\/#primaryimage\"},\"image\":{\"@id\":\"https:\/\/patrimoine.lamayenne.fr\/robert-tatin\/evenements\/journees-europeennes-du-patrimoine\/#primaryimage\"},\"thumbnailUrl\":\"https:\/\/patrimoine.lamayenne.fr\/robert-tatin\/wp-content\/uploads\/2025\/08\/jep_2025-e1756454749562.webp\",\"datePublished\":\"2025-08-29T08:06:01+00:00\",\"dateModified\":\"2025-09-15T14:50:15+00:00\",\"breadcrumb\":{\"@id\":\"https:\/\/patrimoine.lamayenne.fr\/robert-tatin\/evenements\/journees-europeennes-du-patrimoine\/#breadcrumb\"},\"inLanguage\":\"fr-FR\",\"potentialAction\":[{\"@type\":\"ReadAction\",\"target\":[\"https:\/\/patrimoine.lamayenne.fr\/robert-tatin\/evenements\/journees-europeennes-du-patrimoine\/\"]}]},{\"@type\":\"ImageObject\",\"inLanguage\":\"fr-FR\",\"@id\":\"https:\/\/patrimoine.lamayenne.fr\/robert-tatin\/evenements\/journees-europeennes-du-patrimoine\/#primaryimage\",\"url\":\"https:\/\/patrimoine.lamayenne.fr\/robert-tatin\/wp-content\/uploads\/2025\/08\/jep_2025-e1756454749562.webp\",\"contentUrl\":\"https:\/\/patrimoine.lamayenne.fr\/robert-tatin\/wp-content\/uploads\/2025\/08\/jep_2025-e1756454749562.webp\",\"width\":1080,\"height\":583},{\"@type\":\"BreadcrumbList\",\"@id\":\"https:\/\/patrimoine.lamayenne.fr\/robert-tatin\/evenements\/journees-europeennes-du-patrimoine\/#breadcrumb\",\"itemListElement\":[{\"@type\":\"ListItem\",\"position\":1,\"name\":\"Accueil\",\"item\":\"https:\/\/patrimoine.lamayenne.fr\/robert-tatin\/\"},{\"@type\":\"ListItem\",\"position\":2,\"name\":\"Journ\u00e9es europ\u00e9ennes du patrimoine\"}]},{\"@type\":\"WebSite\",\"@id\":\"https:\/\/patrimoine.lamayenne.fr\/robert-tatin\/#website\",\"url\":\"https:\/\/patrimoine.lamayenne.fr\/robert-tatin\/\",\"name\":\"Robert Tatin\",\"description\":\"\",\"publisher\":{\"@id\":\"https:\/\/patrimoine.lamayenne.fr\/robert-tatin\/#organization\"},\"potentialAction\":[{\"@type\":\"SearchAction\",\"target\":{\"@type\":\"EntryPoint\",\"urlTemplate\":\"https:\/\/patrimoine.lamayenne.fr\/robert-tatin\/?s={search_term_string}\"},\"query-input\":{\"@type\":\"PropertyValueSpecification\",\"valueRequired\":true,\"valueName\":\"search_term_string\"}}],\"inLanguage\":\"fr-FR\"},{\"@type\":\"Organization\",\"@id\":\"https:\/\/patrimoine.lamayenne.fr\/robert-tatin\/#organization\",\"name\":\"Robert Tatin\",\"url\":\"https:\/\/patrimoine.lamayenne.fr\/robert-tatin\/\",\"logo\":{\"@type\":\"ImageObject\",\"inLanguage\":\"fr-FR\",\"@id\":\"https:\/\/patrimoine.lamayenne.fr\/robert-tatin\/#\/schema\/logo\/image\/\",\"url\":\"https:\/\/patrimoine.lamayenne.fr\/robert-tatin\/wp-content\/uploads\/2022\/04\/Tatin_logo.svg\",\"contentUrl\":\"https:\/\/patrimoine.lamayenne.fr\/robert-tatin\/wp-content\/uploads\/2022\/04\/Tatin_logo.svg\",\"width\":1,\"height\":1,\"caption\":\"Robert Tatin\"},\"image\":{\"@id\":\"https:\/\/patrimoine.lamayenne.fr\/robert-tatin\/#\/schema\/logo\/image\/\"},\"sameAs\":[\"https:\/\/www.facebook.com\/departement.lamayenne\",\"https:\/\/x.com\/lamayenne\",\"https:\/\/www.instagram.com\/la.mayenne\/\",\"https:\/\/www.youtube.com\/user\/LaMayenneTV\"]}]}<\/script>\n<!-- \/ Yoast SEO plugin. -->","yoast_head_json":{"title":"Journ\u00e9es europ\u00e9ennes du patrimoine - Robert Tatin","robots":{"index":"index","follow":"follow","max-snippet":"max-snippet:-1","max-image-preview":"max-image-preview:large","max-video-preview":"max-video-preview:-1"},"canonical":"https:\/\/patrimoine.lamayenne.fr\/robert-tatin\/evenements\/journees-europeennes-du-patrimoine\/","twitter_card":"summary_large_image","twitter_title":"Journ\u00e9es europ\u00e9ennes du patrimoine - Robert Tatin","twitter_description":"\u00c0 l\u2019occasion de la 42e&nbsp;\u00e9dition des Journ\u00e9es europ\u00e9ennes du patrimoine, l\u2019\u00e9quipe du mus\u00e9e propose tout au long des deux jours diverses animations. Samedi 20 septembre \u009f Coup d\u2019\u0153il sur des \u0153uvres : Peintures et c\u00e9ramiques \u00e0 foison, cort\u00e8ge de sculptures monumentales, motifs aux mille interpr\u00e9tations\u2026 Il n\u2019y a pas que les salles d\u2019expositions qui regorgent [&hellip;]","twitter_image":"https:\/\/patrimoine.lamayenne.fr\/robert-tatin\/wp-content\/uploads\/2025\/08\/jep_2025-e1756454749562.webp","twitter_site":"@lamayenne","twitter_misc":{"Dur\u00e9e de lecture estim\u00e9e":"3 minutes"},"schema":{"@context":"https:\/\/schema.org","@graph":[{"@type":"WebPage","@id":"https:\/\/patrimoine.lamayenne.fr\/robert-tatin\/evenements\/journees-europeennes-du-patrimoine\/","url":"https:\/\/patrimoine.lamayenne.fr\/robert-tatin\/evenements\/journees-europeennes-du-patrimoine\/","name":"Journ\u00e9es europ\u00e9ennes du patrimoine - Robert Tatin","isPartOf":{"@id":"https:\/\/patrimoine.lamayenne.fr\/robert-tatin\/#website"},"primaryImageOfPage":{"@id":"https:\/\/patrimoine.lamayenne.fr\/robert-tatin\/evenements\/journees-europeennes-du-patrimoine\/#primaryimage"},"image":{"@id":"https:\/\/patrimoine.lamayenne.fr\/robert-tatin\/evenements\/journees-europeennes-du-patrimoine\/#primaryimage"},"thumbnailUrl":"https:\/\/patrimoine.lamayenne.fr\/robert-tatin\/wp-content\/uploads\/2025\/08\/jep_2025-e1756454749562.webp","datePublished":"2025-08-29T08:06:01+00:00","dateModified":"2025-09-15T14:50:15+00:00","breadcrumb":{"@id":"https:\/\/patrimoine.lamayenne.fr\/robert-tatin\/evenements\/journees-europeennes-du-patrimoine\/#breadcrumb"},"inLanguage":"fr-FR","potentialAction":[{"@type":"ReadAction","target":["https:\/\/patrimoine.lamayenne.fr\/robert-tatin\/evenements\/journees-europeennes-du-patrimoine\/"]}]},{"@type":"ImageObject","inLanguage":"fr-FR","@id":"https:\/\/patrimoine.lamayenne.fr\/robert-tatin\/evenements\/journees-europeennes-du-patrimoine\/#primaryimage","url":"https:\/\/patrimoine.lamayenne.fr\/robert-tatin\/wp-content\/uploads\/2025\/08\/jep_2025-e1756454749562.webp","contentUrl":"https:\/\/patrimoine.lamayenne.fr\/robert-tatin\/wp-content\/uploads\/2025\/08\/jep_2025-e1756454749562.webp","width":1080,"height":583},{"@type":"BreadcrumbList","@id":"https:\/\/patrimoine.lamayenne.fr\/robert-tatin\/evenements\/journees-europeennes-du-patrimoine\/#breadcrumb","itemListElement":[{"@type":"ListItem","position":1,"name":"Accueil","item":"https:\/\/patrimoine.lamayenne.fr\/robert-tatin\/"},{"@type":"ListItem","position":2,"name":"Journ\u00e9es europ\u00e9ennes du patrimoine"}]},{"@type":"WebSite","@id":"https:\/\/patrimoine.lamayenne.fr\/robert-tatin\/#website","url":"https:\/\/patrimoine.lamayenne.fr\/robert-tatin\/","name":"Robert Tatin","description":"","publisher":{"@id":"https:\/\/patrimoine.lamayenne.fr\/robert-tatin\/#organization"},"potentialAction":[{"@type":"SearchAction","target":{"@type":"EntryPoint","urlTemplate":"https:\/\/patrimoine.lamayenne.fr\/robert-tatin\/?s={search_term_string}"},"query-input":{"@type":"PropertyValueSpecification","valueRequired":true,"valueName":"search_term_string"}}],"inLanguage":"fr-FR"},{"@type":"Organization","@id":"https:\/\/patrimoine.lamayenne.fr\/robert-tatin\/#organization","name":"Robert Tatin","url":"https:\/\/patrimoine.lamayenne.fr\/robert-tatin\/","logo":{"@type":"ImageObject","inLanguage":"fr-FR","@id":"https:\/\/patrimoine.lamayenne.fr\/robert-tatin\/#\/schema\/logo\/image\/","url":"https:\/\/patrimoine.lamayenne.fr\/robert-tatin\/wp-content\/uploads\/2022\/04\/Tatin_logo.svg","contentUrl":"https:\/\/patrimoine.lamayenne.fr\/robert-tatin\/wp-content\/uploads\/2022\/04\/Tatin_logo.svg","width":1,"height":1,"caption":"Robert Tatin"},"image":{"@id":"https:\/\/patrimoine.lamayenne.fr\/robert-tatin\/#\/schema\/logo\/image\/"},"sameAs":["https:\/\/www.facebook.com\/departement.lamayenne","https:\/\/x.com\/lamayenne","https:\/\/www.instagram.com\/la.mayenne\/","https:\/\/www.youtube.com\/user\/LaMayenneTV"]}]}},"_links":{"self":[{"href":"https:\/\/patrimoine.lamayenne.fr\/robert-tatin\/wp-json\/wp\/v2\/evenements\/2821","targetHints":{"allow":["GET"]}}],"collection":[{"href":"https:\/\/patrimoine.lamayenne.fr\/robert-tatin\/wp-json\/wp\/v2\/evenements"}],"about":[{"href":"https:\/\/patrimoine.lamayenne.fr\/robert-tatin\/wp-json\/wp\/v2\/types\/evenements"}],"version-history":[{"count":3,"href":"https:\/\/patrimoine.lamayenne.fr\/robert-tatin\/wp-json\/wp\/v2\/evenements\/2821\/revisions"}],"predecessor-version":[{"id":2874,"href":"https:\/\/patrimoine.lamayenne.fr\/robert-tatin\/wp-json\/wp\/v2\/evenements\/2821\/revisions\/2874"}],"wp:featuredmedia":[{"embeddable":true,"href":"https:\/\/patrimoine.lamayenne.fr\/robert-tatin\/wp-json\/wp\/v2\/media\/2822"}],"wp:attachment":[{"href":"https:\/\/patrimoine.lamayenne.fr\/robert-tatin\/wp-json\/wp\/v2\/media?parent=2821"}],"wp:term":[{"taxonomy":"evt_type","embeddable":true,"href":"https:\/\/patrimoine.lamayenne.fr\/robert-tatin\/wp-json\/wp\/v2\/evt_type?post=2821"}],"curies":[{"name":"wp","href":"https:\/\/api.w.org\/{rel}","templated":true}]}}