{"id":3087,"date":"2026-03-01T10:51:43","date_gmt":"2026-03-01T09:51:43","guid":{"rendered":"https:\/\/patrimoine.lamayenne.fr\/robert-tatin\/?post_type=evenements&#038;p=3087"},"modified":"2026-03-28T12:01:51","modified_gmt":"2026-03-28T11:01:51","slug":"la-fabrique-des-matieres","status":"publish","type":"evenements","link":"https:\/\/patrimoine.lamayenne.fr\/robert-tatin\/evenements\/la-fabrique-des-matieres\/","title":{"rendered":"La Fabrique des mati\u00e8res"},"content":{"rendered":"\n<p>L\u2019\u00e9quipe du mus\u00e9e invite les tout-petits \u00e0 d\u00e9couvrir l\u2019argile, la peinture et le textile, trois mati\u00e8res travaill\u00e9es par Robert. Chaque s\u00e9ance aborde l\u2019une d\u2019elle au travers d\u2019activit\u00e9s d\u2019\u00e9veil, ludiques et sensorielles.<\/p>\n\n\n\n<p><em>Mercredi 8 avril : L<\/em>&lsquo;<em>argile<\/em><\/p>\n\n\n\n<p><\/p>\n","protected":false},"featured_media":2124,"template":"","meta":{"_acf_changed":false,"footnotes":""},"evt_type":[9],"class_list":["post-3087","evenements","type-evenements","status-publish","has-post-thumbnail","hentry","evt_type-animations"],"acf":{"titre":"La fabrique des mati\u00e8res","sous_titre":"6 mois - 3 ans","mention":"","date_debut":"20260408","date_fin":"20260408","heure_debut":10,"minutes_debut":0,"heure_fin":10,"minutes_fin":45,"tarifs":"3 \u20ac par enfant et gratuit pour un accompagnateur\r\nSur r\u00e9servation au 02 43 98 80 89\r\nActivit\u00e9 salissante, pr\u00e9voir des v\u00eatements adapt\u00e9s \u00e0 l'activit\u00e9","public":"enfants","lieu":"Mus\u00e9e Robert Tatin","handicap":"none"},"yoast_head":"<!-- This site is optimized with the Yoast SEO plugin v25.8 - https:\/\/yoast.com\/wordpress\/plugins\/seo\/ -->\n<title>La Fabrique des mati\u00e8res - Robert Tatin<\/title>\n<meta name=\"robots\" content=\"index, follow, max-snippet:-1, max-image-preview:large, max-video-preview:-1\" \/>\n<link rel=\"canonical\" href=\"https:\/\/patrimoine.lamayenne.fr\/robert-tatin\/evenements\/la-fabrique-des-matieres\/\" \/>\n<meta name=\"twitter:card\" content=\"summary_large_image\" \/>\n<meta name=\"twitter:title\" content=\"La Fabrique des mati\u00e8res - Robert Tatin\" \/>\n<meta name=\"twitter:description\" content=\"L\u2019\u00e9quipe du mus\u00e9e invite les tout-petits \u00e0 d\u00e9couvrir l\u2019argile, la peinture et le textile, trois mati\u00e8res travaill\u00e9es par Robert. Chaque s\u00e9ance aborde l\u2019une d\u2019elle au travers d\u2019activit\u00e9s d\u2019\u00e9veil, ludiques et sensorielles. Mercredi 8 avril : L&lsquo;argile\" \/>\n<meta name=\"twitter:image\" content=\"https:\/\/patrimoine.lamayenne.fr\/robert-tatin\/wp-content\/uploads\/2024\/06\/peinture-doigts-2-compressee-scaled.jpg\" \/>\n<meta name=\"twitter:site\" content=\"@lamayenne\" \/>\n<meta name=\"twitter:label1\" content=\"Dur\u00e9e de lecture estim\u00e9e\" \/>\n\t<meta name=\"twitter:data1\" content=\"1 minute\" \/>\n<script type=\"application\/ld+json\" class=\"yoast-schema-graph\">{\"@context\":\"https:\/\/schema.org\",\"@graph\":[{\"@type\":\"WebPage\",\"@id\":\"https:\/\/patrimoine.lamayenne.fr\/robert-tatin\/evenements\/la-fabrique-des-matieres\/\",\"url\":\"https:\/\/patrimoine.lamayenne.fr\/robert-tatin\/evenements\/la-fabrique-des-matieres\/\",\"name\":\"La Fabrique des mati\u00e8res - Robert Tatin\",\"isPartOf\":{\"@id\":\"https:\/\/patrimoine.lamayenne.fr\/robert-tatin\/#website\"},\"primaryImageOfPage\":{\"@id\":\"https:\/\/patrimoine.lamayenne.fr\/robert-tatin\/evenements\/la-fabrique-des-matieres\/#primaryimage\"},\"image\":{\"@id\":\"https:\/\/patrimoine.lamayenne.fr\/robert-tatin\/evenements\/la-fabrique-des-matieres\/#primaryimage\"},\"thumbnailUrl\":\"https:\/\/patrimoine.lamayenne.fr\/robert-tatin\/wp-content\/uploads\/2024\/06\/peinture-doigts-2-compressee-scaled.jpg\",\"datePublished\":\"2026-03-01T09:51:43+00:00\",\"dateModified\":\"2026-03-28T11:01:51+00:00\",\"breadcrumb\":{\"@id\":\"https:\/\/patrimoine.lamayenne.fr\/robert-tatin\/evenements\/la-fabrique-des-matieres\/#breadcrumb\"},\"inLanguage\":\"fr-FR\",\"potentialAction\":[{\"@type\":\"ReadAction\",\"target\":[\"https:\/\/patrimoine.lamayenne.fr\/robert-tatin\/evenements\/la-fabrique-des-matieres\/\"]}]},{\"@type\":\"ImageObject\",\"inLanguage\":\"fr-FR\",\"@id\":\"https:\/\/patrimoine.lamayenne.fr\/robert-tatin\/evenements\/la-fabrique-des-matieres\/#primaryimage\",\"url\":\"https:\/\/patrimoine.lamayenne.fr\/robert-tatin\/wp-content\/uploads\/2024\/06\/peinture-doigts-2-compressee-scaled.jpg\",\"contentUrl\":\"https:\/\/patrimoine.lamayenne.fr\/robert-tatin\/wp-content\/uploads\/2024\/06\/peinture-doigts-2-compressee-scaled.jpg\",\"width\":1230,\"height\":1640},{\"@type\":\"BreadcrumbList\",\"@id\":\"https:\/\/patrimoine.lamayenne.fr\/robert-tatin\/evenements\/la-fabrique-des-matieres\/#breadcrumb\",\"itemListElement\":[{\"@type\":\"ListItem\",\"position\":1,\"name\":\"Accueil\",\"item\":\"https:\/\/patrimoine.lamayenne.fr\/robert-tatin\/\"},{\"@type\":\"ListItem\",\"position\":2,\"name\":\"La Fabrique des mati\u00e8res\"}]},{\"@type\":\"WebSite\",\"@id\":\"https:\/\/patrimoine.lamayenne.fr\/robert-tatin\/#website\",\"url\":\"https:\/\/patrimoine.lamayenne.fr\/robert-tatin\/\",\"name\":\"Robert Tatin\",\"description\":\"\",\"publisher\":{\"@id\":\"https:\/\/patrimoine.lamayenne.fr\/robert-tatin\/#organization\"},\"potentialAction\":[{\"@type\":\"SearchAction\",\"target\":{\"@type\":\"EntryPoint\",\"urlTemplate\":\"https:\/\/patrimoine.lamayenne.fr\/robert-tatin\/?s={search_term_string}\"},\"query-input\":{\"@type\":\"PropertyValueSpecification\",\"valueRequired\":true,\"valueName\":\"search_term_string\"}}],\"inLanguage\":\"fr-FR\"},{\"@type\":\"Organization\",\"@id\":\"https:\/\/patrimoine.lamayenne.fr\/robert-tatin\/#organization\",\"name\":\"Robert Tatin\",\"url\":\"https:\/\/patrimoine.lamayenne.fr\/robert-tatin\/\",\"logo\":{\"@type\":\"ImageObject\",\"inLanguage\":\"fr-FR\",\"@id\":\"https:\/\/patrimoine.lamayenne.fr\/robert-tatin\/#\/schema\/logo\/image\/\",\"url\":\"https:\/\/patrimoine.lamayenne.fr\/robert-tatin\/wp-content\/uploads\/2022\/04\/Tatin_logo.svg\",\"contentUrl\":\"https:\/\/patrimoine.lamayenne.fr\/robert-tatin\/wp-content\/uploads\/2022\/04\/Tatin_logo.svg\",\"width\":1,\"height\":1,\"caption\":\"Robert Tatin\"},\"image\":{\"@id\":\"https:\/\/patrimoine.lamayenne.fr\/robert-tatin\/#\/schema\/logo\/image\/\"},\"sameAs\":[\"https:\/\/www.facebook.com\/departement.lamayenne\",\"https:\/\/x.com\/lamayenne\",\"https:\/\/www.instagram.com\/la.mayenne\/\",\"https:\/\/www.youtube.com\/user\/LaMayenneTV\"]}]}<\/script>\n<!-- \/ Yoast SEO plugin. -->","yoast_head_json":{"title":"La Fabrique des mati\u00e8res - Robert Tatin","robots":{"index":"index","follow":"follow","max-snippet":"max-snippet:-1","max-image-preview":"max-image-preview:large","max-video-preview":"max-video-preview:-1"},"canonical":"https:\/\/patrimoine.lamayenne.fr\/robert-tatin\/evenements\/la-fabrique-des-matieres\/","twitter_card":"summary_large_image","twitter_title":"La Fabrique des mati\u00e8res - Robert Tatin","twitter_description":"L\u2019\u00e9quipe du mus\u00e9e invite les tout-petits \u00e0 d\u00e9couvrir l\u2019argile, la peinture et le textile, trois mati\u00e8res travaill\u00e9es par Robert. Chaque s\u00e9ance aborde l\u2019une d\u2019elle au travers d\u2019activit\u00e9s d\u2019\u00e9veil, ludiques et sensorielles. Mercredi 8 avril : L&lsquo;argile","twitter_image":"https:\/\/patrimoine.lamayenne.fr\/robert-tatin\/wp-content\/uploads\/2024\/06\/peinture-doigts-2-compressee-scaled.jpg","twitter_site":"@lamayenne","twitter_misc":{"Dur\u00e9e de lecture estim\u00e9e":"1 minute"},"schema":{"@context":"https:\/\/schema.org","@graph":[{"@type":"WebPage","@id":"https:\/\/patrimoine.lamayenne.fr\/robert-tatin\/evenements\/la-fabrique-des-matieres\/","url":"https:\/\/patrimoine.lamayenne.fr\/robert-tatin\/evenements\/la-fabrique-des-matieres\/","name":"La Fabrique des mati\u00e8res - Robert Tatin","isPartOf":{"@id":"https:\/\/patrimoine.lamayenne.fr\/robert-tatin\/#website"},"primaryImageOfPage":{"@id":"https:\/\/patrimoine.lamayenne.fr\/robert-tatin\/evenements\/la-fabrique-des-matieres\/#primaryimage"},"image":{"@id":"https:\/\/patrimoine.lamayenne.fr\/robert-tatin\/evenements\/la-fabrique-des-matieres\/#primaryimage"},"thumbnailUrl":"https:\/\/patrimoine.lamayenne.fr\/robert-tatin\/wp-content\/uploads\/2024\/06\/peinture-doigts-2-compressee-scaled.jpg","datePublished":"2026-03-01T09:51:43+00:00","dateModified":"2026-03-28T11:01:51+00:00","breadcrumb":{"@id":"https:\/\/patrimoine.lamayenne.fr\/robert-tatin\/evenements\/la-fabrique-des-matieres\/#breadcrumb"},"inLanguage":"fr-FR","potentialAction":[{"@type":"ReadAction","target":["https:\/\/patrimoine.lamayenne.fr\/robert-tatin\/evenements\/la-fabrique-des-matieres\/"]}]},{"@type":"ImageObject","inLanguage":"fr-FR","@id":"https:\/\/patrimoine.lamayenne.fr\/robert-tatin\/evenements\/la-fabrique-des-matieres\/#primaryimage","url":"https:\/\/patrimoine.lamayenne.fr\/robert-tatin\/wp-content\/uploads\/2024\/06\/peinture-doigts-2-compressee-scaled.jpg","contentUrl":"https:\/\/patrimoine.lamayenne.fr\/robert-tatin\/wp-content\/uploads\/2024\/06\/peinture-doigts-2-compressee-scaled.jpg","width":1230,"height":1640},{"@type":"BreadcrumbList","@id":"https:\/\/patrimoine.lamayenne.fr\/robert-tatin\/evenements\/la-fabrique-des-matieres\/#breadcrumb","itemListElement":[{"@type":"ListItem","position":1,"name":"Accueil","item":"https:\/\/patrimoine.lamayenne.fr\/robert-tatin\/"},{"@type":"ListItem","position":2,"name":"La Fabrique des mati\u00e8res"}]},{"@type":"WebSite","@id":"https:\/\/patrimoine.lamayenne.fr\/robert-tatin\/#website","url":"https:\/\/patrimoine.lamayenne.fr\/robert-tatin\/","name":"Robert Tatin","description":"","publisher":{"@id":"https:\/\/patrimoine.lamayenne.fr\/robert-tatin\/#organization"},"potentialAction":[{"@type":"SearchAction","target":{"@type":"EntryPoint","urlTemplate":"https:\/\/patrimoine.lamayenne.fr\/robert-tatin\/?s={search_term_string}"},"query-input":{"@type":"PropertyValueSpecification","valueRequired":true,"valueName":"search_term_string"}}],"inLanguage":"fr-FR"},{"@type":"Organization","@id":"https:\/\/patrimoine.lamayenne.fr\/robert-tatin\/#organization","name":"Robert Tatin","url":"https:\/\/patrimoine.lamayenne.fr\/robert-tatin\/","logo":{"@type":"ImageObject","inLanguage":"fr-FR","@id":"https:\/\/patrimoine.lamayenne.fr\/robert-tatin\/#\/schema\/logo\/image\/","url":"https:\/\/patrimoine.lamayenne.fr\/robert-tatin\/wp-content\/uploads\/2022\/04\/Tatin_logo.svg","contentUrl":"https:\/\/patrimoine.lamayenne.fr\/robert-tatin\/wp-content\/uploads\/2022\/04\/Tatin_logo.svg","width":1,"height":1,"caption":"Robert Tatin"},"image":{"@id":"https:\/\/patrimoine.lamayenne.fr\/robert-tatin\/#\/schema\/logo\/image\/"},"sameAs":["https:\/\/www.facebook.com\/departement.lamayenne","https:\/\/x.com\/lamayenne","https:\/\/www.instagram.com\/la.mayenne\/","https:\/\/www.youtube.com\/user\/LaMayenneTV"]}]}},"_links":{"self":[{"href":"https:\/\/patrimoine.lamayenne.fr\/robert-tatin\/wp-json\/wp\/v2\/evenements\/3087","targetHints":{"allow":["GET"]}}],"collection":[{"href":"https:\/\/patrimoine.lamayenne.fr\/robert-tatin\/wp-json\/wp\/v2\/evenements"}],"about":[{"href":"https:\/\/patrimoine.lamayenne.fr\/robert-tatin\/wp-json\/wp\/v2\/types\/evenements"}],"version-history":[{"count":2,"href":"https:\/\/patrimoine.lamayenne.fr\/robert-tatin\/wp-json\/wp\/v2\/evenements\/3087\/revisions"}],"predecessor-version":[{"id":3200,"href":"https:\/\/patrimoine.lamayenne.fr\/robert-tatin\/wp-json\/wp\/v2\/evenements\/3087\/revisions\/3200"}],"wp:featuredmedia":[{"embeddable":true,"href":"https:\/\/patrimoine.lamayenne.fr\/robert-tatin\/wp-json\/wp\/v2\/media\/2124"}],"wp:attachment":[{"href":"https:\/\/patrimoine.lamayenne.fr\/robert-tatin\/wp-json\/wp\/v2\/media?parent=3087"}],"wp:term":[{"taxonomy":"evt_type","embeddable":true,"href":"https:\/\/patrimoine.lamayenne.fr\/robert-tatin\/wp-json\/wp\/v2\/evt_type?post=3087"}],"curies":[{"name":"wp","href":"https:\/\/api.w.org\/{rel}","templated":true}]}}