{"id":3146,"date":"2026-03-06T11:42:28","date_gmt":"2026-03-06T10:42:28","guid":{"rendered":"https:\/\/patrimoine.lamayenne.fr\/robert-tatin\/?post_type=evenements&#038;p=3146"},"modified":"2026-04-15T13:15:49","modified_gmt":"2026-04-15T11:15:49","slug":"22e-nuits-des-musees","status":"publish","type":"evenements","link":"https:\/\/patrimoine.lamayenne.fr\/robert-tatin\/evenements\/22e-nuits-des-musees\/","title":{"rendered":"Nuit europ\u00e9enne des mus\u00e9es"},"content":{"rendered":"\n<p>Pour la 22e \u00e9dition de la Nuit des mus\u00e9es, le mus\u00e9e Robert Tatin a invit\u00e9 la compagnie normande Jaune 101 \u00e0 imaginer un programme \u00e0 la fois festif, po\u00e9tique et spectaculaire. En d\u00e9but de soir\u00e9e, des d\u00e9ambulations artistiques  accompagnent les visiteurs dans les all\u00e9es du mus\u00e9e. \u00c0 la tomb\u00e9e de la nuit, place au spectacle \u201cSolstice\u201d qui allie avec<br>bonheur jonglerie, danse, cracheurs de feu et cerceau a\u00e9rien. Pour d\u00e9couvrir l\u2019univers artistique du site, des m\u00e9diations sont propos\u00e9es par les m\u00e9diateurs tout au long de la soir\u00e9e.<\/p>\n\n\n\n<p>19h30 &#8211; 20h30 et 21h00 &#8211; 22h00 : d\u00e9ambulations d&rsquo;un acrobate, d&rsquo;une danseuse et d&rsquo;un jongleur dans les all\u00e9es du mus\u00e9e<\/p>\n\n\n\n<p>22h30 : Spectacle \u00ab\u00a0Solstice\u00a0\u00bb <\/p>\n\n\n\n<p>Restauration sur place par <em>Pains et Des Lys <\/em><\/p>\n\n\n\n<p><\/p>\n","protected":false},"featured_media":3147,"template":"","meta":{"_acf_changed":false,"footnotes":""},"evt_type":[12],"class_list":["post-3146","evenements","type-evenements","status-publish","has-post-thumbnail","hentry","evt_type-grands-evenements"],"acf":{"titre":"Nuit europ\u00e9enne des mus\u00e9es","sous_titre":"","mention":"","date_debut":"20260523","date_fin":"20260423","heure_debut":19,"minutes_debut":0,"heure_fin":0,"minutes_fin":0,"tarifs":"Gratuit","public":"all","lieu":"Mus\u00e9e Robert Tatin","handicap":"handicap"},"yoast_head":"<!-- This site is optimized with the Yoast SEO plugin v25.8 - https:\/\/yoast.com\/wordpress\/plugins\/seo\/ -->\n<title>Nuit europ\u00e9enne des mus\u00e9es - Robert Tatin<\/title>\n<meta name=\"robots\" content=\"index, follow, max-snippet:-1, max-image-preview:large, max-video-preview:-1\" \/>\n<link rel=\"canonical\" href=\"https:\/\/patrimoine.lamayenne.fr\/robert-tatin\/evenements\/22e-nuits-des-musees\/\" \/>\n<meta name=\"twitter:card\" content=\"summary_large_image\" \/>\n<meta name=\"twitter:title\" content=\"Nuit europ\u00e9enne des mus\u00e9es - Robert Tatin\" \/>\n<meta name=\"twitter:description\" content=\"Pour la 22e \u00e9dition de la Nuit des mus\u00e9es, le mus\u00e9e Robert Tatin a invit\u00e9 la compagnie normande Jaune 101 \u00e0 imaginer un programme \u00e0 la fois festif, po\u00e9tique et spectaculaire. En d\u00e9but de soir\u00e9e, des d\u00e9ambulations artistiques accompagnent les visiteurs dans les all\u00e9es du mus\u00e9e. \u00c0 la tomb\u00e9e de la nuit, place au spectacle [&hellip;]\" \/>\n<meta name=\"twitter:image\" content=\"https:\/\/patrimoine.lamayenne.fr\/robert-tatin\/wp-content\/uploads\/2026\/03\/spectacle_sosltice.jpeg\" \/>\n<meta name=\"twitter:site\" content=\"@lamayenne\" \/>\n<meta name=\"twitter:label1\" content=\"Dur\u00e9e de lecture estim\u00e9e\" \/>\n\t<meta name=\"twitter:data1\" content=\"1 minute\" \/>\n<script type=\"application\/ld+json\" class=\"yoast-schema-graph\">{\"@context\":\"https:\/\/schema.org\",\"@graph\":[{\"@type\":\"WebPage\",\"@id\":\"https:\/\/patrimoine.lamayenne.fr\/robert-tatin\/evenements\/22e-nuits-des-musees\/\",\"url\":\"https:\/\/patrimoine.lamayenne.fr\/robert-tatin\/evenements\/22e-nuits-des-musees\/\",\"name\":\"Nuit europ\u00e9enne des mus\u00e9es - Robert Tatin\",\"isPartOf\":{\"@id\":\"https:\/\/patrimoine.lamayenne.fr\/robert-tatin\/#website\"},\"primaryImageOfPage\":{\"@id\":\"https:\/\/patrimoine.lamayenne.fr\/robert-tatin\/evenements\/22e-nuits-des-musees\/#primaryimage\"},\"image\":{\"@id\":\"https:\/\/patrimoine.lamayenne.fr\/robert-tatin\/evenements\/22e-nuits-des-musees\/#primaryimage\"},\"thumbnailUrl\":\"https:\/\/patrimoine.lamayenne.fr\/robert-tatin\/wp-content\/uploads\/2026\/03\/spectacle_sosltice.jpeg\",\"datePublished\":\"2026-03-06T10:42:28+00:00\",\"dateModified\":\"2026-04-15T11:15:49+00:00\",\"breadcrumb\":{\"@id\":\"https:\/\/patrimoine.lamayenne.fr\/robert-tatin\/evenements\/22e-nuits-des-musees\/#breadcrumb\"},\"inLanguage\":\"fr-FR\",\"potentialAction\":[{\"@type\":\"ReadAction\",\"target\":[\"https:\/\/patrimoine.lamayenne.fr\/robert-tatin\/evenements\/22e-nuits-des-musees\/\"]}]},{\"@type\":\"ImageObject\",\"inLanguage\":\"fr-FR\",\"@id\":\"https:\/\/patrimoine.lamayenne.fr\/robert-tatin\/evenements\/22e-nuits-des-musees\/#primaryimage\",\"url\":\"https:\/\/patrimoine.lamayenne.fr\/robert-tatin\/wp-content\/uploads\/2026\/03\/spectacle_sosltice.jpeg\",\"contentUrl\":\"https:\/\/patrimoine.lamayenne.fr\/robert-tatin\/wp-content\/uploads\/2026\/03\/spectacle_sosltice.jpeg\",\"width\":596,\"height\":416},{\"@type\":\"BreadcrumbList\",\"@id\":\"https:\/\/patrimoine.lamayenne.fr\/robert-tatin\/evenements\/22e-nuits-des-musees\/#breadcrumb\",\"itemListElement\":[{\"@type\":\"ListItem\",\"position\":1,\"name\":\"Accueil\",\"item\":\"https:\/\/patrimoine.lamayenne.fr\/robert-tatin\/\"},{\"@type\":\"ListItem\",\"position\":2,\"name\":\"Nuit europ\u00e9enne des mus\u00e9es\"}]},{\"@type\":\"WebSite\",\"@id\":\"https:\/\/patrimoine.lamayenne.fr\/robert-tatin\/#website\",\"url\":\"https:\/\/patrimoine.lamayenne.fr\/robert-tatin\/\",\"name\":\"Robert Tatin\",\"description\":\"\",\"publisher\":{\"@id\":\"https:\/\/patrimoine.lamayenne.fr\/robert-tatin\/#organization\"},\"potentialAction\":[{\"@type\":\"SearchAction\",\"target\":{\"@type\":\"EntryPoint\",\"urlTemplate\":\"https:\/\/patrimoine.lamayenne.fr\/robert-tatin\/?s={search_term_string}\"},\"query-input\":{\"@type\":\"PropertyValueSpecification\",\"valueRequired\":true,\"valueName\":\"search_term_string\"}}],\"inLanguage\":\"fr-FR\"},{\"@type\":\"Organization\",\"@id\":\"https:\/\/patrimoine.lamayenne.fr\/robert-tatin\/#organization\",\"name\":\"Robert Tatin\",\"url\":\"https:\/\/patrimoine.lamayenne.fr\/robert-tatin\/\",\"logo\":{\"@type\":\"ImageObject\",\"inLanguage\":\"fr-FR\",\"@id\":\"https:\/\/patrimoine.lamayenne.fr\/robert-tatin\/#\/schema\/logo\/image\/\",\"url\":\"https:\/\/patrimoine.lamayenne.fr\/robert-tatin\/wp-content\/uploads\/2022\/04\/Tatin_logo.svg\",\"contentUrl\":\"https:\/\/patrimoine.lamayenne.fr\/robert-tatin\/wp-content\/uploads\/2022\/04\/Tatin_logo.svg\",\"width\":1,\"height\":1,\"caption\":\"Robert Tatin\"},\"image\":{\"@id\":\"https:\/\/patrimoine.lamayenne.fr\/robert-tatin\/#\/schema\/logo\/image\/\"},\"sameAs\":[\"https:\/\/www.facebook.com\/departement.lamayenne\",\"https:\/\/x.com\/lamayenne\",\"https:\/\/www.instagram.com\/la.mayenne\/\",\"https:\/\/www.youtube.com\/user\/LaMayenneTV\"]}]}<\/script>\n<!-- \/ Yoast SEO plugin. -->","yoast_head_json":{"title":"Nuit europ\u00e9enne des mus\u00e9es - Robert Tatin","robots":{"index":"index","follow":"follow","max-snippet":"max-snippet:-1","max-image-preview":"max-image-preview:large","max-video-preview":"max-video-preview:-1"},"canonical":"https:\/\/patrimoine.lamayenne.fr\/robert-tatin\/evenements\/22e-nuits-des-musees\/","twitter_card":"summary_large_image","twitter_title":"Nuit europ\u00e9enne des mus\u00e9es - Robert Tatin","twitter_description":"Pour la 22e \u00e9dition de la Nuit des mus\u00e9es, le mus\u00e9e Robert Tatin a invit\u00e9 la compagnie normande Jaune 101 \u00e0 imaginer un programme \u00e0 la fois festif, po\u00e9tique et spectaculaire. En d\u00e9but de soir\u00e9e, des d\u00e9ambulations artistiques accompagnent les visiteurs dans les all\u00e9es du mus\u00e9e. \u00c0 la tomb\u00e9e de la nuit, place au spectacle [&hellip;]","twitter_image":"https:\/\/patrimoine.lamayenne.fr\/robert-tatin\/wp-content\/uploads\/2026\/03\/spectacle_sosltice.jpeg","twitter_site":"@lamayenne","twitter_misc":{"Dur\u00e9e de lecture estim\u00e9e":"1 minute"},"schema":{"@context":"https:\/\/schema.org","@graph":[{"@type":"WebPage","@id":"https:\/\/patrimoine.lamayenne.fr\/robert-tatin\/evenements\/22e-nuits-des-musees\/","url":"https:\/\/patrimoine.lamayenne.fr\/robert-tatin\/evenements\/22e-nuits-des-musees\/","name":"Nuit europ\u00e9enne des mus\u00e9es - Robert Tatin","isPartOf":{"@id":"https:\/\/patrimoine.lamayenne.fr\/robert-tatin\/#website"},"primaryImageOfPage":{"@id":"https:\/\/patrimoine.lamayenne.fr\/robert-tatin\/evenements\/22e-nuits-des-musees\/#primaryimage"},"image":{"@id":"https:\/\/patrimoine.lamayenne.fr\/robert-tatin\/evenements\/22e-nuits-des-musees\/#primaryimage"},"thumbnailUrl":"https:\/\/patrimoine.lamayenne.fr\/robert-tatin\/wp-content\/uploads\/2026\/03\/spectacle_sosltice.jpeg","datePublished":"2026-03-06T10:42:28+00:00","dateModified":"2026-04-15T11:15:49+00:00","breadcrumb":{"@id":"https:\/\/patrimoine.lamayenne.fr\/robert-tatin\/evenements\/22e-nuits-des-musees\/#breadcrumb"},"inLanguage":"fr-FR","potentialAction":[{"@type":"ReadAction","target":["https:\/\/patrimoine.lamayenne.fr\/robert-tatin\/evenements\/22e-nuits-des-musees\/"]}]},{"@type":"ImageObject","inLanguage":"fr-FR","@id":"https:\/\/patrimoine.lamayenne.fr\/robert-tatin\/evenements\/22e-nuits-des-musees\/#primaryimage","url":"https:\/\/patrimoine.lamayenne.fr\/robert-tatin\/wp-content\/uploads\/2026\/03\/spectacle_sosltice.jpeg","contentUrl":"https:\/\/patrimoine.lamayenne.fr\/robert-tatin\/wp-content\/uploads\/2026\/03\/spectacle_sosltice.jpeg","width":596,"height":416},{"@type":"BreadcrumbList","@id":"https:\/\/patrimoine.lamayenne.fr\/robert-tatin\/evenements\/22e-nuits-des-musees\/#breadcrumb","itemListElement":[{"@type":"ListItem","position":1,"name":"Accueil","item":"https:\/\/patrimoine.lamayenne.fr\/robert-tatin\/"},{"@type":"ListItem","position":2,"name":"Nuit europ\u00e9enne des mus\u00e9es"}]},{"@type":"WebSite","@id":"https:\/\/patrimoine.lamayenne.fr\/robert-tatin\/#website","url":"https:\/\/patrimoine.lamayenne.fr\/robert-tatin\/","name":"Robert Tatin","description":"","publisher":{"@id":"https:\/\/patrimoine.lamayenne.fr\/robert-tatin\/#organization"},"potentialAction":[{"@type":"SearchAction","target":{"@type":"EntryPoint","urlTemplate":"https:\/\/patrimoine.lamayenne.fr\/robert-tatin\/?s={search_term_string}"},"query-input":{"@type":"PropertyValueSpecification","valueRequired":true,"valueName":"search_term_string"}}],"inLanguage":"fr-FR"},{"@type":"Organization","@id":"https:\/\/patrimoine.lamayenne.fr\/robert-tatin\/#organization","name":"Robert Tatin","url":"https:\/\/patrimoine.lamayenne.fr\/robert-tatin\/","logo":{"@type":"ImageObject","inLanguage":"fr-FR","@id":"https:\/\/patrimoine.lamayenne.fr\/robert-tatin\/#\/schema\/logo\/image\/","url":"https:\/\/patrimoine.lamayenne.fr\/robert-tatin\/wp-content\/uploads\/2022\/04\/Tatin_logo.svg","contentUrl":"https:\/\/patrimoine.lamayenne.fr\/robert-tatin\/wp-content\/uploads\/2022\/04\/Tatin_logo.svg","width":1,"height":1,"caption":"Robert Tatin"},"image":{"@id":"https:\/\/patrimoine.lamayenne.fr\/robert-tatin\/#\/schema\/logo\/image\/"},"sameAs":["https:\/\/www.facebook.com\/departement.lamayenne","https:\/\/x.com\/lamayenne","https:\/\/www.instagram.com\/la.mayenne\/","https:\/\/www.youtube.com\/user\/LaMayenneTV"]}]}},"_links":{"self":[{"href":"https:\/\/patrimoine.lamayenne.fr\/robert-tatin\/wp-json\/wp\/v2\/evenements\/3146","targetHints":{"allow":["GET"]}}],"collection":[{"href":"https:\/\/patrimoine.lamayenne.fr\/robert-tatin\/wp-json\/wp\/v2\/evenements"}],"about":[{"href":"https:\/\/patrimoine.lamayenne.fr\/robert-tatin\/wp-json\/wp\/v2\/types\/evenements"}],"version-history":[{"count":5,"href":"https:\/\/patrimoine.lamayenne.fr\/robert-tatin\/wp-json\/wp\/v2\/evenements\/3146\/revisions"}],"predecessor-version":[{"id":3224,"href":"https:\/\/patrimoine.lamayenne.fr\/robert-tatin\/wp-json\/wp\/v2\/evenements\/3146\/revisions\/3224"}],"wp:featuredmedia":[{"embeddable":true,"href":"https:\/\/patrimoine.lamayenne.fr\/robert-tatin\/wp-json\/wp\/v2\/media\/3147"}],"wp:attachment":[{"href":"https:\/\/patrimoine.lamayenne.fr\/robert-tatin\/wp-json\/wp\/v2\/media?parent=3146"}],"wp:term":[{"taxonomy":"evt_type","embeddable":true,"href":"https:\/\/patrimoine.lamayenne.fr\/robert-tatin\/wp-json\/wp\/v2\/evt_type?post=3146"}],"curies":[{"name":"wp","href":"https:\/\/api.w.org\/{rel}","templated":true}]}}