{"id":1110,"date":"2022-07-04T10:17:11","date_gmt":"2022-07-04T08:17:11","guid":{"rendered":"https:\/\/patrimoine.lamayenne.fr\/robert-tatin\/?post_type=expositions&#038;p=1110"},"modified":"2022-07-04T10:20:01","modified_gmt":"2022-07-04T08:20:01","slug":"du-morbihan-a-la-frenouse-jacques-le-brusq","status":"publish","type":"expositions","link":"https:\/\/patrimoine.lamayenne.fr\/robert-tatin\/expositions\/du-morbihan-a-la-frenouse-jacques-le-brusq\/","title":{"rendered":"Du Morbihan \u00e0 la Fr\u00e9nouse &#8211; Jacques Le Brusq"},"content":{"rendered":"\n<p>La rencontre entre Jacques Le Brusq et Robert Tatin date des ann\u00e9es 1970, une p\u00e9riode intense d\u2019\u00e9changes et de d\u00e9bats entre artistes passionn\u00e9s. Tous deux placent la nature au centre de leurs r\u00e9flexions et de leur cr\u00e9ation, ils y puisent leur inspiration et s\u2019\u00e9merveillent sans cesse de son infinie diversit\u00e9.<br>C\u2019est avec modestie et simplicit\u00e9 que Jacques Le Brusq restitue les paysages vibrants des reflets du jour. Terres cultiv\u00e9es, jach\u00e8res se succ\u00e8dent sur la toile ou le papier, toujours verdoyantes, du Morbihan \u00e0 la Beauce pour revenir en Bretagne \u00e0 la presqu\u2019\u00eele de Rhuys, dans une luxuriance qui fait \u00e9cho aux paysages de la Mayenne.<br>Au visiteur avide du plaisir d\u2019une \u00e9motion profonde et sereine, Jacques Le Brusq, fid\u00e8le en amiti\u00e9, a livr\u00e9 au mus\u00e9e Robert Tatin le fruit d\u2019un cheminement solitaire po\u00e9tique, d\u2019une vie de recherche artistique sensible \u00e0 \u00ab&nbsp;l\u2019inattendu&nbsp;qui ne peut \u00eatre pens\u00e9&nbsp;\u00bb mais qui donne naissance \u00e0 la peinture.<\/p>\n\n\n\n<p>Visuel : GAR LEM opus 2, Jacques Le Brusq, 2017. Huile sur papier, 48,8 x 63,3 cm<\/p>\n","protected":false},"featured_media":1111,"template":"","meta":{"_acf_changed":false,"footnotes":""},"class_list":["post-1110","expositions","type-expositions","status-publish","has-post-thumbnail","hentry"],"acf":{"titre":"Du Morbihan \u00e0 la Fr\u00e9nouse - Jacques Le Brusq ","date_debut":"20200620","date_fin":"20201231","heure_debut":"","minutes_debut":"","heure_fin":"","minutes_fin":"","tarifs":"Gratuit","lieu":"Salle La Grange","affichage":"true"},"yoast_head":"<!-- This site is optimized with the Yoast SEO plugin v25.8 - https:\/\/yoast.com\/wordpress\/plugins\/seo\/ -->\n<title>Du Morbihan \u00e0 la Fr\u00e9nouse - Jacques Le Brusq - Robert Tatin<\/title>\n<meta name=\"robots\" content=\"index, follow, max-snippet:-1, max-image-preview:large, max-video-preview:-1\" \/>\n<link rel=\"canonical\" href=\"https:\/\/patrimoine.lamayenne.fr\/robert-tatin\/expositions\/du-morbihan-a-la-frenouse-jacques-le-brusq\/\" \/>\n<meta name=\"twitter:card\" content=\"summary_large_image\" \/>\n<meta name=\"twitter:title\" content=\"Du Morbihan \u00e0 la Fr\u00e9nouse - Jacques Le Brusq - Robert Tatin\" \/>\n<meta name=\"twitter:description\" content=\"La rencontre entre Jacques Le Brusq et Robert Tatin date des ann\u00e9es 1970, une p\u00e9riode intense d\u2019\u00e9changes et de d\u00e9bats entre artistes passionn\u00e9s. Tous deux placent la nature au centre de leurs r\u00e9flexions et de leur cr\u00e9ation, ils y puisent leur inspiration et s\u2019\u00e9merveillent sans cesse de son infinie diversit\u00e9.C\u2019est avec modestie et simplicit\u00e9 que [&hellip;]\" \/>\n<meta name=\"twitter:image\" content=\"https:\/\/patrimoine.lamayenne.fr\/robert-tatin\/wp-content\/uploads\/2022\/07\/4-GAR_LEM_Opus2_R-scaled.jpg\" \/>\n<meta name=\"twitter:site\" content=\"@lamayenne\" \/>\n<meta name=\"twitter:label1\" content=\"Dur\u00e9e de lecture estim\u00e9e\" \/>\n\t<meta name=\"twitter:data1\" content=\"1 minute\" \/>\n<script type=\"application\/ld+json\" class=\"yoast-schema-graph\">{\"@context\":\"https:\/\/schema.org\",\"@graph\":[{\"@type\":\"WebPage\",\"@id\":\"https:\/\/patrimoine.lamayenne.fr\/robert-tatin\/expositions\/du-morbihan-a-la-frenouse-jacques-le-brusq\/\",\"url\":\"https:\/\/patrimoine.lamayenne.fr\/robert-tatin\/expositions\/du-morbihan-a-la-frenouse-jacques-le-brusq\/\",\"name\":\"Du Morbihan \u00e0 la Fr\u00e9nouse - Jacques Le Brusq - Robert Tatin\",\"isPartOf\":{\"@id\":\"https:\/\/patrimoine.lamayenne.fr\/robert-tatin\/#website\"},\"primaryImageOfPage\":{\"@id\":\"https:\/\/patrimoine.lamayenne.fr\/robert-tatin\/expositions\/du-morbihan-a-la-frenouse-jacques-le-brusq\/#primaryimage\"},\"image\":{\"@id\":\"https:\/\/patrimoine.lamayenne.fr\/robert-tatin\/expositions\/du-morbihan-a-la-frenouse-jacques-le-brusq\/#primaryimage\"},\"thumbnailUrl\":\"https:\/\/patrimoine.lamayenne.fr\/robert-tatin\/wp-content\/uploads\/2022\/07\/4-GAR_LEM_Opus2_R-scaled.jpg\",\"datePublished\":\"2022-07-04T08:17:11+00:00\",\"dateModified\":\"2022-07-04T08:20:01+00:00\",\"breadcrumb\":{\"@id\":\"https:\/\/patrimoine.lamayenne.fr\/robert-tatin\/expositions\/du-morbihan-a-la-frenouse-jacques-le-brusq\/#breadcrumb\"},\"inLanguage\":\"fr-FR\",\"potentialAction\":[{\"@type\":\"ReadAction\",\"target\":[\"https:\/\/patrimoine.lamayenne.fr\/robert-tatin\/expositions\/du-morbihan-a-la-frenouse-jacques-le-brusq\/\"]}]},{\"@type\":\"ImageObject\",\"inLanguage\":\"fr-FR\",\"@id\":\"https:\/\/patrimoine.lamayenne.fr\/robert-tatin\/expositions\/du-morbihan-a-la-frenouse-jacques-le-brusq\/#primaryimage\",\"url\":\"https:\/\/patrimoine.lamayenne.fr\/robert-tatin\/wp-content\/uploads\/2022\/07\/4-GAR_LEM_Opus2_R-scaled.jpg\",\"contentUrl\":\"https:\/\/patrimoine.lamayenne.fr\/robert-tatin\/wp-content\/uploads\/2022\/07\/4-GAR_LEM_Opus2_R-scaled.jpg\",\"width\":2560,\"height\":2012,\"caption\":\"GAR LEM opus 2, Jacques Le Brusq, 2017. Huile sur papier, 48,8 x 63,3 cm\"},{\"@type\":\"BreadcrumbList\",\"@id\":\"https:\/\/patrimoine.lamayenne.fr\/robert-tatin\/expositions\/du-morbihan-a-la-frenouse-jacques-le-brusq\/#breadcrumb\",\"itemListElement\":[{\"@type\":\"ListItem\",\"position\":1,\"name\":\"Accueil\",\"item\":\"https:\/\/patrimoine.lamayenne.fr\/robert-tatin\/\"},{\"@type\":\"ListItem\",\"position\":2,\"name\":\"Expositions\",\"item\":\"https:\/\/patrimoine.lamayenne.fr\/robert-tatin\/expositions\/\"},{\"@type\":\"ListItem\",\"position\":3,\"name\":\"Du Morbihan \u00e0 la Fr\u00e9nouse &#8211; Jacques Le Brusq\"}]},{\"@type\":\"WebSite\",\"@id\":\"https:\/\/patrimoine.lamayenne.fr\/robert-tatin\/#website\",\"url\":\"https:\/\/patrimoine.lamayenne.fr\/robert-tatin\/\",\"name\":\"Robert Tatin\",\"description\":\"\",\"publisher\":{\"@id\":\"https:\/\/patrimoine.lamayenne.fr\/robert-tatin\/#organization\"},\"potentialAction\":[{\"@type\":\"SearchAction\",\"target\":{\"@type\":\"EntryPoint\",\"urlTemplate\":\"https:\/\/patrimoine.lamayenne.fr\/robert-tatin\/?s={search_term_string}\"},\"query-input\":{\"@type\":\"PropertyValueSpecification\",\"valueRequired\":true,\"valueName\":\"search_term_string\"}}],\"inLanguage\":\"fr-FR\"},{\"@type\":\"Organization\",\"@id\":\"https:\/\/patrimoine.lamayenne.fr\/robert-tatin\/#organization\",\"name\":\"Robert Tatin\",\"url\":\"https:\/\/patrimoine.lamayenne.fr\/robert-tatin\/\",\"logo\":{\"@type\":\"ImageObject\",\"inLanguage\":\"fr-FR\",\"@id\":\"https:\/\/patrimoine.lamayenne.fr\/robert-tatin\/#\/schema\/logo\/image\/\",\"url\":\"https:\/\/patrimoine.lamayenne.fr\/robert-tatin\/wp-content\/uploads\/2022\/04\/Tatin_logo.svg\",\"contentUrl\":\"https:\/\/patrimoine.lamayenne.fr\/robert-tatin\/wp-content\/uploads\/2022\/04\/Tatin_logo.svg\",\"width\":1,\"height\":1,\"caption\":\"Robert Tatin\"},\"image\":{\"@id\":\"https:\/\/patrimoine.lamayenne.fr\/robert-tatin\/#\/schema\/logo\/image\/\"},\"sameAs\":[\"https:\/\/www.facebook.com\/departement.lamayenne\",\"https:\/\/x.com\/lamayenne\",\"https:\/\/www.instagram.com\/la.mayenne\/\",\"https:\/\/www.youtube.com\/user\/LaMayenneTV\"]}]}<\/script>\n<!-- \/ Yoast SEO plugin. -->","yoast_head_json":{"title":"Du Morbihan \u00e0 la Fr\u00e9nouse - Jacques Le Brusq - Robert Tatin","robots":{"index":"index","follow":"follow","max-snippet":"max-snippet:-1","max-image-preview":"max-image-preview:large","max-video-preview":"max-video-preview:-1"},"canonical":"https:\/\/patrimoine.lamayenne.fr\/robert-tatin\/expositions\/du-morbihan-a-la-frenouse-jacques-le-brusq\/","twitter_card":"summary_large_image","twitter_title":"Du Morbihan \u00e0 la Fr\u00e9nouse - Jacques Le Brusq - Robert Tatin","twitter_description":"La rencontre entre Jacques Le Brusq et Robert Tatin date des ann\u00e9es 1970, une p\u00e9riode intense d\u2019\u00e9changes et de d\u00e9bats entre artistes passionn\u00e9s. Tous deux placent la nature au centre de leurs r\u00e9flexions et de leur cr\u00e9ation, ils y puisent leur inspiration et s\u2019\u00e9merveillent sans cesse de son infinie diversit\u00e9.C\u2019est avec modestie et simplicit\u00e9 que [&hellip;]","twitter_image":"https:\/\/patrimoine.lamayenne.fr\/robert-tatin\/wp-content\/uploads\/2022\/07\/4-GAR_LEM_Opus2_R-scaled.jpg","twitter_site":"@lamayenne","twitter_misc":{"Dur\u00e9e de lecture estim\u00e9e":"1 minute"},"schema":{"@context":"https:\/\/schema.org","@graph":[{"@type":"WebPage","@id":"https:\/\/patrimoine.lamayenne.fr\/robert-tatin\/expositions\/du-morbihan-a-la-frenouse-jacques-le-brusq\/","url":"https:\/\/patrimoine.lamayenne.fr\/robert-tatin\/expositions\/du-morbihan-a-la-frenouse-jacques-le-brusq\/","name":"Du Morbihan \u00e0 la Fr\u00e9nouse - Jacques Le Brusq - Robert Tatin","isPartOf":{"@id":"https:\/\/patrimoine.lamayenne.fr\/robert-tatin\/#website"},"primaryImageOfPage":{"@id":"https:\/\/patrimoine.lamayenne.fr\/robert-tatin\/expositions\/du-morbihan-a-la-frenouse-jacques-le-brusq\/#primaryimage"},"image":{"@id":"https:\/\/patrimoine.lamayenne.fr\/robert-tatin\/expositions\/du-morbihan-a-la-frenouse-jacques-le-brusq\/#primaryimage"},"thumbnailUrl":"https:\/\/patrimoine.lamayenne.fr\/robert-tatin\/wp-content\/uploads\/2022\/07\/4-GAR_LEM_Opus2_R-scaled.jpg","datePublished":"2022-07-04T08:17:11+00:00","dateModified":"2022-07-04T08:20:01+00:00","breadcrumb":{"@id":"https:\/\/patrimoine.lamayenne.fr\/robert-tatin\/expositions\/du-morbihan-a-la-frenouse-jacques-le-brusq\/#breadcrumb"},"inLanguage":"fr-FR","potentialAction":[{"@type":"ReadAction","target":["https:\/\/patrimoine.lamayenne.fr\/robert-tatin\/expositions\/du-morbihan-a-la-frenouse-jacques-le-brusq\/"]}]},{"@type":"ImageObject","inLanguage":"fr-FR","@id":"https:\/\/patrimoine.lamayenne.fr\/robert-tatin\/expositions\/du-morbihan-a-la-frenouse-jacques-le-brusq\/#primaryimage","url":"https:\/\/patrimoine.lamayenne.fr\/robert-tatin\/wp-content\/uploads\/2022\/07\/4-GAR_LEM_Opus2_R-scaled.jpg","contentUrl":"https:\/\/patrimoine.lamayenne.fr\/robert-tatin\/wp-content\/uploads\/2022\/07\/4-GAR_LEM_Opus2_R-scaled.jpg","width":2560,"height":2012,"caption":"GAR LEM opus 2, Jacques Le Brusq, 2017. Huile sur papier, 48,8 x 63,3 cm"},{"@type":"BreadcrumbList","@id":"https:\/\/patrimoine.lamayenne.fr\/robert-tatin\/expositions\/du-morbihan-a-la-frenouse-jacques-le-brusq\/#breadcrumb","itemListElement":[{"@type":"ListItem","position":1,"name":"Accueil","item":"https:\/\/patrimoine.lamayenne.fr\/robert-tatin\/"},{"@type":"ListItem","position":2,"name":"Expositions","item":"https:\/\/patrimoine.lamayenne.fr\/robert-tatin\/expositions\/"},{"@type":"ListItem","position":3,"name":"Du Morbihan \u00e0 la Fr\u00e9nouse &#8211; Jacques Le Brusq"}]},{"@type":"WebSite","@id":"https:\/\/patrimoine.lamayenne.fr\/robert-tatin\/#website","url":"https:\/\/patrimoine.lamayenne.fr\/robert-tatin\/","name":"Robert Tatin","description":"","publisher":{"@id":"https:\/\/patrimoine.lamayenne.fr\/robert-tatin\/#organization"},"potentialAction":[{"@type":"SearchAction","target":{"@type":"EntryPoint","urlTemplate":"https:\/\/patrimoine.lamayenne.fr\/robert-tatin\/?s={search_term_string}"},"query-input":{"@type":"PropertyValueSpecification","valueRequired":true,"valueName":"search_term_string"}}],"inLanguage":"fr-FR"},{"@type":"Organization","@id":"https:\/\/patrimoine.lamayenne.fr\/robert-tatin\/#organization","name":"Robert Tatin","url":"https:\/\/patrimoine.lamayenne.fr\/robert-tatin\/","logo":{"@type":"ImageObject","inLanguage":"fr-FR","@id":"https:\/\/patrimoine.lamayenne.fr\/robert-tatin\/#\/schema\/logo\/image\/","url":"https:\/\/patrimoine.lamayenne.fr\/robert-tatin\/wp-content\/uploads\/2022\/04\/Tatin_logo.svg","contentUrl":"https:\/\/patrimoine.lamayenne.fr\/robert-tatin\/wp-content\/uploads\/2022\/04\/Tatin_logo.svg","width":1,"height":1,"caption":"Robert Tatin"},"image":{"@id":"https:\/\/patrimoine.lamayenne.fr\/robert-tatin\/#\/schema\/logo\/image\/"},"sameAs":["https:\/\/www.facebook.com\/departement.lamayenne","https:\/\/x.com\/lamayenne","https:\/\/www.instagram.com\/la.mayenne\/","https:\/\/www.youtube.com\/user\/LaMayenneTV"]}]}},"_links":{"self":[{"href":"https:\/\/patrimoine.lamayenne.fr\/robert-tatin\/wp-json\/wp\/v2\/expositions\/1110","targetHints":{"allow":["GET"]}}],"collection":[{"href":"https:\/\/patrimoine.lamayenne.fr\/robert-tatin\/wp-json\/wp\/v2\/expositions"}],"about":[{"href":"https:\/\/patrimoine.lamayenne.fr\/robert-tatin\/wp-json\/wp\/v2\/types\/expositions"}],"version-history":[{"count":5,"href":"https:\/\/patrimoine.lamayenne.fr\/robert-tatin\/wp-json\/wp\/v2\/expositions\/1110\/revisions"}],"predecessor-version":[{"id":1120,"href":"https:\/\/patrimoine.lamayenne.fr\/robert-tatin\/wp-json\/wp\/v2\/expositions\/1110\/revisions\/1120"}],"wp:featuredmedia":[{"embeddable":true,"href":"https:\/\/patrimoine.lamayenne.fr\/robert-tatin\/wp-json\/wp\/v2\/media\/1111"}],"wp:attachment":[{"href":"https:\/\/patrimoine.lamayenne.fr\/robert-tatin\/wp-json\/wp\/v2\/media?parent=1110"}],"curies":[{"name":"wp","href":"https:\/\/api.w.org\/{rel}","templated":true}]}}