{"id":3847,"date":"2025-04-04T11:41:54","date_gmt":"2025-04-04T09:41:54","guid":{"rendered":"https:\/\/patrimoine.lamayenne.fr\/sainte-suzanne\/?post_type=evenements&#038;p=3847"},"modified":"2025-04-04T15:06:16","modified_gmt":"2025-04-04T13:06:16","slug":"visite-cote-cour-cote-coeur-2","status":"publish","type":"evenements","link":"https:\/\/patrimoine.lamayenne.fr\/sainte-suzanne\/evenements\/visite-cote-cour-cote-coeur-2\/","title":{"rendered":"Visite C\u00f4t\u00e9 Cour, C\u00f4t\u00e9 C\u0153ur"},"content":{"rendered":"\n<p>Laissez-vous emporter dans l\u2019univers architectural des belles demeures de la cit\u00e9 de Sainte-Suzanne gr\u00e2ce \u00e0 une d\u00e9ambulation \u00e0 double voix. Les manoirs, \u00e9tablis au lendemain de la Guerre de Cent Ans, c\u00f4toient aujourd\u2019hui les h\u00f4tels particuliers \u00e9difi\u00e9s au 18<sup>e<\/sup> si\u00e8cle pour les magistrats et notables enrichis. \u00c0 cette occasion, certains propri\u00e9taires ouvriront leur porte pour d\u00e9couvrir, \u00e0 l\u2019abri des murs de cl\u00f4ture, les cours et jardins d\u2019agr\u00e9ment.<\/p>\n\n\n\n<p><em>En partenariat avec l\u2019Association Les Amis de Sainte-Suzanne<\/em><\/p>\n","protected":false},"featured_media":3856,"template":"","meta":{"_acf_changed":false,"footnotes":""},"evt_type":[7],"class_list":["post-3847","evenements","type-evenements","status-publish","has-post-thumbnail","hentry","evt_type-visites"],"acf":{"titre":"Visite C\u00f4t\u00e9 Cour, C\u00f4t\u00e9 C\u0153ur ","sous_titre":"les belles demeures de la cit\u00e9 ","mention":"","date_debut":"20250511","date_fin":"20250511","heure_debut":15,"minutes_debut":30,"heure_fin":17,"minutes_fin":30,"tarifs":"Tarif plein : 6 \u20ac\r\nTarif r\u00e9duit : 3 \u20ac \r\nPlaces limit\u00e9es","public":"all","lieu":"Rendez-vous : Cour de la forteresse ","handicap":"none"},"yoast_head":"<!-- This site is optimized with the Yoast SEO plugin v25.8 - https:\/\/yoast.com\/wordpress\/plugins\/seo\/ -->\n<title>Visite C\u00f4t\u00e9 Cour, C\u00f4t\u00e9 C\u0153ur - Sainte-Suzanne<\/title>\n<meta name=\"robots\" content=\"index, follow, max-snippet:-1, max-image-preview:large, max-video-preview:-1\" \/>\n<link rel=\"canonical\" href=\"https:\/\/patrimoine.lamayenne.fr\/sainte-suzanne\/evenements\/visite-cote-cour-cote-coeur-2\/\" \/>\n<meta name=\"twitter:card\" content=\"summary_large_image\" \/>\n<meta name=\"twitter:title\" content=\"Visite C\u00f4t\u00e9 Cour, C\u00f4t\u00e9 C\u0153ur - Sainte-Suzanne\" \/>\n<meta name=\"twitter:description\" content=\"Laissez-vous emporter dans l\u2019univers architectural des belles demeures de la cit\u00e9 de Sainte-Suzanne gr\u00e2ce \u00e0 une d\u00e9ambulation \u00e0 double voix. Les manoirs, \u00e9tablis au lendemain de la Guerre de Cent Ans, c\u00f4toient aujourd\u2019hui les h\u00f4tels particuliers \u00e9difi\u00e9s au 18e si\u00e8cle pour les magistrats et notables enrichis. \u00c0 cette occasion, certains propri\u00e9taires ouvriront leur porte pour [&hellip;]\" \/>\n<meta name=\"twitter:image\" content=\"https:\/\/patrimoine.lamayenne.fr\/sainte-suzanne\/wp-content\/uploads\/2025\/04\/Cote_Coeur_Cote_Coeur_1_Internet-scaled.jpg\" \/>\n<meta name=\"twitter:site\" content=\"@lamayenne\" \/>\n<meta name=\"twitter:label1\" content=\"Dur\u00e9e de lecture estim\u00e9e\" \/>\n\t<meta name=\"twitter:data1\" content=\"1 minute\" \/>\n<script type=\"application\/ld+json\" class=\"yoast-schema-graph\">{\"@context\":\"https:\/\/schema.org\",\"@graph\":[{\"@type\":\"WebPage\",\"@id\":\"https:\/\/patrimoine.lamayenne.fr\/sainte-suzanne\/evenements\/visite-cote-cour-cote-coeur-2\/\",\"url\":\"https:\/\/patrimoine.lamayenne.fr\/sainte-suzanne\/evenements\/visite-cote-cour-cote-coeur-2\/\",\"name\":\"Visite C\u00f4t\u00e9 Cour, C\u00f4t\u00e9 C\u0153ur - Sainte-Suzanne\",\"isPartOf\":{\"@id\":\"https:\/\/patrimoine.lamayenne.fr\/sainte-suzanne\/#website\"},\"primaryImageOfPage\":{\"@id\":\"https:\/\/patrimoine.lamayenne.fr\/sainte-suzanne\/evenements\/visite-cote-cour-cote-coeur-2\/#primaryimage\"},\"image\":{\"@id\":\"https:\/\/patrimoine.lamayenne.fr\/sainte-suzanne\/evenements\/visite-cote-cour-cote-coeur-2\/#primaryimage\"},\"thumbnailUrl\":\"https:\/\/patrimoine.lamayenne.fr\/sainte-suzanne\/wp-content\/uploads\/2025\/04\/Cote_Coeur_Cote_Coeur_1_Internet-scaled.jpg\",\"datePublished\":\"2025-04-04T09:41:54+00:00\",\"dateModified\":\"2025-04-04T13:06:16+00:00\",\"breadcrumb\":{\"@id\":\"https:\/\/patrimoine.lamayenne.fr\/sainte-suzanne\/evenements\/visite-cote-cour-cote-coeur-2\/#breadcrumb\"},\"inLanguage\":\"fr-FR\",\"potentialAction\":[{\"@type\":\"ReadAction\",\"target\":[\"https:\/\/patrimoine.lamayenne.fr\/sainte-suzanne\/evenements\/visite-cote-cour-cote-coeur-2\/\"]}]},{\"@type\":\"ImageObject\",\"inLanguage\":\"fr-FR\",\"@id\":\"https:\/\/patrimoine.lamayenne.fr\/sainte-suzanne\/evenements\/visite-cote-cour-cote-coeur-2\/#primaryimage\",\"url\":\"https:\/\/patrimoine.lamayenne.fr\/sainte-suzanne\/wp-content\/uploads\/2025\/04\/Cote_Coeur_Cote_Coeur_1_Internet-scaled.jpg\",\"contentUrl\":\"https:\/\/patrimoine.lamayenne.fr\/sainte-suzanne\/wp-content\/uploads\/2025\/04\/Cote_Coeur_Cote_Coeur_1_Internet-scaled.jpg\",\"width\":1640,\"height\":1093},{\"@type\":\"BreadcrumbList\",\"@id\":\"https:\/\/patrimoine.lamayenne.fr\/sainte-suzanne\/evenements\/visite-cote-cour-cote-coeur-2\/#breadcrumb\",\"itemListElement\":[{\"@type\":\"ListItem\",\"position\":1,\"name\":\"Accueil\",\"item\":\"https:\/\/patrimoine.lamayenne.fr\/sainte-suzanne\/\"},{\"@type\":\"ListItem\",\"position\":2,\"name\":\"Visite C\u00f4t\u00e9 Cour, C\u00f4t\u00e9 C\u0153ur\"}]},{\"@type\":\"WebSite\",\"@id\":\"https:\/\/patrimoine.lamayenne.fr\/sainte-suzanne\/#website\",\"url\":\"https:\/\/patrimoine.lamayenne.fr\/sainte-suzanne\/\",\"name\":\"Sainte-Suzanne\",\"description\":\"\",\"publisher\":{\"@id\":\"https:\/\/patrimoine.lamayenne.fr\/sainte-suzanne\/#organization\"},\"potentialAction\":[{\"@type\":\"SearchAction\",\"target\":{\"@type\":\"EntryPoint\",\"urlTemplate\":\"https:\/\/patrimoine.lamayenne.fr\/sainte-suzanne\/?s={search_term_string}\"},\"query-input\":{\"@type\":\"PropertyValueSpecification\",\"valueRequired\":true,\"valueName\":\"search_term_string\"}}],\"inLanguage\":\"fr-FR\"},{\"@type\":\"Organization\",\"@id\":\"https:\/\/patrimoine.lamayenne.fr\/sainte-suzanne\/#organization\",\"name\":\"Sainte-Suzanne\",\"url\":\"https:\/\/patrimoine.lamayenne.fr\/sainte-suzanne\/\",\"logo\":{\"@type\":\"ImageObject\",\"inLanguage\":\"fr-FR\",\"@id\":\"https:\/\/patrimoine.lamayenne.fr\/sainte-suzanne\/#\/schema\/logo\/image\/\",\"url\":\"https:\/\/patrimoine.lamayenne.fr\/sainte-suzanne\/wp-content\/uploads\/2022\/04\/SteSuz_logo.svg\",\"contentUrl\":\"https:\/\/patrimoine.lamayenne.fr\/sainte-suzanne\/wp-content\/uploads\/2022\/04\/SteSuz_logo.svg\",\"width\":1,\"height\":1,\"caption\":\"Sainte-Suzanne\"},\"image\":{\"@id\":\"https:\/\/patrimoine.lamayenne.fr\/sainte-suzanne\/#\/schema\/logo\/image\/\"},\"sameAs\":[\"https:\/\/www.facebook.com\/departement.lamayenne\",\"https:\/\/x.com\/lamayenne\",\"https:\/\/www.instagram.com\/la.mayenne\/\",\"https:\/\/www.youtube.com\/user\/LaMayenneTV\"]}]}<\/script>\n<!-- \/ Yoast SEO plugin. -->","yoast_head_json":{"title":"Visite C\u00f4t\u00e9 Cour, C\u00f4t\u00e9 C\u0153ur - Sainte-Suzanne","robots":{"index":"index","follow":"follow","max-snippet":"max-snippet:-1","max-image-preview":"max-image-preview:large","max-video-preview":"max-video-preview:-1"},"canonical":"https:\/\/patrimoine.lamayenne.fr\/sainte-suzanne\/evenements\/visite-cote-cour-cote-coeur-2\/","twitter_card":"summary_large_image","twitter_title":"Visite C\u00f4t\u00e9 Cour, C\u00f4t\u00e9 C\u0153ur - Sainte-Suzanne","twitter_description":"Laissez-vous emporter dans l\u2019univers architectural des belles demeures de la cit\u00e9 de Sainte-Suzanne gr\u00e2ce \u00e0 une d\u00e9ambulation \u00e0 double voix. Les manoirs, \u00e9tablis au lendemain de la Guerre de Cent Ans, c\u00f4toient aujourd\u2019hui les h\u00f4tels particuliers \u00e9difi\u00e9s au 18e si\u00e8cle pour les magistrats et notables enrichis. \u00c0 cette occasion, certains propri\u00e9taires ouvriront leur porte pour [&hellip;]","twitter_image":"https:\/\/patrimoine.lamayenne.fr\/sainte-suzanne\/wp-content\/uploads\/2025\/04\/Cote_Coeur_Cote_Coeur_1_Internet-scaled.jpg","twitter_site":"@lamayenne","twitter_misc":{"Dur\u00e9e de lecture estim\u00e9e":"1 minute"},"schema":{"@context":"https:\/\/schema.org","@graph":[{"@type":"WebPage","@id":"https:\/\/patrimoine.lamayenne.fr\/sainte-suzanne\/evenements\/visite-cote-cour-cote-coeur-2\/","url":"https:\/\/patrimoine.lamayenne.fr\/sainte-suzanne\/evenements\/visite-cote-cour-cote-coeur-2\/","name":"Visite C\u00f4t\u00e9 Cour, C\u00f4t\u00e9 C\u0153ur - Sainte-Suzanne","isPartOf":{"@id":"https:\/\/patrimoine.lamayenne.fr\/sainte-suzanne\/#website"},"primaryImageOfPage":{"@id":"https:\/\/patrimoine.lamayenne.fr\/sainte-suzanne\/evenements\/visite-cote-cour-cote-coeur-2\/#primaryimage"},"image":{"@id":"https:\/\/patrimoine.lamayenne.fr\/sainte-suzanne\/evenements\/visite-cote-cour-cote-coeur-2\/#primaryimage"},"thumbnailUrl":"https:\/\/patrimoine.lamayenne.fr\/sainte-suzanne\/wp-content\/uploads\/2025\/04\/Cote_Coeur_Cote_Coeur_1_Internet-scaled.jpg","datePublished":"2025-04-04T09:41:54+00:00","dateModified":"2025-04-04T13:06:16+00:00","breadcrumb":{"@id":"https:\/\/patrimoine.lamayenne.fr\/sainte-suzanne\/evenements\/visite-cote-cour-cote-coeur-2\/#breadcrumb"},"inLanguage":"fr-FR","potentialAction":[{"@type":"ReadAction","target":["https:\/\/patrimoine.lamayenne.fr\/sainte-suzanne\/evenements\/visite-cote-cour-cote-coeur-2\/"]}]},{"@type":"ImageObject","inLanguage":"fr-FR","@id":"https:\/\/patrimoine.lamayenne.fr\/sainte-suzanne\/evenements\/visite-cote-cour-cote-coeur-2\/#primaryimage","url":"https:\/\/patrimoine.lamayenne.fr\/sainte-suzanne\/wp-content\/uploads\/2025\/04\/Cote_Coeur_Cote_Coeur_1_Internet-scaled.jpg","contentUrl":"https:\/\/patrimoine.lamayenne.fr\/sainte-suzanne\/wp-content\/uploads\/2025\/04\/Cote_Coeur_Cote_Coeur_1_Internet-scaled.jpg","width":1640,"height":1093},{"@type":"BreadcrumbList","@id":"https:\/\/patrimoine.lamayenne.fr\/sainte-suzanne\/evenements\/visite-cote-cour-cote-coeur-2\/#breadcrumb","itemListElement":[{"@type":"ListItem","position":1,"name":"Accueil","item":"https:\/\/patrimoine.lamayenne.fr\/sainte-suzanne\/"},{"@type":"ListItem","position":2,"name":"Visite C\u00f4t\u00e9 Cour, C\u00f4t\u00e9 C\u0153ur"}]},{"@type":"WebSite","@id":"https:\/\/patrimoine.lamayenne.fr\/sainte-suzanne\/#website","url":"https:\/\/patrimoine.lamayenne.fr\/sainte-suzanne\/","name":"Sainte-Suzanne","description":"","publisher":{"@id":"https:\/\/patrimoine.lamayenne.fr\/sainte-suzanne\/#organization"},"potentialAction":[{"@type":"SearchAction","target":{"@type":"EntryPoint","urlTemplate":"https:\/\/patrimoine.lamayenne.fr\/sainte-suzanne\/?s={search_term_string}"},"query-input":{"@type":"PropertyValueSpecification","valueRequired":true,"valueName":"search_term_string"}}],"inLanguage":"fr-FR"},{"@type":"Organization","@id":"https:\/\/patrimoine.lamayenne.fr\/sainte-suzanne\/#organization","name":"Sainte-Suzanne","url":"https:\/\/patrimoine.lamayenne.fr\/sainte-suzanne\/","logo":{"@type":"ImageObject","inLanguage":"fr-FR","@id":"https:\/\/patrimoine.lamayenne.fr\/sainte-suzanne\/#\/schema\/logo\/image\/","url":"https:\/\/patrimoine.lamayenne.fr\/sainte-suzanne\/wp-content\/uploads\/2022\/04\/SteSuz_logo.svg","contentUrl":"https:\/\/patrimoine.lamayenne.fr\/sainte-suzanne\/wp-content\/uploads\/2022\/04\/SteSuz_logo.svg","width":1,"height":1,"caption":"Sainte-Suzanne"},"image":{"@id":"https:\/\/patrimoine.lamayenne.fr\/sainte-suzanne\/#\/schema\/logo\/image\/"},"sameAs":["https:\/\/www.facebook.com\/departement.lamayenne","https:\/\/x.com\/lamayenne","https:\/\/www.instagram.com\/la.mayenne\/","https:\/\/www.youtube.com\/user\/LaMayenneTV"]}]}},"_links":{"self":[{"href":"https:\/\/patrimoine.lamayenne.fr\/sainte-suzanne\/wp-json\/wp\/v2\/evenements\/3847","targetHints":{"allow":["GET"]}}],"collection":[{"href":"https:\/\/patrimoine.lamayenne.fr\/sainte-suzanne\/wp-json\/wp\/v2\/evenements"}],"about":[{"href":"https:\/\/patrimoine.lamayenne.fr\/sainte-suzanne\/wp-json\/wp\/v2\/types\/evenements"}],"version-history":[{"count":1,"href":"https:\/\/patrimoine.lamayenne.fr\/sainte-suzanne\/wp-json\/wp\/v2\/evenements\/3847\/revisions"}],"predecessor-version":[{"id":3848,"href":"https:\/\/patrimoine.lamayenne.fr\/sainte-suzanne\/wp-json\/wp\/v2\/evenements\/3847\/revisions\/3848"}],"wp:featuredmedia":[{"embeddable":true,"href":"https:\/\/patrimoine.lamayenne.fr\/sainte-suzanne\/wp-json\/wp\/v2\/media\/3856"}],"wp:attachment":[{"href":"https:\/\/patrimoine.lamayenne.fr\/sainte-suzanne\/wp-json\/wp\/v2\/media?parent=3847"}],"wp:term":[{"taxonomy":"evt_type","embeddable":true,"href":"https:\/\/patrimoine.lamayenne.fr\/sainte-suzanne\/wp-json\/wp\/v2\/evt_type?post=3847"}],"curies":[{"name":"wp","href":"https:\/\/api.w.org\/{rel}","templated":true}]}}