{"id":4065,"date":"2025-05-29T18:44:18","date_gmt":"2025-05-29T16:44:18","guid":{"rendered":"https:\/\/patrimoine.lamayenne.fr\/sainte-suzanne\/?post_type=evenements&#038;p=4065"},"modified":"2025-05-30T13:57:12","modified_gmt":"2025-05-30T11:57:12","slug":"visite-commentees-de-lexposition-temporaire-au-fil-des-chateaux-4","status":"publish","type":"evenements","link":"https:\/\/patrimoine.lamayenne.fr\/sainte-suzanne\/evenements\/visite-commentees-de-lexposition-temporaire-au-fil-des-chateaux-4\/","title":{"rendered":"Visite comment\u00e9e de l\u2019exposition temporaire \u00ab Au fil des ch\u00e2teaux \u00bb"},"content":{"rendered":"\n<p>Au fil de la visite, un m\u00e9diateur vous raconte l\u2019\u00e9pop\u00e9e des ch\u00e2teaux n\u00e9ogothiques en Mayenne en s\u2019attachant \u00e0 replacer ce mouvement dans le cadre d\u2019une intense activit\u00e9 de construction au cours du 19<sup>e<\/sup> si\u00e8cle. Entre r\u00e9f\u00e9rences issues de l\u2019univers des ch\u00e2teaux-forts et l\u2019apport de modernit\u00e9 par le jeu des nouveaux mat\u00e9riaux, l\u2019art de la distribution ou des \u00e9quipements domestiques, les ch\u00e2teaux n\u00e9ogothiques n\u2019auront plus de secrets pour vous.<\/p>\n\n\n\n<p><\/p>\n\n\n\n<p><\/p>\n","protected":false},"featured_media":3959,"template":"","meta":{"_acf_changed":false,"footnotes":""},"evt_type":[7],"class_list":["post-4065","evenements","type-evenements","status-publish","has-post-thumbnail","hentry","evt_type-visites"],"acf":{"titre":"Visite comment\u00e9e de l\u2019exposition temporaire \u00ab Au fil des ch\u00e2teaux \u00bb","sous_titre":"","mention":"","date_debut":"20250731","date_fin":"20250731","heure_debut":15,"minutes_debut":0,"heure_fin":16,"minutes_fin":0,"tarifs":"Tarif plein : 6 \u20ac\r\nTarif r\u00e9duit : 4 \u20ac\r\nPlaces limit\u00e9es\r\nR\u00e9servations au 02 43 58 13 00","public":"all","lieu":"Grande salle du CIAP  - Ch\u00e2teau de Sainte-Suzanne","handicap":"none"},"yoast_head":"<!-- This site is optimized with the Yoast SEO plugin v25.8 - https:\/\/yoast.com\/wordpress\/plugins\/seo\/ -->\n<title>Visite comment\u00e9e de l\u2019exposition temporaire \u00ab Au fil des ch\u00e2teaux \u00bb - Sainte-Suzanne<\/title>\n<meta name=\"robots\" content=\"index, follow, max-snippet:-1, max-image-preview:large, max-video-preview:-1\" \/>\n<link rel=\"canonical\" href=\"https:\/\/patrimoine.lamayenne.fr\/sainte-suzanne\/evenements\/visite-commentees-de-lexposition-temporaire-au-fil-des-chateaux-4\/\" \/>\n<meta name=\"twitter:card\" content=\"summary_large_image\" \/>\n<meta name=\"twitter:title\" content=\"Visite comment\u00e9e de l\u2019exposition temporaire \u00ab Au fil des ch\u00e2teaux \u00bb - Sainte-Suzanne\" \/>\n<meta name=\"twitter:description\" content=\"Au fil de la visite, un m\u00e9diateur vous raconte l\u2019\u00e9pop\u00e9e des ch\u00e2teaux n\u00e9ogothiques en Mayenne en s\u2019attachant \u00e0 replacer ce mouvement dans le cadre d\u2019une intense activit\u00e9 de construction au cours du 19e si\u00e8cle. Entre r\u00e9f\u00e9rences issues de l\u2019univers des ch\u00e2teaux-forts et l\u2019apport de modernit\u00e9 par le jeu des nouveaux mat\u00e9riaux, l\u2019art de la distribution [&hellip;]\" \/>\n<meta name=\"twitter:image\" content=\"https:\/\/patrimoine.lamayenne.fr\/sainte-suzanne\/wp-content\/uploads\/2025\/05\/5_05_Mayenne_SteSuzanne_Affiche7_Internet-scaled.jpg\" \/>\n<meta name=\"twitter:site\" content=\"@lamayenne\" \/>\n<meta name=\"twitter:label1\" content=\"Dur\u00e9e de lecture estim\u00e9e\" \/>\n\t<meta name=\"twitter:data1\" content=\"1 minute\" \/>\n<script type=\"application\/ld+json\" class=\"yoast-schema-graph\">{\"@context\":\"https:\/\/schema.org\",\"@graph\":[{\"@type\":\"WebPage\",\"@id\":\"https:\/\/patrimoine.lamayenne.fr\/sainte-suzanne\/evenements\/visite-commentees-de-lexposition-temporaire-au-fil-des-chateaux-4\/\",\"url\":\"https:\/\/patrimoine.lamayenne.fr\/sainte-suzanne\/evenements\/visite-commentees-de-lexposition-temporaire-au-fil-des-chateaux-4\/\",\"name\":\"Visite comment\u00e9e de l\u2019exposition temporaire \u00ab Au fil des ch\u00e2teaux \u00bb - Sainte-Suzanne\",\"isPartOf\":{\"@id\":\"https:\/\/patrimoine.lamayenne.fr\/sainte-suzanne\/#website\"},\"primaryImageOfPage\":{\"@id\":\"https:\/\/patrimoine.lamayenne.fr\/sainte-suzanne\/evenements\/visite-commentees-de-lexposition-temporaire-au-fil-des-chateaux-4\/#primaryimage\"},\"image\":{\"@id\":\"https:\/\/patrimoine.lamayenne.fr\/sainte-suzanne\/evenements\/visite-commentees-de-lexposition-temporaire-au-fil-des-chateaux-4\/#primaryimage\"},\"thumbnailUrl\":\"https:\/\/patrimoine.lamayenne.fr\/sainte-suzanne\/wp-content\/uploads\/2025\/05\/5_05_Mayenne_SteSuzanne_Affiche7_Internet-scaled.jpg\",\"datePublished\":\"2025-05-29T16:44:18+00:00\",\"dateModified\":\"2025-05-30T11:57:12+00:00\",\"breadcrumb\":{\"@id\":\"https:\/\/patrimoine.lamayenne.fr\/sainte-suzanne\/evenements\/visite-commentees-de-lexposition-temporaire-au-fil-des-chateaux-4\/#breadcrumb\"},\"inLanguage\":\"fr-FR\",\"potentialAction\":[{\"@type\":\"ReadAction\",\"target\":[\"https:\/\/patrimoine.lamayenne.fr\/sainte-suzanne\/evenements\/visite-commentees-de-lexposition-temporaire-au-fil-des-chateaux-4\/\"]}]},{\"@type\":\"ImageObject\",\"inLanguage\":\"fr-FR\",\"@id\":\"https:\/\/patrimoine.lamayenne.fr\/sainte-suzanne\/evenements\/visite-commentees-de-lexposition-temporaire-au-fil-des-chateaux-4\/#primaryimage\",\"url\":\"https:\/\/patrimoine.lamayenne.fr\/sainte-suzanne\/wp-content\/uploads\/2025\/05\/5_05_Mayenne_SteSuzanne_Affiche7_Internet-scaled.jpg\",\"contentUrl\":\"https:\/\/patrimoine.lamayenne.fr\/sainte-suzanne\/wp-content\/uploads\/2025\/05\/5_05_Mayenne_SteSuzanne_Affiche7_Internet-scaled.jpg\",\"width\":1135,\"height\":1640},{\"@type\":\"BreadcrumbList\",\"@id\":\"https:\/\/patrimoine.lamayenne.fr\/sainte-suzanne\/evenements\/visite-commentees-de-lexposition-temporaire-au-fil-des-chateaux-4\/#breadcrumb\",\"itemListElement\":[{\"@type\":\"ListItem\",\"position\":1,\"name\":\"Accueil\",\"item\":\"https:\/\/patrimoine.lamayenne.fr\/sainte-suzanne\/\"},{\"@type\":\"ListItem\",\"position\":2,\"name\":\"Visite comment\u00e9e de l\u2019exposition temporaire \u00ab Au fil des ch\u00e2teaux \u00bb\"}]},{\"@type\":\"WebSite\",\"@id\":\"https:\/\/patrimoine.lamayenne.fr\/sainte-suzanne\/#website\",\"url\":\"https:\/\/patrimoine.lamayenne.fr\/sainte-suzanne\/\",\"name\":\"Sainte-Suzanne\",\"description\":\"\",\"publisher\":{\"@id\":\"https:\/\/patrimoine.lamayenne.fr\/sainte-suzanne\/#organization\"},\"potentialAction\":[{\"@type\":\"SearchAction\",\"target\":{\"@type\":\"EntryPoint\",\"urlTemplate\":\"https:\/\/patrimoine.lamayenne.fr\/sainte-suzanne\/?s={search_term_string}\"},\"query-input\":{\"@type\":\"PropertyValueSpecification\",\"valueRequired\":true,\"valueName\":\"search_term_string\"}}],\"inLanguage\":\"fr-FR\"},{\"@type\":\"Organization\",\"@id\":\"https:\/\/patrimoine.lamayenne.fr\/sainte-suzanne\/#organization\",\"name\":\"Sainte-Suzanne\",\"url\":\"https:\/\/patrimoine.lamayenne.fr\/sainte-suzanne\/\",\"logo\":{\"@type\":\"ImageObject\",\"inLanguage\":\"fr-FR\",\"@id\":\"https:\/\/patrimoine.lamayenne.fr\/sainte-suzanne\/#\/schema\/logo\/image\/\",\"url\":\"https:\/\/patrimoine.lamayenne.fr\/sainte-suzanne\/wp-content\/uploads\/2022\/04\/SteSuz_logo.svg\",\"contentUrl\":\"https:\/\/patrimoine.lamayenne.fr\/sainte-suzanne\/wp-content\/uploads\/2022\/04\/SteSuz_logo.svg\",\"width\":1,\"height\":1,\"caption\":\"Sainte-Suzanne\"},\"image\":{\"@id\":\"https:\/\/patrimoine.lamayenne.fr\/sainte-suzanne\/#\/schema\/logo\/image\/\"},\"sameAs\":[\"https:\/\/www.facebook.com\/departement.lamayenne\",\"https:\/\/x.com\/lamayenne\",\"https:\/\/www.instagram.com\/la.mayenne\/\",\"https:\/\/www.youtube.com\/user\/LaMayenneTV\"]}]}<\/script>\n<!-- \/ Yoast SEO plugin. -->","yoast_head_json":{"title":"Visite comment\u00e9e de l\u2019exposition temporaire \u00ab Au fil des ch\u00e2teaux \u00bb - Sainte-Suzanne","robots":{"index":"index","follow":"follow","max-snippet":"max-snippet:-1","max-image-preview":"max-image-preview:large","max-video-preview":"max-video-preview:-1"},"canonical":"https:\/\/patrimoine.lamayenne.fr\/sainte-suzanne\/evenements\/visite-commentees-de-lexposition-temporaire-au-fil-des-chateaux-4\/","twitter_card":"summary_large_image","twitter_title":"Visite comment\u00e9e de l\u2019exposition temporaire \u00ab Au fil des ch\u00e2teaux \u00bb - Sainte-Suzanne","twitter_description":"Au fil de la visite, un m\u00e9diateur vous raconte l\u2019\u00e9pop\u00e9e des ch\u00e2teaux n\u00e9ogothiques en Mayenne en s\u2019attachant \u00e0 replacer ce mouvement dans le cadre d\u2019une intense activit\u00e9 de construction au cours du 19e si\u00e8cle. Entre r\u00e9f\u00e9rences issues de l\u2019univers des ch\u00e2teaux-forts et l\u2019apport de modernit\u00e9 par le jeu des nouveaux mat\u00e9riaux, l\u2019art de la distribution [&hellip;]","twitter_image":"https:\/\/patrimoine.lamayenne.fr\/sainte-suzanne\/wp-content\/uploads\/2025\/05\/5_05_Mayenne_SteSuzanne_Affiche7_Internet-scaled.jpg","twitter_site":"@lamayenne","twitter_misc":{"Dur\u00e9e de lecture estim\u00e9e":"1 minute"},"schema":{"@context":"https:\/\/schema.org","@graph":[{"@type":"WebPage","@id":"https:\/\/patrimoine.lamayenne.fr\/sainte-suzanne\/evenements\/visite-commentees-de-lexposition-temporaire-au-fil-des-chateaux-4\/","url":"https:\/\/patrimoine.lamayenne.fr\/sainte-suzanne\/evenements\/visite-commentees-de-lexposition-temporaire-au-fil-des-chateaux-4\/","name":"Visite comment\u00e9e de l\u2019exposition temporaire \u00ab Au fil des ch\u00e2teaux \u00bb - Sainte-Suzanne","isPartOf":{"@id":"https:\/\/patrimoine.lamayenne.fr\/sainte-suzanne\/#website"},"primaryImageOfPage":{"@id":"https:\/\/patrimoine.lamayenne.fr\/sainte-suzanne\/evenements\/visite-commentees-de-lexposition-temporaire-au-fil-des-chateaux-4\/#primaryimage"},"image":{"@id":"https:\/\/patrimoine.lamayenne.fr\/sainte-suzanne\/evenements\/visite-commentees-de-lexposition-temporaire-au-fil-des-chateaux-4\/#primaryimage"},"thumbnailUrl":"https:\/\/patrimoine.lamayenne.fr\/sainte-suzanne\/wp-content\/uploads\/2025\/05\/5_05_Mayenne_SteSuzanne_Affiche7_Internet-scaled.jpg","datePublished":"2025-05-29T16:44:18+00:00","dateModified":"2025-05-30T11:57:12+00:00","breadcrumb":{"@id":"https:\/\/patrimoine.lamayenne.fr\/sainte-suzanne\/evenements\/visite-commentees-de-lexposition-temporaire-au-fil-des-chateaux-4\/#breadcrumb"},"inLanguage":"fr-FR","potentialAction":[{"@type":"ReadAction","target":["https:\/\/patrimoine.lamayenne.fr\/sainte-suzanne\/evenements\/visite-commentees-de-lexposition-temporaire-au-fil-des-chateaux-4\/"]}]},{"@type":"ImageObject","inLanguage":"fr-FR","@id":"https:\/\/patrimoine.lamayenne.fr\/sainte-suzanne\/evenements\/visite-commentees-de-lexposition-temporaire-au-fil-des-chateaux-4\/#primaryimage","url":"https:\/\/patrimoine.lamayenne.fr\/sainte-suzanne\/wp-content\/uploads\/2025\/05\/5_05_Mayenne_SteSuzanne_Affiche7_Internet-scaled.jpg","contentUrl":"https:\/\/patrimoine.lamayenne.fr\/sainte-suzanne\/wp-content\/uploads\/2025\/05\/5_05_Mayenne_SteSuzanne_Affiche7_Internet-scaled.jpg","width":1135,"height":1640},{"@type":"BreadcrumbList","@id":"https:\/\/patrimoine.lamayenne.fr\/sainte-suzanne\/evenements\/visite-commentees-de-lexposition-temporaire-au-fil-des-chateaux-4\/#breadcrumb","itemListElement":[{"@type":"ListItem","position":1,"name":"Accueil","item":"https:\/\/patrimoine.lamayenne.fr\/sainte-suzanne\/"},{"@type":"ListItem","position":2,"name":"Visite comment\u00e9e de l\u2019exposition temporaire \u00ab Au fil des ch\u00e2teaux \u00bb"}]},{"@type":"WebSite","@id":"https:\/\/patrimoine.lamayenne.fr\/sainte-suzanne\/#website","url":"https:\/\/patrimoine.lamayenne.fr\/sainte-suzanne\/","name":"Sainte-Suzanne","description":"","publisher":{"@id":"https:\/\/patrimoine.lamayenne.fr\/sainte-suzanne\/#organization"},"potentialAction":[{"@type":"SearchAction","target":{"@type":"EntryPoint","urlTemplate":"https:\/\/patrimoine.lamayenne.fr\/sainte-suzanne\/?s={search_term_string}"},"query-input":{"@type":"PropertyValueSpecification","valueRequired":true,"valueName":"search_term_string"}}],"inLanguage":"fr-FR"},{"@type":"Organization","@id":"https:\/\/patrimoine.lamayenne.fr\/sainte-suzanne\/#organization","name":"Sainte-Suzanne","url":"https:\/\/patrimoine.lamayenne.fr\/sainte-suzanne\/","logo":{"@type":"ImageObject","inLanguage":"fr-FR","@id":"https:\/\/patrimoine.lamayenne.fr\/sainte-suzanne\/#\/schema\/logo\/image\/","url":"https:\/\/patrimoine.lamayenne.fr\/sainte-suzanne\/wp-content\/uploads\/2022\/04\/SteSuz_logo.svg","contentUrl":"https:\/\/patrimoine.lamayenne.fr\/sainte-suzanne\/wp-content\/uploads\/2022\/04\/SteSuz_logo.svg","width":1,"height":1,"caption":"Sainte-Suzanne"},"image":{"@id":"https:\/\/patrimoine.lamayenne.fr\/sainte-suzanne\/#\/schema\/logo\/image\/"},"sameAs":["https:\/\/www.facebook.com\/departement.lamayenne","https:\/\/x.com\/lamayenne","https:\/\/www.instagram.com\/la.mayenne\/","https:\/\/www.youtube.com\/user\/LaMayenneTV"]}]}},"_links":{"self":[{"href":"https:\/\/patrimoine.lamayenne.fr\/sainte-suzanne\/wp-json\/wp\/v2\/evenements\/4065","targetHints":{"allow":["GET"]}}],"collection":[{"href":"https:\/\/patrimoine.lamayenne.fr\/sainte-suzanne\/wp-json\/wp\/v2\/evenements"}],"about":[{"href":"https:\/\/patrimoine.lamayenne.fr\/sainte-suzanne\/wp-json\/wp\/v2\/types\/evenements"}],"version-history":[{"count":3,"href":"https:\/\/patrimoine.lamayenne.fr\/sainte-suzanne\/wp-json\/wp\/v2\/evenements\/4065\/revisions"}],"predecessor-version":[{"id":4125,"href":"https:\/\/patrimoine.lamayenne.fr\/sainte-suzanne\/wp-json\/wp\/v2\/evenements\/4065\/revisions\/4125"}],"wp:featuredmedia":[{"embeddable":true,"href":"https:\/\/patrimoine.lamayenne.fr\/sainte-suzanne\/wp-json\/wp\/v2\/media\/3959"}],"wp:attachment":[{"href":"https:\/\/patrimoine.lamayenne.fr\/sainte-suzanne\/wp-json\/wp\/v2\/media?parent=4065"}],"wp:term":[{"taxonomy":"evt_type","embeddable":true,"href":"https:\/\/patrimoine.lamayenne.fr\/sainte-suzanne\/wp-json\/wp\/v2\/evt_type?post=4065"}],"curies":[{"name":"wp","href":"https:\/\/api.w.org\/{rel}","templated":true}]}}