{"id":4165,"date":"2025-06-08T16:38:17","date_gmt":"2025-06-08T14:38:17","guid":{"rendered":"https:\/\/patrimoine.lamayenne.fr\/sainte-suzanne\/?post_type=evenements&#038;p=4165"},"modified":"2025-06-08T16:38:18","modified_gmt":"2025-06-08T14:38:18","slug":"nais-par-la-compagnie-les-fautes-de-frappe-soiree-de-cloture-du-festival-des-nuits-de-la-mayenne","status":"publish","type":"evenements","link":"https:\/\/patrimoine.lamayenne.fr\/sainte-suzanne\/evenements\/nais-par-la-compagnie-les-fautes-de-frappe-soiree-de-cloture-du-festival-des-nuits-de-la-mayenne\/","title":{"rendered":"Na\u00efs par la Compagnie Les Fautes de Frappe \/ Soir\u00e9e de cl\u00f4ture du Festival des Nuits de la Mayenne"},"content":{"rendered":"\n<p>Antoine est bossu et souffre de son handicap. Il est amoureux de Na\u00efs, fille d\u2019un paysan violent. Na\u00efs, elle, est amoureuse de Fr\u00e9d\u00e9ric, jeune homme issu d\u2019une famille bourgeoise. L\u2019\u00e9t\u00e9 arrive et les jeunes amoureux se laissent aller \u00e0 des plaisirs que leur condition sociale ne leur permet pas&#8230; Un monde de po\u00e9sie et d\u2019\u00e9motions s\u2019ouvre alors dans un tourbillon de sentiments. Comme souvent chez Pagnol, l\u2019histoire et les personnages, d\u2019une rare humanit\u00e9, nous touchent en plein c\u0153ur.<\/p>\n\n\n\n<p>Drame d\u2019\u00c9mile Zola adapt\u00e9 au cin\u00e9ma par Marcel Pagnol, et aujourd\u2019hui pour le th\u00e9\u00e2tre, \u00ab Na\u00efs \u00bb porte en elle la puissance, la cruaut\u00e9 et la po\u00e9sie qui ont marqu\u00e9 l\u2019\u0153uvre de ces grands auteurs&#8230;<\/p>\n\n\n\n<p><em>Spectacle pr\u00e9c\u00e9d\u00e9 de \u00ab Spectacle surprise ! \u00bb, en partenariat avec L\u2019Arbre Bavard \u00e0 19h30<\/em><\/p>\n\n\n\n<p><\/p>\n","protected":false},"featured_media":4166,"template":"","meta":{"_acf_changed":false,"footnotes":""},"evt_type":[6],"class_list":["post-4165","evenements","type-evenements","status-publish","has-post-thumbnail","hentry","evt_type-spectacles"],"acf":{"titre":"Na\u00efs par la Compagnie \"Les Fautes de Frappe\"","sous_titre":"Soir\u00e9e de cl\u00f4ture du Festival des Nuits de la Mayenne","mention":"","date_debut":"20250806","date_fin":"20250806","heure_debut":19,"minutes_debut":30,"heure_fin":"","minutes_fin":"","tarifs":"Renseignements : \r\nLes Nuits de la Mayenne\r\n\r\n02 43 67 60 90 \r\ncontact@nuitsdelamayenne.com \r\n\r\nwww.nuitsdelamayenne.com\r\n\r\n\r\n","public":"all","lieu":"Cour de la forteresse","handicap":"handicap"},"yoast_head":"<!-- This site is optimized with the Yoast SEO plugin v25.8 - https:\/\/yoast.com\/wordpress\/plugins\/seo\/ -->\n<title>Na\u00efs par la Compagnie Les Fautes de Frappe \/ Soir\u00e9e de cl\u00f4ture du Festival des Nuits de la Mayenne - Sainte-Suzanne<\/title>\n<meta name=\"robots\" content=\"index, follow, max-snippet:-1, max-image-preview:large, max-video-preview:-1\" \/>\n<link rel=\"canonical\" href=\"https:\/\/patrimoine.lamayenne.fr\/sainte-suzanne\/evenements\/nais-par-la-compagnie-les-fautes-de-frappe-soiree-de-cloture-du-festival-des-nuits-de-la-mayenne\/\" \/>\n<meta name=\"twitter:card\" content=\"summary_large_image\" \/>\n<meta name=\"twitter:title\" content=\"Na\u00efs par la Compagnie Les Fautes de Frappe \/ Soir\u00e9e de cl\u00f4ture du Festival des Nuits de la Mayenne - Sainte-Suzanne\" \/>\n<meta name=\"twitter:description\" content=\"Antoine est bossu et souffre de son handicap. Il est amoureux de Na\u00efs, fille d\u2019un paysan violent. Na\u00efs, elle, est amoureuse de Fr\u00e9d\u00e9ric, jeune homme issu d\u2019une famille bourgeoise. L\u2019\u00e9t\u00e9 arrive et les jeunes amoureux se laissent aller \u00e0 des plaisirs que leur condition sociale ne leur permet pas&#8230; Un monde de po\u00e9sie et d\u2019\u00e9motions [&hellip;]\" \/>\n<meta name=\"twitter:image\" content=\"https:\/\/patrimoine.lamayenne.fr\/sainte-suzanne\/wp-content\/uploads\/2025\/06\/17_Nais_NuitsDLMayenne-scaled.jpg\" \/>\n<meta name=\"twitter:site\" content=\"@lamayenne\" \/>\n<meta name=\"twitter:label1\" content=\"Dur\u00e9e de lecture estim\u00e9e\" \/>\n\t<meta name=\"twitter:data1\" content=\"1 minute\" \/>\n<script type=\"application\/ld+json\" class=\"yoast-schema-graph\">{\"@context\":\"https:\/\/schema.org\",\"@graph\":[{\"@type\":\"WebPage\",\"@id\":\"https:\/\/patrimoine.lamayenne.fr\/sainte-suzanne\/evenements\/nais-par-la-compagnie-les-fautes-de-frappe-soiree-de-cloture-du-festival-des-nuits-de-la-mayenne\/\",\"url\":\"https:\/\/patrimoine.lamayenne.fr\/sainte-suzanne\/evenements\/nais-par-la-compagnie-les-fautes-de-frappe-soiree-de-cloture-du-festival-des-nuits-de-la-mayenne\/\",\"name\":\"Na\u00efs par la Compagnie Les Fautes de Frappe \/ Soir\u00e9e de cl\u00f4ture du Festival des Nuits de la Mayenne - Sainte-Suzanne\",\"isPartOf\":{\"@id\":\"https:\/\/patrimoine.lamayenne.fr\/sainte-suzanne\/#website\"},\"primaryImageOfPage\":{\"@id\":\"https:\/\/patrimoine.lamayenne.fr\/sainte-suzanne\/evenements\/nais-par-la-compagnie-les-fautes-de-frappe-soiree-de-cloture-du-festival-des-nuits-de-la-mayenne\/#primaryimage\"},\"image\":{\"@id\":\"https:\/\/patrimoine.lamayenne.fr\/sainte-suzanne\/evenements\/nais-par-la-compagnie-les-fautes-de-frappe-soiree-de-cloture-du-festival-des-nuits-de-la-mayenne\/#primaryimage\"},\"thumbnailUrl\":\"https:\/\/patrimoine.lamayenne.fr\/sainte-suzanne\/wp-content\/uploads\/2025\/06\/17_Nais_NuitsDLMayenne-scaled.jpg\",\"datePublished\":\"2025-06-08T14:38:17+00:00\",\"dateModified\":\"2025-06-08T14:38:18+00:00\",\"breadcrumb\":{\"@id\":\"https:\/\/patrimoine.lamayenne.fr\/sainte-suzanne\/evenements\/nais-par-la-compagnie-les-fautes-de-frappe-soiree-de-cloture-du-festival-des-nuits-de-la-mayenne\/#breadcrumb\"},\"inLanguage\":\"fr-FR\",\"potentialAction\":[{\"@type\":\"ReadAction\",\"target\":[\"https:\/\/patrimoine.lamayenne.fr\/sainte-suzanne\/evenements\/nais-par-la-compagnie-les-fautes-de-frappe-soiree-de-cloture-du-festival-des-nuits-de-la-mayenne\/\"]}]},{\"@type\":\"ImageObject\",\"inLanguage\":\"fr-FR\",\"@id\":\"https:\/\/patrimoine.lamayenne.fr\/sainte-suzanne\/evenements\/nais-par-la-compagnie-les-fautes-de-frappe-soiree-de-cloture-du-festival-des-nuits-de-la-mayenne\/#primaryimage\",\"url\":\"https:\/\/patrimoine.lamayenne.fr\/sainte-suzanne\/wp-content\/uploads\/2025\/06\/17_Nais_NuitsDLMayenne-scaled.jpg\",\"contentUrl\":\"https:\/\/patrimoine.lamayenne.fr\/sainte-suzanne\/wp-content\/uploads\/2025\/06\/17_Nais_NuitsDLMayenne-scaled.jpg\",\"width\":1640,\"height\":923},{\"@type\":\"BreadcrumbList\",\"@id\":\"https:\/\/patrimoine.lamayenne.fr\/sainte-suzanne\/evenements\/nais-par-la-compagnie-les-fautes-de-frappe-soiree-de-cloture-du-festival-des-nuits-de-la-mayenne\/#breadcrumb\",\"itemListElement\":[{\"@type\":\"ListItem\",\"position\":1,\"name\":\"Accueil\",\"item\":\"https:\/\/patrimoine.lamayenne.fr\/sainte-suzanne\/\"},{\"@type\":\"ListItem\",\"position\":2,\"name\":\"Na\u00efs par la Compagnie Les Fautes de Frappe \/ Soir\u00e9e de cl\u00f4ture du Festival des Nuits de la Mayenne\"}]},{\"@type\":\"WebSite\",\"@id\":\"https:\/\/patrimoine.lamayenne.fr\/sainte-suzanne\/#website\",\"url\":\"https:\/\/patrimoine.lamayenne.fr\/sainte-suzanne\/\",\"name\":\"Sainte-Suzanne\",\"description\":\"\",\"publisher\":{\"@id\":\"https:\/\/patrimoine.lamayenne.fr\/sainte-suzanne\/#organization\"},\"potentialAction\":[{\"@type\":\"SearchAction\",\"target\":{\"@type\":\"EntryPoint\",\"urlTemplate\":\"https:\/\/patrimoine.lamayenne.fr\/sainte-suzanne\/?s={search_term_string}\"},\"query-input\":{\"@type\":\"PropertyValueSpecification\",\"valueRequired\":true,\"valueName\":\"search_term_string\"}}],\"inLanguage\":\"fr-FR\"},{\"@type\":\"Organization\",\"@id\":\"https:\/\/patrimoine.lamayenne.fr\/sainte-suzanne\/#organization\",\"name\":\"Sainte-Suzanne\",\"url\":\"https:\/\/patrimoine.lamayenne.fr\/sainte-suzanne\/\",\"logo\":{\"@type\":\"ImageObject\",\"inLanguage\":\"fr-FR\",\"@id\":\"https:\/\/patrimoine.lamayenne.fr\/sainte-suzanne\/#\/schema\/logo\/image\/\",\"url\":\"https:\/\/patrimoine.lamayenne.fr\/sainte-suzanne\/wp-content\/uploads\/2022\/04\/SteSuz_logo.svg\",\"contentUrl\":\"https:\/\/patrimoine.lamayenne.fr\/sainte-suzanne\/wp-content\/uploads\/2022\/04\/SteSuz_logo.svg\",\"width\":1,\"height\":1,\"caption\":\"Sainte-Suzanne\"},\"image\":{\"@id\":\"https:\/\/patrimoine.lamayenne.fr\/sainte-suzanne\/#\/schema\/logo\/image\/\"},\"sameAs\":[\"https:\/\/www.facebook.com\/departement.lamayenne\",\"https:\/\/x.com\/lamayenne\",\"https:\/\/www.instagram.com\/la.mayenne\/\",\"https:\/\/www.youtube.com\/user\/LaMayenneTV\"]}]}<\/script>\n<!-- \/ Yoast SEO plugin. -->","yoast_head_json":{"title":"Na\u00efs par la Compagnie Les Fautes de Frappe \/ Soir\u00e9e de cl\u00f4ture du Festival des Nuits de la Mayenne - Sainte-Suzanne","robots":{"index":"index","follow":"follow","max-snippet":"max-snippet:-1","max-image-preview":"max-image-preview:large","max-video-preview":"max-video-preview:-1"},"canonical":"https:\/\/patrimoine.lamayenne.fr\/sainte-suzanne\/evenements\/nais-par-la-compagnie-les-fautes-de-frappe-soiree-de-cloture-du-festival-des-nuits-de-la-mayenne\/","twitter_card":"summary_large_image","twitter_title":"Na\u00efs par la Compagnie Les Fautes de Frappe \/ Soir\u00e9e de cl\u00f4ture du Festival des Nuits de la Mayenne - Sainte-Suzanne","twitter_description":"Antoine est bossu et souffre de son handicap. Il est amoureux de Na\u00efs, fille d\u2019un paysan violent. Na\u00efs, elle, est amoureuse de Fr\u00e9d\u00e9ric, jeune homme issu d\u2019une famille bourgeoise. L\u2019\u00e9t\u00e9 arrive et les jeunes amoureux se laissent aller \u00e0 des plaisirs que leur condition sociale ne leur permet pas&#8230; Un monde de po\u00e9sie et d\u2019\u00e9motions [&hellip;]","twitter_image":"https:\/\/patrimoine.lamayenne.fr\/sainte-suzanne\/wp-content\/uploads\/2025\/06\/17_Nais_NuitsDLMayenne-scaled.jpg","twitter_site":"@lamayenne","twitter_misc":{"Dur\u00e9e de lecture estim\u00e9e":"1 minute"},"schema":{"@context":"https:\/\/schema.org","@graph":[{"@type":"WebPage","@id":"https:\/\/patrimoine.lamayenne.fr\/sainte-suzanne\/evenements\/nais-par-la-compagnie-les-fautes-de-frappe-soiree-de-cloture-du-festival-des-nuits-de-la-mayenne\/","url":"https:\/\/patrimoine.lamayenne.fr\/sainte-suzanne\/evenements\/nais-par-la-compagnie-les-fautes-de-frappe-soiree-de-cloture-du-festival-des-nuits-de-la-mayenne\/","name":"Na\u00efs par la Compagnie Les Fautes de Frappe \/ Soir\u00e9e de cl\u00f4ture du Festival des Nuits de la Mayenne - Sainte-Suzanne","isPartOf":{"@id":"https:\/\/patrimoine.lamayenne.fr\/sainte-suzanne\/#website"},"primaryImageOfPage":{"@id":"https:\/\/patrimoine.lamayenne.fr\/sainte-suzanne\/evenements\/nais-par-la-compagnie-les-fautes-de-frappe-soiree-de-cloture-du-festival-des-nuits-de-la-mayenne\/#primaryimage"},"image":{"@id":"https:\/\/patrimoine.lamayenne.fr\/sainte-suzanne\/evenements\/nais-par-la-compagnie-les-fautes-de-frappe-soiree-de-cloture-du-festival-des-nuits-de-la-mayenne\/#primaryimage"},"thumbnailUrl":"https:\/\/patrimoine.lamayenne.fr\/sainte-suzanne\/wp-content\/uploads\/2025\/06\/17_Nais_NuitsDLMayenne-scaled.jpg","datePublished":"2025-06-08T14:38:17+00:00","dateModified":"2025-06-08T14:38:18+00:00","breadcrumb":{"@id":"https:\/\/patrimoine.lamayenne.fr\/sainte-suzanne\/evenements\/nais-par-la-compagnie-les-fautes-de-frappe-soiree-de-cloture-du-festival-des-nuits-de-la-mayenne\/#breadcrumb"},"inLanguage":"fr-FR","potentialAction":[{"@type":"ReadAction","target":["https:\/\/patrimoine.lamayenne.fr\/sainte-suzanne\/evenements\/nais-par-la-compagnie-les-fautes-de-frappe-soiree-de-cloture-du-festival-des-nuits-de-la-mayenne\/"]}]},{"@type":"ImageObject","inLanguage":"fr-FR","@id":"https:\/\/patrimoine.lamayenne.fr\/sainte-suzanne\/evenements\/nais-par-la-compagnie-les-fautes-de-frappe-soiree-de-cloture-du-festival-des-nuits-de-la-mayenne\/#primaryimage","url":"https:\/\/patrimoine.lamayenne.fr\/sainte-suzanne\/wp-content\/uploads\/2025\/06\/17_Nais_NuitsDLMayenne-scaled.jpg","contentUrl":"https:\/\/patrimoine.lamayenne.fr\/sainte-suzanne\/wp-content\/uploads\/2025\/06\/17_Nais_NuitsDLMayenne-scaled.jpg","width":1640,"height":923},{"@type":"BreadcrumbList","@id":"https:\/\/patrimoine.lamayenne.fr\/sainte-suzanne\/evenements\/nais-par-la-compagnie-les-fautes-de-frappe-soiree-de-cloture-du-festival-des-nuits-de-la-mayenne\/#breadcrumb","itemListElement":[{"@type":"ListItem","position":1,"name":"Accueil","item":"https:\/\/patrimoine.lamayenne.fr\/sainte-suzanne\/"},{"@type":"ListItem","position":2,"name":"Na\u00efs par la Compagnie Les Fautes de Frappe \/ Soir\u00e9e de cl\u00f4ture du Festival des Nuits de la Mayenne"}]},{"@type":"WebSite","@id":"https:\/\/patrimoine.lamayenne.fr\/sainte-suzanne\/#website","url":"https:\/\/patrimoine.lamayenne.fr\/sainte-suzanne\/","name":"Sainte-Suzanne","description":"","publisher":{"@id":"https:\/\/patrimoine.lamayenne.fr\/sainte-suzanne\/#organization"},"potentialAction":[{"@type":"SearchAction","target":{"@type":"EntryPoint","urlTemplate":"https:\/\/patrimoine.lamayenne.fr\/sainte-suzanne\/?s={search_term_string}"},"query-input":{"@type":"PropertyValueSpecification","valueRequired":true,"valueName":"search_term_string"}}],"inLanguage":"fr-FR"},{"@type":"Organization","@id":"https:\/\/patrimoine.lamayenne.fr\/sainte-suzanne\/#organization","name":"Sainte-Suzanne","url":"https:\/\/patrimoine.lamayenne.fr\/sainte-suzanne\/","logo":{"@type":"ImageObject","inLanguage":"fr-FR","@id":"https:\/\/patrimoine.lamayenne.fr\/sainte-suzanne\/#\/schema\/logo\/image\/","url":"https:\/\/patrimoine.lamayenne.fr\/sainte-suzanne\/wp-content\/uploads\/2022\/04\/SteSuz_logo.svg","contentUrl":"https:\/\/patrimoine.lamayenne.fr\/sainte-suzanne\/wp-content\/uploads\/2022\/04\/SteSuz_logo.svg","width":1,"height":1,"caption":"Sainte-Suzanne"},"image":{"@id":"https:\/\/patrimoine.lamayenne.fr\/sainte-suzanne\/#\/schema\/logo\/image\/"},"sameAs":["https:\/\/www.facebook.com\/departement.lamayenne","https:\/\/x.com\/lamayenne","https:\/\/www.instagram.com\/la.mayenne\/","https:\/\/www.youtube.com\/user\/LaMayenneTV"]}]}},"_links":{"self":[{"href":"https:\/\/patrimoine.lamayenne.fr\/sainte-suzanne\/wp-json\/wp\/v2\/evenements\/4165","targetHints":{"allow":["GET"]}}],"collection":[{"href":"https:\/\/patrimoine.lamayenne.fr\/sainte-suzanne\/wp-json\/wp\/v2\/evenements"}],"about":[{"href":"https:\/\/patrimoine.lamayenne.fr\/sainte-suzanne\/wp-json\/wp\/v2\/types\/evenements"}],"version-history":[{"count":1,"href":"https:\/\/patrimoine.lamayenne.fr\/sainte-suzanne\/wp-json\/wp\/v2\/evenements\/4165\/revisions"}],"predecessor-version":[{"id":4167,"href":"https:\/\/patrimoine.lamayenne.fr\/sainte-suzanne\/wp-json\/wp\/v2\/evenements\/4165\/revisions\/4167"}],"wp:featuredmedia":[{"embeddable":true,"href":"https:\/\/patrimoine.lamayenne.fr\/sainte-suzanne\/wp-json\/wp\/v2\/media\/4166"}],"wp:attachment":[{"href":"https:\/\/patrimoine.lamayenne.fr\/sainte-suzanne\/wp-json\/wp\/v2\/media?parent=4165"}],"wp:term":[{"taxonomy":"evt_type","embeddable":true,"href":"https:\/\/patrimoine.lamayenne.fr\/sainte-suzanne\/wp-json\/wp\/v2\/evt_type?post=4165"}],"curies":[{"name":"wp","href":"https:\/\/api.w.org\/{rel}","templated":true}]}}