{"id":4942,"date":"2026-01-20T16:21:31","date_gmt":"2026-01-20T15:21:31","guid":{"rendered":"https:\/\/patrimoine.lamayenne.fr\/sainte-suzanne\/?post_type=evenements&#038;p=4942"},"modified":"2026-02-13T12:52:13","modified_gmt":"2026-02-13T11:52:13","slug":"musique-au-chateau-cecile-branche","status":"publish","type":"evenements","link":"https:\/\/patrimoine.lamayenne.fr\/sainte-suzanne\/evenements\/musique-au-chateau-cecile-branche\/","title":{"rendered":"Musique au ch\u00e2teau : C\u00e9cile Branche I ANNUL\u00c9"},"content":{"rendered":"\n<p>Le ch\u00e2teau de Sainte-Suzanne&nbsp;vous convie&nbsp;\u00e0 un&nbsp;concert&nbsp;\u00e0 la&nbsp;d\u00e9couverte&nbsp;de l\u2019univers&nbsp;foisonnant&nbsp;de la musique m\u00e9di\u00e9vale.&nbsp;Pendant une heure,&nbsp;de la cour d\u2019Ali\u00e9nor d\u2019Aquitaine aux chemins de p\u00e8lerinage de Saint-Jacques-de-Compostelle,&nbsp;C\u00e9cile Branche&nbsp;propose&nbsp;au public&nbsp;une immersion dans les grandes traditions musicales du Moyen \u00c2ge.&nbsp;Construit autour de&nbsp;plusieurs&nbsp;pi\u00e8ces&nbsp;d\u00e9di\u00e9es&nbsp;aux&nbsp;instruments anciens&nbsp;(harpe, cornemuse, citole, rebec..)&nbsp;et&nbsp;introduites&nbsp;par une courte&nbsp;pr\u00e9sentation&nbsp;historique,&nbsp;ce&nbsp;concert-rencontre&nbsp;est une invitation \u00e0 une v\u00e9ritable voyage dans le&nbsp;temps.&nbsp;&nbsp;&nbsp;&nbsp;<\/p>\n\n\n\n<p><em>Renseignements au 02 43&nbsp;58 13&nbsp;00&nbsp;&nbsp;&nbsp;&nbsp;<\/em>&nbsp;<\/p>\n\n\n\n<p><strong>Ce rendez-vous s\u2019inscrit dans le cadre du lancement de la programmation culturelle 2026 des trois sites patrimoniaux du D\u00e9partement de la Mayenne<\/strong>.<\/p>\n\n\n\n<ul class=\"wp-block-list\">\n<li>Ch\u00e2teau de Sainte-Suzanne I SAMEDI 14 FEVRIER &#8211; 15H I <a href=\"https:\/\/patrimoine.lamayenne.fr\/sainte-suzanne\/evenements\/musique-au-chateau-cecile-branche\/\">Musique au ch\u00e2teau : C\u00e9cile Branche (musique m\u00e9di\u00e9vale) <\/a><\/li>\n<\/ul>\n\n\n\n<ul class=\"wp-block-list\">\n<li>Mus\u00e9e Robert Tatin I DIMANCHE 15 FEVRIER &#8211; 10H30 I <a href=\"https:\/\/patrimoine.lamayenne.fr\/robert-tatin\/evenements\/la-bulle-sonore\/\">La bulle sonore : Simon Roguet et P&rsquo;tit Fat (lecture-spectacle jeune public) <\/a><\/li>\n<\/ul>\n\n\n\n<ul class=\"wp-block-list\">\n<li>Mus\u00e9e de Jublains I DIMANCHE 15 FEVRIER &#8211; 15H I <a href=\"https:\/\/patrimoine.lamayenne.fr\/jublains\/evenements\/concert-au-musee-helene-gros\/\">Concert au mus\u00e9e : H\u00e9l\u00e8ne Gros (chanson accord\u00e9on)<\/a><\/li>\n<\/ul>\n\n\n\n<p><\/p>\n","protected":false},"featured_media":5099,"template":"","meta":{"_acf_changed":false,"footnotes":""},"evt_type":[10],"class_list":["post-4942","evenements","type-evenements","status-publish","has-post-thumbnail","hentry","evt_type-concerts"],"acf":{"titre":"Musique au ch\u00e2teau : C\u00e9cile Branche ","sous_titre":"Musique m\u00e9di\u00e9vale I ANNUL\u00c9","mention":"","date_debut":"20260214","date_fin":"20260214","heure_debut":15,"minutes_debut":0,"heure_fin":16,"minutes_fin":0,"tarifs":"Tarif plein 6\u20ac, r\u00e9duit 3 \u20ac, gratuit -18 ans (le tarif comprend l\u2019entr\u00e9e du site)","public":"all","lieu":"Grande salle du logis ","handicap":"none"},"yoast_head":"<!-- This site is optimized with the Yoast SEO plugin v25.8 - https:\/\/yoast.com\/wordpress\/plugins\/seo\/ -->\n<title>Musique au ch\u00e2teau : C\u00e9cile Branche I ANNUL\u00c9 - Sainte-Suzanne<\/title>\n<meta name=\"robots\" content=\"index, follow, max-snippet:-1, max-image-preview:large, max-video-preview:-1\" \/>\n<link rel=\"canonical\" href=\"https:\/\/patrimoine.lamayenne.fr\/sainte-suzanne\/evenements\/musique-au-chateau-cecile-branche\/\" \/>\n<meta name=\"twitter:card\" content=\"summary_large_image\" \/>\n<meta name=\"twitter:title\" content=\"Musique au ch\u00e2teau : C\u00e9cile Branche I ANNUL\u00c9 - Sainte-Suzanne\" \/>\n<meta name=\"twitter:description\" content=\"Le ch\u00e2teau de Sainte-Suzanne&nbsp;vous convie&nbsp;\u00e0 un&nbsp;concert&nbsp;\u00e0 la&nbsp;d\u00e9couverte&nbsp;de l\u2019univers&nbsp;foisonnant&nbsp;de la musique m\u00e9di\u00e9vale.&nbsp;Pendant une heure,&nbsp;de la cour d\u2019Ali\u00e9nor d\u2019Aquitaine aux chemins de p\u00e8lerinage de Saint-Jacques-de-Compostelle,&nbsp;C\u00e9cile Branche&nbsp;propose&nbsp;au public&nbsp;une immersion dans les grandes traditions musicales du Moyen \u00c2ge.&nbsp;Construit autour de&nbsp;plusieurs&nbsp;pi\u00e8ces&nbsp;d\u00e9di\u00e9es&nbsp;aux&nbsp;instruments anciens&nbsp;(harpe, cornemuse, citole, rebec..)&nbsp;et&nbsp;introduites&nbsp;par une courte&nbsp;pr\u00e9sentation&nbsp;historique,&nbsp;ce&nbsp;concert-rencontre&nbsp;est une invitation \u00e0 une v\u00e9ritable voyage dans le&nbsp;temps.&nbsp;&nbsp;&nbsp;&nbsp; Renseignements au 02 43&nbsp;58 13&nbsp;00&nbsp;&nbsp;&nbsp;&nbsp;&nbsp; [&hellip;]\" \/>\n<meta name=\"twitter:image\" content=\"https:\/\/patrimoine.lamayenne.fr\/sainte-suzanne\/wp-content\/uploads\/2026\/02\/cecile_branche_annule.jpg\" \/>\n<meta name=\"twitter:site\" content=\"@lamayenne\" \/>\n<meta name=\"twitter:label1\" content=\"Dur\u00e9e de lecture estim\u00e9e\" \/>\n\t<meta name=\"twitter:data1\" content=\"2 minutes\" \/>\n<script type=\"application\/ld+json\" class=\"yoast-schema-graph\">{\"@context\":\"https:\/\/schema.org\",\"@graph\":[{\"@type\":\"WebPage\",\"@id\":\"https:\/\/patrimoine.lamayenne.fr\/sainte-suzanne\/evenements\/musique-au-chateau-cecile-branche\/\",\"url\":\"https:\/\/patrimoine.lamayenne.fr\/sainte-suzanne\/evenements\/musique-au-chateau-cecile-branche\/\",\"name\":\"Musique au ch\u00e2teau : C\u00e9cile Branche I ANNUL\u00c9 - Sainte-Suzanne\",\"isPartOf\":{\"@id\":\"https:\/\/patrimoine.lamayenne.fr\/sainte-suzanne\/#website\"},\"primaryImageOfPage\":{\"@id\":\"https:\/\/patrimoine.lamayenne.fr\/sainte-suzanne\/evenements\/musique-au-chateau-cecile-branche\/#primaryimage\"},\"image\":{\"@id\":\"https:\/\/patrimoine.lamayenne.fr\/sainte-suzanne\/evenements\/musique-au-chateau-cecile-branche\/#primaryimage\"},\"thumbnailUrl\":\"https:\/\/patrimoine.lamayenne.fr\/sainte-suzanne\/wp-content\/uploads\/2026\/02\/cecile_branche_annule.jpg\",\"datePublished\":\"2026-01-20T15:21:31+00:00\",\"dateModified\":\"2026-02-13T11:52:13+00:00\",\"breadcrumb\":{\"@id\":\"https:\/\/patrimoine.lamayenne.fr\/sainte-suzanne\/evenements\/musique-au-chateau-cecile-branche\/#breadcrumb\"},\"inLanguage\":\"fr-FR\",\"potentialAction\":[{\"@type\":\"ReadAction\",\"target\":[\"https:\/\/patrimoine.lamayenne.fr\/sainte-suzanne\/evenements\/musique-au-chateau-cecile-branche\/\"]}]},{\"@type\":\"ImageObject\",\"inLanguage\":\"fr-FR\",\"@id\":\"https:\/\/patrimoine.lamayenne.fr\/sainte-suzanne\/evenements\/musique-au-chateau-cecile-branche\/#primaryimage\",\"url\":\"https:\/\/patrimoine.lamayenne.fr\/sainte-suzanne\/wp-content\/uploads\/2026\/02\/cecile_branche_annule.jpg\",\"contentUrl\":\"https:\/\/patrimoine.lamayenne.fr\/sainte-suzanne\/wp-content\/uploads\/2026\/02\/cecile_branche_annule.jpg\",\"width\":995,\"height\":572},{\"@type\":\"BreadcrumbList\",\"@id\":\"https:\/\/patrimoine.lamayenne.fr\/sainte-suzanne\/evenements\/musique-au-chateau-cecile-branche\/#breadcrumb\",\"itemListElement\":[{\"@type\":\"ListItem\",\"position\":1,\"name\":\"Accueil\",\"item\":\"https:\/\/patrimoine.lamayenne.fr\/sainte-suzanne\/\"},{\"@type\":\"ListItem\",\"position\":2,\"name\":\"Musique au ch\u00e2teau : C\u00e9cile Branche I ANNUL\u00c9\"}]},{\"@type\":\"WebSite\",\"@id\":\"https:\/\/patrimoine.lamayenne.fr\/sainte-suzanne\/#website\",\"url\":\"https:\/\/patrimoine.lamayenne.fr\/sainte-suzanne\/\",\"name\":\"Sainte-Suzanne\",\"description\":\"\",\"publisher\":{\"@id\":\"https:\/\/patrimoine.lamayenne.fr\/sainte-suzanne\/#organization\"},\"potentialAction\":[{\"@type\":\"SearchAction\",\"target\":{\"@type\":\"EntryPoint\",\"urlTemplate\":\"https:\/\/patrimoine.lamayenne.fr\/sainte-suzanne\/?s={search_term_string}\"},\"query-input\":{\"@type\":\"PropertyValueSpecification\",\"valueRequired\":true,\"valueName\":\"search_term_string\"}}],\"inLanguage\":\"fr-FR\"},{\"@type\":\"Organization\",\"@id\":\"https:\/\/patrimoine.lamayenne.fr\/sainte-suzanne\/#organization\",\"name\":\"Sainte-Suzanne\",\"url\":\"https:\/\/patrimoine.lamayenne.fr\/sainte-suzanne\/\",\"logo\":{\"@type\":\"ImageObject\",\"inLanguage\":\"fr-FR\",\"@id\":\"https:\/\/patrimoine.lamayenne.fr\/sainte-suzanne\/#\/schema\/logo\/image\/\",\"url\":\"https:\/\/patrimoine.lamayenne.fr\/sainte-suzanne\/wp-content\/uploads\/2022\/04\/SteSuz_logo.svg\",\"contentUrl\":\"https:\/\/patrimoine.lamayenne.fr\/sainte-suzanne\/wp-content\/uploads\/2022\/04\/SteSuz_logo.svg\",\"width\":1,\"height\":1,\"caption\":\"Sainte-Suzanne\"},\"image\":{\"@id\":\"https:\/\/patrimoine.lamayenne.fr\/sainte-suzanne\/#\/schema\/logo\/image\/\"},\"sameAs\":[\"https:\/\/www.facebook.com\/departement.lamayenne\",\"https:\/\/x.com\/lamayenne\",\"https:\/\/www.instagram.com\/la.mayenne\/\",\"https:\/\/www.youtube.com\/user\/LaMayenneTV\"]}]}<\/script>\n<!-- \/ Yoast SEO plugin. -->","yoast_head_json":{"title":"Musique au ch\u00e2teau : C\u00e9cile Branche I ANNUL\u00c9 - Sainte-Suzanne","robots":{"index":"index","follow":"follow","max-snippet":"max-snippet:-1","max-image-preview":"max-image-preview:large","max-video-preview":"max-video-preview:-1"},"canonical":"https:\/\/patrimoine.lamayenne.fr\/sainte-suzanne\/evenements\/musique-au-chateau-cecile-branche\/","twitter_card":"summary_large_image","twitter_title":"Musique au ch\u00e2teau : C\u00e9cile Branche I ANNUL\u00c9 - Sainte-Suzanne","twitter_description":"Le ch\u00e2teau de Sainte-Suzanne&nbsp;vous convie&nbsp;\u00e0 un&nbsp;concert&nbsp;\u00e0 la&nbsp;d\u00e9couverte&nbsp;de l\u2019univers&nbsp;foisonnant&nbsp;de la musique m\u00e9di\u00e9vale.&nbsp;Pendant une heure,&nbsp;de la cour d\u2019Ali\u00e9nor d\u2019Aquitaine aux chemins de p\u00e8lerinage de Saint-Jacques-de-Compostelle,&nbsp;C\u00e9cile Branche&nbsp;propose&nbsp;au public&nbsp;une immersion dans les grandes traditions musicales du Moyen \u00c2ge.&nbsp;Construit autour de&nbsp;plusieurs&nbsp;pi\u00e8ces&nbsp;d\u00e9di\u00e9es&nbsp;aux&nbsp;instruments anciens&nbsp;(harpe, cornemuse, citole, rebec..)&nbsp;et&nbsp;introduites&nbsp;par une courte&nbsp;pr\u00e9sentation&nbsp;historique,&nbsp;ce&nbsp;concert-rencontre&nbsp;est une invitation \u00e0 une v\u00e9ritable voyage dans le&nbsp;temps.&nbsp;&nbsp;&nbsp;&nbsp; Renseignements au 02 43&nbsp;58 13&nbsp;00&nbsp;&nbsp;&nbsp;&nbsp;&nbsp; [&hellip;]","twitter_image":"https:\/\/patrimoine.lamayenne.fr\/sainte-suzanne\/wp-content\/uploads\/2026\/02\/cecile_branche_annule.jpg","twitter_site":"@lamayenne","twitter_misc":{"Dur\u00e9e de lecture estim\u00e9e":"2 minutes"},"schema":{"@context":"https:\/\/schema.org","@graph":[{"@type":"WebPage","@id":"https:\/\/patrimoine.lamayenne.fr\/sainte-suzanne\/evenements\/musique-au-chateau-cecile-branche\/","url":"https:\/\/patrimoine.lamayenne.fr\/sainte-suzanne\/evenements\/musique-au-chateau-cecile-branche\/","name":"Musique au ch\u00e2teau : C\u00e9cile Branche I ANNUL\u00c9 - Sainte-Suzanne","isPartOf":{"@id":"https:\/\/patrimoine.lamayenne.fr\/sainte-suzanne\/#website"},"primaryImageOfPage":{"@id":"https:\/\/patrimoine.lamayenne.fr\/sainte-suzanne\/evenements\/musique-au-chateau-cecile-branche\/#primaryimage"},"image":{"@id":"https:\/\/patrimoine.lamayenne.fr\/sainte-suzanne\/evenements\/musique-au-chateau-cecile-branche\/#primaryimage"},"thumbnailUrl":"https:\/\/patrimoine.lamayenne.fr\/sainte-suzanne\/wp-content\/uploads\/2026\/02\/cecile_branche_annule.jpg","datePublished":"2026-01-20T15:21:31+00:00","dateModified":"2026-02-13T11:52:13+00:00","breadcrumb":{"@id":"https:\/\/patrimoine.lamayenne.fr\/sainte-suzanne\/evenements\/musique-au-chateau-cecile-branche\/#breadcrumb"},"inLanguage":"fr-FR","potentialAction":[{"@type":"ReadAction","target":["https:\/\/patrimoine.lamayenne.fr\/sainte-suzanne\/evenements\/musique-au-chateau-cecile-branche\/"]}]},{"@type":"ImageObject","inLanguage":"fr-FR","@id":"https:\/\/patrimoine.lamayenne.fr\/sainte-suzanne\/evenements\/musique-au-chateau-cecile-branche\/#primaryimage","url":"https:\/\/patrimoine.lamayenne.fr\/sainte-suzanne\/wp-content\/uploads\/2026\/02\/cecile_branche_annule.jpg","contentUrl":"https:\/\/patrimoine.lamayenne.fr\/sainte-suzanne\/wp-content\/uploads\/2026\/02\/cecile_branche_annule.jpg","width":995,"height":572},{"@type":"BreadcrumbList","@id":"https:\/\/patrimoine.lamayenne.fr\/sainte-suzanne\/evenements\/musique-au-chateau-cecile-branche\/#breadcrumb","itemListElement":[{"@type":"ListItem","position":1,"name":"Accueil","item":"https:\/\/patrimoine.lamayenne.fr\/sainte-suzanne\/"},{"@type":"ListItem","position":2,"name":"Musique au ch\u00e2teau : C\u00e9cile Branche I ANNUL\u00c9"}]},{"@type":"WebSite","@id":"https:\/\/patrimoine.lamayenne.fr\/sainte-suzanne\/#website","url":"https:\/\/patrimoine.lamayenne.fr\/sainte-suzanne\/","name":"Sainte-Suzanne","description":"","publisher":{"@id":"https:\/\/patrimoine.lamayenne.fr\/sainte-suzanne\/#organization"},"potentialAction":[{"@type":"SearchAction","target":{"@type":"EntryPoint","urlTemplate":"https:\/\/patrimoine.lamayenne.fr\/sainte-suzanne\/?s={search_term_string}"},"query-input":{"@type":"PropertyValueSpecification","valueRequired":true,"valueName":"search_term_string"}}],"inLanguage":"fr-FR"},{"@type":"Organization","@id":"https:\/\/patrimoine.lamayenne.fr\/sainte-suzanne\/#organization","name":"Sainte-Suzanne","url":"https:\/\/patrimoine.lamayenne.fr\/sainte-suzanne\/","logo":{"@type":"ImageObject","inLanguage":"fr-FR","@id":"https:\/\/patrimoine.lamayenne.fr\/sainte-suzanne\/#\/schema\/logo\/image\/","url":"https:\/\/patrimoine.lamayenne.fr\/sainte-suzanne\/wp-content\/uploads\/2022\/04\/SteSuz_logo.svg","contentUrl":"https:\/\/patrimoine.lamayenne.fr\/sainte-suzanne\/wp-content\/uploads\/2022\/04\/SteSuz_logo.svg","width":1,"height":1,"caption":"Sainte-Suzanne"},"image":{"@id":"https:\/\/patrimoine.lamayenne.fr\/sainte-suzanne\/#\/schema\/logo\/image\/"},"sameAs":["https:\/\/www.facebook.com\/departement.lamayenne","https:\/\/x.com\/lamayenne","https:\/\/www.instagram.com\/la.mayenne\/","https:\/\/www.youtube.com\/user\/LaMayenneTV"]}]}},"_links":{"self":[{"href":"https:\/\/patrimoine.lamayenne.fr\/sainte-suzanne\/wp-json\/wp\/v2\/evenements\/4942","targetHints":{"allow":["GET"]}}],"collection":[{"href":"https:\/\/patrimoine.lamayenne.fr\/sainte-suzanne\/wp-json\/wp\/v2\/evenements"}],"about":[{"href":"https:\/\/patrimoine.lamayenne.fr\/sainte-suzanne\/wp-json\/wp\/v2\/types\/evenements"}],"version-history":[{"count":14,"href":"https:\/\/patrimoine.lamayenne.fr\/sainte-suzanne\/wp-json\/wp\/v2\/evenements\/4942\/revisions"}],"predecessor-version":[{"id":5101,"href":"https:\/\/patrimoine.lamayenne.fr\/sainte-suzanne\/wp-json\/wp\/v2\/evenements\/4942\/revisions\/5101"}],"wp:featuredmedia":[{"embeddable":true,"href":"https:\/\/patrimoine.lamayenne.fr\/sainte-suzanne\/wp-json\/wp\/v2\/media\/5099"}],"wp:attachment":[{"href":"https:\/\/patrimoine.lamayenne.fr\/sainte-suzanne\/wp-json\/wp\/v2\/media?parent=4942"}],"wp:term":[{"taxonomy":"evt_type","embeddable":true,"href":"https:\/\/patrimoine.lamayenne.fr\/sainte-suzanne\/wp-json\/wp\/v2\/evt_type?post=4942"}],"curies":[{"name":"wp","href":"https:\/\/api.w.org\/{rel}","templated":true}]}}