{"id":1365,"date":"2022-09-21T17:37:56","date_gmt":"2022-09-21T15:37:56","guid":{"rendered":"https:\/\/patrimoine.lamayenne.fr\/sainte-suzanne\/?post_type=expositions&#038;p=1365"},"modified":"2022-09-21T17:38:25","modified_gmt":"2022-09-21T15:38:25","slug":"oeuvres-de-jean-louis-filoche","status":"publish","type":"expositions","link":"https:\/\/patrimoine.lamayenne.fr\/sainte-suzanne\/expositions\/oeuvres-de-jean-louis-filoche\/","title":{"rendered":"Oeuvres de Jean-Louis FILOCHE"},"content":{"rendered":"\n<p><strong>Les huiles comme les gravures de Jean-Louis Filoche, sont marqu\u00e9es par un sens profond des formes et des couleurs, ainsi que par leur mariage dans le milieu environnant qu\u2019il a cr\u00e9\u00e9.<\/strong><\/p>\n\n\n\n<p>Il en ressort une harmonie g\u00e9n\u00e9rale et une profondeur, venues tout droit de la tradition des si\u00e8cles pass\u00e9s. La puissance du trait et des masses qui composent le tableau se trouve consid\u00e9rablement adoucie par des tons sourds aux nuances mesur\u00e9es.<\/p>\n\n\n\n<p>Chaque toile, m\u00eame si elle semble spontan\u00e9e, est le r\u00e9sultat d\u2019une recherche int\u00e9rieure de l\u2019artiste et de sa connaissance, devenue instinctive, des fondements de l\u2019Art.<\/p>\n\n\n\n<p><em>Christian Germak<\/em><\/p>\n","protected":false},"featured_media":1366,"template":"","meta":{"_acf_changed":false,"footnotes":""},"class_list":["post-1365","expositions","type-expositions","status-publish","has-post-thumbnail","hentry"],"acf":{"titre":"oeuvres de Jean-Louis Filoche","date_debut":"20220917","date_fin":"20221016","heure_debut":"","minutes_debut":16,"heure_fin":"","minutes_fin":"","tarifs":"Entr\u00e9e libre","lieu":"Bergerie du ch\u00e2teau","affichage":"true"},"yoast_head":"<!-- This site is optimized with the Yoast SEO plugin v25.8 - https:\/\/yoast.com\/wordpress\/plugins\/seo\/ -->\n<title>Oeuvres de Jean-Louis FILOCHE - Sainte-Suzanne<\/title>\n<meta name=\"robots\" content=\"index, follow, max-snippet:-1, max-image-preview:large, max-video-preview:-1\" \/>\n<link rel=\"canonical\" href=\"https:\/\/patrimoine.lamayenne.fr\/sainte-suzanne\/expositions\/oeuvres-de-jean-louis-filoche\/\" \/>\n<meta name=\"twitter:card\" content=\"summary_large_image\" \/>\n<meta name=\"twitter:title\" content=\"Oeuvres de Jean-Louis FILOCHE - Sainte-Suzanne\" \/>\n<meta name=\"twitter:description\" content=\"Les huiles comme les gravures de Jean-Louis Filoche, sont marqu\u00e9es par un sens profond des formes et des couleurs, ainsi que par leur mariage dans le milieu environnant qu\u2019il a cr\u00e9\u00e9. Il en ressort une harmonie g\u00e9n\u00e9rale et une profondeur, venues tout droit de la tradition des si\u00e8cles pass\u00e9s. La puissance du trait et des [&hellip;]\" \/>\n<meta name=\"twitter:image\" content=\"https:\/\/patrimoine.lamayenne.fr\/sainte-suzanne\/wp-content\/uploads\/2022\/09\/Filoche.png\" \/>\n<meta name=\"twitter:site\" content=\"@lamayenne\" \/>\n<meta name=\"twitter:label1\" content=\"Dur\u00e9e de lecture estim\u00e9e\" \/>\n\t<meta name=\"twitter:data1\" content=\"1 minute\" \/>\n<script type=\"application\/ld+json\" class=\"yoast-schema-graph\">{\"@context\":\"https:\/\/schema.org\",\"@graph\":[{\"@type\":\"WebPage\",\"@id\":\"https:\/\/patrimoine.lamayenne.fr\/sainte-suzanne\/expositions\/oeuvres-de-jean-louis-filoche\/\",\"url\":\"https:\/\/patrimoine.lamayenne.fr\/sainte-suzanne\/expositions\/oeuvres-de-jean-louis-filoche\/\",\"name\":\"Oeuvres de Jean-Louis FILOCHE - Sainte-Suzanne\",\"isPartOf\":{\"@id\":\"https:\/\/patrimoine.lamayenne.fr\/sainte-suzanne\/#website\"},\"primaryImageOfPage\":{\"@id\":\"https:\/\/patrimoine.lamayenne.fr\/sainte-suzanne\/expositions\/oeuvres-de-jean-louis-filoche\/#primaryimage\"},\"image\":{\"@id\":\"https:\/\/patrimoine.lamayenne.fr\/sainte-suzanne\/expositions\/oeuvres-de-jean-louis-filoche\/#primaryimage\"},\"thumbnailUrl\":\"https:\/\/patrimoine.lamayenne.fr\/sainte-suzanne\/wp-content\/uploads\/2022\/09\/Filoche.png\",\"datePublished\":\"2022-09-21T15:37:56+00:00\",\"dateModified\":\"2022-09-21T15:38:25+00:00\",\"breadcrumb\":{\"@id\":\"https:\/\/patrimoine.lamayenne.fr\/sainte-suzanne\/expositions\/oeuvres-de-jean-louis-filoche\/#breadcrumb\"},\"inLanguage\":\"fr-FR\",\"potentialAction\":[{\"@type\":\"ReadAction\",\"target\":[\"https:\/\/patrimoine.lamayenne.fr\/sainte-suzanne\/expositions\/oeuvres-de-jean-louis-filoche\/\"]}]},{\"@type\":\"ImageObject\",\"inLanguage\":\"fr-FR\",\"@id\":\"https:\/\/patrimoine.lamayenne.fr\/sainte-suzanne\/expositions\/oeuvres-de-jean-louis-filoche\/#primaryimage\",\"url\":\"https:\/\/patrimoine.lamayenne.fr\/sainte-suzanne\/wp-content\/uploads\/2022\/09\/Filoche.png\",\"contentUrl\":\"https:\/\/patrimoine.lamayenne.fr\/sainte-suzanne\/wp-content\/uploads\/2022\/09\/Filoche.png\",\"width\":765,\"height\":622,\"caption\":\"Exposition Jean-Louis Filoche\"},{\"@type\":\"BreadcrumbList\",\"@id\":\"https:\/\/patrimoine.lamayenne.fr\/sainte-suzanne\/expositions\/oeuvres-de-jean-louis-filoche\/#breadcrumb\",\"itemListElement\":[{\"@type\":\"ListItem\",\"position\":1,\"name\":\"Accueil\",\"item\":\"https:\/\/patrimoine.lamayenne.fr\/sainte-suzanne\/\"},{\"@type\":\"ListItem\",\"position\":2,\"name\":\"Expositions\",\"item\":\"https:\/\/patrimoine.lamayenne.fr\/sainte-suzanne\/expositions\/\"},{\"@type\":\"ListItem\",\"position\":3,\"name\":\"Oeuvres de Jean-Louis FILOCHE\"}]},{\"@type\":\"WebSite\",\"@id\":\"https:\/\/patrimoine.lamayenne.fr\/sainte-suzanne\/#website\",\"url\":\"https:\/\/patrimoine.lamayenne.fr\/sainte-suzanne\/\",\"name\":\"Sainte-Suzanne\",\"description\":\"\",\"publisher\":{\"@id\":\"https:\/\/patrimoine.lamayenne.fr\/sainte-suzanne\/#organization\"},\"potentialAction\":[{\"@type\":\"SearchAction\",\"target\":{\"@type\":\"EntryPoint\",\"urlTemplate\":\"https:\/\/patrimoine.lamayenne.fr\/sainte-suzanne\/?s={search_term_string}\"},\"query-input\":{\"@type\":\"PropertyValueSpecification\",\"valueRequired\":true,\"valueName\":\"search_term_string\"}}],\"inLanguage\":\"fr-FR\"},{\"@type\":\"Organization\",\"@id\":\"https:\/\/patrimoine.lamayenne.fr\/sainte-suzanne\/#organization\",\"name\":\"Sainte-Suzanne\",\"url\":\"https:\/\/patrimoine.lamayenne.fr\/sainte-suzanne\/\",\"logo\":{\"@type\":\"ImageObject\",\"inLanguage\":\"fr-FR\",\"@id\":\"https:\/\/patrimoine.lamayenne.fr\/sainte-suzanne\/#\/schema\/logo\/image\/\",\"url\":\"https:\/\/patrimoine.lamayenne.fr\/sainte-suzanne\/wp-content\/uploads\/2022\/04\/SteSuz_logo.svg\",\"contentUrl\":\"https:\/\/patrimoine.lamayenne.fr\/sainte-suzanne\/wp-content\/uploads\/2022\/04\/SteSuz_logo.svg\",\"width\":1,\"height\":1,\"caption\":\"Sainte-Suzanne\"},\"image\":{\"@id\":\"https:\/\/patrimoine.lamayenne.fr\/sainte-suzanne\/#\/schema\/logo\/image\/\"},\"sameAs\":[\"https:\/\/www.facebook.com\/departement.lamayenne\",\"https:\/\/x.com\/lamayenne\",\"https:\/\/www.instagram.com\/la.mayenne\/\",\"https:\/\/www.youtube.com\/user\/LaMayenneTV\"]}]}<\/script>\n<!-- \/ Yoast SEO plugin. -->","yoast_head_json":{"title":"Oeuvres de Jean-Louis FILOCHE - Sainte-Suzanne","robots":{"index":"index","follow":"follow","max-snippet":"max-snippet:-1","max-image-preview":"max-image-preview:large","max-video-preview":"max-video-preview:-1"},"canonical":"https:\/\/patrimoine.lamayenne.fr\/sainte-suzanne\/expositions\/oeuvres-de-jean-louis-filoche\/","twitter_card":"summary_large_image","twitter_title":"Oeuvres de Jean-Louis FILOCHE - Sainte-Suzanne","twitter_description":"Les huiles comme les gravures de Jean-Louis Filoche, sont marqu\u00e9es par un sens profond des formes et des couleurs, ainsi que par leur mariage dans le milieu environnant qu\u2019il a cr\u00e9\u00e9. Il en ressort une harmonie g\u00e9n\u00e9rale et une profondeur, venues tout droit de la tradition des si\u00e8cles pass\u00e9s. La puissance du trait et des [&hellip;]","twitter_image":"https:\/\/patrimoine.lamayenne.fr\/sainte-suzanne\/wp-content\/uploads\/2022\/09\/Filoche.png","twitter_site":"@lamayenne","twitter_misc":{"Dur\u00e9e de lecture estim\u00e9e":"1 minute"},"schema":{"@context":"https:\/\/schema.org","@graph":[{"@type":"WebPage","@id":"https:\/\/patrimoine.lamayenne.fr\/sainte-suzanne\/expositions\/oeuvres-de-jean-louis-filoche\/","url":"https:\/\/patrimoine.lamayenne.fr\/sainte-suzanne\/expositions\/oeuvres-de-jean-louis-filoche\/","name":"Oeuvres de Jean-Louis FILOCHE - Sainte-Suzanne","isPartOf":{"@id":"https:\/\/patrimoine.lamayenne.fr\/sainte-suzanne\/#website"},"primaryImageOfPage":{"@id":"https:\/\/patrimoine.lamayenne.fr\/sainte-suzanne\/expositions\/oeuvres-de-jean-louis-filoche\/#primaryimage"},"image":{"@id":"https:\/\/patrimoine.lamayenne.fr\/sainte-suzanne\/expositions\/oeuvres-de-jean-louis-filoche\/#primaryimage"},"thumbnailUrl":"https:\/\/patrimoine.lamayenne.fr\/sainte-suzanne\/wp-content\/uploads\/2022\/09\/Filoche.png","datePublished":"2022-09-21T15:37:56+00:00","dateModified":"2022-09-21T15:38:25+00:00","breadcrumb":{"@id":"https:\/\/patrimoine.lamayenne.fr\/sainte-suzanne\/expositions\/oeuvres-de-jean-louis-filoche\/#breadcrumb"},"inLanguage":"fr-FR","potentialAction":[{"@type":"ReadAction","target":["https:\/\/patrimoine.lamayenne.fr\/sainte-suzanne\/expositions\/oeuvres-de-jean-louis-filoche\/"]}]},{"@type":"ImageObject","inLanguage":"fr-FR","@id":"https:\/\/patrimoine.lamayenne.fr\/sainte-suzanne\/expositions\/oeuvres-de-jean-louis-filoche\/#primaryimage","url":"https:\/\/patrimoine.lamayenne.fr\/sainte-suzanne\/wp-content\/uploads\/2022\/09\/Filoche.png","contentUrl":"https:\/\/patrimoine.lamayenne.fr\/sainte-suzanne\/wp-content\/uploads\/2022\/09\/Filoche.png","width":765,"height":622,"caption":"Exposition Jean-Louis Filoche"},{"@type":"BreadcrumbList","@id":"https:\/\/patrimoine.lamayenne.fr\/sainte-suzanne\/expositions\/oeuvres-de-jean-louis-filoche\/#breadcrumb","itemListElement":[{"@type":"ListItem","position":1,"name":"Accueil","item":"https:\/\/patrimoine.lamayenne.fr\/sainte-suzanne\/"},{"@type":"ListItem","position":2,"name":"Expositions","item":"https:\/\/patrimoine.lamayenne.fr\/sainte-suzanne\/expositions\/"},{"@type":"ListItem","position":3,"name":"Oeuvres de Jean-Louis FILOCHE"}]},{"@type":"WebSite","@id":"https:\/\/patrimoine.lamayenne.fr\/sainte-suzanne\/#website","url":"https:\/\/patrimoine.lamayenne.fr\/sainte-suzanne\/","name":"Sainte-Suzanne","description":"","publisher":{"@id":"https:\/\/patrimoine.lamayenne.fr\/sainte-suzanne\/#organization"},"potentialAction":[{"@type":"SearchAction","target":{"@type":"EntryPoint","urlTemplate":"https:\/\/patrimoine.lamayenne.fr\/sainte-suzanne\/?s={search_term_string}"},"query-input":{"@type":"PropertyValueSpecification","valueRequired":true,"valueName":"search_term_string"}}],"inLanguage":"fr-FR"},{"@type":"Organization","@id":"https:\/\/patrimoine.lamayenne.fr\/sainte-suzanne\/#organization","name":"Sainte-Suzanne","url":"https:\/\/patrimoine.lamayenne.fr\/sainte-suzanne\/","logo":{"@type":"ImageObject","inLanguage":"fr-FR","@id":"https:\/\/patrimoine.lamayenne.fr\/sainte-suzanne\/#\/schema\/logo\/image\/","url":"https:\/\/patrimoine.lamayenne.fr\/sainte-suzanne\/wp-content\/uploads\/2022\/04\/SteSuz_logo.svg","contentUrl":"https:\/\/patrimoine.lamayenne.fr\/sainte-suzanne\/wp-content\/uploads\/2022\/04\/SteSuz_logo.svg","width":1,"height":1,"caption":"Sainte-Suzanne"},"image":{"@id":"https:\/\/patrimoine.lamayenne.fr\/sainte-suzanne\/#\/schema\/logo\/image\/"},"sameAs":["https:\/\/www.facebook.com\/departement.lamayenne","https:\/\/x.com\/lamayenne","https:\/\/www.instagram.com\/la.mayenne\/","https:\/\/www.youtube.com\/user\/LaMayenneTV"]}]}},"_links":{"self":[{"href":"https:\/\/patrimoine.lamayenne.fr\/sainte-suzanne\/wp-json\/wp\/v2\/expositions\/1365","targetHints":{"allow":["GET"]}}],"collection":[{"href":"https:\/\/patrimoine.lamayenne.fr\/sainte-suzanne\/wp-json\/wp\/v2\/expositions"}],"about":[{"href":"https:\/\/patrimoine.lamayenne.fr\/sainte-suzanne\/wp-json\/wp\/v2\/types\/expositions"}],"version-history":[{"count":3,"href":"https:\/\/patrimoine.lamayenne.fr\/sainte-suzanne\/wp-json\/wp\/v2\/expositions\/1365\/revisions"}],"predecessor-version":[{"id":1369,"href":"https:\/\/patrimoine.lamayenne.fr\/sainte-suzanne\/wp-json\/wp\/v2\/expositions\/1365\/revisions\/1369"}],"wp:featuredmedia":[{"embeddable":true,"href":"https:\/\/patrimoine.lamayenne.fr\/sainte-suzanne\/wp-json\/wp\/v2\/media\/1366"}],"wp:attachment":[{"href":"https:\/\/patrimoine.lamayenne.fr\/sainte-suzanne\/wp-json\/wp\/v2\/media?parent=1365"}],"curies":[{"name":"wp","href":"https:\/\/api.w.org\/{rel}","templated":true}]}}