{"id":2967,"date":"2024-06-13T12:19:13","date_gmt":"2024-06-13T10:19:13","guid":{"rendered":"https:\/\/patrimoine.lamayenne.fr\/sainte-suzanne\/?post_type=expositions&#038;p=2967"},"modified":"2024-07-12T18:47:02","modified_gmt":"2024-07-12T16:47:02","slug":"invitation-1-thomas-teurlai","status":"publish","type":"expositions","link":"https:\/\/patrimoine.lamayenne.fr\/sainte-suzanne\/expositions\/invitation-1-thomas-teurlai\/","title":{"rendered":"Apr\u00e8s la pluie"},"content":{"rendered":"\n<h2 class=\"wp-block-heading\">Apr\u00e8s la pluie<\/h2>\n\n\n\n<p>Trois sites patrimoniaux (mus\u00e9e Robert Tatin, ch\u00e2teau de Sainte-Suzanne, mus\u00e9e arch\u00e9ologique de Jublains) , propri\u00e9t\u00e9s du D\u00e9partement de la Mayenne, ont accueilli en r\u00e9sidence l\u2019artiste Thomas Teurlai, laur\u00e9at de l\u2019appel \u00e0 candidatures pour la r\u00e9sidence de cr\u00e9ation arts visuels lanc\u00e9e par le D\u00e9partement en d\u00e9but d\u2019ann\u00e9e 2023. <a href=\"https:\/\/mayenneculture.fr\/lancement-de-lexposition-apres-la-pluie-de-thomas-teurlai\/\">Initi\u00e9e et copilot\u00e9e par le D\u00e9partement de la Mayenne et l\u2019agence culturelle d\u00e9partementale Mayenne Culture, la premi\u00e8re \u00e9dition de cette r\u00e9sidence bisannuelle s&rsquo;intitule <em>Invitation # 1<\/em><\/a>.<\/p>\n\n\n\n<p>Thomas Teurlai pr\u00e9sente \u00e0 la Bergerie du ch\u00e2teau de Sainte-Suzanne une de ses cr\u00e9ations embl\u00e9matiques, <em>Loots<\/em>. <a href=\"https:\/\/www.fracbretagne.fr\/fr\/collection\/la-collection-en-ligne\/#\/artwork\/thomas-teurlai-ugo-schiavi-loots-350000000165538\">Co-cr\u00e9\u00e9e avec Ugo Schiavi, l&rsquo;\u0153uvre appartient aux collections du Frac Bretagne<\/a>.<\/p>\n\n\n\n<h2 class=\"wp-block-heading\">Loots<\/h2>\n\n\n\n<p>Cette installation monumentale se compose de multiples graffitis pr\u00e9lev\u00e9s, puis expos\u00e9s enroul\u00e9 dans des structures m\u00e9talliques. son titre s&rsquo;inspire de l&rsquo;univers des jeux vid\u00e9os, loot d\u00e9signant le butin que le joueur vole \u00e0 ses adversaires. <\/p>\n\n\n\n<p>L&rsquo;artiste \u00e9voque <em>\u00ab\u00a0 un pillage arch\u00e9ologique en un sens, puisque les objets de nos larcins sont exclusivement des graffitis superpos\u00e9s, accumul\u00e9s ann\u00e9es apr\u00e8s ann\u00e9es, dont les strates les plus anciennes peuvent parfois dat\u00e9es de plus de vingt ans. L\u2019historique de cette accumulation est visible sur la tranche multicolore des \u201cpeaux\u201d pr\u00e9lev\u00e9es, d\u00e9coll\u00e9es de leurs murs. Une fois r\u00e9colt\u00e9, ce butin a d\u00fb \u00eatre rassembl\u00e9 et stock\u00e9.<\/em> <em>L&rsquo;espace d&rsquo;exposition devient alors entrep\u00f4t clandestin et lieu de recel de peintures vol\u00e9es\u00a0\u00bb.<\/em><\/p>\n\n\n\n<p>Les&nbsp;<em>Loots&nbsp;<\/em>jouent \u00ab&nbsp;<em>avec les valeurs qui d\u00e9finissent ce qu\u2019est l\u2019art, patrimonial, m\u00e9moriel, de rue ou encore de march\u00e9, cr\u00e9ant un \u00e9cho puissant avec la question m\u00eame de la valeur des monuments artistiques ou historiques, abandonn\u00e9s aux caprices du temps et des vandales.<\/em>&nbsp;\u00bb<\/p>\n\n\n\n<p>R\u00eaverie cyberpunk ou  improbable bricolage, Thomas Teurlai entend redonner vie \u00e0 des objets et \u00e0 des histoires d\u00e9laiss\u00e9es. Le visiteur se retrouve embarqu\u00e9 dans un lieu d\u2019une po\u00e9sie d\u00e9cal\u00e9e, o\u00f9 le temps semble se dilater.<\/p>\n\n\n\n<h2 class=\"wp-block-heading\">Animations<\/h2>\n\n\n\n<p><strong>Visite-atelier en famille autour de l&rsquo;\u0153uvre<em> Loots<\/em><\/strong> :  Mercredis 24 juillet, 7 et 21 ao\u00fbt \u00e0 10h30 l r\u00e9servation au 02 43 58 13 00<\/p>\n\n\n\n<p><strong>Initiation au graffiti <\/strong>en compagnie d&rsquo;un graffeur professionnel : Dimanche 15 septembre \u00e0 15h et 16h (dur\u00e9e : 1 heure) l r\u00e9servation au 02 43 58 13 00 (\u00e0 partir de 8 ans)<\/p>\n","protected":false},"featured_media":3077,"template":"","meta":{"_acf_changed":false,"footnotes":""},"class_list":["post-2967","expositions","type-expositions","status-publish","has-post-thumbnail","hentry"],"acf":{"titre":"Invitation #1 ","date_debut":"20240615","date_fin":"20240922","heure_debut":10,"minutes_debut":0,"heure_fin":19,"minutes_fin":0,"tarifs":"Entr\u00e9e libre","lieu":"Bergerie du ch\u00e2teau","affichage":"true"},"yoast_head":"<!-- This site is optimized with the Yoast SEO plugin v25.8 - https:\/\/yoast.com\/wordpress\/plugins\/seo\/ -->\n<title>Apr\u00e8s la pluie - Sainte-Suzanne<\/title>\n<meta name=\"robots\" content=\"index, follow, max-snippet:-1, max-image-preview:large, max-video-preview:-1\" \/>\n<link rel=\"canonical\" href=\"https:\/\/patrimoine.lamayenne.fr\/sainte-suzanne\/expositions\/invitation-1-thomas-teurlai\/\" \/>\n<meta name=\"twitter:card\" content=\"summary_large_image\" \/>\n<meta name=\"twitter:title\" content=\"Apr\u00e8s la pluie - Sainte-Suzanne\" \/>\n<meta name=\"twitter:description\" content=\"Apr\u00e8s la pluie Trois sites patrimoniaux (mus\u00e9e Robert Tatin, ch\u00e2teau de Sainte-Suzanne, mus\u00e9e arch\u00e9ologique de Jublains) , propri\u00e9t\u00e9s du D\u00e9partement de la Mayenne, ont accueilli en r\u00e9sidence l\u2019artiste Thomas Teurlai, laur\u00e9at de l\u2019appel \u00e0 candidatures pour la r\u00e9sidence de cr\u00e9ation arts visuels lanc\u00e9e par le D\u00e9partement en d\u00e9but d\u2019ann\u00e9e 2023. Initi\u00e9e et copilot\u00e9e par le [&hellip;]\" \/>\n<meta name=\"twitter:image\" content=\"https:\/\/patrimoine.lamayenne.fr\/sainte-suzanne\/wp-content\/uploads\/2024\/06\/loots_2.jpg\" \/>\n<meta name=\"twitter:site\" content=\"@lamayenne\" \/>\n<meta name=\"twitter:label1\" content=\"Dur\u00e9e de lecture estim\u00e9e\" \/>\n\t<meta name=\"twitter:data1\" content=\"2 minutes\" \/>\n<script type=\"application\/ld+json\" class=\"yoast-schema-graph\">{\"@context\":\"https:\/\/schema.org\",\"@graph\":[{\"@type\":\"WebPage\",\"@id\":\"https:\/\/patrimoine.lamayenne.fr\/sainte-suzanne\/expositions\/invitation-1-thomas-teurlai\/\",\"url\":\"https:\/\/patrimoine.lamayenne.fr\/sainte-suzanne\/expositions\/invitation-1-thomas-teurlai\/\",\"name\":\"Apr\u00e8s la pluie - Sainte-Suzanne\",\"isPartOf\":{\"@id\":\"https:\/\/patrimoine.lamayenne.fr\/sainte-suzanne\/#website\"},\"primaryImageOfPage\":{\"@id\":\"https:\/\/patrimoine.lamayenne.fr\/sainte-suzanne\/expositions\/invitation-1-thomas-teurlai\/#primaryimage\"},\"image\":{\"@id\":\"https:\/\/patrimoine.lamayenne.fr\/sainte-suzanne\/expositions\/invitation-1-thomas-teurlai\/#primaryimage\"},\"thumbnailUrl\":\"https:\/\/patrimoine.lamayenne.fr\/sainte-suzanne\/wp-content\/uploads\/2024\/06\/loots_2.jpg\",\"datePublished\":\"2024-06-13T10:19:13+00:00\",\"dateModified\":\"2024-07-12T16:47:02+00:00\",\"breadcrumb\":{\"@id\":\"https:\/\/patrimoine.lamayenne.fr\/sainte-suzanne\/expositions\/invitation-1-thomas-teurlai\/#breadcrumb\"},\"inLanguage\":\"fr-FR\",\"potentialAction\":[{\"@type\":\"ReadAction\",\"target\":[\"https:\/\/patrimoine.lamayenne.fr\/sainte-suzanne\/expositions\/invitation-1-thomas-teurlai\/\"]}]},{\"@type\":\"ImageObject\",\"inLanguage\":\"fr-FR\",\"@id\":\"https:\/\/patrimoine.lamayenne.fr\/sainte-suzanne\/expositions\/invitation-1-thomas-teurlai\/#primaryimage\",\"url\":\"https:\/\/patrimoine.lamayenne.fr\/sainte-suzanne\/wp-content\/uploads\/2024\/06\/loots_2.jpg\",\"contentUrl\":\"https:\/\/patrimoine.lamayenne.fr\/sainte-suzanne\/wp-content\/uploads\/2024\/06\/loots_2.jpg\",\"width\":800,\"height\":307},{\"@type\":\"BreadcrumbList\",\"@id\":\"https:\/\/patrimoine.lamayenne.fr\/sainte-suzanne\/expositions\/invitation-1-thomas-teurlai\/#breadcrumb\",\"itemListElement\":[{\"@type\":\"ListItem\",\"position\":1,\"name\":\"Accueil\",\"item\":\"https:\/\/patrimoine.lamayenne.fr\/sainte-suzanne\/\"},{\"@type\":\"ListItem\",\"position\":2,\"name\":\"Expositions\",\"item\":\"https:\/\/patrimoine.lamayenne.fr\/sainte-suzanne\/expositions\/\"},{\"@type\":\"ListItem\",\"position\":3,\"name\":\"Apr\u00e8s la pluie\"}]},{\"@type\":\"WebSite\",\"@id\":\"https:\/\/patrimoine.lamayenne.fr\/sainte-suzanne\/#website\",\"url\":\"https:\/\/patrimoine.lamayenne.fr\/sainte-suzanne\/\",\"name\":\"Sainte-Suzanne\",\"description\":\"\",\"publisher\":{\"@id\":\"https:\/\/patrimoine.lamayenne.fr\/sainte-suzanne\/#organization\"},\"potentialAction\":[{\"@type\":\"SearchAction\",\"target\":{\"@type\":\"EntryPoint\",\"urlTemplate\":\"https:\/\/patrimoine.lamayenne.fr\/sainte-suzanne\/?s={search_term_string}\"},\"query-input\":{\"@type\":\"PropertyValueSpecification\",\"valueRequired\":true,\"valueName\":\"search_term_string\"}}],\"inLanguage\":\"fr-FR\"},{\"@type\":\"Organization\",\"@id\":\"https:\/\/patrimoine.lamayenne.fr\/sainte-suzanne\/#organization\",\"name\":\"Sainte-Suzanne\",\"url\":\"https:\/\/patrimoine.lamayenne.fr\/sainte-suzanne\/\",\"logo\":{\"@type\":\"ImageObject\",\"inLanguage\":\"fr-FR\",\"@id\":\"https:\/\/patrimoine.lamayenne.fr\/sainte-suzanne\/#\/schema\/logo\/image\/\",\"url\":\"https:\/\/patrimoine.lamayenne.fr\/sainte-suzanne\/wp-content\/uploads\/2022\/04\/SteSuz_logo.svg\",\"contentUrl\":\"https:\/\/patrimoine.lamayenne.fr\/sainte-suzanne\/wp-content\/uploads\/2022\/04\/SteSuz_logo.svg\",\"width\":1,\"height\":1,\"caption\":\"Sainte-Suzanne\"},\"image\":{\"@id\":\"https:\/\/patrimoine.lamayenne.fr\/sainte-suzanne\/#\/schema\/logo\/image\/\"},\"sameAs\":[\"https:\/\/www.facebook.com\/departement.lamayenne\",\"https:\/\/x.com\/lamayenne\",\"https:\/\/www.instagram.com\/la.mayenne\/\",\"https:\/\/www.youtube.com\/user\/LaMayenneTV\"]}]}<\/script>\n<!-- \/ Yoast SEO plugin. -->","yoast_head_json":{"title":"Apr\u00e8s la pluie - Sainte-Suzanne","robots":{"index":"index","follow":"follow","max-snippet":"max-snippet:-1","max-image-preview":"max-image-preview:large","max-video-preview":"max-video-preview:-1"},"canonical":"https:\/\/patrimoine.lamayenne.fr\/sainte-suzanne\/expositions\/invitation-1-thomas-teurlai\/","twitter_card":"summary_large_image","twitter_title":"Apr\u00e8s la pluie - Sainte-Suzanne","twitter_description":"Apr\u00e8s la pluie Trois sites patrimoniaux (mus\u00e9e Robert Tatin, ch\u00e2teau de Sainte-Suzanne, mus\u00e9e arch\u00e9ologique de Jublains) , propri\u00e9t\u00e9s du D\u00e9partement de la Mayenne, ont accueilli en r\u00e9sidence l\u2019artiste Thomas Teurlai, laur\u00e9at de l\u2019appel \u00e0 candidatures pour la r\u00e9sidence de cr\u00e9ation arts visuels lanc\u00e9e par le D\u00e9partement en d\u00e9but d\u2019ann\u00e9e 2023. Initi\u00e9e et copilot\u00e9e par le [&hellip;]","twitter_image":"https:\/\/patrimoine.lamayenne.fr\/sainte-suzanne\/wp-content\/uploads\/2024\/06\/loots_2.jpg","twitter_site":"@lamayenne","twitter_misc":{"Dur\u00e9e de lecture estim\u00e9e":"2 minutes"},"schema":{"@context":"https:\/\/schema.org","@graph":[{"@type":"WebPage","@id":"https:\/\/patrimoine.lamayenne.fr\/sainte-suzanne\/expositions\/invitation-1-thomas-teurlai\/","url":"https:\/\/patrimoine.lamayenne.fr\/sainte-suzanne\/expositions\/invitation-1-thomas-teurlai\/","name":"Apr\u00e8s la pluie - Sainte-Suzanne","isPartOf":{"@id":"https:\/\/patrimoine.lamayenne.fr\/sainte-suzanne\/#website"},"primaryImageOfPage":{"@id":"https:\/\/patrimoine.lamayenne.fr\/sainte-suzanne\/expositions\/invitation-1-thomas-teurlai\/#primaryimage"},"image":{"@id":"https:\/\/patrimoine.lamayenne.fr\/sainte-suzanne\/expositions\/invitation-1-thomas-teurlai\/#primaryimage"},"thumbnailUrl":"https:\/\/patrimoine.lamayenne.fr\/sainte-suzanne\/wp-content\/uploads\/2024\/06\/loots_2.jpg","datePublished":"2024-06-13T10:19:13+00:00","dateModified":"2024-07-12T16:47:02+00:00","breadcrumb":{"@id":"https:\/\/patrimoine.lamayenne.fr\/sainte-suzanne\/expositions\/invitation-1-thomas-teurlai\/#breadcrumb"},"inLanguage":"fr-FR","potentialAction":[{"@type":"ReadAction","target":["https:\/\/patrimoine.lamayenne.fr\/sainte-suzanne\/expositions\/invitation-1-thomas-teurlai\/"]}]},{"@type":"ImageObject","inLanguage":"fr-FR","@id":"https:\/\/patrimoine.lamayenne.fr\/sainte-suzanne\/expositions\/invitation-1-thomas-teurlai\/#primaryimage","url":"https:\/\/patrimoine.lamayenne.fr\/sainte-suzanne\/wp-content\/uploads\/2024\/06\/loots_2.jpg","contentUrl":"https:\/\/patrimoine.lamayenne.fr\/sainte-suzanne\/wp-content\/uploads\/2024\/06\/loots_2.jpg","width":800,"height":307},{"@type":"BreadcrumbList","@id":"https:\/\/patrimoine.lamayenne.fr\/sainte-suzanne\/expositions\/invitation-1-thomas-teurlai\/#breadcrumb","itemListElement":[{"@type":"ListItem","position":1,"name":"Accueil","item":"https:\/\/patrimoine.lamayenne.fr\/sainte-suzanne\/"},{"@type":"ListItem","position":2,"name":"Expositions","item":"https:\/\/patrimoine.lamayenne.fr\/sainte-suzanne\/expositions\/"},{"@type":"ListItem","position":3,"name":"Apr\u00e8s la pluie"}]},{"@type":"WebSite","@id":"https:\/\/patrimoine.lamayenne.fr\/sainte-suzanne\/#website","url":"https:\/\/patrimoine.lamayenne.fr\/sainte-suzanne\/","name":"Sainte-Suzanne","description":"","publisher":{"@id":"https:\/\/patrimoine.lamayenne.fr\/sainte-suzanne\/#organization"},"potentialAction":[{"@type":"SearchAction","target":{"@type":"EntryPoint","urlTemplate":"https:\/\/patrimoine.lamayenne.fr\/sainte-suzanne\/?s={search_term_string}"},"query-input":{"@type":"PropertyValueSpecification","valueRequired":true,"valueName":"search_term_string"}}],"inLanguage":"fr-FR"},{"@type":"Organization","@id":"https:\/\/patrimoine.lamayenne.fr\/sainte-suzanne\/#organization","name":"Sainte-Suzanne","url":"https:\/\/patrimoine.lamayenne.fr\/sainte-suzanne\/","logo":{"@type":"ImageObject","inLanguage":"fr-FR","@id":"https:\/\/patrimoine.lamayenne.fr\/sainte-suzanne\/#\/schema\/logo\/image\/","url":"https:\/\/patrimoine.lamayenne.fr\/sainte-suzanne\/wp-content\/uploads\/2022\/04\/SteSuz_logo.svg","contentUrl":"https:\/\/patrimoine.lamayenne.fr\/sainte-suzanne\/wp-content\/uploads\/2022\/04\/SteSuz_logo.svg","width":1,"height":1,"caption":"Sainte-Suzanne"},"image":{"@id":"https:\/\/patrimoine.lamayenne.fr\/sainte-suzanne\/#\/schema\/logo\/image\/"},"sameAs":["https:\/\/www.facebook.com\/departement.lamayenne","https:\/\/x.com\/lamayenne","https:\/\/www.instagram.com\/la.mayenne\/","https:\/\/www.youtube.com\/user\/LaMayenneTV"]}]}},"_links":{"self":[{"href":"https:\/\/patrimoine.lamayenne.fr\/sainte-suzanne\/wp-json\/wp\/v2\/expositions\/2967","targetHints":{"allow":["GET"]}}],"collection":[{"href":"https:\/\/patrimoine.lamayenne.fr\/sainte-suzanne\/wp-json\/wp\/v2\/expositions"}],"about":[{"href":"https:\/\/patrimoine.lamayenne.fr\/sainte-suzanne\/wp-json\/wp\/v2\/types\/expositions"}],"version-history":[{"count":24,"href":"https:\/\/patrimoine.lamayenne.fr\/sainte-suzanne\/wp-json\/wp\/v2\/expositions\/2967\/revisions"}],"predecessor-version":[{"id":3164,"href":"https:\/\/patrimoine.lamayenne.fr\/sainte-suzanne\/wp-json\/wp\/v2\/expositions\/2967\/revisions\/3164"}],"wp:featuredmedia":[{"embeddable":true,"href":"https:\/\/patrimoine.lamayenne.fr\/sainte-suzanne\/wp-json\/wp\/v2\/media\/3077"}],"wp:attachment":[{"href":"https:\/\/patrimoine.lamayenne.fr\/sainte-suzanne\/wp-json\/wp\/v2\/media?parent=2967"}],"curies":[{"name":"wp","href":"https:\/\/api.w.org\/{rel}","templated":true}]}}