{"id":712,"date":"2022-04-26T13:49:04","date_gmt":"2022-04-26T11:49:04","guid":{"rendered":"https:\/\/patrimoine.lamayenne.fr\/sainte-suzanne\/?post_type=expositions&#038;p=712"},"modified":"2022-07-25T18:13:07","modified_gmt":"2022-07-25T16:13:07","slug":"de-chateaux-en-pressoirs-le-patrimoine-devoile-du-pays-de-lassay","status":"publish","type":"expositions","link":"https:\/\/patrimoine.lamayenne.fr\/sainte-suzanne\/expositions\/de-chateaux-en-pressoirs-le-patrimoine-devoile-du-pays-de-lassay\/","title":{"rendered":"De ch\u00e2teaux en pressoirs, le patrimoine d\u00e9voil\u00e9 du pays de Lassay"},"content":{"rendered":"\n<p>L\u2019exposition valorise les r\u00e9sultats de l\u2019inventaire du patrimoine culturel des communes de Rennes-en-Grenouilles, Thub\u0153uf, SaintJulien-du-Terroux, Le Housseau-Br\u00e9tignolles, Sainte-Marie-du-Bois et de Lassay-lesCh\u00e2teaux, dans le nord du d\u00e9partement de la Mayenne. Cet inventaire conduit en partenariat entre la R\u00e9gion des Pays de la Loire et le D\u00e9partement de la Mayenne s\u2019est int\u00e9ress\u00e9 au territoire qui viendra agrandir \u00e0 terme le p\u00e9rim\u00e8tre du Pays d\u2019art et d\u2019histoire Co\u00ebvronsMayenne.<\/p>\n\n\n\n<p>Situ\u00e9 \u00e0 la limite entre Maine et Normandie, l\u2019ancien canton de Lassay constitue l\u2019un des territoires les plus septentrionaux du d\u00e9partement de la Mayenne et un formidable conservatoire patrimonial. Cette richesse et cette diversit\u00e9 patrimoniales s\u2019illustrent dans l\u2019exposition \u00e0 travers un espace film de pr\u00e9sentation du territoire et cinq grandes th\u00e9matiques : les manoirs et ch\u00e2teaux, l\u2019architecture rurale, l\u2019habitat urbain, le patrimoine religieux et les activit\u00e9s agricoles et artisanales. \u00c0 c\u00f4t\u00e9 des magnifiques photographies et cartes issues de l\u2019op\u00e9ration d\u2019inventaire, une maquette de la ville de Lassay et des documents originaux -tableaux issus de mus\u00e9es de France et de collections priv\u00e9es, documents des Archives nationales ou d\u00e9partementales, pi\u00e8ces d\u2019artillerie et objets mobiliers\u2026- incarneront les th\u00e8mes de l\u2019exposition. Dans chacune des sections, un focus m\u00e9tier aura pour but de familiariser le public avec les moyens et les outils de la recherche.<\/p>\n\n\n\n<p>Enfin, une capsule vid\u00e9o plongera le visiteur au c\u0153ur du territoire \u00e9tudi\u00e9 gr\u00e2ce \u00e0 des images de paysages et de sites film\u00e9es \u00e0 l\u2019aide d\u2019un drone.<\/p>\n\n\n\n<p><em><mark style=\"background-color:rgba(0, 0, 0, 0)\" class=\"has-inline-color has-rouge-color\">Du 25 juin 2022 au 31 mars 2023<\/mark><\/em><\/p>\n","protected":false},"featured_media":1262,"template":"","meta":{"_acf_changed":false,"footnotes":""},"class_list":["post-712","expositions","type-expositions","status-publish","has-post-thumbnail","hentry"],"acf":{"titre":"De ch\u00e2teaux en pressoirs, le patrimoine d\u00e9voil\u00e9 du pays de Lassay","date_debut":"20220625","date_fin":"20230331","heure_debut":"","minutes_debut":"","heure_fin":"","minutes_fin":"","tarifs":"Entr\u00e9e du CIAP","lieu":"2\u00e8me \u00e9tage du CIAP","affichage":"true"},"yoast_head":"<!-- This site is optimized with the Yoast SEO plugin v25.8 - https:\/\/yoast.com\/wordpress\/plugins\/seo\/ -->\n<title>De ch\u00e2teaux en pressoirs, le patrimoine d\u00e9voil\u00e9 du pays de Lassay - Sainte-Suzanne<\/title>\n<meta name=\"robots\" content=\"index, follow, max-snippet:-1, max-image-preview:large, max-video-preview:-1\" \/>\n<link rel=\"canonical\" href=\"https:\/\/patrimoine.lamayenne.fr\/sainte-suzanne\/expositions\/de-chateaux-en-pressoirs-le-patrimoine-devoile-du-pays-de-lassay\/\" \/>\n<meta name=\"twitter:card\" content=\"summary_large_image\" \/>\n<meta name=\"twitter:title\" content=\"De ch\u00e2teaux en pressoirs, le patrimoine d\u00e9voil\u00e9 du pays de Lassay - Sainte-Suzanne\" \/>\n<meta name=\"twitter:description\" content=\"L\u2019exposition valorise les r\u00e9sultats de l\u2019inventaire du patrimoine culturel des communes de Rennes-en-Grenouilles, Thub\u0153uf, SaintJulien-du-Terroux, Le Housseau-Br\u00e9tignolles, Sainte-Marie-du-Bois et de Lassay-lesCh\u00e2teaux, dans le nord du d\u00e9partement de la Mayenne. Cet inventaire conduit en partenariat entre la R\u00e9gion des Pays de la Loire et le D\u00e9partement de la Mayenne s\u2019est int\u00e9ress\u00e9 au territoire qui viendra agrandir [&hellip;]\" \/>\n<meta name=\"twitter:image\" content=\"https:\/\/patrimoine.lamayenne.fr\/sainte-suzanne\/wp-content\/uploads\/2022\/04\/IVR52_20215301401NUCA.jpg\" \/>\n<meta name=\"twitter:site\" content=\"@lamayenne\" \/>\n<meta name=\"twitter:label1\" content=\"Dur\u00e9e de lecture estim\u00e9e\" \/>\n\t<meta name=\"twitter:data1\" content=\"2 minutes\" \/>\n<script type=\"application\/ld+json\" class=\"yoast-schema-graph\">{\"@context\":\"https:\/\/schema.org\",\"@graph\":[{\"@type\":\"WebPage\",\"@id\":\"https:\/\/patrimoine.lamayenne.fr\/sainte-suzanne\/expositions\/de-chateaux-en-pressoirs-le-patrimoine-devoile-du-pays-de-lassay\/\",\"url\":\"https:\/\/patrimoine.lamayenne.fr\/sainte-suzanne\/expositions\/de-chateaux-en-pressoirs-le-patrimoine-devoile-du-pays-de-lassay\/\",\"name\":\"De ch\u00e2teaux en pressoirs, le patrimoine d\u00e9voil\u00e9 du pays de Lassay - Sainte-Suzanne\",\"isPartOf\":{\"@id\":\"https:\/\/patrimoine.lamayenne.fr\/sainte-suzanne\/#website\"},\"primaryImageOfPage\":{\"@id\":\"https:\/\/patrimoine.lamayenne.fr\/sainte-suzanne\/expositions\/de-chateaux-en-pressoirs-le-patrimoine-devoile-du-pays-de-lassay\/#primaryimage\"},\"image\":{\"@id\":\"https:\/\/patrimoine.lamayenne.fr\/sainte-suzanne\/expositions\/de-chateaux-en-pressoirs-le-patrimoine-devoile-du-pays-de-lassay\/#primaryimage\"},\"thumbnailUrl\":\"https:\/\/patrimoine.lamayenne.fr\/sainte-suzanne\/wp-content\/uploads\/2022\/04\/IVR52_20215301401NUCA.jpg\",\"datePublished\":\"2022-04-26T11:49:04+00:00\",\"dateModified\":\"2022-07-25T16:13:07+00:00\",\"breadcrumb\":{\"@id\":\"https:\/\/patrimoine.lamayenne.fr\/sainte-suzanne\/expositions\/de-chateaux-en-pressoirs-le-patrimoine-devoile-du-pays-de-lassay\/#breadcrumb\"},\"inLanguage\":\"fr-FR\",\"potentialAction\":[{\"@type\":\"ReadAction\",\"target\":[\"https:\/\/patrimoine.lamayenne.fr\/sainte-suzanne\/expositions\/de-chateaux-en-pressoirs-le-patrimoine-devoile-du-pays-de-lassay\/\"]}]},{\"@type\":\"ImageObject\",\"inLanguage\":\"fr-FR\",\"@id\":\"https:\/\/patrimoine.lamayenne.fr\/sainte-suzanne\/expositions\/de-chateaux-en-pressoirs-le-patrimoine-devoile-du-pays-de-lassay\/#primaryimage\",\"url\":\"https:\/\/patrimoine.lamayenne.fr\/sainte-suzanne\/wp-content\/uploads\/2022\/04\/IVR52_20215301401NUCA.jpg\",\"contentUrl\":\"https:\/\/patrimoine.lamayenne.fr\/sainte-suzanne\/wp-content\/uploads\/2022\/04\/IVR52_20215301401NUCA.jpg\",\"width\":1000,\"height\":561},{\"@type\":\"BreadcrumbList\",\"@id\":\"https:\/\/patrimoine.lamayenne.fr\/sainte-suzanne\/expositions\/de-chateaux-en-pressoirs-le-patrimoine-devoile-du-pays-de-lassay\/#breadcrumb\",\"itemListElement\":[{\"@type\":\"ListItem\",\"position\":1,\"name\":\"Accueil\",\"item\":\"https:\/\/patrimoine.lamayenne.fr\/sainte-suzanne\/\"},{\"@type\":\"ListItem\",\"position\":2,\"name\":\"Expositions\",\"item\":\"https:\/\/patrimoine.lamayenne.fr\/sainte-suzanne\/expositions\/\"},{\"@type\":\"ListItem\",\"position\":3,\"name\":\"De ch\u00e2teaux en pressoirs, le patrimoine d\u00e9voil\u00e9 du pays de Lassay\"}]},{\"@type\":\"WebSite\",\"@id\":\"https:\/\/patrimoine.lamayenne.fr\/sainte-suzanne\/#website\",\"url\":\"https:\/\/patrimoine.lamayenne.fr\/sainte-suzanne\/\",\"name\":\"Sainte-Suzanne\",\"description\":\"\",\"publisher\":{\"@id\":\"https:\/\/patrimoine.lamayenne.fr\/sainte-suzanne\/#organization\"},\"potentialAction\":[{\"@type\":\"SearchAction\",\"target\":{\"@type\":\"EntryPoint\",\"urlTemplate\":\"https:\/\/patrimoine.lamayenne.fr\/sainte-suzanne\/?s={search_term_string}\"},\"query-input\":{\"@type\":\"PropertyValueSpecification\",\"valueRequired\":true,\"valueName\":\"search_term_string\"}}],\"inLanguage\":\"fr-FR\"},{\"@type\":\"Organization\",\"@id\":\"https:\/\/patrimoine.lamayenne.fr\/sainte-suzanne\/#organization\",\"name\":\"Sainte-Suzanne\",\"url\":\"https:\/\/patrimoine.lamayenne.fr\/sainte-suzanne\/\",\"logo\":{\"@type\":\"ImageObject\",\"inLanguage\":\"fr-FR\",\"@id\":\"https:\/\/patrimoine.lamayenne.fr\/sainte-suzanne\/#\/schema\/logo\/image\/\",\"url\":\"https:\/\/patrimoine.lamayenne.fr\/sainte-suzanne\/wp-content\/uploads\/2022\/04\/SteSuz_logo.svg\",\"contentUrl\":\"https:\/\/patrimoine.lamayenne.fr\/sainte-suzanne\/wp-content\/uploads\/2022\/04\/SteSuz_logo.svg\",\"width\":1,\"height\":1,\"caption\":\"Sainte-Suzanne\"},\"image\":{\"@id\":\"https:\/\/patrimoine.lamayenne.fr\/sainte-suzanne\/#\/schema\/logo\/image\/\"},\"sameAs\":[\"https:\/\/www.facebook.com\/departement.lamayenne\",\"https:\/\/x.com\/lamayenne\",\"https:\/\/www.instagram.com\/la.mayenne\/\",\"https:\/\/www.youtube.com\/user\/LaMayenneTV\"]}]}<\/script>\n<!-- \/ Yoast SEO plugin. -->","yoast_head_json":{"title":"De ch\u00e2teaux en pressoirs, le patrimoine d\u00e9voil\u00e9 du pays de Lassay - Sainte-Suzanne","robots":{"index":"index","follow":"follow","max-snippet":"max-snippet:-1","max-image-preview":"max-image-preview:large","max-video-preview":"max-video-preview:-1"},"canonical":"https:\/\/patrimoine.lamayenne.fr\/sainte-suzanne\/expositions\/de-chateaux-en-pressoirs-le-patrimoine-devoile-du-pays-de-lassay\/","twitter_card":"summary_large_image","twitter_title":"De ch\u00e2teaux en pressoirs, le patrimoine d\u00e9voil\u00e9 du pays de Lassay - Sainte-Suzanne","twitter_description":"L\u2019exposition valorise les r\u00e9sultats de l\u2019inventaire du patrimoine culturel des communes de Rennes-en-Grenouilles, Thub\u0153uf, SaintJulien-du-Terroux, Le Housseau-Br\u00e9tignolles, Sainte-Marie-du-Bois et de Lassay-lesCh\u00e2teaux, dans le nord du d\u00e9partement de la Mayenne. Cet inventaire conduit en partenariat entre la R\u00e9gion des Pays de la Loire et le D\u00e9partement de la Mayenne s\u2019est int\u00e9ress\u00e9 au territoire qui viendra agrandir [&hellip;]","twitter_image":"https:\/\/patrimoine.lamayenne.fr\/sainte-suzanne\/wp-content\/uploads\/2022\/04\/IVR52_20215301401NUCA.jpg","twitter_site":"@lamayenne","twitter_misc":{"Dur\u00e9e de lecture estim\u00e9e":"2 minutes"},"schema":{"@context":"https:\/\/schema.org","@graph":[{"@type":"WebPage","@id":"https:\/\/patrimoine.lamayenne.fr\/sainte-suzanne\/expositions\/de-chateaux-en-pressoirs-le-patrimoine-devoile-du-pays-de-lassay\/","url":"https:\/\/patrimoine.lamayenne.fr\/sainte-suzanne\/expositions\/de-chateaux-en-pressoirs-le-patrimoine-devoile-du-pays-de-lassay\/","name":"De ch\u00e2teaux en pressoirs, le patrimoine d\u00e9voil\u00e9 du pays de Lassay - Sainte-Suzanne","isPartOf":{"@id":"https:\/\/patrimoine.lamayenne.fr\/sainte-suzanne\/#website"},"primaryImageOfPage":{"@id":"https:\/\/patrimoine.lamayenne.fr\/sainte-suzanne\/expositions\/de-chateaux-en-pressoirs-le-patrimoine-devoile-du-pays-de-lassay\/#primaryimage"},"image":{"@id":"https:\/\/patrimoine.lamayenne.fr\/sainte-suzanne\/expositions\/de-chateaux-en-pressoirs-le-patrimoine-devoile-du-pays-de-lassay\/#primaryimage"},"thumbnailUrl":"https:\/\/patrimoine.lamayenne.fr\/sainte-suzanne\/wp-content\/uploads\/2022\/04\/IVR52_20215301401NUCA.jpg","datePublished":"2022-04-26T11:49:04+00:00","dateModified":"2022-07-25T16:13:07+00:00","breadcrumb":{"@id":"https:\/\/patrimoine.lamayenne.fr\/sainte-suzanne\/expositions\/de-chateaux-en-pressoirs-le-patrimoine-devoile-du-pays-de-lassay\/#breadcrumb"},"inLanguage":"fr-FR","potentialAction":[{"@type":"ReadAction","target":["https:\/\/patrimoine.lamayenne.fr\/sainte-suzanne\/expositions\/de-chateaux-en-pressoirs-le-patrimoine-devoile-du-pays-de-lassay\/"]}]},{"@type":"ImageObject","inLanguage":"fr-FR","@id":"https:\/\/patrimoine.lamayenne.fr\/sainte-suzanne\/expositions\/de-chateaux-en-pressoirs-le-patrimoine-devoile-du-pays-de-lassay\/#primaryimage","url":"https:\/\/patrimoine.lamayenne.fr\/sainte-suzanne\/wp-content\/uploads\/2022\/04\/IVR52_20215301401NUCA.jpg","contentUrl":"https:\/\/patrimoine.lamayenne.fr\/sainte-suzanne\/wp-content\/uploads\/2022\/04\/IVR52_20215301401NUCA.jpg","width":1000,"height":561},{"@type":"BreadcrumbList","@id":"https:\/\/patrimoine.lamayenne.fr\/sainte-suzanne\/expositions\/de-chateaux-en-pressoirs-le-patrimoine-devoile-du-pays-de-lassay\/#breadcrumb","itemListElement":[{"@type":"ListItem","position":1,"name":"Accueil","item":"https:\/\/patrimoine.lamayenne.fr\/sainte-suzanne\/"},{"@type":"ListItem","position":2,"name":"Expositions","item":"https:\/\/patrimoine.lamayenne.fr\/sainte-suzanne\/expositions\/"},{"@type":"ListItem","position":3,"name":"De ch\u00e2teaux en pressoirs, le patrimoine d\u00e9voil\u00e9 du pays de Lassay"}]},{"@type":"WebSite","@id":"https:\/\/patrimoine.lamayenne.fr\/sainte-suzanne\/#website","url":"https:\/\/patrimoine.lamayenne.fr\/sainte-suzanne\/","name":"Sainte-Suzanne","description":"","publisher":{"@id":"https:\/\/patrimoine.lamayenne.fr\/sainte-suzanne\/#organization"},"potentialAction":[{"@type":"SearchAction","target":{"@type":"EntryPoint","urlTemplate":"https:\/\/patrimoine.lamayenne.fr\/sainte-suzanne\/?s={search_term_string}"},"query-input":{"@type":"PropertyValueSpecification","valueRequired":true,"valueName":"search_term_string"}}],"inLanguage":"fr-FR"},{"@type":"Organization","@id":"https:\/\/patrimoine.lamayenne.fr\/sainte-suzanne\/#organization","name":"Sainte-Suzanne","url":"https:\/\/patrimoine.lamayenne.fr\/sainte-suzanne\/","logo":{"@type":"ImageObject","inLanguage":"fr-FR","@id":"https:\/\/patrimoine.lamayenne.fr\/sainte-suzanne\/#\/schema\/logo\/image\/","url":"https:\/\/patrimoine.lamayenne.fr\/sainte-suzanne\/wp-content\/uploads\/2022\/04\/SteSuz_logo.svg","contentUrl":"https:\/\/patrimoine.lamayenne.fr\/sainte-suzanne\/wp-content\/uploads\/2022\/04\/SteSuz_logo.svg","width":1,"height":1,"caption":"Sainte-Suzanne"},"image":{"@id":"https:\/\/patrimoine.lamayenne.fr\/sainte-suzanne\/#\/schema\/logo\/image\/"},"sameAs":["https:\/\/www.facebook.com\/departement.lamayenne","https:\/\/x.com\/lamayenne","https:\/\/www.instagram.com\/la.mayenne\/","https:\/\/www.youtube.com\/user\/LaMayenneTV"]}]}},"_links":{"self":[{"href":"https:\/\/patrimoine.lamayenne.fr\/sainte-suzanne\/wp-json\/wp\/v2\/expositions\/712","targetHints":{"allow":["GET"]}}],"collection":[{"href":"https:\/\/patrimoine.lamayenne.fr\/sainte-suzanne\/wp-json\/wp\/v2\/expositions"}],"about":[{"href":"https:\/\/patrimoine.lamayenne.fr\/sainte-suzanne\/wp-json\/wp\/v2\/types\/expositions"}],"version-history":[{"count":3,"href":"https:\/\/patrimoine.lamayenne.fr\/sainte-suzanne\/wp-json\/wp\/v2\/expositions\/712\/revisions"}],"predecessor-version":[{"id":768,"href":"https:\/\/patrimoine.lamayenne.fr\/sainte-suzanne\/wp-json\/wp\/v2\/expositions\/712\/revisions\/768"}],"wp:featuredmedia":[{"embeddable":true,"href":"https:\/\/patrimoine.lamayenne.fr\/sainte-suzanne\/wp-json\/wp\/v2\/media\/1262"}],"wp:attachment":[{"href":"https:\/\/patrimoine.lamayenne.fr\/sainte-suzanne\/wp-json\/wp\/v2\/media?parent=712"}],"curies":[{"name":"wp","href":"https:\/\/api.w.org\/{rel}","templated":true}]}}