{"id":772,"date":"2022-04-26T13:52:28","date_gmt":"2022-04-26T11:52:28","guid":{"rendered":"https:\/\/patrimoine.lamayenne.fr\/sainte-suzanne\/?post_type=expositions&#038;p=772"},"modified":"2022-07-25T18:14:23","modified_gmt":"2022-07-25T16:14:23","slug":"les-collines-boisees-photographies-de-gaetan-chevrier","status":"publish","type":"expositions","link":"https:\/\/patrimoine.lamayenne.fr\/sainte-suzanne\/expositions\/les-collines-boisees-photographies-de-gaetan-chevrier\/","title":{"rendered":"\u00ab Les collines bois\u00e9es \u00bb, photographies de Ga\u00ebtan Chevrier"},"content":{"rendered":"\n<p>Durant le mois de juin, la bergerie du ch\u00e2teau accueille les photographies en noir et blanc de Ga\u00ebtan Chevrier. Ces clich\u00e9s d\u00e9di\u00e9s au territoire des Co\u00ebvrons au c\u0153ur duquel est implant\u00e9 le ch\u00e2teau de Sainte-Suzanne, donnent l\u2019occasion \u00e0 la bergerie de renouer avec une vieille tradition d\u2019accueil d\u2019expositions photographiques. Ils permettent aussi et surtout de mettre en valeur un territoire rural qui constitue un magnifique cadre de vie. <\/p>\n\n\n\n<p>\u00ab Cette s\u00e9rie de photographies fait partie de l\u2019\u00e9tude de renouvellement urbain du quartier de la gare d\u2019\u00c9vron, en Mayenne, amorc\u00e9e en 2020 par une \u00e9quipe d\u2019urbanistes, architectes, paysagistes, ing\u00e9nieurs et photographe. En abordant cette mission confi\u00e9e par la collectivit\u00e9, nous avons de fait engag\u00e9 une r\u00e9flexion sur plusieurs \u00e9chelles du territoire, dont celle de la communaut\u00e9 de communes, les Co\u00ebvrons. En effet, une gare est toujours une porte d\u2019entr\u00e9e sur un territoire, elle donne une premi\u00e8re impression. Celle d\u2019\u00c9vron ne fait pas exception. <\/p>\n\n\n\n<p>Cette s\u00e9rie photographique propose un r\u00e9pertoire imag\u00e9 des sp\u00e9cificit\u00e9s du territoire. Elle met en \u00e9vidence ce qui rassemble ces communes au-del\u00e0 d\u2019une r\u00e9alit\u00e9 administrative. Elle propose une d\u00e9finition de l\u2019intercommunalit\u00e9 au travers des paysages : les Co\u00ebvrons, les \u00ab collines bois\u00e9es \u00bb. Le travail photographique de Ga\u00ebtan Chevrier montre aussi un ordinaire magnifique. Et, peut-\u00eatre, invitera-t-il les habitants \u00e0 (re)d\u00e9couvrir la singularit\u00e9 de leur territoire \u00bb. <\/p>\n\n\n\n<p>J\u00e9r\u00e9my Gouellou, urbaniste et architecte<\/p>\n","protected":false},"featured_media":1265,"template":"","meta":{"_acf_changed":false,"footnotes":""},"class_list":["post-772","expositions","type-expositions","status-publish","has-post-thumbnail","hentry"],"acf":{"titre":"\u00ab Les collines bois\u00e9es \u00bb, photographies de Ga\u00ebtan Chevrier","date_debut":"20220601","date_fin":"20220630","heure_debut":"","minutes_debut":"","heure_fin":"","minutes_fin":"","tarifs":"Acc\u00e8s libre","lieu":"Bergerie du ch\u00e2teau","affichage":"true"},"yoast_head":"<!-- This site is optimized with the Yoast SEO plugin v25.8 - https:\/\/yoast.com\/wordpress\/plugins\/seo\/ -->\n<title>\u00ab Les collines bois\u00e9es \u00bb, photographies de Ga\u00ebtan Chevrier - Sainte-Suzanne<\/title>\n<meta name=\"robots\" content=\"index, follow, max-snippet:-1, max-image-preview:large, max-video-preview:-1\" \/>\n<link rel=\"canonical\" href=\"https:\/\/patrimoine.lamayenne.fr\/sainte-suzanne\/expositions\/les-collines-boisees-photographies-de-gaetan-chevrier\/\" \/>\n<meta name=\"twitter:card\" content=\"summary_large_image\" \/>\n<meta name=\"twitter:title\" content=\"\u00ab Les collines bois\u00e9es \u00bb, photographies de Ga\u00ebtan Chevrier - Sainte-Suzanne\" \/>\n<meta name=\"twitter:description\" content=\"Durant le mois de juin, la bergerie du ch\u00e2teau accueille les photographies en noir et blanc de Ga\u00ebtan Chevrier. Ces clich\u00e9s d\u00e9di\u00e9s au territoire des Co\u00ebvrons au c\u0153ur duquel est implant\u00e9 le ch\u00e2teau de Sainte-Suzanne, donnent l\u2019occasion \u00e0 la bergerie de renouer avec une vieille tradition d\u2019accueil d\u2019expositions photographiques. Ils permettent aussi et surtout de [&hellip;]\" \/>\n<meta name=\"twitter:image\" content=\"https:\/\/patrimoine.lamayenne.fr\/sainte-suzanne\/wp-content\/uploads\/2022\/04\/collines_B_ciap_com_03.jpg\" \/>\n<meta name=\"twitter:site\" content=\"@lamayenne\" \/>\n<meta name=\"twitter:label1\" content=\"Dur\u00e9e de lecture estim\u00e9e\" \/>\n\t<meta name=\"twitter:data1\" content=\"2 minutes\" \/>\n<script type=\"application\/ld+json\" class=\"yoast-schema-graph\">{\"@context\":\"https:\/\/schema.org\",\"@graph\":[{\"@type\":\"WebPage\",\"@id\":\"https:\/\/patrimoine.lamayenne.fr\/sainte-suzanne\/expositions\/les-collines-boisees-photographies-de-gaetan-chevrier\/\",\"url\":\"https:\/\/patrimoine.lamayenne.fr\/sainte-suzanne\/expositions\/les-collines-boisees-photographies-de-gaetan-chevrier\/\",\"name\":\"\u00ab Les collines bois\u00e9es \u00bb, photographies de Ga\u00ebtan Chevrier - Sainte-Suzanne\",\"isPartOf\":{\"@id\":\"https:\/\/patrimoine.lamayenne.fr\/sainte-suzanne\/#website\"},\"primaryImageOfPage\":{\"@id\":\"https:\/\/patrimoine.lamayenne.fr\/sainte-suzanne\/expositions\/les-collines-boisees-photographies-de-gaetan-chevrier\/#primaryimage\"},\"image\":{\"@id\":\"https:\/\/patrimoine.lamayenne.fr\/sainte-suzanne\/expositions\/les-collines-boisees-photographies-de-gaetan-chevrier\/#primaryimage\"},\"thumbnailUrl\":\"https:\/\/patrimoine.lamayenne.fr\/sainte-suzanne\/wp-content\/uploads\/2022\/04\/collines_B_ciap_com_03.jpg\",\"datePublished\":\"2022-04-26T11:52:28+00:00\",\"dateModified\":\"2022-07-25T16:14:23+00:00\",\"breadcrumb\":{\"@id\":\"https:\/\/patrimoine.lamayenne.fr\/sainte-suzanne\/expositions\/les-collines-boisees-photographies-de-gaetan-chevrier\/#breadcrumb\"},\"inLanguage\":\"fr-FR\",\"potentialAction\":[{\"@type\":\"ReadAction\",\"target\":[\"https:\/\/patrimoine.lamayenne.fr\/sainte-suzanne\/expositions\/les-collines-boisees-photographies-de-gaetan-chevrier\/\"]}]},{\"@type\":\"ImageObject\",\"inLanguage\":\"fr-FR\",\"@id\":\"https:\/\/patrimoine.lamayenne.fr\/sainte-suzanne\/expositions\/les-collines-boisees-photographies-de-gaetan-chevrier\/#primaryimage\",\"url\":\"https:\/\/patrimoine.lamayenne.fr\/sainte-suzanne\/wp-content\/uploads\/2022\/04\/collines_B_ciap_com_03.jpg\",\"contentUrl\":\"https:\/\/patrimoine.lamayenne.fr\/sainte-suzanne\/wp-content\/uploads\/2022\/04\/collines_B_ciap_com_03.jpg\",\"width\":1000,\"height\":800},{\"@type\":\"BreadcrumbList\",\"@id\":\"https:\/\/patrimoine.lamayenne.fr\/sainte-suzanne\/expositions\/les-collines-boisees-photographies-de-gaetan-chevrier\/#breadcrumb\",\"itemListElement\":[{\"@type\":\"ListItem\",\"position\":1,\"name\":\"Accueil\",\"item\":\"https:\/\/patrimoine.lamayenne.fr\/sainte-suzanne\/\"},{\"@type\":\"ListItem\",\"position\":2,\"name\":\"Expositions\",\"item\":\"https:\/\/patrimoine.lamayenne.fr\/sainte-suzanne\/expositions\/\"},{\"@type\":\"ListItem\",\"position\":3,\"name\":\"\u00ab Les collines bois\u00e9es \u00bb, photographies de Ga\u00ebtan Chevrier\"}]},{\"@type\":\"WebSite\",\"@id\":\"https:\/\/patrimoine.lamayenne.fr\/sainte-suzanne\/#website\",\"url\":\"https:\/\/patrimoine.lamayenne.fr\/sainte-suzanne\/\",\"name\":\"Sainte-Suzanne\",\"description\":\"\",\"publisher\":{\"@id\":\"https:\/\/patrimoine.lamayenne.fr\/sainte-suzanne\/#organization\"},\"potentialAction\":[{\"@type\":\"SearchAction\",\"target\":{\"@type\":\"EntryPoint\",\"urlTemplate\":\"https:\/\/patrimoine.lamayenne.fr\/sainte-suzanne\/?s={search_term_string}\"},\"query-input\":{\"@type\":\"PropertyValueSpecification\",\"valueRequired\":true,\"valueName\":\"search_term_string\"}}],\"inLanguage\":\"fr-FR\"},{\"@type\":\"Organization\",\"@id\":\"https:\/\/patrimoine.lamayenne.fr\/sainte-suzanne\/#organization\",\"name\":\"Sainte-Suzanne\",\"url\":\"https:\/\/patrimoine.lamayenne.fr\/sainte-suzanne\/\",\"logo\":{\"@type\":\"ImageObject\",\"inLanguage\":\"fr-FR\",\"@id\":\"https:\/\/patrimoine.lamayenne.fr\/sainte-suzanne\/#\/schema\/logo\/image\/\",\"url\":\"https:\/\/patrimoine.lamayenne.fr\/sainte-suzanne\/wp-content\/uploads\/2022\/04\/SteSuz_logo.svg\",\"contentUrl\":\"https:\/\/patrimoine.lamayenne.fr\/sainte-suzanne\/wp-content\/uploads\/2022\/04\/SteSuz_logo.svg\",\"width\":1,\"height\":1,\"caption\":\"Sainte-Suzanne\"},\"image\":{\"@id\":\"https:\/\/patrimoine.lamayenne.fr\/sainte-suzanne\/#\/schema\/logo\/image\/\"},\"sameAs\":[\"https:\/\/www.facebook.com\/departement.lamayenne\",\"https:\/\/x.com\/lamayenne\",\"https:\/\/www.instagram.com\/la.mayenne\/\",\"https:\/\/www.youtube.com\/user\/LaMayenneTV\"]}]}<\/script>\n<!-- \/ Yoast SEO plugin. -->","yoast_head_json":{"title":"\u00ab Les collines bois\u00e9es \u00bb, photographies de Ga\u00ebtan Chevrier - Sainte-Suzanne","robots":{"index":"index","follow":"follow","max-snippet":"max-snippet:-1","max-image-preview":"max-image-preview:large","max-video-preview":"max-video-preview:-1"},"canonical":"https:\/\/patrimoine.lamayenne.fr\/sainte-suzanne\/expositions\/les-collines-boisees-photographies-de-gaetan-chevrier\/","twitter_card":"summary_large_image","twitter_title":"\u00ab Les collines bois\u00e9es \u00bb, photographies de Ga\u00ebtan Chevrier - Sainte-Suzanne","twitter_description":"Durant le mois de juin, la bergerie du ch\u00e2teau accueille les photographies en noir et blanc de Ga\u00ebtan Chevrier. Ces clich\u00e9s d\u00e9di\u00e9s au territoire des Co\u00ebvrons au c\u0153ur duquel est implant\u00e9 le ch\u00e2teau de Sainte-Suzanne, donnent l\u2019occasion \u00e0 la bergerie de renouer avec une vieille tradition d\u2019accueil d\u2019expositions photographiques. Ils permettent aussi et surtout de [&hellip;]","twitter_image":"https:\/\/patrimoine.lamayenne.fr\/sainte-suzanne\/wp-content\/uploads\/2022\/04\/collines_B_ciap_com_03.jpg","twitter_site":"@lamayenne","twitter_misc":{"Dur\u00e9e de lecture estim\u00e9e":"2 minutes"},"schema":{"@context":"https:\/\/schema.org","@graph":[{"@type":"WebPage","@id":"https:\/\/patrimoine.lamayenne.fr\/sainte-suzanne\/expositions\/les-collines-boisees-photographies-de-gaetan-chevrier\/","url":"https:\/\/patrimoine.lamayenne.fr\/sainte-suzanne\/expositions\/les-collines-boisees-photographies-de-gaetan-chevrier\/","name":"\u00ab Les collines bois\u00e9es \u00bb, photographies de Ga\u00ebtan Chevrier - Sainte-Suzanne","isPartOf":{"@id":"https:\/\/patrimoine.lamayenne.fr\/sainte-suzanne\/#website"},"primaryImageOfPage":{"@id":"https:\/\/patrimoine.lamayenne.fr\/sainte-suzanne\/expositions\/les-collines-boisees-photographies-de-gaetan-chevrier\/#primaryimage"},"image":{"@id":"https:\/\/patrimoine.lamayenne.fr\/sainte-suzanne\/expositions\/les-collines-boisees-photographies-de-gaetan-chevrier\/#primaryimage"},"thumbnailUrl":"https:\/\/patrimoine.lamayenne.fr\/sainte-suzanne\/wp-content\/uploads\/2022\/04\/collines_B_ciap_com_03.jpg","datePublished":"2022-04-26T11:52:28+00:00","dateModified":"2022-07-25T16:14:23+00:00","breadcrumb":{"@id":"https:\/\/patrimoine.lamayenne.fr\/sainte-suzanne\/expositions\/les-collines-boisees-photographies-de-gaetan-chevrier\/#breadcrumb"},"inLanguage":"fr-FR","potentialAction":[{"@type":"ReadAction","target":["https:\/\/patrimoine.lamayenne.fr\/sainte-suzanne\/expositions\/les-collines-boisees-photographies-de-gaetan-chevrier\/"]}]},{"@type":"ImageObject","inLanguage":"fr-FR","@id":"https:\/\/patrimoine.lamayenne.fr\/sainte-suzanne\/expositions\/les-collines-boisees-photographies-de-gaetan-chevrier\/#primaryimage","url":"https:\/\/patrimoine.lamayenne.fr\/sainte-suzanne\/wp-content\/uploads\/2022\/04\/collines_B_ciap_com_03.jpg","contentUrl":"https:\/\/patrimoine.lamayenne.fr\/sainte-suzanne\/wp-content\/uploads\/2022\/04\/collines_B_ciap_com_03.jpg","width":1000,"height":800},{"@type":"BreadcrumbList","@id":"https:\/\/patrimoine.lamayenne.fr\/sainte-suzanne\/expositions\/les-collines-boisees-photographies-de-gaetan-chevrier\/#breadcrumb","itemListElement":[{"@type":"ListItem","position":1,"name":"Accueil","item":"https:\/\/patrimoine.lamayenne.fr\/sainte-suzanne\/"},{"@type":"ListItem","position":2,"name":"Expositions","item":"https:\/\/patrimoine.lamayenne.fr\/sainte-suzanne\/expositions\/"},{"@type":"ListItem","position":3,"name":"\u00ab Les collines bois\u00e9es \u00bb, photographies de Ga\u00ebtan Chevrier"}]},{"@type":"WebSite","@id":"https:\/\/patrimoine.lamayenne.fr\/sainte-suzanne\/#website","url":"https:\/\/patrimoine.lamayenne.fr\/sainte-suzanne\/","name":"Sainte-Suzanne","description":"","publisher":{"@id":"https:\/\/patrimoine.lamayenne.fr\/sainte-suzanne\/#organization"},"potentialAction":[{"@type":"SearchAction","target":{"@type":"EntryPoint","urlTemplate":"https:\/\/patrimoine.lamayenne.fr\/sainte-suzanne\/?s={search_term_string}"},"query-input":{"@type":"PropertyValueSpecification","valueRequired":true,"valueName":"search_term_string"}}],"inLanguage":"fr-FR"},{"@type":"Organization","@id":"https:\/\/patrimoine.lamayenne.fr\/sainte-suzanne\/#organization","name":"Sainte-Suzanne","url":"https:\/\/patrimoine.lamayenne.fr\/sainte-suzanne\/","logo":{"@type":"ImageObject","inLanguage":"fr-FR","@id":"https:\/\/patrimoine.lamayenne.fr\/sainte-suzanne\/#\/schema\/logo\/image\/","url":"https:\/\/patrimoine.lamayenne.fr\/sainte-suzanne\/wp-content\/uploads\/2022\/04\/SteSuz_logo.svg","contentUrl":"https:\/\/patrimoine.lamayenne.fr\/sainte-suzanne\/wp-content\/uploads\/2022\/04\/SteSuz_logo.svg","width":1,"height":1,"caption":"Sainte-Suzanne"},"image":{"@id":"https:\/\/patrimoine.lamayenne.fr\/sainte-suzanne\/#\/schema\/logo\/image\/"},"sameAs":["https:\/\/www.facebook.com\/departement.lamayenne","https:\/\/x.com\/lamayenne","https:\/\/www.instagram.com\/la.mayenne\/","https:\/\/www.youtube.com\/user\/LaMayenneTV"]}]}},"_links":{"self":[{"href":"https:\/\/patrimoine.lamayenne.fr\/sainte-suzanne\/wp-json\/wp\/v2\/expositions\/772","targetHints":{"allow":["GET"]}}],"collection":[{"href":"https:\/\/patrimoine.lamayenne.fr\/sainte-suzanne\/wp-json\/wp\/v2\/expositions"}],"about":[{"href":"https:\/\/patrimoine.lamayenne.fr\/sainte-suzanne\/wp-json\/wp\/v2\/types\/expositions"}],"version-history":[{"count":2,"href":"https:\/\/patrimoine.lamayenne.fr\/sainte-suzanne\/wp-json\/wp\/v2\/expositions\/772\/revisions"}],"predecessor-version":[{"id":774,"href":"https:\/\/patrimoine.lamayenne.fr\/sainte-suzanne\/wp-json\/wp\/v2\/expositions\/772\/revisions\/774"}],"wp:featuredmedia":[{"embeddable":true,"href":"https:\/\/patrimoine.lamayenne.fr\/sainte-suzanne\/wp-json\/wp\/v2\/media\/1265"}],"wp:attachment":[{"href":"https:\/\/patrimoine.lamayenne.fr\/sainte-suzanne\/wp-json\/wp\/v2\/media?parent=772"}],"curies":[{"name":"wp","href":"https:\/\/api.w.org\/{rel}","templated":true}]}}