{"id":775,"date":"2022-04-26T13:54:08","date_gmt":"2022-04-26T11:54:08","guid":{"rendered":"https:\/\/patrimoine.lamayenne.fr\/sainte-suzanne\/?post_type=expositions&#038;p=775"},"modified":"2022-07-25T18:16:53","modified_gmt":"2022-07-25T16:16:53","slug":"les-balades-de-paulo-oeuvres-de-stephane-moizan","status":"publish","type":"expositions","link":"https:\/\/patrimoine.lamayenne.fr\/sainte-suzanne\/expositions\/les-balades-de-paulo-oeuvres-de-stephane-moizan\/","title":{"rendered":"Les balades de Paulo, \u0153uvres de St\u00e9phane Moizan"},"content":{"rendered":"\n<p>Tous les \u00e9t\u00e9s, la Bergerie du ch\u00e2teau donne carte blanche \u00e0 un artiste. Cette ann\u00e9e, c\u2019est St\u00e9phane MOIZAN qui investit le rez-de-chauss\u00e9e et l\u2019\u00e9tage du b\u00e2timent avec une s\u00e9rie consacr\u00e9e \u00e0 Paulo, paysan attachant et source d\u2019inspiration pour l\u2019artiste. Cette exposition s\u2019inscrit dans une tradition d\u00e9sormais bien ancr\u00e9e d\u2019accueil d\u2019artistes d\u2019aujourd\u2019hui, souvent mayennais, qui trouvent ici un lieu d\u2019expression qui valorise leur d\u00e9marche.<\/p>\n\n\n\n<p>\u00ab Mon travail s\u2019articule autour de plusieurs techniques que j\u2019affectionne particuli\u00e8rement. Le dessin tout d\u2019abord, fusain, pierre noire, pastels secs. La gravure (eau- forte), la lithographie et les monotypes, techniques que j\u2019enseigne \u00e0 l\u2019\u00e9cole d\u2019art de Laval depuis une trentaine d\u2019ann\u00e9es.<\/p>\n\n\n\n<p>La peinture que je r\u00e9serve plut\u00f4t aux grands formats, ainsi que la photographie que j\u2019utilise comme support m\u00e9moriel \u00e0 mon travail ou comme point de d\u00e9part \u00e0 des cr\u00e9ations num\u00e9riques. <\/p>\n\n\n\n<p>Ma pratique se situe dans une \u00ab veine \u00bb r\u00e9aliste o\u00f9 le dessin est au c\u0153ur du travail, qu\u2019il s\u2019agisse d\u2019humains ou de paysages r\u00e9els ou fictifs. <\/p>\n\n\n\n<p>Apr\u00e8s de nombreux paysages marins (je suis breton\u2026), je travaille actuellement sur les portraits d\u2019un merveilleux paysan tourangeau que j\u2019ai longuement photographi\u00e9 dans son extravagant environnement et qui a inspir\u00e9 le titre de cette exposition : Les balades de Paulo \u00bb. <\/p>\n\n\n\n<p><em><br>St\u00e9phane MOIZAN <\/em><br><em>Novembre 2021<\/em><\/p>\n","protected":false},"featured_media":1269,"template":"","meta":{"_acf_changed":false,"footnotes":""},"class_list":["post-775","expositions","type-expositions","status-publish","has-post-thumbnail","hentry"],"acf":{"titre":"Les balades de Paulo, \u0153uvres de St\u00e9phane Moizan","date_debut":"20220716","date_fin":"20220827","heure_debut":"","minutes_debut":"","heure_fin":"","minutes_fin":"","tarifs":"Entr\u00e9e libre","lieu":"Bergerie du ch\u00e2teau","affichage":"true"},"yoast_head":"<!-- This site is optimized with the Yoast SEO plugin v25.8 - https:\/\/yoast.com\/wordpress\/plugins\/seo\/ -->\n<title>Les balades de Paulo, \u0153uvres de St\u00e9phane Moizan - Sainte-Suzanne<\/title>\n<meta name=\"robots\" content=\"index, follow, max-snippet:-1, max-image-preview:large, max-video-preview:-1\" \/>\n<link rel=\"canonical\" href=\"https:\/\/patrimoine.lamayenne.fr\/sainte-suzanne\/expositions\/les-balades-de-paulo-oeuvres-de-stephane-moizan\/\" \/>\n<meta name=\"twitter:card\" content=\"summary_large_image\" \/>\n<meta name=\"twitter:title\" content=\"Les balades de Paulo, \u0153uvres de St\u00e9phane Moizan - Sainte-Suzanne\" \/>\n<meta name=\"twitter:description\" content=\"Tous les \u00e9t\u00e9s, la Bergerie du ch\u00e2teau donne carte blanche \u00e0 un artiste. Cette ann\u00e9e, c\u2019est St\u00e9phane MOIZAN qui investit le rez-de-chauss\u00e9e et l\u2019\u00e9tage du b\u00e2timent avec une s\u00e9rie consacr\u00e9e \u00e0 Paulo, paysan attachant et source d\u2019inspiration pour l\u2019artiste. Cette exposition s\u2019inscrit dans une tradition d\u00e9sormais bien ancr\u00e9e d\u2019accueil d\u2019artistes d\u2019aujourd\u2019hui, souvent mayennais, qui trouvent [&hellip;]\" \/>\n<meta name=\"twitter:image\" content=\"https:\/\/patrimoine.lamayenne.fr\/sainte-suzanne\/wp-content\/uploads\/2022\/04\/paulo-1.jpg\" \/>\n<meta name=\"twitter:site\" content=\"@lamayenne\" \/>\n<meta name=\"twitter:label1\" content=\"Dur\u00e9e de lecture estim\u00e9e\" \/>\n\t<meta name=\"twitter:data1\" content=\"2 minutes\" \/>\n<script type=\"application\/ld+json\" class=\"yoast-schema-graph\">{\"@context\":\"https:\/\/schema.org\",\"@graph\":[{\"@type\":\"WebPage\",\"@id\":\"https:\/\/patrimoine.lamayenne.fr\/sainte-suzanne\/expositions\/les-balades-de-paulo-oeuvres-de-stephane-moizan\/\",\"url\":\"https:\/\/patrimoine.lamayenne.fr\/sainte-suzanne\/expositions\/les-balades-de-paulo-oeuvres-de-stephane-moizan\/\",\"name\":\"Les balades de Paulo, \u0153uvres de St\u00e9phane Moizan - Sainte-Suzanne\",\"isPartOf\":{\"@id\":\"https:\/\/patrimoine.lamayenne.fr\/sainte-suzanne\/#website\"},\"primaryImageOfPage\":{\"@id\":\"https:\/\/patrimoine.lamayenne.fr\/sainte-suzanne\/expositions\/les-balades-de-paulo-oeuvres-de-stephane-moizan\/#primaryimage\"},\"image\":{\"@id\":\"https:\/\/patrimoine.lamayenne.fr\/sainte-suzanne\/expositions\/les-balades-de-paulo-oeuvres-de-stephane-moizan\/#primaryimage\"},\"thumbnailUrl\":\"https:\/\/patrimoine.lamayenne.fr\/sainte-suzanne\/wp-content\/uploads\/2022\/04\/paulo-1.jpg\",\"datePublished\":\"2022-04-26T11:54:08+00:00\",\"dateModified\":\"2022-07-25T16:16:53+00:00\",\"breadcrumb\":{\"@id\":\"https:\/\/patrimoine.lamayenne.fr\/sainte-suzanne\/expositions\/les-balades-de-paulo-oeuvres-de-stephane-moizan\/#breadcrumb\"},\"inLanguage\":\"fr-FR\",\"potentialAction\":[{\"@type\":\"ReadAction\",\"target\":[\"https:\/\/patrimoine.lamayenne.fr\/sainte-suzanne\/expositions\/les-balades-de-paulo-oeuvres-de-stephane-moizan\/\"]}]},{\"@type\":\"ImageObject\",\"inLanguage\":\"fr-FR\",\"@id\":\"https:\/\/patrimoine.lamayenne.fr\/sainte-suzanne\/expositions\/les-balades-de-paulo-oeuvres-de-stephane-moizan\/#primaryimage\",\"url\":\"https:\/\/patrimoine.lamayenne.fr\/sainte-suzanne\/wp-content\/uploads\/2022\/04\/paulo-1.jpg\",\"contentUrl\":\"https:\/\/patrimoine.lamayenne.fr\/sainte-suzanne\/wp-content\/uploads\/2022\/04\/paulo-1.jpg\",\"width\":1000,\"height\":750},{\"@type\":\"BreadcrumbList\",\"@id\":\"https:\/\/patrimoine.lamayenne.fr\/sainte-suzanne\/expositions\/les-balades-de-paulo-oeuvres-de-stephane-moizan\/#breadcrumb\",\"itemListElement\":[{\"@type\":\"ListItem\",\"position\":1,\"name\":\"Accueil\",\"item\":\"https:\/\/patrimoine.lamayenne.fr\/sainte-suzanne\/\"},{\"@type\":\"ListItem\",\"position\":2,\"name\":\"Expositions\",\"item\":\"https:\/\/patrimoine.lamayenne.fr\/sainte-suzanne\/expositions\/\"},{\"@type\":\"ListItem\",\"position\":3,\"name\":\"Les balades de Paulo, \u0153uvres de St\u00e9phane Moizan\"}]},{\"@type\":\"WebSite\",\"@id\":\"https:\/\/patrimoine.lamayenne.fr\/sainte-suzanne\/#website\",\"url\":\"https:\/\/patrimoine.lamayenne.fr\/sainte-suzanne\/\",\"name\":\"Sainte-Suzanne\",\"description\":\"\",\"publisher\":{\"@id\":\"https:\/\/patrimoine.lamayenne.fr\/sainte-suzanne\/#organization\"},\"potentialAction\":[{\"@type\":\"SearchAction\",\"target\":{\"@type\":\"EntryPoint\",\"urlTemplate\":\"https:\/\/patrimoine.lamayenne.fr\/sainte-suzanne\/?s={search_term_string}\"},\"query-input\":{\"@type\":\"PropertyValueSpecification\",\"valueRequired\":true,\"valueName\":\"search_term_string\"}}],\"inLanguage\":\"fr-FR\"},{\"@type\":\"Organization\",\"@id\":\"https:\/\/patrimoine.lamayenne.fr\/sainte-suzanne\/#organization\",\"name\":\"Sainte-Suzanne\",\"url\":\"https:\/\/patrimoine.lamayenne.fr\/sainte-suzanne\/\",\"logo\":{\"@type\":\"ImageObject\",\"inLanguage\":\"fr-FR\",\"@id\":\"https:\/\/patrimoine.lamayenne.fr\/sainte-suzanne\/#\/schema\/logo\/image\/\",\"url\":\"https:\/\/patrimoine.lamayenne.fr\/sainte-suzanne\/wp-content\/uploads\/2022\/04\/SteSuz_logo.svg\",\"contentUrl\":\"https:\/\/patrimoine.lamayenne.fr\/sainte-suzanne\/wp-content\/uploads\/2022\/04\/SteSuz_logo.svg\",\"width\":1,\"height\":1,\"caption\":\"Sainte-Suzanne\"},\"image\":{\"@id\":\"https:\/\/patrimoine.lamayenne.fr\/sainte-suzanne\/#\/schema\/logo\/image\/\"},\"sameAs\":[\"https:\/\/www.facebook.com\/departement.lamayenne\",\"https:\/\/x.com\/lamayenne\",\"https:\/\/www.instagram.com\/la.mayenne\/\",\"https:\/\/www.youtube.com\/user\/LaMayenneTV\"]}]}<\/script>\n<!-- \/ Yoast SEO plugin. -->","yoast_head_json":{"title":"Les balades de Paulo, \u0153uvres de St\u00e9phane Moizan - Sainte-Suzanne","robots":{"index":"index","follow":"follow","max-snippet":"max-snippet:-1","max-image-preview":"max-image-preview:large","max-video-preview":"max-video-preview:-1"},"canonical":"https:\/\/patrimoine.lamayenne.fr\/sainte-suzanne\/expositions\/les-balades-de-paulo-oeuvres-de-stephane-moizan\/","twitter_card":"summary_large_image","twitter_title":"Les balades de Paulo, \u0153uvres de St\u00e9phane Moizan - Sainte-Suzanne","twitter_description":"Tous les \u00e9t\u00e9s, la Bergerie du ch\u00e2teau donne carte blanche \u00e0 un artiste. Cette ann\u00e9e, c\u2019est St\u00e9phane MOIZAN qui investit le rez-de-chauss\u00e9e et l\u2019\u00e9tage du b\u00e2timent avec une s\u00e9rie consacr\u00e9e \u00e0 Paulo, paysan attachant et source d\u2019inspiration pour l\u2019artiste. Cette exposition s\u2019inscrit dans une tradition d\u00e9sormais bien ancr\u00e9e d\u2019accueil d\u2019artistes d\u2019aujourd\u2019hui, souvent mayennais, qui trouvent [&hellip;]","twitter_image":"https:\/\/patrimoine.lamayenne.fr\/sainte-suzanne\/wp-content\/uploads\/2022\/04\/paulo-1.jpg","twitter_site":"@lamayenne","twitter_misc":{"Dur\u00e9e de lecture estim\u00e9e":"2 minutes"},"schema":{"@context":"https:\/\/schema.org","@graph":[{"@type":"WebPage","@id":"https:\/\/patrimoine.lamayenne.fr\/sainte-suzanne\/expositions\/les-balades-de-paulo-oeuvres-de-stephane-moizan\/","url":"https:\/\/patrimoine.lamayenne.fr\/sainte-suzanne\/expositions\/les-balades-de-paulo-oeuvres-de-stephane-moizan\/","name":"Les balades de Paulo, \u0153uvres de St\u00e9phane Moizan - Sainte-Suzanne","isPartOf":{"@id":"https:\/\/patrimoine.lamayenne.fr\/sainte-suzanne\/#website"},"primaryImageOfPage":{"@id":"https:\/\/patrimoine.lamayenne.fr\/sainte-suzanne\/expositions\/les-balades-de-paulo-oeuvres-de-stephane-moizan\/#primaryimage"},"image":{"@id":"https:\/\/patrimoine.lamayenne.fr\/sainte-suzanne\/expositions\/les-balades-de-paulo-oeuvres-de-stephane-moizan\/#primaryimage"},"thumbnailUrl":"https:\/\/patrimoine.lamayenne.fr\/sainte-suzanne\/wp-content\/uploads\/2022\/04\/paulo-1.jpg","datePublished":"2022-04-26T11:54:08+00:00","dateModified":"2022-07-25T16:16:53+00:00","breadcrumb":{"@id":"https:\/\/patrimoine.lamayenne.fr\/sainte-suzanne\/expositions\/les-balades-de-paulo-oeuvres-de-stephane-moizan\/#breadcrumb"},"inLanguage":"fr-FR","potentialAction":[{"@type":"ReadAction","target":["https:\/\/patrimoine.lamayenne.fr\/sainte-suzanne\/expositions\/les-balades-de-paulo-oeuvres-de-stephane-moizan\/"]}]},{"@type":"ImageObject","inLanguage":"fr-FR","@id":"https:\/\/patrimoine.lamayenne.fr\/sainte-suzanne\/expositions\/les-balades-de-paulo-oeuvres-de-stephane-moizan\/#primaryimage","url":"https:\/\/patrimoine.lamayenne.fr\/sainte-suzanne\/wp-content\/uploads\/2022\/04\/paulo-1.jpg","contentUrl":"https:\/\/patrimoine.lamayenne.fr\/sainte-suzanne\/wp-content\/uploads\/2022\/04\/paulo-1.jpg","width":1000,"height":750},{"@type":"BreadcrumbList","@id":"https:\/\/patrimoine.lamayenne.fr\/sainte-suzanne\/expositions\/les-balades-de-paulo-oeuvres-de-stephane-moizan\/#breadcrumb","itemListElement":[{"@type":"ListItem","position":1,"name":"Accueil","item":"https:\/\/patrimoine.lamayenne.fr\/sainte-suzanne\/"},{"@type":"ListItem","position":2,"name":"Expositions","item":"https:\/\/patrimoine.lamayenne.fr\/sainte-suzanne\/expositions\/"},{"@type":"ListItem","position":3,"name":"Les balades de Paulo, \u0153uvres de St\u00e9phane Moizan"}]},{"@type":"WebSite","@id":"https:\/\/patrimoine.lamayenne.fr\/sainte-suzanne\/#website","url":"https:\/\/patrimoine.lamayenne.fr\/sainte-suzanne\/","name":"Sainte-Suzanne","description":"","publisher":{"@id":"https:\/\/patrimoine.lamayenne.fr\/sainte-suzanne\/#organization"},"potentialAction":[{"@type":"SearchAction","target":{"@type":"EntryPoint","urlTemplate":"https:\/\/patrimoine.lamayenne.fr\/sainte-suzanne\/?s={search_term_string}"},"query-input":{"@type":"PropertyValueSpecification","valueRequired":true,"valueName":"search_term_string"}}],"inLanguage":"fr-FR"},{"@type":"Organization","@id":"https:\/\/patrimoine.lamayenne.fr\/sainte-suzanne\/#organization","name":"Sainte-Suzanne","url":"https:\/\/patrimoine.lamayenne.fr\/sainte-suzanne\/","logo":{"@type":"ImageObject","inLanguage":"fr-FR","@id":"https:\/\/patrimoine.lamayenne.fr\/sainte-suzanne\/#\/schema\/logo\/image\/","url":"https:\/\/patrimoine.lamayenne.fr\/sainte-suzanne\/wp-content\/uploads\/2022\/04\/SteSuz_logo.svg","contentUrl":"https:\/\/patrimoine.lamayenne.fr\/sainte-suzanne\/wp-content\/uploads\/2022\/04\/SteSuz_logo.svg","width":1,"height":1,"caption":"Sainte-Suzanne"},"image":{"@id":"https:\/\/patrimoine.lamayenne.fr\/sainte-suzanne\/#\/schema\/logo\/image\/"},"sameAs":["https:\/\/www.facebook.com\/departement.lamayenne","https:\/\/x.com\/lamayenne","https:\/\/www.instagram.com\/la.mayenne\/","https:\/\/www.youtube.com\/user\/LaMayenneTV"]}]}},"_links":{"self":[{"href":"https:\/\/patrimoine.lamayenne.fr\/sainte-suzanne\/wp-json\/wp\/v2\/expositions\/775","targetHints":{"allow":["GET"]}}],"collection":[{"href":"https:\/\/patrimoine.lamayenne.fr\/sainte-suzanne\/wp-json\/wp\/v2\/expositions"}],"about":[{"href":"https:\/\/patrimoine.lamayenne.fr\/sainte-suzanne\/wp-json\/wp\/v2\/types\/expositions"}],"version-history":[{"count":2,"href":"https:\/\/patrimoine.lamayenne.fr\/sainte-suzanne\/wp-json\/wp\/v2\/expositions\/775\/revisions"}],"predecessor-version":[{"id":777,"href":"https:\/\/patrimoine.lamayenne.fr\/sainte-suzanne\/wp-json\/wp\/v2\/expositions\/775\/revisions\/777"}],"wp:featuredmedia":[{"embeddable":true,"href":"https:\/\/patrimoine.lamayenne.fr\/sainte-suzanne\/wp-json\/wp\/v2\/media\/1269"}],"wp:attachment":[{"href":"https:\/\/patrimoine.lamayenne.fr\/sainte-suzanne\/wp-json\/wp\/v2\/media?parent=775"}],"curies":[{"name":"wp","href":"https:\/\/api.w.org\/{rel}","templated":true}]}}